{"id":11894,"date":"2022-02-11T12:20:32","date_gmt":"2022-02-11T12:20:32","guid":{"rendered":"https:\/\/belux-staging.eu\/faktenchecks\/"},"modified":"2022-02-14T15:04:51","modified_gmt":"2022-02-14T15:04:51","slug":"faktenchecks","status":"publish","type":"page","link":"https:\/\/belux.edmo.eu\/de\/faktenchecks\/","title":{"rendered":"Faktenchecks"},"content":{"rendered":"<div class=\"wpb-content-wrapper\"><p>[vc_row][vc_column]<div id=\"style-a69a712\" data-style-uid=\"a69a712\" class=\"blog blog-style-default clearfix item-animation-move-up pagination-normal\" data-next-page=\"0\" data-pages-count=\"1\">\n<article id=\"post-445279\" class=\"item-animations-not-inited post-445279 post type-post status-publish format-standard has-post-thumbnail category-editors-choice-de-de category-fact-check-de category-politics-de category-ukraine-de tag-gerichte tag-internationaler-gerichtshof tag-justiz tag-krieg-ukraine tag-russland\"> <div class=\"item-post-container\"> <div class=\"item-post clearfix\"> <div class=\"post-image\"><div class=\"post-featured-content\"><a href=\"https:\/\/belux.edmo.eu\/de\/noch-kein-sieger-in-rechtsstreit-der-ukraine-gegen-russland\/\"> <picture> <img src=\"https:\/\/belux.edmo.eu\/wp-content\/uploads\/wp-content\/uploads\/2025\/12\/251216-99-941921-v2-w800h450_resized.jpeg\" width=\"800\" height=\"450\" class=\"img-responsive\" alt=\"Noch kein Sieger in Rechtsstreit der Ukraine gegen Russland - Featured image\" \/> <\/picture> <\/a><\/div><\/div> <div class=\"post-meta date-color\"> <div class=\"entry-meta clearfix gem-post-date\"> <div class=\"post-meta-right\"> <\/div> <div class=\"post-meta-left\"> <span class=\"post-meta-categories\"><a href=\"https:\/\/belux.edmo.eu\/de\/category\/editors-choice-de-de\/\" title=\"Zeige alle Posts in Editor\u2019s Choice Slider DE\">Editor\u2019s Choice Slider DE<\/a> <span class=\"sep\"><\/span> <a href=\"https:\/\/belux.edmo.eu\/de\/category\/fact-check-de\/\" title=\"Zeige alle Posts in Fact Check\">Fact Check<\/a> <span class=\"sep\"><\/span> <a href=\"https:\/\/belux.edmo.eu\/de\/category\/fact-check-de\/politics-de\/\" title=\"Zeige alle Posts in Politik\">Politik<\/a> <span class=\"sep\"><\/span> <a href=\"https:\/\/belux.edmo.eu\/de\/category\/fact-check-de\/ukraine-de\/\" title=\"Zeige alle Posts in Ukraine\">Ukraine<\/a><\/span> <\/div> <\/div><!-- .entry-meta --> <\/div> <div class=\"post-title\"> <h3 class=\"entry-title\"><a href=\"https:\/\/belux.edmo.eu\/de\/noch-kein-sieger-in-rechtsstreit-der-ukraine-gegen-russland\/\" rel=\"bookmark\"><span class=\"entry-title-date\"><\/span><span class=\"light\">Noch kein Sieger in Rechtsstreit der Ukraine gegen Russland<\/span><\/a><\/h3> <\/div> <div class=\"post-text\"> <div class=\"summary\"> <p>Urteile des Internationalen Gerichtshofes sind keine leichte Lekt\u00fcre. Doch das sollte kein Grund sein, angebliche Beschl\u00fcsse zu erfinden. Beim n\u00e4heren Hinsehen sind die Fakten durchaus erkennbar.<\/p> <\/div> <\/div> <div class=\"post-footer\"> <div class=\"post-footer-sharing\"><div class=\"gem-button-container gem-button-position-inline thegem-button-69f328e1ebf861067\" ><a class=\"gem-button gem-button-size-tiny gem-button-style-flat gem-button-text-weight-normal gem-button-empty\" data-ll-effect=\"drop-right-without-wrap\" style=\"border-radius: 3px;\" onmouseleave=\"\" onmouseenter=\"\" href=\"#\" target=\"_self\" role=\"button\" aria-label=\"Share\"><i class=\"gem-print-icon gem-icon-pack-thegem-icons gem-icon-share \"><\/i><\/a><\/div> <div class=\"sharing-popup\"> <div class=\"socials-sharing socials socials-colored-hover\"> <a class=\"socials-item\" target=\"_blank\" href=\"https:\/\/www.facebook.com\/sharer\/sharer.php?u=https%3A%2F%2Fbelux.edmo.eu%2Fde%2Fnoch-kein-sieger-in-rechtsstreit-der-ukraine-gegen-russland%2F\" title=\"Facebook\"><i class=\"socials-item-icon facebook\"><\/i><\/a> <a class=\"socials-item\" target=\"_blank\" href=\"https:\/\/twitter.com\/intent\/tweet?text=Noch+kein+Sieger+in+Rechtsstreit+der+Ukraine+gegen+Russland&#038;url=https%3A%2F%2Fbelux.edmo.eu%2Fde%2Fnoch-kein-sieger-in-rechtsstreit-der-ukraine-gegen-russland%2F\" title=\"Twitter\"><i class=\"socials-item-icon twitter\"><\/i><\/a> <a class=\"socials-item\" target=\"_blank\" href=\"https:\/\/pinterest.com\/pin\/create\/button\/?url=https%3A%2F%2Fbelux.edmo.eu%2Fde%2Fnoch-kein-sieger-in-rechtsstreit-der-ukraine-gegen-russland%2F&#038;description=Noch+kein+Sieger+in+Rechtsstreit+der+Ukraine+gegen+Russland&#038;media=https%3A%2F%2Fbelux.edmo.eu%2Fwp-content%2Fuploads%2Fwp-content%2Fuploads%2F2025%2F12%2F251216-99-941921-v2-w800h450_resized-thegem-blog-timeline-large.jpeg\" title=\"Pinterest\"><i class=\"socials-item-icon pinterest\"><\/i><\/a> <a class=\"socials-item\" target=\"_blank\" href=\"https:\/\/www.tumblr.com\/widgets\/share\/tool?canonicalUrl=https%3A%2F%2Fbelux.edmo.eu%2Fde%2Fnoch-kein-sieger-in-rechtsstreit-der-ukraine-gegen-russland%2F\" title=\"Tumblr\"><i class=\"socials-item-icon tumblr\"><\/i><\/a> <a class=\"socials-item\" target=\"_blank\" href=\"https:\/\/www.linkedin.com\/shareArticle?mini=true&#038;url=https%3A%2F%2Fbelux.edmo.eu%2Fde%2Fnoch-kein-sieger-in-rechtsstreit-der-ukraine-gegen-russland%2F&#038;title=Noch+kein+Sieger+in+Rechtsstreit+der+Ukraine+gegen+Russland&amp;summary=Urteile+des+Internationalen+Gerichtshofes+sind+keine+leichte+Lekt%C3%BCre.+Doch+das+sollte+kein+Grund+sein%2C+angebliche+Beschl%C3%BCsse+zu+erfinden.+Beim+n%C3%A4heren+Hinsehen+sind+die+Fakten+durchaus+erkennbar.\" title=\"LinkedIn\"><i class=\"socials-item-icon linkedin\"><\/i><\/a> <a class=\"socials-item\" target=\"_blank\" href=\"https:\/\/www.reddit.com\/submit?url=https%3A%2F%2Fbelux.edmo.eu%2Fde%2Fnoch-kein-sieger-in-rechtsstreit-der-ukraine-gegen-russland%2F&#038;title=Noch+kein+Sieger+in+Rechtsstreit+der+Ukraine+gegen+Russland\" title=\"Reddit\"><i class=\"socials-item-icon reddit\"><\/i><\/a> <\/div> <svg class=\"sharing-styled-arrow\"><use xlink:href=\"https:\/\/belux.edmo.eu\/wp-content\/themes\/thegem\/css\/post-arrow.svg#dec-post-arrow\"><\/use><\/svg><\/div><\/div> <div class=\"post-read-more\"><div class=\"gem-button-container gem-button-position-inline thegem-button-69f328e1ec4f26516\" ><a class=\"gem-button gem-button-size-tiny gem-button-style-outline gem-button-text-weight-normal gem-button-border-2\" data-ll-effect=\"drop-right-without-wrap\" style=\"border-radius: 3px;\" onmouseleave=\"\" onmouseenter=\"\" href=\"https:\/\/belux.edmo.eu\/de\/noch-kein-sieger-in-rechtsstreit-der-ukraine-gegen-russland\/\" target=\"_self\">Read More<\/a><\/div> <\/div> <\/div> <\/div> <\/div> <\/article><!-- #post-445279 --> <article id=\"post-442492\" class=\"item-animations-not-inited post-442492 post type-post status-publish format-standard has-post-thumbnail category-editors-choice-de-de category-eu-de-fact-check-de category-fact-check-de category-usa category-verschwoerungstheorie tag-diplomatie tag-medien tag-sicherheit tag-us-sicherheitsstrategie\"> <div class=\"item-post-container\"> <div class=\"item-post clearfix\"> <div class=\"post-image\"><div class=\"post-featured-content\"><a href=\"https:\/\/belux.edmo.eu\/de\/europas-medien-berichten-ausfhrlich-ber-us-strategie\/\"> <picture> <img src=\"https:\/\/belux.edmo.eu\/wp-content\/uploads\/wp-content\/uploads\/2025\/12\/251211-99-901255-v2-w800h450_resized.jpeg\" width=\"800\" height=\"450\" class=\"img-responsive\" alt=\"Europas Medien berichten ausf\u00fchrlich \u00fcber US-Strategie - Featured image\" \/> <\/picture> <\/a><\/div><\/div> <div class=\"post-meta date-color\"> <div class=\"entry-meta clearfix gem-post-date\"> <div class=\"post-meta-right\"> <\/div> <div class=\"post-meta-left\"> <span class=\"post-meta-categories\"><a href=\"https:\/\/belux.edmo.eu\/de\/category\/editors-choice-de-de\/\" title=\"Zeige alle Posts in Editor\u2019s Choice Slider DE\">Editor\u2019s Choice Slider DE<\/a> <span class=\"sep\"><\/span> <a href=\"https:\/\/belux.edmo.eu\/de\/category\/fact-check-de\/eu-de-fact-check-de\/\" title=\"Zeige alle Posts in EU\">EU<\/a> <span class=\"sep\"><\/span> <a href=\"https:\/\/belux.edmo.eu\/de\/category\/fact-check-de\/\" title=\"Zeige alle Posts in Fact Check\">Fact Check<\/a> <span class=\"sep\"><\/span> <a href=\"https:\/\/belux.edmo.eu\/de\/category\/usa\/\" title=\"Zeige alle Posts in USA\">USA<\/a> <span class=\"sep\"><\/span> <a href=\"https:\/\/belux.edmo.eu\/de\/category\/verschwoerungstheorie\/\" title=\"Zeige alle Posts in Verschw\u00f6rungstheorie\">Verschw\u00f6rungstheorie<\/a><\/span> <\/div> <\/div><!-- .entry-meta --> <\/div> <div class=\"post-title\"> <h3 class=\"entry-title\"><a href=\"https:\/\/belux.edmo.eu\/de\/europas-medien-berichten-ausfhrlich-ber-us-strategie\/\" rel=\"bookmark\"><span class=\"entry-title-date\"><\/span><span class=\"light\">Europas Medien berichten ausf\u00fchrlich \u00fcber US-Strategie<\/span><\/a><\/h3> <\/div> <div class=\"post-text\"> <div class=\"summary\"> <p>Anh\u00e4nger von Verschw\u00f6rungserz\u00e4hlungen sind \u00fcberzeugt, dass die Medien ihnen die Wahrheit verschweigen. Davon lassen sie sich nicht abbringen. Auch nicht durch einen Blick in die Medien.<\/p> <\/div> <\/div> <div class=\"post-footer\"> <div class=\"post-footer-sharing\"><div class=\"gem-button-container gem-button-position-inline thegem-button-69f328e1eeb998948\" ><a class=\"gem-button gem-button-size-tiny gem-button-style-flat gem-button-text-weight-normal gem-button-empty\" data-ll-effect=\"drop-right-without-wrap\" style=\"border-radius: 3px;\" onmouseleave=\"\" onmouseenter=\"\" href=\"#\" target=\"_self\" role=\"button\" aria-label=\"Share\"><i class=\"gem-print-icon gem-icon-pack-thegem-icons gem-icon-share \"><\/i><\/a><\/div> <div class=\"sharing-popup\"> <div class=\"socials-sharing socials socials-colored-hover\"> <a class=\"socials-item\" target=\"_blank\" href=\"https:\/\/www.facebook.com\/sharer\/sharer.php?u=https%3A%2F%2Fbelux.edmo.eu%2Fde%2Feuropas-medien-berichten-ausfhrlich-ber-us-strategie%2F\" title=\"Facebook\"><i class=\"socials-item-icon facebook\"><\/i><\/a> <a class=\"socials-item\" target=\"_blank\" href=\"https:\/\/twitter.com\/intent\/tweet?text=Europas+Medien+berichten+ausf%C3%BChrlich+%C3%BCber+US-Strategie&#038;url=https%3A%2F%2Fbelux.edmo.eu%2Fde%2Feuropas-medien-berichten-ausfhrlich-ber-us-strategie%2F\" title=\"Twitter\"><i class=\"socials-item-icon twitter\"><\/i><\/a> <a class=\"socials-item\" target=\"_blank\" href=\"https:\/\/pinterest.com\/pin\/create\/button\/?url=https%3A%2F%2Fbelux.edmo.eu%2Fde%2Feuropas-medien-berichten-ausfhrlich-ber-us-strategie%2F&#038;description=Europas+Medien+berichten+ausf%C3%BChrlich+%C3%BCber+US-Strategie&#038;media=https%3A%2F%2Fbelux.edmo.eu%2Fwp-content%2Fuploads%2Fwp-content%2Fuploads%2F2025%2F12%2F251211-99-901255-v2-w800h450_resized-thegem-blog-timeline-large.jpeg\" title=\"Pinterest\"><i class=\"socials-item-icon pinterest\"><\/i><\/a> <a class=\"socials-item\" target=\"_blank\" href=\"https:\/\/www.tumblr.com\/widgets\/share\/tool?canonicalUrl=https%3A%2F%2Fbelux.edmo.eu%2Fde%2Feuropas-medien-berichten-ausfhrlich-ber-us-strategie%2F\" title=\"Tumblr\"><i class=\"socials-item-icon tumblr\"><\/i><\/a> <a class=\"socials-item\" target=\"_blank\" href=\"https:\/\/www.linkedin.com\/shareArticle?mini=true&#038;url=https%3A%2F%2Fbelux.edmo.eu%2Fde%2Feuropas-medien-berichten-ausfhrlich-ber-us-strategie%2F&#038;title=Europas+Medien+berichten+ausf%C3%BChrlich+%C3%BCber+US-Strategie&amp;summary=Anh%C3%A4nger+von+Verschw%C3%B6rungserz%C3%A4hlungen+sind+%C3%BCberzeugt%2C+dass+die+Medien+ihnen+die+Wahrheit+verschweigen.+Davon+lassen+sie+sich+nicht+abbringen.+Auch+nicht+durch+einen+Blick+in+die+Medien.\" title=\"LinkedIn\"><i class=\"socials-item-icon linkedin\"><\/i><\/a> <a class=\"socials-item\" target=\"_blank\" href=\"https:\/\/www.reddit.com\/submit?url=https%3A%2F%2Fbelux.edmo.eu%2Fde%2Feuropas-medien-berichten-ausfhrlich-ber-us-strategie%2F&#038;title=Europas+Medien+berichten+ausf%C3%BChrlich+%C3%BCber+US-Strategie\" title=\"Reddit\"><i class=\"socials-item-icon reddit\"><\/i><\/a> <\/div> <svg class=\"sharing-styled-arrow\"><use xlink:href=\"https:\/\/belux.edmo.eu\/wp-content\/themes\/thegem\/css\/post-arrow.svg#dec-post-arrow\"><\/use><\/svg><\/div><\/div> <div class=\"post-read-more\"><div class=\"gem-button-container gem-button-position-inline thegem-button-69f328e1ef07b5\" ><a class=\"gem-button gem-button-size-tiny gem-button-style-outline gem-button-text-weight-normal gem-button-border-2\" data-ll-effect=\"drop-right-without-wrap\" style=\"border-radius: 3px;\" onmouseleave=\"\" onmouseenter=\"\" href=\"https:\/\/belux.edmo.eu\/de\/europas-medien-berichten-ausfhrlich-ber-us-strategie\/\" target=\"_self\">Read More<\/a><\/div> <\/div> <\/div> <\/div> <\/div> <\/article><!-- #post-442492 --> <article id=\"post-430483\" class=\"item-animations-not-inited post-430483 post type-post status-publish format-standard has-post-thumbnail category-editors-choice-de-de category-fact-check-de category-gesellschaft-de category-gesundheit category-wirtschaft-de tag-essen tag-fast-food tag-gesundheit tag-lebensmittel tag-mcdonalds tag-zusatzstoffe\"> <div class=\"item-post-container\"> <div class=\"item-post clearfix\"> <div class=\"post-image\"><div class=\"post-featured-content\"><a href=\"https:\/\/belux.edmo.eu\/de\/essen-im-fastfood-restaurant-hat-wenig-geheimnisse\/\"> <picture> <img src=\"https:\/\/belux.edmo.eu\/wp-content\/uploads\/wp-content\/uploads\/2025\/12\/251204-99-831494-v3-w800h450_resized.jpeg\" width=\"800\" height=\"450\" class=\"img-responsive\" alt=\"Essen im Fastfood-Restaurant hat wenig Geheimnisse - Featured image\" \/> <\/picture> <\/a><\/div><\/div> <div class=\"post-meta date-color\"> <div class=\"entry-meta clearfix gem-post-date\"> <div class=\"post-meta-right\"> <\/div> <div class=\"post-meta-left\"> <span class=\"post-meta-categories\"><a href=\"https:\/\/belux.edmo.eu\/de\/category\/editors-choice-de-de\/\" title=\"Zeige alle Posts in Editor\u2019s Choice Slider DE\">Editor\u2019s Choice Slider DE<\/a> <span class=\"sep\"><\/span> <a href=\"https:\/\/belux.edmo.eu\/de\/category\/fact-check-de\/\" title=\"Zeige alle Posts in Fact Check\">Fact Check<\/a> <span class=\"sep\"><\/span> <a href=\"https:\/\/belux.edmo.eu\/de\/category\/fact-check-de\/gesellschaft-de\/\" title=\"Zeige alle Posts in Gesellschaft\">Gesellschaft<\/a> <span class=\"sep\"><\/span> <a href=\"https:\/\/belux.edmo.eu\/de\/category\/fact-check-de\/gesundheit\/\" title=\"Zeige alle Posts in Gesundheit\">Gesundheit<\/a> <span class=\"sep\"><\/span> <a href=\"https:\/\/belux.edmo.eu\/de\/category\/fact-check-de\/wirtschaft-de\/\" title=\"Zeige alle Posts in Wirtschaft\">Wirtschaft<\/a><\/span> <\/div> <\/div><!-- .entry-meta --> <\/div> <div class=\"post-title\"> <h3 class=\"entry-title\"><a href=\"https:\/\/belux.edmo.eu\/de\/essen-im-fastfood-restaurant-hat-wenig-geheimnisse\/\" rel=\"bookmark\"><span class=\"entry-title-date\"><\/span><span class=\"light\">Essen im Fastfood-Restaurant hat wenig Geheimnisse<\/span><\/a><\/h3> <\/div> <div class=\"post-text\"> <div class=\"summary\"> <p>Jedes Lebensmittel l\u00e4sst sich als komplizierte chemische Formel mit fast unaussprechlichen Namen darstellen. Nicht jede Zutat in einem Fastfood-Restaurant verbirgt aber \u00abgiftige Geheimnisse\u00bb.<\/p> <\/div> <\/div> <div class=\"post-footer\"> <div class=\"post-footer-sharing\"><div class=\"gem-button-container gem-button-position-inline thegem-button-69f328e1f0f787181\" ><a class=\"gem-button gem-button-size-tiny gem-button-style-flat gem-button-text-weight-normal gem-button-empty\" data-ll-effect=\"drop-right-without-wrap\" style=\"border-radius: 3px;\" onmouseleave=\"\" onmouseenter=\"\" href=\"#\" target=\"_self\" role=\"button\" aria-label=\"Share\"><i class=\"gem-print-icon gem-icon-pack-thegem-icons gem-icon-share \"><\/i><\/a><\/div> <div class=\"sharing-popup\"> <div class=\"socials-sharing socials socials-colored-hover\"> <a class=\"socials-item\" target=\"_blank\" href=\"https:\/\/www.facebook.com\/sharer\/sharer.php?u=https%3A%2F%2Fbelux.edmo.eu%2Fde%2Fessen-im-fastfood-restaurant-hat-wenig-geheimnisse%2F\" title=\"Facebook\"><i class=\"socials-item-icon facebook\"><\/i><\/a> <a class=\"socials-item\" target=\"_blank\" href=\"https:\/\/twitter.com\/intent\/tweet?text=Essen+im+Fastfood-Restaurant+hat+wenig+Geheimnisse&#038;url=https%3A%2F%2Fbelux.edmo.eu%2Fde%2Fessen-im-fastfood-restaurant-hat-wenig-geheimnisse%2F\" title=\"Twitter\"><i class=\"socials-item-icon twitter\"><\/i><\/a> <a class=\"socials-item\" target=\"_blank\" href=\"https:\/\/pinterest.com\/pin\/create\/button\/?url=https%3A%2F%2Fbelux.edmo.eu%2Fde%2Fessen-im-fastfood-restaurant-hat-wenig-geheimnisse%2F&#038;description=Essen+im+Fastfood-Restaurant+hat+wenig+Geheimnisse&#038;media=https%3A%2F%2Fbelux.edmo.eu%2Fwp-content%2Fuploads%2Fwp-content%2Fuploads%2F2025%2F12%2F251204-99-831494-v3-w800h450_resized-thegem-blog-timeline-large.jpeg\" title=\"Pinterest\"><i class=\"socials-item-icon pinterest\"><\/i><\/a> <a class=\"socials-item\" target=\"_blank\" href=\"https:\/\/www.tumblr.com\/widgets\/share\/tool?canonicalUrl=https%3A%2F%2Fbelux.edmo.eu%2Fde%2Fessen-im-fastfood-restaurant-hat-wenig-geheimnisse%2F\" title=\"Tumblr\"><i class=\"socials-item-icon tumblr\"><\/i><\/a> <a class=\"socials-item\" target=\"_blank\" href=\"https:\/\/www.linkedin.com\/shareArticle?mini=true&#038;url=https%3A%2F%2Fbelux.edmo.eu%2Fde%2Fessen-im-fastfood-restaurant-hat-wenig-geheimnisse%2F&#038;title=Essen+im+Fastfood-Restaurant+hat+wenig+Geheimnisse&amp;summary=Jedes+Lebensmittel+l%C3%A4sst+sich+als+komplizierte+chemische+Formel+mit+fast+unaussprechlichen+Namen+darstellen.+Nicht+jede+Zutat+in+einem+Fastfood-Restaurant+verbirgt+aber+%C2%ABgiftige+Geheimnisse%C2%BB.\" title=\"LinkedIn\"><i class=\"socials-item-icon linkedin\"><\/i><\/a> <a class=\"socials-item\" target=\"_blank\" href=\"https:\/\/www.reddit.com\/submit?url=https%3A%2F%2Fbelux.edmo.eu%2Fde%2Fessen-im-fastfood-restaurant-hat-wenig-geheimnisse%2F&#038;title=Essen+im+Fastfood-Restaurant+hat+wenig+Geheimnisse\" title=\"Reddit\"><i class=\"socials-item-icon reddit\"><\/i><\/a> <\/div> <svg class=\"sharing-styled-arrow\"><use xlink:href=\"https:\/\/belux.edmo.eu\/wp-content\/themes\/thegem\/css\/post-arrow.svg#dec-post-arrow\"><\/use><\/svg><\/div><\/div> <div class=\"post-read-more\"><div class=\"gem-button-container gem-button-position-inline thegem-button-69f328e1f150c453\" ><a class=\"gem-button gem-button-size-tiny gem-button-style-outline gem-button-text-weight-normal gem-button-border-2\" data-ll-effect=\"drop-right-without-wrap\" style=\"border-radius: 3px;\" onmouseleave=\"\" onmouseenter=\"\" href=\"https:\/\/belux.edmo.eu\/de\/essen-im-fastfood-restaurant-hat-wenig-geheimnisse\/\" target=\"_self\">Read More<\/a><\/div> <\/div> <\/div> <\/div> <\/div> <\/article><!-- #post-430483 --> <article id=\"post-420153\" class=\"item-animations-not-inited post-420153 post type-post status-publish format-standard has-post-thumbnail category-editors-choice-de-de category-fact-check-de category-gesellschaft-de category-usa category-wirtschaft-de tag-geschichte tag-handel tag-sklaverei tag-sonderangebote tag-sprache tag-verbraucher\"> <div class=\"item-post-container\"> <div class=\"item-post clearfix\"> <div class=\"post-image\"><div class=\"post-featured-content\"><a href=\"https:\/\/belux.edmo.eu\/de\/der-black-friday-hat-nichts-mit-sklaverei-zu-tun\/\"> <picture> <img src=\"https:\/\/belux.edmo.eu\/wp-content\/uploads\/wp-content\/uploads\/2025\/12\/251202-99-804930-v2-w800h450_resized.jpeg\" width=\"800\" height=\"450\" class=\"img-responsive\" alt=\"Der \u00abBlack Friday\u00bb hat nichts mit Sklaverei zu tun - Featured image\" \/> <\/picture> <\/a><\/div><\/div> <div class=\"post-meta date-color\"> <div class=\"entry-meta clearfix gem-post-date\"> <div class=\"post-meta-right\"> <\/div> <div class=\"post-meta-left\"> <span class=\"post-meta-categories\"><a href=\"https:\/\/belux.edmo.eu\/de\/category\/editors-choice-de-de\/\" title=\"Zeige alle Posts in Editor\u2019s Choice Slider DE\">Editor\u2019s Choice Slider DE<\/a> <span class=\"sep\"><\/span> <a href=\"https:\/\/belux.edmo.eu\/de\/category\/fact-check-de\/\" title=\"Zeige alle Posts in Fact Check\">Fact Check<\/a> <span class=\"sep\"><\/span> <a href=\"https:\/\/belux.edmo.eu\/de\/category\/fact-check-de\/gesellschaft-de\/\" title=\"Zeige alle Posts in Gesellschaft\">Gesellschaft<\/a> <span class=\"sep\"><\/span> <a href=\"https:\/\/belux.edmo.eu\/de\/category\/usa\/\" title=\"Zeige alle Posts in USA\">USA<\/a> <span class=\"sep\"><\/span> <a href=\"https:\/\/belux.edmo.eu\/de\/category\/fact-check-de\/wirtschaft-de\/\" title=\"Zeige alle Posts in Wirtschaft\">Wirtschaft<\/a><\/span> <\/div> <\/div><!-- .entry-meta --> <\/div> <div class=\"post-title\"> <h3 class=\"entry-title\"><a href=\"https:\/\/belux.edmo.eu\/de\/der-black-friday-hat-nichts-mit-sklaverei-zu-tun\/\" rel=\"bookmark\"><span class=\"entry-title-date\"><\/span><span class=\"light\">Der \u00abBlack Friday\u00bb hat nichts mit Sklaverei zu tun<\/span><\/a><\/h3> <\/div> <div class=\"post-text\"> <div class=\"summary\"> <p>Regelm\u00e4\u00dfig taucht die Behauptung auf, der \u00abBlack Friday\u00bb habe etwas mit dem Schicksal amerikanischer Sklaven zu tun. Das ist falsch. Auch in diesem Jahr.<\/p> <\/div> <\/div> <div class=\"post-footer\"> <div class=\"post-footer-sharing\"><div class=\"gem-button-container gem-button-position-inline thegem-button-69f328e1f34133336\" ><a class=\"gem-button gem-button-size-tiny gem-button-style-flat gem-button-text-weight-normal gem-button-empty\" data-ll-effect=\"drop-right-without-wrap\" style=\"border-radius: 3px;\" onmouseleave=\"\" onmouseenter=\"\" href=\"#\" target=\"_self\" role=\"button\" aria-label=\"Share\"><i class=\"gem-print-icon gem-icon-pack-thegem-icons gem-icon-share \"><\/i><\/a><\/div> <div class=\"sharing-popup\"> <div class=\"socials-sharing socials socials-colored-hover\"> <a class=\"socials-item\" target=\"_blank\" href=\"https:\/\/www.facebook.com\/sharer\/sharer.php?u=https%3A%2F%2Fbelux.edmo.eu%2Fde%2Fder-black-friday-hat-nichts-mit-sklaverei-zu-tun%2F\" title=\"Facebook\"><i class=\"socials-item-icon facebook\"><\/i><\/a> <a class=\"socials-item\" target=\"_blank\" href=\"https:\/\/twitter.com\/intent\/tweet?text=Der+%C2%ABBlack+Friday%C2%BB+hat+nichts+mit+Sklaverei+zu+tun&#038;url=https%3A%2F%2Fbelux.edmo.eu%2Fde%2Fder-black-friday-hat-nichts-mit-sklaverei-zu-tun%2F\" title=\"Twitter\"><i class=\"socials-item-icon twitter\"><\/i><\/a> <a class=\"socials-item\" target=\"_blank\" href=\"https:\/\/pinterest.com\/pin\/create\/button\/?url=https%3A%2F%2Fbelux.edmo.eu%2Fde%2Fder-black-friday-hat-nichts-mit-sklaverei-zu-tun%2F&#038;description=Der+%C2%ABBlack+Friday%C2%BB+hat+nichts+mit+Sklaverei+zu+tun&#038;media=https%3A%2F%2Fbelux.edmo.eu%2Fwp-content%2Fuploads%2Fwp-content%2Fuploads%2F2025%2F12%2F251202-99-804930-v2-w800h450_resized-thegem-blog-timeline-large.jpeg\" title=\"Pinterest\"><i class=\"socials-item-icon pinterest\"><\/i><\/a> <a class=\"socials-item\" target=\"_blank\" href=\"https:\/\/www.tumblr.com\/widgets\/share\/tool?canonicalUrl=https%3A%2F%2Fbelux.edmo.eu%2Fde%2Fder-black-friday-hat-nichts-mit-sklaverei-zu-tun%2F\" title=\"Tumblr\"><i class=\"socials-item-icon tumblr\"><\/i><\/a> <a class=\"socials-item\" target=\"_blank\" href=\"https:\/\/www.linkedin.com\/shareArticle?mini=true&#038;url=https%3A%2F%2Fbelux.edmo.eu%2Fde%2Fder-black-friday-hat-nichts-mit-sklaverei-zu-tun%2F&#038;title=Der+%C2%ABBlack+Friday%C2%BB+hat+nichts+mit+Sklaverei+zu+tun&amp;summary=Regelm%C3%A4%C3%9Fig+taucht+die+Behauptung+auf%2C+der+%C2%ABBlack+Friday%C2%BB+habe+etwas+mit+dem+Schicksal+amerikanischer+Sklaven+zu+tun.+Das+ist+falsch.+Auch+in+diesem+Jahr.\" title=\"LinkedIn\"><i class=\"socials-item-icon linkedin\"><\/i><\/a> <a class=\"socials-item\" target=\"_blank\" href=\"https:\/\/www.reddit.com\/submit?url=https%3A%2F%2Fbelux.edmo.eu%2Fde%2Fder-black-friday-hat-nichts-mit-sklaverei-zu-tun%2F&#038;title=Der+%C2%ABBlack+Friday%C2%BB+hat+nichts+mit+Sklaverei+zu+tun\" title=\"Reddit\"><i class=\"socials-item-icon reddit\"><\/i><\/a> <\/div> <svg class=\"sharing-styled-arrow\"><use xlink:href=\"https:\/\/belux.edmo.eu\/wp-content\/themes\/thegem\/css\/post-arrow.svg#dec-post-arrow\"><\/use><\/svg><\/div><\/div> <div class=\"post-read-more\"><div class=\"gem-button-container gem-button-position-inline thegem-button-69f328e1f3a648540\" ><a class=\"gem-button gem-button-size-tiny gem-button-style-outline gem-button-text-weight-normal gem-button-border-2\" data-ll-effect=\"drop-right-without-wrap\" style=\"border-radius: 3px;\" onmouseleave=\"\" onmouseenter=\"\" href=\"https:\/\/belux.edmo.eu\/de\/der-black-friday-hat-nichts-mit-sklaverei-zu-tun\/\" target=\"_self\">Read More<\/a><\/div> <\/div> <\/div> <\/div> <\/div> <\/article><!-- #post-420153 --> <article id=\"post-411050\" class=\"item-animations-not-inited post-411050 post type-post status-publish format-standard has-post-thumbnail category-editors-choice-de-de category-eu-de-fact-check-de category-fact-check-de category-verschwoerungstheorie category-wissenschaft tag-erasmus tag-eu-de tag-eu-kommission tag-migration tag-mittelmeer tag-studium tag-universitaeten\"> <div class=\"item-post-container\"> <div class=\"item-post clearfix\"> <div class=\"post-image\"><div class=\"post-featured-content\"><a href=\"https:\/\/belux.edmo.eu\/de\/verschiedene-eu-programme-verwechselt-und-falsch-gerechnet\/\"> <picture> <img src=\"https:\/\/belux.edmo.eu\/wp-content\/uploads\/wp-content\/uploads\/2025\/11\/251120-99-695626-v2-w800h450_resized.jpeg\" width=\"800\" height=\"450\" class=\"img-responsive\" alt=\"Verschiedene EU-Programme verwechselt und falsch gerechnet - Featured image\" \/> <\/picture> <\/a><\/div><\/div> <div class=\"post-meta date-color\"> <div class=\"entry-meta clearfix gem-post-date\"> <div class=\"post-meta-right\"> <\/div> <div class=\"post-meta-left\"> <span class=\"post-meta-categories\"><a href=\"https:\/\/belux.edmo.eu\/de\/category\/editors-choice-de-de\/\" title=\"Zeige alle Posts in Editor\u2019s Choice Slider DE\">Editor\u2019s Choice Slider DE<\/a> <span class=\"sep\"><\/span> <a href=\"https:\/\/belux.edmo.eu\/de\/category\/fact-check-de\/eu-de-fact-check-de\/\" title=\"Zeige alle Posts in EU\">EU<\/a> <span class=\"sep\"><\/span> <a href=\"https:\/\/belux.edmo.eu\/de\/category\/fact-check-de\/\" title=\"Zeige alle Posts in Fact Check\">Fact Check<\/a> <span class=\"sep\"><\/span> <a href=\"https:\/\/belux.edmo.eu\/de\/category\/verschwoerungstheorie\/\" title=\"Zeige alle Posts in Verschw\u00f6rungstheorie\">Verschw\u00f6rungstheorie<\/a> <span class=\"sep\"><\/span> <a href=\"https:\/\/belux.edmo.eu\/de\/category\/fact-check-de\/wissenschaft\/\" title=\"Zeige alle Posts in Wissenschaft\">Wissenschaft<\/a><\/span> <\/div> <\/div><!-- .entry-meta --> <\/div> <div class=\"post-title\"> <h3 class=\"entry-title\"><a href=\"https:\/\/belux.edmo.eu\/de\/verschiedene-eu-programme-verwechselt-und-falsch-gerechnet\/\" rel=\"bookmark\"><span class=\"entry-title-date\"><\/span><span class=\"light\">Verschiedene EU-Programme verwechselt und falsch gerechnet<\/span><\/a><\/h3> <\/div> <div class=\"post-text\"> <div class=\"summary\"> <p>Erasmus+ erm\u00f6glicht jungen Europ\u00e4erinnen und Europ\u00e4ern, im Ausland zu lernen. Falsche Rechnungen im Internet f\u00fchren nun zu verkehrten Behauptungen \u00fcber die Zukunft des Programms.<\/p> <\/div> <\/div> <div class=\"post-footer\"> <div class=\"post-footer-sharing\"><div class=\"gem-button-container gem-button-position-inline thegem-button-69f328e20172a351\" ><a class=\"gem-button gem-button-size-tiny gem-button-style-flat gem-button-text-weight-normal gem-button-empty\" data-ll-effect=\"drop-right-without-wrap\" style=\"border-radius: 3px;\" onmouseleave=\"\" onmouseenter=\"\" href=\"#\" target=\"_self\" role=\"button\" aria-label=\"Share\"><i class=\"gem-print-icon gem-icon-pack-thegem-icons gem-icon-share \"><\/i><\/a><\/div> <div class=\"sharing-popup\"> <div class=\"socials-sharing socials socials-colored-hover\"> <a class=\"socials-item\" target=\"_blank\" href=\"https:\/\/www.facebook.com\/sharer\/sharer.php?u=https%3A%2F%2Fbelux.edmo.eu%2Fde%2Fverschiedene-eu-programme-verwechselt-und-falsch-gerechnet%2F\" title=\"Facebook\"><i class=\"socials-item-icon facebook\"><\/i><\/a> <a class=\"socials-item\" target=\"_blank\" href=\"https:\/\/twitter.com\/intent\/tweet?text=Verschiedene+EU-Programme+verwechselt+und+falsch+gerechnet&#038;url=https%3A%2F%2Fbelux.edmo.eu%2Fde%2Fverschiedene-eu-programme-verwechselt-und-falsch-gerechnet%2F\" title=\"Twitter\"><i class=\"socials-item-icon twitter\"><\/i><\/a> <a class=\"socials-item\" target=\"_blank\" href=\"https:\/\/pinterest.com\/pin\/create\/button\/?url=https%3A%2F%2Fbelux.edmo.eu%2Fde%2Fverschiedene-eu-programme-verwechselt-und-falsch-gerechnet%2F&#038;description=Verschiedene+EU-Programme+verwechselt+und+falsch+gerechnet&#038;media=https%3A%2F%2Fbelux.edmo.eu%2Fwp-content%2Fuploads%2Fwp-content%2Fuploads%2F2025%2F11%2F251120-99-695626-v2-w800h450_resized-thegem-blog-timeline-large.jpeg\" title=\"Pinterest\"><i class=\"socials-item-icon pinterest\"><\/i><\/a> <a class=\"socials-item\" target=\"_blank\" href=\"https:\/\/www.tumblr.com\/widgets\/share\/tool?canonicalUrl=https%3A%2F%2Fbelux.edmo.eu%2Fde%2Fverschiedene-eu-programme-verwechselt-und-falsch-gerechnet%2F\" title=\"Tumblr\"><i class=\"socials-item-icon tumblr\"><\/i><\/a> <a class=\"socials-item\" target=\"_blank\" href=\"https:\/\/www.linkedin.com\/shareArticle?mini=true&#038;url=https%3A%2F%2Fbelux.edmo.eu%2Fde%2Fverschiedene-eu-programme-verwechselt-und-falsch-gerechnet%2F&#038;title=Verschiedene+EU-Programme+verwechselt+und+falsch+gerechnet&amp;summary=Erasmus%2B+erm%C3%B6glicht+jungen+Europ%C3%A4erinnen+und+Europ%C3%A4ern%2C+im+Ausland+zu+lernen.+Falsche+Rechnungen+im+Internet+f%C3%BChren+nun+zu+verkehrten+Behauptungen+%C3%BCber+die+Zukunft+des+Programms.\" title=\"LinkedIn\"><i class=\"socials-item-icon linkedin\"><\/i><\/a> <a class=\"socials-item\" target=\"_blank\" href=\"https:\/\/www.reddit.com\/submit?url=https%3A%2F%2Fbelux.edmo.eu%2Fde%2Fverschiedene-eu-programme-verwechselt-und-falsch-gerechnet%2F&#038;title=Verschiedene+EU-Programme+verwechselt+und+falsch+gerechnet\" title=\"Reddit\"><i class=\"socials-item-icon reddit\"><\/i><\/a> <\/div> <svg class=\"sharing-styled-arrow\"><use xlink:href=\"https:\/\/belux.edmo.eu\/wp-content\/themes\/thegem\/css\/post-arrow.svg#dec-post-arrow\"><\/use><\/svg><\/div><\/div> <div class=\"post-read-more\"><div class=\"gem-button-container gem-button-position-inline thegem-button-69f328e201cce8719\" ><a class=\"gem-button gem-button-size-tiny gem-button-style-outline gem-button-text-weight-normal gem-button-border-2\" data-ll-effect=\"drop-right-without-wrap\" style=\"border-radius: 3px;\" onmouseleave=\"\" onmouseenter=\"\" href=\"https:\/\/belux.edmo.eu\/de\/verschiedene-eu-programme-verwechselt-und-falsch-gerechnet\/\" target=\"_self\">Read More<\/a><\/div> <\/div> <\/div> <\/div> <\/div> <\/article><!-- #post-411050 --> <article id=\"post-410097\" class=\"item-animations-not-inited post-410097 post type-post status-publish format-standard has-post-thumbnail category-fact-check-de category-politics-de category-ukraine-de category-usa tag-desinformation tag-immobilien tag-krieg tag-landwirtschaft tag-selenskyj tag-ukraine-de\"> <div class=\"item-post-container\"> <div class=\"item-post clearfix\"> <div class=\"post-image\"><div class=\"post-featured-content\"><a href=\"https:\/\/belux.edmo.eu\/de\/us-familienbetrieb-kauft-riesige-ranch-in-wyoming\/\"> <picture> <img src=\"https:\/\/belux.edmo.eu\/wp-content\/uploads\/wp-content\/uploads\/2025\/11\/251117-99-660478-v2-w800h450_resized.jpeg\" width=\"800\" height=\"450\" class=\"img-responsive\" alt=\"US-Familienbetrieb kauft riesige Ranch in Wyoming - Featured image\" \/> <\/picture> <\/a><\/div><\/div> <div class=\"post-meta date-color\"> <div class=\"entry-meta clearfix gem-post-date\"> <div class=\"post-meta-right\"> <\/div> <div class=\"post-meta-left\"> <span class=\"post-meta-categories\"><a href=\"https:\/\/belux.edmo.eu\/de\/category\/fact-check-de\/\" title=\"Zeige alle Posts in Fact Check\">Fact Check<\/a> <span class=\"sep\"><\/span> <a href=\"https:\/\/belux.edmo.eu\/de\/category\/fact-check-de\/politics-de\/\" title=\"Zeige alle Posts in Politik\">Politik<\/a> <span class=\"sep\"><\/span> <a href=\"https:\/\/belux.edmo.eu\/de\/category\/fact-check-de\/ukraine-de\/\" title=\"Zeige alle Posts in Ukraine\">Ukraine<\/a> <span class=\"sep\"><\/span> <a href=\"https:\/\/belux.edmo.eu\/de\/category\/usa\/\" title=\"Zeige alle Posts in USA\">USA<\/a><\/span> <\/div> <\/div><!-- .entry-meta --> <\/div> <div class=\"post-title\"> <h3 class=\"entry-title\"><a href=\"https:\/\/belux.edmo.eu\/de\/us-familienbetrieb-kauft-riesige-ranch-in-wyoming\/\" rel=\"bookmark\"><span class=\"entry-title-date\"><\/span><span class=\"light\">US-Familienbetrieb kauft riesige Ranch in Wyoming<\/span><\/a><\/h3> <\/div> <div class=\"post-text\"> <div class=\"summary\"> <p>Hat der ukrainische Pr\u00e4sident die Mittel, teure Immobilien im Ausland zu kaufen, w\u00e4hrend sein Land ums \u00dcberleben k\u00e4mpft? Dieses Narrativ ist falsch, zirkuliert jedoch weiter in sozialen Netzwerken.<\/p> <\/div> <\/div> <div class=\"post-footer\"> <div class=\"post-footer-sharing\"><div class=\"gem-button-container gem-button-position-inline thegem-button-69f328e20381c592\" ><a class=\"gem-button gem-button-size-tiny gem-button-style-flat gem-button-text-weight-normal gem-button-empty\" data-ll-effect=\"drop-right-without-wrap\" style=\"border-radius: 3px;\" onmouseleave=\"\" onmouseenter=\"\" href=\"#\" target=\"_self\" role=\"button\" aria-label=\"Share\"><i class=\"gem-print-icon gem-icon-pack-thegem-icons gem-icon-share \"><\/i><\/a><\/div> <div class=\"sharing-popup\"> <div class=\"socials-sharing socials socials-colored-hover\"> <a class=\"socials-item\" target=\"_blank\" href=\"https:\/\/www.facebook.com\/sharer\/sharer.php?u=https%3A%2F%2Fbelux.edmo.eu%2Fde%2Fus-familienbetrieb-kauft-riesige-ranch-in-wyoming%2F\" title=\"Facebook\"><i class=\"socials-item-icon facebook\"><\/i><\/a> <a class=\"socials-item\" target=\"_blank\" href=\"https:\/\/twitter.com\/intent\/tweet?text=US-Familienbetrieb+kauft+riesige+Ranch+in+Wyoming&#038;url=https%3A%2F%2Fbelux.edmo.eu%2Fde%2Fus-familienbetrieb-kauft-riesige-ranch-in-wyoming%2F\" title=\"Twitter\"><i class=\"socials-item-icon twitter\"><\/i><\/a> <a class=\"socials-item\" target=\"_blank\" href=\"https:\/\/pinterest.com\/pin\/create\/button\/?url=https%3A%2F%2Fbelux.edmo.eu%2Fde%2Fus-familienbetrieb-kauft-riesige-ranch-in-wyoming%2F&#038;description=US-Familienbetrieb+kauft+riesige+Ranch+in+Wyoming&#038;media=https%3A%2F%2Fbelux.edmo.eu%2Fwp-content%2Fuploads%2Fwp-content%2Fuploads%2F2025%2F11%2F251117-99-660478-v2-w800h450_resized-thegem-blog-timeline-large.jpeg\" title=\"Pinterest\"><i class=\"socials-item-icon pinterest\"><\/i><\/a> <a class=\"socials-item\" target=\"_blank\" href=\"https:\/\/www.tumblr.com\/widgets\/share\/tool?canonicalUrl=https%3A%2F%2Fbelux.edmo.eu%2Fde%2Fus-familienbetrieb-kauft-riesige-ranch-in-wyoming%2F\" title=\"Tumblr\"><i class=\"socials-item-icon tumblr\"><\/i><\/a> <a class=\"socials-item\" target=\"_blank\" href=\"https:\/\/www.linkedin.com\/shareArticle?mini=true&#038;url=https%3A%2F%2Fbelux.edmo.eu%2Fde%2Fus-familienbetrieb-kauft-riesige-ranch-in-wyoming%2F&#038;title=US-Familienbetrieb+kauft+riesige+Ranch+in+Wyoming&amp;summary=Hat+der+ukrainische+Pr%C3%A4sident+die+Mittel%2C+teure+Immobilien+im+Ausland+zu+kaufen%2C+w%C3%A4hrend+sein+Land+ums+%C3%9Cberleben+k%C3%A4mpft%3F+Dieses+Narrativ+ist+falsch%2C+zirkuliert+jedoch+weiter+in+sozialen+Netzwerken.\" title=\"LinkedIn\"><i class=\"socials-item-icon linkedin\"><\/i><\/a> <a class=\"socials-item\" target=\"_blank\" href=\"https:\/\/www.reddit.com\/submit?url=https%3A%2F%2Fbelux.edmo.eu%2Fde%2Fus-familienbetrieb-kauft-riesige-ranch-in-wyoming%2F&#038;title=US-Familienbetrieb+kauft+riesige+Ranch+in+Wyoming\" title=\"Reddit\"><i class=\"socials-item-icon reddit\"><\/i><\/a> <\/div> <svg class=\"sharing-styled-arrow\"><use xlink:href=\"https:\/\/belux.edmo.eu\/wp-content\/themes\/thegem\/css\/post-arrow.svg#dec-post-arrow\"><\/use><\/svg><\/div><\/div> <div class=\"post-read-more\"><div class=\"gem-button-container gem-button-position-inline thegem-button-69f328e203cb48199\" ><a class=\"gem-button gem-button-size-tiny gem-button-style-outline gem-button-text-weight-normal gem-button-border-2\" data-ll-effect=\"drop-right-without-wrap\" style=\"border-radius: 3px;\" onmouseleave=\"\" onmouseenter=\"\" href=\"https:\/\/belux.edmo.eu\/de\/us-familienbetrieb-kauft-riesige-ranch-in-wyoming\/\" target=\"_self\">Read More<\/a><\/div> <\/div> <\/div> <\/div> <\/div> <\/article><!-- #post-410097 --> <article id=\"post-403590\" class=\"item-animations-not-inited post-403590 post type-post status-publish format-standard has-post-thumbnail category-covid-19-de category-editors-choice-de-de category-fact-check-de category-gesundheit category-wissenschaft tag-bakterien tag-exosome tag-forschung tag-medizin tag-rki tag-viren tag-zellen\"> <div class=\"item-post-container\"> <div class=\"item-post clearfix\"> <div class=\"post-image\"><div class=\"post-featured-content\"><a href=\"https:\/\/belux.edmo.eu\/de\/forscher-haben-viren-nachgewiesen-und-auch-fotografiert\/\"> <picture> <img src=\"https:\/\/belux.edmo.eu\/wp-content\/uploads\/wp-content\/uploads\/2025\/10\/251022-99-407216-v2-w800h450_resized.jpeg\" width=\"800\" height=\"450\" class=\"img-responsive\" alt=\"Forscher haben Viren nachgewiesen - und auch fotografiert - Featured image\" \/> <\/picture> <\/a><\/div><\/div> <div class=\"post-meta date-color\"> <div class=\"entry-meta clearfix gem-post-date\"> <div class=\"post-meta-right\"> <\/div> <div class=\"post-meta-left\"> <span class=\"post-meta-categories\"><a href=\"https:\/\/belux.edmo.eu\/de\/category\/fact-check-de\/covid-19-de\/\" title=\"Zeige alle Posts in COVID-19\">COVID-19<\/a> <span class=\"sep\"><\/span> <a href=\"https:\/\/belux.edmo.eu\/de\/category\/editors-choice-de-de\/\" title=\"Zeige alle Posts in Editor\u2019s Choice Slider DE\">Editor\u2019s Choice Slider DE<\/a> <span class=\"sep\"><\/span> <a href=\"https:\/\/belux.edmo.eu\/de\/category\/fact-check-de\/\" title=\"Zeige alle Posts in Fact Check\">Fact Check<\/a> <span class=\"sep\"><\/span> <a href=\"https:\/\/belux.edmo.eu\/de\/category\/fact-check-de\/gesundheit\/\" title=\"Zeige alle Posts in Gesundheit\">Gesundheit<\/a> <span class=\"sep\"><\/span> <a href=\"https:\/\/belux.edmo.eu\/de\/category\/fact-check-de\/wissenschaft\/\" title=\"Zeige alle Posts in Wissenschaft\">Wissenschaft<\/a><\/span> <\/div> <\/div><!-- .entry-meta --> <\/div> <div class=\"post-title\"> <h3 class=\"entry-title\"><a href=\"https:\/\/belux.edmo.eu\/de\/forscher-haben-viren-nachgewiesen-und-auch-fotografiert\/\" rel=\"bookmark\"><span class=\"entry-title-date\"><\/span><span class=\"light\">Forscher haben Viren nachgewiesen &#8211; und auch fotografiert<\/span><\/a><\/h3> <\/div> <div class=\"post-text\"> <div class=\"summary\"> <p>Die falsche Behauptung, dass es Viren gar nicht gebe, wird immer wieder verbreitet. In sozialen Netzwerken geht nun die Aussage herum, dass Viren eigentlich etwas ganz anderes seien.<\/p> <\/div> <\/div> <div class=\"post-footer\"> <div class=\"post-footer-sharing\"><div class=\"gem-button-container gem-button-position-inline thegem-button-69f328e2057713004\" ><a class=\"gem-button gem-button-size-tiny gem-button-style-flat gem-button-text-weight-normal gem-button-empty\" data-ll-effect=\"drop-right-without-wrap\" style=\"border-radius: 3px;\" onmouseleave=\"\" onmouseenter=\"\" href=\"#\" target=\"_self\" role=\"button\" aria-label=\"Share\"><i class=\"gem-print-icon gem-icon-pack-thegem-icons gem-icon-share \"><\/i><\/a><\/div> <div class=\"sharing-popup\"> <div class=\"socials-sharing socials socials-colored-hover\"> <a class=\"socials-item\" target=\"_blank\" href=\"https:\/\/www.facebook.com\/sharer\/sharer.php?u=https%3A%2F%2Fbelux.edmo.eu%2Fde%2Fforscher-haben-viren-nachgewiesen-und-auch-fotografiert%2F\" title=\"Facebook\"><i class=\"socials-item-icon facebook\"><\/i><\/a> <a class=\"socials-item\" target=\"_blank\" href=\"https:\/\/twitter.com\/intent\/tweet?text=Forscher+haben+Viren+nachgewiesen+%26%238211%3B+und+auch+fotografiert&#038;url=https%3A%2F%2Fbelux.edmo.eu%2Fde%2Fforscher-haben-viren-nachgewiesen-und-auch-fotografiert%2F\" title=\"Twitter\"><i class=\"socials-item-icon twitter\"><\/i><\/a> <a class=\"socials-item\" target=\"_blank\" href=\"https:\/\/pinterest.com\/pin\/create\/button\/?url=https%3A%2F%2Fbelux.edmo.eu%2Fde%2Fforscher-haben-viren-nachgewiesen-und-auch-fotografiert%2F&#038;description=Forscher+haben+Viren+nachgewiesen+%26%238211%3B+und+auch+fotografiert&#038;media=https%3A%2F%2Fbelux.edmo.eu%2Fwp-content%2Fuploads%2Fwp-content%2Fuploads%2F2025%2F10%2F251022-99-407216-v2-w800h450_resized-thegem-blog-timeline-large.jpeg\" title=\"Pinterest\"><i class=\"socials-item-icon pinterest\"><\/i><\/a> <a class=\"socials-item\" target=\"_blank\" href=\"https:\/\/www.tumblr.com\/widgets\/share\/tool?canonicalUrl=https%3A%2F%2Fbelux.edmo.eu%2Fde%2Fforscher-haben-viren-nachgewiesen-und-auch-fotografiert%2F\" title=\"Tumblr\"><i class=\"socials-item-icon tumblr\"><\/i><\/a> <a class=\"socials-item\" target=\"_blank\" href=\"https:\/\/www.linkedin.com\/shareArticle?mini=true&#038;url=https%3A%2F%2Fbelux.edmo.eu%2Fde%2Fforscher-haben-viren-nachgewiesen-und-auch-fotografiert%2F&#038;title=Forscher+haben+Viren+nachgewiesen+%26%238211%3B+und+auch+fotografiert&amp;summary=Die+falsche+Behauptung%2C+dass+es+Viren+gar+nicht+gebe%2C+wird+immer+wieder+verbreitet.+In+sozialen+Netzwerken+geht+nun+die+Aussage+herum%2C+dass+Viren+eigentlich+etwas+ganz+anderes+seien.\" title=\"LinkedIn\"><i class=\"socials-item-icon linkedin\"><\/i><\/a> <a class=\"socials-item\" target=\"_blank\" href=\"https:\/\/www.reddit.com\/submit?url=https%3A%2F%2Fbelux.edmo.eu%2Fde%2Fforscher-haben-viren-nachgewiesen-und-auch-fotografiert%2F&#038;title=Forscher+haben+Viren+nachgewiesen+%26%238211%3B+und+auch+fotografiert\" title=\"Reddit\"><i class=\"socials-item-icon reddit\"><\/i><\/a> <\/div> <svg class=\"sharing-styled-arrow\"><use xlink:href=\"https:\/\/belux.edmo.eu\/wp-content\/themes\/thegem\/css\/post-arrow.svg#dec-post-arrow\"><\/use><\/svg><\/div><\/div> <div class=\"post-read-more\"><div class=\"gem-button-container gem-button-position-inline thegem-button-69f328e205c2e9910\" ><a class=\"gem-button gem-button-size-tiny gem-button-style-outline gem-button-text-weight-normal gem-button-border-2\" data-ll-effect=\"drop-right-without-wrap\" style=\"border-radius: 3px;\" onmouseleave=\"\" onmouseenter=\"\" href=\"https:\/\/belux.edmo.eu\/de\/forscher-haben-viren-nachgewiesen-und-auch-fotografiert\/\" target=\"_self\">Read More<\/a><\/div> <\/div> <\/div> <\/div> <\/div> <\/article><!-- #post-403590 --> <article id=\"post-403423\" class=\"item-animations-not-inited post-403423 post type-post status-publish format-standard has-post-thumbnail category-editors-choice-de-de category-fact-check-de category-gesellschaft-de category-politics-de category-wissenschaft tag-alexander-flemming tag-geschichte tag-grossbritannien tag-leute tag-medizin tag-penicillin tag-winston-churchill\"> <div class=\"item-post-container\"> <div class=\"item-post clearfix\"> <div class=\"post-image\"><div class=\"post-featured-content\"><a href=\"https:\/\/belux.edmo.eu\/de\/der-doppelt-gerettete-churchill-zu-schn-um-wahr-zu-sein\/\"> <picture> <img src=\"https:\/\/belux.edmo.eu\/wp-content\/uploads\/wp-content\/uploads\/2025\/10\/251020-99-384440-v2-w800h450_resized.jpeg\" width=\"800\" height=\"450\" class=\"img-responsive\" alt=\"Der doppelt gerettete Churchill: Zu sch\u00f6n, um wahr zu sein - Featured image\" \/> <\/picture> <\/a><\/div><\/div> <div class=\"post-meta date-color\"> <div class=\"entry-meta clearfix gem-post-date\"> <div class=\"post-meta-right\"> <\/div> <div class=\"post-meta-left\"> <span class=\"post-meta-categories\"><a href=\"https:\/\/belux.edmo.eu\/de\/category\/editors-choice-de-de\/\" title=\"Zeige alle Posts in Editor\u2019s Choice Slider DE\">Editor\u2019s Choice Slider DE<\/a> <span class=\"sep\"><\/span> <a href=\"https:\/\/belux.edmo.eu\/de\/category\/fact-check-de\/\" title=\"Zeige alle Posts in Fact Check\">Fact Check<\/a> <span class=\"sep\"><\/span> <a href=\"https:\/\/belux.edmo.eu\/de\/category\/fact-check-de\/gesellschaft-de\/\" title=\"Zeige alle Posts in Gesellschaft\">Gesellschaft<\/a> <span class=\"sep\"><\/span> <a href=\"https:\/\/belux.edmo.eu\/de\/category\/fact-check-de\/politics-de\/\" title=\"Zeige alle Posts in Politik\">Politik<\/a> <span class=\"sep\"><\/span> <a href=\"https:\/\/belux.edmo.eu\/de\/category\/fact-check-de\/wissenschaft\/\" title=\"Zeige alle Posts in Wissenschaft\">Wissenschaft<\/a><\/span> <\/div> <\/div><!-- .entry-meta --> <\/div> <div class=\"post-title\"> <h3 class=\"entry-title\"><a href=\"https:\/\/belux.edmo.eu\/de\/der-doppelt-gerettete-churchill-zu-schn-um-wahr-zu-sein\/\" rel=\"bookmark\"><span class=\"entry-title-date\"><\/span><span class=\"light\">Der doppelt gerettete Churchill: Zu sch\u00f6n, um wahr zu sein<\/span><\/a><\/h3> <\/div> <div class=\"post-text\"> <div class=\"summary\"> <p>Die Entdeckung des Penicillins hat den Wissenschaftler Alexander Fleming ber\u00fchmt gemacht. Flugs wurden ihm weitere Heldentaten angedichtet, die er selbst schon als \u00absehr sch\u00f6ne Fabel\u00bb bezeichnete.<\/p> <\/div> <\/div> <div class=\"post-footer\"> <div class=\"post-footer-sharing\"><div class=\"gem-button-container gem-button-position-inline thegem-button-69f328e2073559165\" ><a class=\"gem-button gem-button-size-tiny gem-button-style-flat gem-button-text-weight-normal gem-button-empty\" data-ll-effect=\"drop-right-without-wrap\" style=\"border-radius: 3px;\" onmouseleave=\"\" onmouseenter=\"\" href=\"#\" target=\"_self\" role=\"button\" aria-label=\"Share\"><i class=\"gem-print-icon gem-icon-pack-thegem-icons gem-icon-share \"><\/i><\/a><\/div> <div class=\"sharing-popup\"> <div class=\"socials-sharing socials socials-colored-hover\"> <a class=\"socials-item\" target=\"_blank\" href=\"https:\/\/www.facebook.com\/sharer\/sharer.php?u=https%3A%2F%2Fbelux.edmo.eu%2Fde%2Fder-doppelt-gerettete-churchill-zu-schn-um-wahr-zu-sein%2F\" title=\"Facebook\"><i class=\"socials-item-icon facebook\"><\/i><\/a> <a class=\"socials-item\" target=\"_blank\" href=\"https:\/\/twitter.com\/intent\/tweet?text=Der+doppelt+gerettete+Churchill%3A+Zu+sch%C3%B6n%2C+um+wahr+zu+sein&#038;url=https%3A%2F%2Fbelux.edmo.eu%2Fde%2Fder-doppelt-gerettete-churchill-zu-schn-um-wahr-zu-sein%2F\" title=\"Twitter\"><i class=\"socials-item-icon twitter\"><\/i><\/a> <a class=\"socials-item\" target=\"_blank\" href=\"https:\/\/pinterest.com\/pin\/create\/button\/?url=https%3A%2F%2Fbelux.edmo.eu%2Fde%2Fder-doppelt-gerettete-churchill-zu-schn-um-wahr-zu-sein%2F&#038;description=Der+doppelt+gerettete+Churchill%3A+Zu+sch%C3%B6n%2C+um+wahr+zu+sein&#038;media=https%3A%2F%2Fbelux.edmo.eu%2Fwp-content%2Fuploads%2Fwp-content%2Fuploads%2F2025%2F10%2F251020-99-384440-v2-w800h450_resized-thegem-blog-timeline-large.jpeg\" title=\"Pinterest\"><i class=\"socials-item-icon pinterest\"><\/i><\/a> <a class=\"socials-item\" target=\"_blank\" href=\"https:\/\/www.tumblr.com\/widgets\/share\/tool?canonicalUrl=https%3A%2F%2Fbelux.edmo.eu%2Fde%2Fder-doppelt-gerettete-churchill-zu-schn-um-wahr-zu-sein%2F\" title=\"Tumblr\"><i class=\"socials-item-icon tumblr\"><\/i><\/a> <a class=\"socials-item\" target=\"_blank\" href=\"https:\/\/www.linkedin.com\/shareArticle?mini=true&#038;url=https%3A%2F%2Fbelux.edmo.eu%2Fde%2Fder-doppelt-gerettete-churchill-zu-schn-um-wahr-zu-sein%2F&#038;title=Der+doppelt+gerettete+Churchill%3A+Zu+sch%C3%B6n%2C+um+wahr+zu+sein&amp;summary=Die+Entdeckung+des+Penicillins+hat+den+Wissenschaftler+Alexander+Fleming+ber%C3%BChmt+gemacht.+Flugs+wurden+ihm+weitere+Heldentaten+angedichtet%2C+die+er+selbst+schon+als+%C2%ABsehr+sch%C3%B6ne+Fabel%C2%BB+bezeichnete.\" title=\"LinkedIn\"><i class=\"socials-item-icon linkedin\"><\/i><\/a> <a class=\"socials-item\" target=\"_blank\" href=\"https:\/\/www.reddit.com\/submit?url=https%3A%2F%2Fbelux.edmo.eu%2Fde%2Fder-doppelt-gerettete-churchill-zu-schn-um-wahr-zu-sein%2F&#038;title=Der+doppelt+gerettete+Churchill%3A+Zu+sch%C3%B6n%2C+um+wahr+zu+sein\" title=\"Reddit\"><i class=\"socials-item-icon reddit\"><\/i><\/a> <\/div> <svg class=\"sharing-styled-arrow\"><use xlink:href=\"https:\/\/belux.edmo.eu\/wp-content\/themes\/thegem\/css\/post-arrow.svg#dec-post-arrow\"><\/use><\/svg><\/div><\/div> <div class=\"post-read-more\"><div class=\"gem-button-container gem-button-position-inline thegem-button-69f328e2079846253\" ><a class=\"gem-button gem-button-size-tiny gem-button-style-outline gem-button-text-weight-normal gem-button-border-2\" data-ll-effect=\"drop-right-without-wrap\" style=\"border-radius: 3px;\" onmouseleave=\"\" onmouseenter=\"\" href=\"https:\/\/belux.edmo.eu\/de\/der-doppelt-gerettete-churchill-zu-schn-um-wahr-zu-sein\/\" target=\"_self\">Read More<\/a><\/div> <\/div> <\/div> <\/div> <\/div> <\/article><!-- #post-403423 --> <article id=\"post-403077\" class=\"item-animations-not-inited post-403077 post type-post status-publish format-standard has-post-thumbnail category-editors-choice-de-de category-fact-check-de category-politics-de category-wahlen tag-moldau tag-parlament tag-russland tag-video-de tag-wahl tag-wahlbeobachtung tag-wahlzettel\"> <div class=\"item-post-container\"> <div class=\"item-post clearfix\"> <div class=\"post-image\"><div class=\"post-featured-content\"><a href=\"https:\/\/belux.edmo.eu\/de\/video-zeigt-schlecht-geflschte-stimmzettel-in-moldau\/\"> <picture> <img src=\"https:\/\/belux.edmo.eu\/wp-content\/uploads\/wp-content\/uploads\/2025\/10\/251013-99-318624-v2-w800h450_resized.jpeg\" width=\"800\" height=\"450\" class=\"img-responsive\" alt=\"Video zeigt schlecht gef\u00e4lschte Stimmzettel in Moldau - Featured image\" \/> <\/picture> <\/a><\/div><\/div> <div class=\"post-meta date-color\"> <div class=\"entry-meta clearfix gem-post-date\"> <div class=\"post-meta-right\"> <\/div> <div class=\"post-meta-left\"> <span class=\"post-meta-categories\"><a href=\"https:\/\/belux.edmo.eu\/de\/category\/editors-choice-de-de\/\" title=\"Zeige alle Posts in Editor\u2019s Choice Slider DE\">Editor\u2019s Choice Slider DE<\/a> <span class=\"sep\"><\/span> <a href=\"https:\/\/belux.edmo.eu\/de\/category\/fact-check-de\/\" title=\"Zeige alle Posts in Fact Check\">Fact Check<\/a> <span class=\"sep\"><\/span> <a href=\"https:\/\/belux.edmo.eu\/de\/category\/fact-check-de\/politics-de\/\" title=\"Zeige alle Posts in Politik\">Politik<\/a> <span class=\"sep\"><\/span> <a href=\"https:\/\/belux.edmo.eu\/de\/category\/wahlen\/\" title=\"Zeige alle Posts in Wahlen\">Wahlen<\/a><\/span> <\/div> <\/div><!-- .entry-meta --> <\/div> <div class=\"post-title\"> <h3 class=\"entry-title\"><a href=\"https:\/\/belux.edmo.eu\/de\/video-zeigt-schlecht-geflschte-stimmzettel-in-moldau\/\" rel=\"bookmark\"><span class=\"entry-title-date\"><\/span><span class=\"light\">Video zeigt schlecht gef\u00e4lschte Stimmzettel in Moldau<\/span><\/a><\/h3> <\/div> <div class=\"post-text\"> <div class=\"summary\"> <p>Brennende Stimmzettel lassen manche Internet-Nutzer sofort an Wahlbetrug glauben. Doch ein Video aus Moldau hat eher mit russischer Desinformation zu tun als mit einem ver\u00e4f\u00e4lschten Ergebnis.<\/p> <\/div> <\/div> <div class=\"post-footer\"> <div class=\"post-footer-sharing\"><div class=\"gem-button-container gem-button-position-inline thegem-button-69f328e209c519356\" ><a class=\"gem-button gem-button-size-tiny gem-button-style-flat gem-button-text-weight-normal gem-button-empty\" data-ll-effect=\"drop-right-without-wrap\" style=\"border-radius: 3px;\" onmouseleave=\"\" onmouseenter=\"\" href=\"#\" target=\"_self\" role=\"button\" aria-label=\"Share\"><i class=\"gem-print-icon gem-icon-pack-thegem-icons gem-icon-share \"><\/i><\/a><\/div> <div class=\"sharing-popup\"> <div class=\"socials-sharing socials socials-colored-hover\"> <a class=\"socials-item\" target=\"_blank\" href=\"https:\/\/www.facebook.com\/sharer\/sharer.php?u=https%3A%2F%2Fbelux.edmo.eu%2Fde%2Fvideo-zeigt-schlecht-geflschte-stimmzettel-in-moldau%2F\" title=\"Facebook\"><i class=\"socials-item-icon facebook\"><\/i><\/a> <a class=\"socials-item\" target=\"_blank\" href=\"https:\/\/twitter.com\/intent\/tweet?text=Video+zeigt+schlecht+gef%C3%A4lschte+Stimmzettel+in+Moldau&#038;url=https%3A%2F%2Fbelux.edmo.eu%2Fde%2Fvideo-zeigt-schlecht-geflschte-stimmzettel-in-moldau%2F\" title=\"Twitter\"><i class=\"socials-item-icon twitter\"><\/i><\/a> <a class=\"socials-item\" target=\"_blank\" href=\"https:\/\/pinterest.com\/pin\/create\/button\/?url=https%3A%2F%2Fbelux.edmo.eu%2Fde%2Fvideo-zeigt-schlecht-geflschte-stimmzettel-in-moldau%2F&#038;description=Video+zeigt+schlecht+gef%C3%A4lschte+Stimmzettel+in+Moldau&#038;media=https%3A%2F%2Fbelux.edmo.eu%2Fwp-content%2Fuploads%2Fwp-content%2Fuploads%2F2025%2F10%2F251013-99-318624-v2-w800h450_resized-thegem-blog-timeline-large.jpeg\" title=\"Pinterest\"><i class=\"socials-item-icon pinterest\"><\/i><\/a> <a class=\"socials-item\" target=\"_blank\" href=\"https:\/\/www.tumblr.com\/widgets\/share\/tool?canonicalUrl=https%3A%2F%2Fbelux.edmo.eu%2Fde%2Fvideo-zeigt-schlecht-geflschte-stimmzettel-in-moldau%2F\" title=\"Tumblr\"><i class=\"socials-item-icon tumblr\"><\/i><\/a> <a class=\"socials-item\" target=\"_blank\" href=\"https:\/\/www.linkedin.com\/shareArticle?mini=true&#038;url=https%3A%2F%2Fbelux.edmo.eu%2Fde%2Fvideo-zeigt-schlecht-geflschte-stimmzettel-in-moldau%2F&#038;title=Video+zeigt+schlecht+gef%C3%A4lschte+Stimmzettel+in+Moldau&amp;summary=Brennende+Stimmzettel+lassen+manche+Internet-Nutzer+sofort+an+Wahlbetrug+glauben.+Doch+ein+Video+aus+Moldau+hat+eher+mit+russischer+Desinformation+zu+tun+als+mit+einem+ver%C3%A4f%C3%A4lschten+Ergebnis.\" title=\"LinkedIn\"><i class=\"socials-item-icon linkedin\"><\/i><\/a> <a class=\"socials-item\" target=\"_blank\" href=\"https:\/\/www.reddit.com\/submit?url=https%3A%2F%2Fbelux.edmo.eu%2Fde%2Fvideo-zeigt-schlecht-geflschte-stimmzettel-in-moldau%2F&#038;title=Video+zeigt+schlecht+gef%C3%A4lschte+Stimmzettel+in+Moldau\" title=\"Reddit\"><i class=\"socials-item-icon reddit\"><\/i><\/a> <\/div> <svg class=\"sharing-styled-arrow\"><use xlink:href=\"https:\/\/belux.edmo.eu\/wp-content\/themes\/thegem\/css\/post-arrow.svg#dec-post-arrow\"><\/use><\/svg><\/div><\/div> <div class=\"post-read-more\"><div class=\"gem-button-container gem-button-position-inline thegem-button-69f328e20a1ca4680\" ><a class=\"gem-button gem-button-size-tiny gem-button-style-outline gem-button-text-weight-normal gem-button-border-2\" data-ll-effect=\"drop-right-without-wrap\" style=\"border-radius: 3px;\" onmouseleave=\"\" onmouseenter=\"\" href=\"https:\/\/belux.edmo.eu\/de\/video-zeigt-schlecht-geflschte-stimmzettel-in-moldau\/\" target=\"_self\">Read More<\/a><\/div> <\/div> <\/div> <\/div> <\/div> <\/article><!-- #post-403077 --> <article id=\"post-401926\" class=\"item-animations-not-inited post-401926 post type-post status-publish format-standard has-post-thumbnail category-editors-choice-de-de category-fact-check-de category-politics-de tag-ai-de tag-armee tag-frankreich tag-ki tag-kuenstliche-intelligenz tag-praesident tag-revolte tag-revolution tag-ukraine-de\"> <div class=\"item-post-container\"> <div class=\"item-post clearfix\"> <div class=\"post-image\"><div class=\"post-featured-content\"><a href=\"https:\/\/belux.edmo.eu\/de\/ki-prsentator-verbreitet-erfundene-geschichte-ber-macron\/\"> <picture> <img src=\"https:\/\/belux.edmo.eu\/wp-content\/uploads\/wp-content\/uploads\/2025\/09\/250922-99-116300-v2-w800h450_resized.jpeg\" width=\"800\" height=\"450\" class=\"img-responsive\" alt=\"KI-Pr\u00e4sentator verbreitet erfundene Geschichte \u00fcber Macron - Featured image\" \/> <\/picture> <\/a><\/div><\/div> <div class=\"post-meta date-color\"> <div class=\"entry-meta clearfix gem-post-date\"> <div class=\"post-meta-right\"> <\/div> <div class=\"post-meta-left\"> <span class=\"post-meta-categories\"><a href=\"https:\/\/belux.edmo.eu\/de\/category\/editors-choice-de-de\/\" title=\"Zeige alle Posts in Editor\u2019s Choice Slider DE\">Editor\u2019s Choice Slider DE<\/a> <span class=\"sep\"><\/span> <a href=\"https:\/\/belux.edmo.eu\/de\/category\/fact-check-de\/\" title=\"Zeige alle Posts in Fact Check\">Fact Check<\/a> <span class=\"sep\"><\/span> <a href=\"https:\/\/belux.edmo.eu\/de\/category\/fact-check-de\/politics-de\/\" title=\"Zeige alle Posts in Politik\">Politik<\/a><\/span> <\/div> <\/div><!-- .entry-meta --> <\/div> <div class=\"post-title\"> <h3 class=\"entry-title\"><a href=\"https:\/\/belux.edmo.eu\/de\/ki-prsentator-verbreitet-erfundene-geschichte-ber-macron\/\" rel=\"bookmark\"><span class=\"entry-title-date\"><\/span><span class=\"light\">KI-Pr\u00e4sentator verbreitet erfundene Geschichte \u00fcber Macron<\/span><\/a><\/h3> <\/div> <div class=\"post-text\"> <div class=\"summary\"> <p>Manchmal lassen Menschen in den sozialen Netzwerken ihrer Fantasie freien Lauf. So entstehen k\u00fcnstlich animierte Pr\u00e4sentatoren, die \u00fcber erfundene Revolutionen sprechen, als g\u00e4be es sie wirklich.<\/p> <\/div> <\/div> <div class=\"post-footer\"> <div class=\"post-footer-sharing\"><div class=\"gem-button-container gem-button-position-inline thegem-button-69f328e20bae53178\" ><a class=\"gem-button gem-button-size-tiny gem-button-style-flat gem-button-text-weight-normal gem-button-empty\" data-ll-effect=\"drop-right-without-wrap\" style=\"border-radius: 3px;\" onmouseleave=\"\" onmouseenter=\"\" href=\"#\" target=\"_self\" role=\"button\" aria-label=\"Share\"><i class=\"gem-print-icon gem-icon-pack-thegem-icons gem-icon-share \"><\/i><\/a><\/div> <div class=\"sharing-popup\"> <div class=\"socials-sharing socials socials-colored-hover\"> <a class=\"socials-item\" target=\"_blank\" href=\"https:\/\/www.facebook.com\/sharer\/sharer.php?u=https%3A%2F%2Fbelux.edmo.eu%2Fde%2Fki-prsentator-verbreitet-erfundene-geschichte-ber-macron%2F\" title=\"Facebook\"><i class=\"socials-item-icon facebook\"><\/i><\/a> <a class=\"socials-item\" target=\"_blank\" href=\"https:\/\/twitter.com\/intent\/tweet?text=KI-Pr%C3%A4sentator+verbreitet+erfundene+Geschichte+%C3%BCber+Macron&#038;url=https%3A%2F%2Fbelux.edmo.eu%2Fde%2Fki-prsentator-verbreitet-erfundene-geschichte-ber-macron%2F\" title=\"Twitter\"><i class=\"socials-item-icon twitter\"><\/i><\/a> <a class=\"socials-item\" target=\"_blank\" href=\"https:\/\/pinterest.com\/pin\/create\/button\/?url=https%3A%2F%2Fbelux.edmo.eu%2Fde%2Fki-prsentator-verbreitet-erfundene-geschichte-ber-macron%2F&#038;description=KI-Pr%C3%A4sentator+verbreitet+erfundene+Geschichte+%C3%BCber+Macron&#038;media=https%3A%2F%2Fbelux.edmo.eu%2Fwp-content%2Fuploads%2Fwp-content%2Fuploads%2F2025%2F09%2F250922-99-116300-v2-w800h450_resized-thegem-blog-timeline-large.jpeg\" title=\"Pinterest\"><i class=\"socials-item-icon pinterest\"><\/i><\/a> <a class=\"socials-item\" target=\"_blank\" href=\"https:\/\/www.tumblr.com\/widgets\/share\/tool?canonicalUrl=https%3A%2F%2Fbelux.edmo.eu%2Fde%2Fki-prsentator-verbreitet-erfundene-geschichte-ber-macron%2F\" title=\"Tumblr\"><i class=\"socials-item-icon tumblr\"><\/i><\/a> <a class=\"socials-item\" target=\"_blank\" href=\"https:\/\/www.linkedin.com\/shareArticle?mini=true&#038;url=https%3A%2F%2Fbelux.edmo.eu%2Fde%2Fki-prsentator-verbreitet-erfundene-geschichte-ber-macron%2F&#038;title=KI-Pr%C3%A4sentator+verbreitet+erfundene+Geschichte+%C3%BCber+Macron&amp;summary=Manchmal+lassen+Menschen+in+den+sozialen+Netzwerken+ihrer+Fantasie+freien+Lauf.+So+entstehen+k%C3%BCnstlich+animierte+Pr%C3%A4sentatoren%2C+die+%C3%BCber+erfundene+Revolutionen+sprechen%2C+als+g%C3%A4be+es+sie+wirklich.\" title=\"LinkedIn\"><i class=\"socials-item-icon linkedin\"><\/i><\/a> <a class=\"socials-item\" target=\"_blank\" href=\"https:\/\/www.reddit.com\/submit?url=https%3A%2F%2Fbelux.edmo.eu%2Fde%2Fki-prsentator-verbreitet-erfundene-geschichte-ber-macron%2F&#038;title=KI-Pr%C3%A4sentator+verbreitet+erfundene+Geschichte+%C3%BCber+Macron\" title=\"Reddit\"><i class=\"socials-item-icon reddit\"><\/i><\/a> <\/div> <svg class=\"sharing-styled-arrow\"><use xlink:href=\"https:\/\/belux.edmo.eu\/wp-content\/themes\/thegem\/css\/post-arrow.svg#dec-post-arrow\"><\/use><\/svg><\/div><\/div> <div class=\"post-read-more\"><div class=\"gem-button-container gem-button-position-inline thegem-button-69f328e20bf965230\" ><a class=\"gem-button gem-button-size-tiny gem-button-style-outline gem-button-text-weight-normal gem-button-border-2\" data-ll-effect=\"drop-right-without-wrap\" style=\"border-radius: 3px;\" onmouseleave=\"\" onmouseenter=\"\" href=\"https:\/\/belux.edmo.eu\/de\/ki-prsentator-verbreitet-erfundene-geschichte-ber-macron\/\" target=\"_self\">Read More<\/a><\/div> <\/div> <\/div> <\/div> <\/div> <\/article><!-- #post-401926 -->\n<\/div>[\/vc_column][\/vc_row]<\/p>\n<\/div>","protected":false},"excerpt":{"rendered":"<p>[vc_row][vc_column][\/vc_column][\/vc_row]<\/p>\n","protected":false},"author":1,"featured_media":0,"parent":0,"menu_order":0,"comment_status":"closed","ping_status":"closed","template":"","meta":{"_acf_changed":false,"footnotes":""},"class_list":["post-11894","page","type-page","status-publish"],"acf":[],"yoast_head":"<!-- This site is optimized with the Yoast SEO plugin v27.0 - https:\/\/yoast.com\/product\/yoast-seo-wordpress\/ -->\n<title>Faktenchecks - EDMO Belux<\/title>\n<meta name=\"robots\" content=\"index, follow, max-snippet:-1, max-image-preview:large, max-video-preview:-1\" \/>\n<link rel=\"canonical\" href=\"https:\/\/belux.edmo.eu\/de\/faktenchecks\/\" \/>\n<meta property=\"og:locale\" content=\"de_DE\" \/>\n<meta property=\"og:type\" content=\"article\" \/>\n<meta property=\"og:title\" content=\"Faktenchecks - EDMO Belux\" \/>\n<meta property=\"og:description\" content=\"[vc_row][vc_column][\/vc_column][\/vc_row]\" \/>\n<meta property=\"og:url\" content=\"https:\/\/belux.edmo.eu\/de\/faktenchecks\/\" \/>\n<meta property=\"og:site_name\" content=\"EDMO Belux\" \/>\n<meta property=\"article:modified_time\" content=\"2022-02-14T15:04:51+00:00\" \/>\n<meta name=\"twitter:card\" content=\"summary_large_image\" \/>\n<meta name=\"twitter:site\" content=\"@Edmo_Belux\" \/>\n<script type=\"application\/ld+json\" class=\"yoast-schema-graph\">{\"@context\":\"https:\/\/schema.org\",\"@graph\":[{\"@type\":\"WebPage\",\"@id\":\"https:\/\/belux.edmo.eu\/de\/faktenchecks\/\",\"url\":\"https:\/\/belux.edmo.eu\/de\/faktenchecks\/\",\"name\":\"Faktenchecks - EDMO Belux\",\"isPartOf\":{\"@id\":\"https:\/\/belux.edmo.eu\/#website\"},\"datePublished\":\"2022-02-11T12:20:32+00:00\",\"dateModified\":\"2022-02-14T15:04:51+00:00\",\"breadcrumb\":{\"@id\":\"https:\/\/belux.edmo.eu\/de\/faktenchecks\/#breadcrumb\"},\"inLanguage\":\"de-DE\",\"potentialAction\":[{\"@type\":\"ReadAction\",\"target\":[\"https:\/\/belux.edmo.eu\/de\/faktenchecks\/\"]}]},{\"@type\":\"BreadcrumbList\",\"@id\":\"https:\/\/belux.edmo.eu\/de\/faktenchecks\/#breadcrumb\",\"itemListElement\":[{\"@type\":\"ListItem\",\"position\":1,\"name\":\"Home\",\"item\":\"https:\/\/belux.edmo.eu\/de\/\"},{\"@type\":\"ListItem\",\"position\":2,\"name\":\"Faktenchecks\"}]},{\"@type\":\"WebSite\",\"@id\":\"https:\/\/belux.edmo.eu\/#website\",\"url\":\"https:\/\/belux.edmo.eu\/\",\"name\":\"EDMO Belux\",\"description\":\"Monitoring Disinformation in Belgium and Luxembourg\",\"publisher\":{\"@id\":\"https:\/\/belux.edmo.eu\/#organization\"},\"potentialAction\":[{\"@type\":\"SearchAction\",\"target\":{\"@type\":\"EntryPoint\",\"urlTemplate\":\"https:\/\/belux.edmo.eu\/?s={search_term_string}\"},\"query-input\":{\"@type\":\"PropertyValueSpecification\",\"valueRequired\":true,\"valueName\":\"search_term_string\"}}],\"inLanguage\":\"de-DE\"},{\"@type\":\"Organization\",\"@id\":\"https:\/\/belux.edmo.eu\/#organization\",\"name\":\"EDMO Belux\",\"url\":\"https:\/\/belux.edmo.eu\/\",\"logo\":{\"@type\":\"ImageObject\",\"inLanguage\":\"de-DE\",\"@id\":\"https:\/\/belux.edmo.eu\/#\/schema\/logo\/image\/\",\"url\":\"https:\/\/belux.edmo.eu\/wp-content\/uploads\/2021\/12\/belux-logo-full-color-rgb.svg\",\"contentUrl\":\"https:\/\/belux.edmo.eu\/wp-content\/uploads\/2021\/12\/belux-logo-full-color-rgb.svg\",\"width\":1,\"height\":1,\"caption\":\"EDMO Belux\"},\"image\":{\"@id\":\"https:\/\/belux.edmo.eu\/#\/schema\/logo\/image\/\"},\"sameAs\":[\"https:\/\/x.com\/Edmo_Belux\"]}]}<\/script>\n<!-- \/ Yoast SEO plugin. -->","yoast_head_json":{"title":"Faktenchecks - EDMO Belux","robots":{"index":"index","follow":"follow","max-snippet":"max-snippet:-1","max-image-preview":"max-image-preview:large","max-video-preview":"max-video-preview:-1"},"canonical":"https:\/\/belux.edmo.eu\/de\/faktenchecks\/","og_locale":"de_DE","og_type":"article","og_title":"Faktenchecks - EDMO Belux","og_description":"[vc_row][vc_column][\/vc_column][\/vc_row]","og_url":"https:\/\/belux.edmo.eu\/de\/faktenchecks\/","og_site_name":"EDMO Belux","article_modified_time":"2022-02-14T15:04:51+00:00","twitter_card":"summary_large_image","twitter_site":"@Edmo_Belux","schema":{"@context":"https:\/\/schema.org","@graph":[{"@type":"WebPage","@id":"https:\/\/belux.edmo.eu\/de\/faktenchecks\/","url":"https:\/\/belux.edmo.eu\/de\/faktenchecks\/","name":"Faktenchecks - EDMO Belux","isPartOf":{"@id":"https:\/\/belux.edmo.eu\/#website"},"datePublished":"2022-02-11T12:20:32+00:00","dateModified":"2022-02-14T15:04:51+00:00","breadcrumb":{"@id":"https:\/\/belux.edmo.eu\/de\/faktenchecks\/#breadcrumb"},"inLanguage":"de-DE","potentialAction":[{"@type":"ReadAction","target":["https:\/\/belux.edmo.eu\/de\/faktenchecks\/"]}]},{"@type":"BreadcrumbList","@id":"https:\/\/belux.edmo.eu\/de\/faktenchecks\/#breadcrumb","itemListElement":[{"@type":"ListItem","position":1,"name":"Home","item":"https:\/\/belux.edmo.eu\/de\/"},{"@type":"ListItem","position":2,"name":"Faktenchecks"}]},{"@type":"WebSite","@id":"https:\/\/belux.edmo.eu\/#website","url":"https:\/\/belux.edmo.eu\/","name":"EDMO Belux","description":"Monitoring Disinformation in Belgium and Luxembourg","publisher":{"@id":"https:\/\/belux.edmo.eu\/#organization"},"potentialAction":[{"@type":"SearchAction","target":{"@type":"EntryPoint","urlTemplate":"https:\/\/belux.edmo.eu\/?s={search_term_string}"},"query-input":{"@type":"PropertyValueSpecification","valueRequired":true,"valueName":"search_term_string"}}],"inLanguage":"de-DE"},{"@type":"Organization","@id":"https:\/\/belux.edmo.eu\/#organization","name":"EDMO Belux","url":"https:\/\/belux.edmo.eu\/","logo":{"@type":"ImageObject","inLanguage":"de-DE","@id":"https:\/\/belux.edmo.eu\/#\/schema\/logo\/image\/","url":"https:\/\/belux.edmo.eu\/wp-content\/uploads\/2021\/12\/belux-logo-full-color-rgb.svg","contentUrl":"https:\/\/belux.edmo.eu\/wp-content\/uploads\/2021\/12\/belux-logo-full-color-rgb.svg","width":1,"height":1,"caption":"EDMO Belux"},"image":{"@id":"https:\/\/belux.edmo.eu\/#\/schema\/logo\/image\/"},"sameAs":["https:\/\/x.com\/Edmo_Belux"]}]}},"_links":{"self":[{"href":"https:\/\/belux.edmo.eu\/de\/wp-json\/wp\/v2\/pages\/11894","targetHints":{"allow":["GET"]}}],"collection":[{"href":"https:\/\/belux.edmo.eu\/de\/wp-json\/wp\/v2\/pages"}],"about":[{"href":"https:\/\/belux.edmo.eu\/de\/wp-json\/wp\/v2\/types\/page"}],"author":[{"embeddable":true,"href":"https:\/\/belux.edmo.eu\/de\/wp-json\/wp\/v2\/users\/1"}],"replies":[{"embeddable":true,"href":"https:\/\/belux.edmo.eu\/de\/wp-json\/wp\/v2\/comments?post=11894"}],"version-history":[{"count":0,"href":"https:\/\/belux.edmo.eu\/de\/wp-json\/wp\/v2\/pages\/11894\/revisions"}],"wp:attachment":[{"href":"https:\/\/belux.edmo.eu\/de\/wp-json\/wp\/v2\/media?parent=11894"}],"curies":[{"name":"wp","href":"https:\/\/api.w.org\/{rel}","templated":true}]}}