{"id":370361,"date":"2024-11-13T11:21:07","date_gmt":"2024-11-13T11:21:07","guid":{"rendered":"https:\/\/belux.edmo.eu\/?page_id=370361"},"modified":"2024-11-14T14:14:38","modified_gmt":"2024-11-14T14:14:38","slug":"einfuehrung-der-edmo-leitlinien-fuer-wirksame-medienkompetenz-initiativen","status":"publish","type":"page","link":"https:\/\/belux.edmo.eu\/de\/medienliteratur\/einfuehrung-der-edmo-leitlinien-fuer-wirksame-medienkompetenz-initiativen\/","title":{"rendered":"Einf\u00fchrung der EDMO-Leitlinien f\u00fcr wirksame Medienkompetenz-Initiativen"},"content":{"rendered":"<div class=\"wpb-content-wrapper\"><p>[vc_row][vc_column][vc_column_text css=&#8220;&#8220;]<\/p>\n<p class=\"p1\"><span class=\"s1\">Die EDMO-Leitlinien und Grunds\u00e4tze f\u00fcr wirksame Medienkompetenzinitiativen sollen dazu beitragen, die Qualit\u00e4t der Medienkompetenz in ganz Europa zu verbessern. Sie wurden von der EDMO-Arbeitsgruppe f\u00fcr Medienkompetenzstandards und bew\u00e4hrte Praktiken unter Einbeziehung von Beitr\u00e4gen der EDMO-Zentren sowie anderer Praktiker und Experten im Rahmen eines Konsultationsprozesses entwickelt und sind auf der <a href=\"https:\/\/edmo.eu\/\"><span class=\"s2\">EDMO-Website<\/span><\/a> verf\u00fcgbar. <\/span><\/p>\n<p class=\"p2\">Der Leitfaden richtet sich an alle, die an der Entwicklung von Medienkompetenzinitiativen beteiligt sind, einschlie\u00dflich der Zivilgesellschaft, P\u00e4dagogen, politischen Entscheidungstr\u00e4gern und Vertretern der Medien- und Technologiebranche. In einem so komplexen und vielf\u00e4ltigen Bereich wie der Medienkompetenz kann es keinen Einheitsansatz geben, und Medienkompetenzinitiativen unterscheiden sich erheblich in Umfang, Gr\u00f6\u00dfe, Dauer und Schwerpunkt. Daher werden nicht alle Leitlinien f\u00fcr alle Projekte relevant sein: Es ist allein Sache der Nutzer, die f\u00fcr ihre Initiative am besten geeigneten Ratschl\u00e4ge auszuw\u00e4hlen.<\/p>\n<p class=\"p2\">Obwohl der Schwerpunkt von EDMO auf Desinformation liegt, k\u00f6nnen die Leitlinien auf alle Initiativen zur Medienkompetenz angewendet werden. Dazu k\u00f6nnten zum Beispiel Initiativen zur Nachrichtenkompetenz geh\u00f6ren, die sich st\u00e4rker auf den Wert des unabh\u00e4ngigen Journalismus im Medien\u00f6kosystem konzentrieren, auf weiter gefasste Initiativen zur digitalen Kompetenz, die sich darauf konzentrieren, zu erkl\u00e4ren, wie digitale Medien funktionieren und wie man sie nutzt, auf Initiativen zur Algorithmenkompetenz, die sich darauf konzentrieren, die Rolle von Algorithmen in unserem Medienkonsum zu verstehen und auf viele mehr.<\/p>\n<p class=\"p2\">Die Leitlinien sollen dazu dienen, auf der Grundlage der Erfahrungen fr\u00fcherer Medienkompetenzinitiativen Fragen aufzuwerfen, die zu ber\u00fccksichtigen sind. Ihre Einhaltung sollte nicht zu einer \u201eAnkreuz\u201c-\u00dcbung werden oder dazu dienen, die Flexibilit\u00e4t bei der Entwicklung k\u00fcnftiger Initiativen einzuschr\u00e4nken. Die Leitlinien gliedern sich in 12 Grunds\u00e4tze, die in drei Abschnitte unterteilt sind: Entwicklung, Durchf\u00fchrung und \u00dcberpr\u00fcfung.<\/p>\n<p class=\"p2\"><b>Entwicklung <\/b><\/p>\n<p class=\"p2\">Eine gute Initiative zur Medienkompetenz:<\/p>\n<ul class=\"ul1\">\n<li class=\"li2\">hat klar definierte Ziele und Grunds\u00e4tze<\/li>\n<li class=\"li2\">ist konstruktiv<\/li>\n<li class=\"li2\">f\u00f6rdert das kritiche Verst\u00e4ndnis f\u00fcr das Medien\u00f6kosystem<\/li>\n<li class=\"li2\">ist beratend und relevant<\/li>\n<li class=\"li2\">verfolgt einen faktenbasierten Ansatz<\/li>\n<li class=\"li2\">ist integrativ<\/li>\n<li class=\"li2\">ist ethisch und zug\u00e4nglich<\/li>\n<\/ul>\n<p class=\"p2\"><b>Durchf\u00fchrung <\/b><\/p>\n<p class=\"p2\">Eine gute Initiative zur Medienkompetenz:<\/p>\n<ul class=\"ul1\">\n<li class=\"li2\">ist transparent<\/li>\n<li class=\"li2\">ist vorbereitet<\/li>\n<li class=\"li2\">ist anpassungsf\u00e4hhig<\/li>\n<li class=\"li4\"><\/li>\n<\/ul>\n<p class=\"p2\"><b>\u00dcberpr\u00fcfung <\/b><b><\/b><\/p>\n<p class=\"p2\">Eine gute Initiative zur Medienkompetenz:<\/p>\n<ul class=\"ul1\">\n<li class=\"li2\">dauert an<\/li>\n<li class=\"li2\">reflektiert, teilt und beweret<\/li>\n<\/ul>\n<p class=\"p2\"><a href=\"https:\/\/edmo.eu\/areas-of-activities\/media-literacy\/raising-standards\/\" target=\"_blank\" rel=\"noopener\">Das vollst\u00e4ndige Leitliniendokument<\/a> (derzeit in englischer Sprache) enth\u00e4lt Links zu detaillierteren Erl\u00e4uterungen, und es werden weitere relevante Ressourcen und Beispiele f\u00fcr bew\u00e4hrte Verfahren zu den verschiedenen Grunds\u00e4tzen hinzugef\u00fcgt. L\u00e4ngerfristig beabsichtigen wir, lokalisierte Beispiele und Ressourcen f\u00fcr die Anwendung in nationalen und regionalen Kontexten in ganz Europa aufzunehmen.<\/p>\n<p>[\/vc_column_text][\/vc_column][\/vc_row]<\/p>\n<\/div>","protected":false},"excerpt":{"rendered":"<p>[vc_row][vc_column][vc_column_text css=&#8220;&#8220;] Die EDMO-Leitlinien und Grunds\u00e4tze f\u00fcr wirksame Medienkompetenzinitiativen sollen dazu beitragen, die Qualit\u00e4t der Medienkompetenz in ganz Europa zu&#8230;<\/p>\n","protected":false},"author":14,"featured_media":0,"parent":11909,"menu_order":0,"comment_status":"closed","ping_status":"closed","template":"","meta":{"_acf_changed":false,"footnotes":""},"class_list":["post-370361","page","type-page","status-publish"],"acf":[],"yoast_head":"<!-- This site is optimized with the Yoast SEO plugin v27.0 - https:\/\/yoast.com\/product\/yoast-seo-wordpress\/ -->\n<title>Einf\u00fchrung der EDMO-Leitlinien f\u00fcr wirksame Medienkompetenz-Initiativen - EDMO Belux<\/title>\n<meta name=\"robots\" content=\"index, follow, max-snippet:-1, max-image-preview:large, max-video-preview:-1\" \/>\n<link rel=\"canonical\" href=\"https:\/\/belux.edmo.eu\/de\/medienliteratur\/einfuehrung-der-edmo-leitlinien-fuer-wirksame-medienkompetenz-initiativen\/\" \/>\n<meta property=\"og:locale\" content=\"de_DE\" \/>\n<meta property=\"og:type\" content=\"article\" \/>\n<meta property=\"og:title\" content=\"Einf\u00fchrung der EDMO-Leitlinien f\u00fcr wirksame Medienkompetenz-Initiativen - EDMO Belux\" \/>\n<meta property=\"og:description\" content=\"[vc_row][vc_column][vc_column_text css=&#8220;&#8220;] Die EDMO-Leitlinien und Grunds\u00e4tze f\u00fcr wirksame Medienkompetenzinitiativen sollen dazu beitragen, die Qualit\u00e4t der Medienkompetenz in ganz Europa zu...\" \/>\n<meta property=\"og:url\" content=\"https:\/\/belux.edmo.eu\/de\/medienliteratur\/einfuehrung-der-edmo-leitlinien-fuer-wirksame-medienkompetenz-initiativen\/\" \/>\n<meta property=\"og:site_name\" content=\"EDMO Belux\" \/>\n<meta property=\"article:modified_time\" content=\"2024-11-14T14:14:38+00:00\" \/>\n<meta name=\"twitter:card\" content=\"summary_large_image\" \/>\n<meta name=\"twitter:site\" content=\"@Edmo_Belux\" \/>\n<meta name=\"twitter:label1\" content=\"Gesch\u00e4tzte Lesezeit\" \/>\n\t<meta name=\"twitter:data1\" content=\"2 Minuten\" \/>\n<script type=\"application\/ld+json\" class=\"yoast-schema-graph\">{\"@context\":\"https:\/\/schema.org\",\"@graph\":[{\"@type\":\"WebPage\",\"@id\":\"https:\/\/belux.edmo.eu\/de\/medienliteratur\/einfuehrung-der-edmo-leitlinien-fuer-wirksame-medienkompetenz-initiativen\/\",\"url\":\"https:\/\/belux.edmo.eu\/de\/medienliteratur\/einfuehrung-der-edmo-leitlinien-fuer-wirksame-medienkompetenz-initiativen\/\",\"name\":\"Einf\u00fchrung der EDMO-Leitlinien f\u00fcr wirksame Medienkompetenz-Initiativen - EDMO Belux\",\"isPartOf\":{\"@id\":\"https:\/\/belux.edmo.eu\/#website\"},\"datePublished\":\"2024-11-13T11:21:07+00:00\",\"dateModified\":\"2024-11-14T14:14:38+00:00\",\"breadcrumb\":{\"@id\":\"https:\/\/belux.edmo.eu\/de\/medienliteratur\/einfuehrung-der-edmo-leitlinien-fuer-wirksame-medienkompetenz-initiativen\/#breadcrumb\"},\"inLanguage\":\"de-DE\",\"potentialAction\":[{\"@type\":\"ReadAction\",\"target\":[\"https:\/\/belux.edmo.eu\/de\/medienliteratur\/einfuehrung-der-edmo-leitlinien-fuer-wirksame-medienkompetenz-initiativen\/\"]}]},{\"@type\":\"BreadcrumbList\",\"@id\":\"https:\/\/belux.edmo.eu\/de\/medienliteratur\/einfuehrung-der-edmo-leitlinien-fuer-wirksame-medienkompetenz-initiativen\/#breadcrumb\",\"itemListElement\":[{\"@type\":\"ListItem\",\"position\":1,\"name\":\"Home\",\"item\":\"https:\/\/belux.edmo.eu\/de\/\"},{\"@type\":\"ListItem\",\"position\":2,\"name\":\"Medienliteratur\",\"item\":\"https:\/\/belux.edmo.eu\/de\/medienliteratur\/\"},{\"@type\":\"ListItem\",\"position\":3,\"name\":\"Einf\u00fchrung der EDMO-Leitlinien f\u00fcr wirksame Medienkompetenz-Initiativen\"}]},{\"@type\":\"WebSite\",\"@id\":\"https:\/\/belux.edmo.eu\/#website\",\"url\":\"https:\/\/belux.edmo.eu\/\",\"name\":\"EDMO Belux\",\"description\":\"Monitoring Disinformation in Belgium and Luxembourg\",\"publisher\":{\"@id\":\"https:\/\/belux.edmo.eu\/#organization\"},\"potentialAction\":[{\"@type\":\"SearchAction\",\"target\":{\"@type\":\"EntryPoint\",\"urlTemplate\":\"https:\/\/belux.edmo.eu\/?s={search_term_string}\"},\"query-input\":{\"@type\":\"PropertyValueSpecification\",\"valueRequired\":true,\"valueName\":\"search_term_string\"}}],\"inLanguage\":\"de-DE\"},{\"@type\":\"Organization\",\"@id\":\"https:\/\/belux.edmo.eu\/#organization\",\"name\":\"EDMO Belux\",\"url\":\"https:\/\/belux.edmo.eu\/\",\"logo\":{\"@type\":\"ImageObject\",\"inLanguage\":\"de-DE\",\"@id\":\"https:\/\/belux.edmo.eu\/#\/schema\/logo\/image\/\",\"url\":\"https:\/\/belux.edmo.eu\/wp-content\/uploads\/2021\/12\/belux-logo-full-color-rgb.svg\",\"contentUrl\":\"https:\/\/belux.edmo.eu\/wp-content\/uploads\/2021\/12\/belux-logo-full-color-rgb.svg\",\"width\":1,\"height\":1,\"caption\":\"EDMO Belux\"},\"image\":{\"@id\":\"https:\/\/belux.edmo.eu\/#\/schema\/logo\/image\/\"},\"sameAs\":[\"https:\/\/x.com\/Edmo_Belux\"]}]}<\/script>\n<!-- \/ Yoast SEO plugin. -->","yoast_head_json":{"title":"Einf\u00fchrung der EDMO-Leitlinien f\u00fcr wirksame Medienkompetenz-Initiativen - EDMO Belux","robots":{"index":"index","follow":"follow","max-snippet":"max-snippet:-1","max-image-preview":"max-image-preview:large","max-video-preview":"max-video-preview:-1"},"canonical":"https:\/\/belux.edmo.eu\/de\/medienliteratur\/einfuehrung-der-edmo-leitlinien-fuer-wirksame-medienkompetenz-initiativen\/","og_locale":"de_DE","og_type":"article","og_title":"Einf\u00fchrung der EDMO-Leitlinien f\u00fcr wirksame Medienkompetenz-Initiativen - EDMO Belux","og_description":"[vc_row][vc_column][vc_column_text css=&#8220;&#8220;] Die EDMO-Leitlinien und Grunds\u00e4tze f\u00fcr wirksame Medienkompetenzinitiativen sollen dazu beitragen, die Qualit\u00e4t der Medienkompetenz in ganz Europa zu...","og_url":"https:\/\/belux.edmo.eu\/de\/medienliteratur\/einfuehrung-der-edmo-leitlinien-fuer-wirksame-medienkompetenz-initiativen\/","og_site_name":"EDMO Belux","article_modified_time":"2024-11-14T14:14:38+00:00","twitter_card":"summary_large_image","twitter_site":"@Edmo_Belux","twitter_misc":{"Gesch\u00e4tzte Lesezeit":"2 Minuten"},"schema":{"@context":"https:\/\/schema.org","@graph":[{"@type":"WebPage","@id":"https:\/\/belux.edmo.eu\/de\/medienliteratur\/einfuehrung-der-edmo-leitlinien-fuer-wirksame-medienkompetenz-initiativen\/","url":"https:\/\/belux.edmo.eu\/de\/medienliteratur\/einfuehrung-der-edmo-leitlinien-fuer-wirksame-medienkompetenz-initiativen\/","name":"Einf\u00fchrung der EDMO-Leitlinien f\u00fcr wirksame Medienkompetenz-Initiativen - EDMO Belux","isPartOf":{"@id":"https:\/\/belux.edmo.eu\/#website"},"datePublished":"2024-11-13T11:21:07+00:00","dateModified":"2024-11-14T14:14:38+00:00","breadcrumb":{"@id":"https:\/\/belux.edmo.eu\/de\/medienliteratur\/einfuehrung-der-edmo-leitlinien-fuer-wirksame-medienkompetenz-initiativen\/#breadcrumb"},"inLanguage":"de-DE","potentialAction":[{"@type":"ReadAction","target":["https:\/\/belux.edmo.eu\/de\/medienliteratur\/einfuehrung-der-edmo-leitlinien-fuer-wirksame-medienkompetenz-initiativen\/"]}]},{"@type":"BreadcrumbList","@id":"https:\/\/belux.edmo.eu\/de\/medienliteratur\/einfuehrung-der-edmo-leitlinien-fuer-wirksame-medienkompetenz-initiativen\/#breadcrumb","itemListElement":[{"@type":"ListItem","position":1,"name":"Home","item":"https:\/\/belux.edmo.eu\/de\/"},{"@type":"ListItem","position":2,"name":"Medienliteratur","item":"https:\/\/belux.edmo.eu\/de\/medienliteratur\/"},{"@type":"ListItem","position":3,"name":"Einf\u00fchrung der EDMO-Leitlinien f\u00fcr wirksame Medienkompetenz-Initiativen"}]},{"@type":"WebSite","@id":"https:\/\/belux.edmo.eu\/#website","url":"https:\/\/belux.edmo.eu\/","name":"EDMO Belux","description":"Monitoring Disinformation in Belgium and Luxembourg","publisher":{"@id":"https:\/\/belux.edmo.eu\/#organization"},"potentialAction":[{"@type":"SearchAction","target":{"@type":"EntryPoint","urlTemplate":"https:\/\/belux.edmo.eu\/?s={search_term_string}"},"query-input":{"@type":"PropertyValueSpecification","valueRequired":true,"valueName":"search_term_string"}}],"inLanguage":"de-DE"},{"@type":"Organization","@id":"https:\/\/belux.edmo.eu\/#organization","name":"EDMO Belux","url":"https:\/\/belux.edmo.eu\/","logo":{"@type":"ImageObject","inLanguage":"de-DE","@id":"https:\/\/belux.edmo.eu\/#\/schema\/logo\/image\/","url":"https:\/\/belux.edmo.eu\/wp-content\/uploads\/2021\/12\/belux-logo-full-color-rgb.svg","contentUrl":"https:\/\/belux.edmo.eu\/wp-content\/uploads\/2021\/12\/belux-logo-full-color-rgb.svg","width":1,"height":1,"caption":"EDMO Belux"},"image":{"@id":"https:\/\/belux.edmo.eu\/#\/schema\/logo\/image\/"},"sameAs":["https:\/\/x.com\/Edmo_Belux"]}]}},"_links":{"self":[{"href":"https:\/\/belux.edmo.eu\/de\/wp-json\/wp\/v2\/pages\/370361","targetHints":{"allow":["GET"]}}],"collection":[{"href":"https:\/\/belux.edmo.eu\/de\/wp-json\/wp\/v2\/pages"}],"about":[{"href":"https:\/\/belux.edmo.eu\/de\/wp-json\/wp\/v2\/types\/page"}],"author":[{"embeddable":true,"href":"https:\/\/belux.edmo.eu\/de\/wp-json\/wp\/v2\/users\/14"}],"replies":[{"embeddable":true,"href":"https:\/\/belux.edmo.eu\/de\/wp-json\/wp\/v2\/comments?post=370361"}],"version-history":[{"count":0,"href":"https:\/\/belux.edmo.eu\/de\/wp-json\/wp\/v2\/pages\/370361\/revisions"}],"up":[{"embeddable":true,"href":"https:\/\/belux.edmo.eu\/de\/wp-json\/wp\/v2\/pages\/11909"}],"wp:attachment":[{"href":"https:\/\/belux.edmo.eu\/de\/wp-json\/wp\/v2\/media?parent=370361"}],"curies":[{"name":"wp","href":"https:\/\/api.w.org\/{rel}","templated":true}]}}