{"id":396165,"date":"2024-11-26T08:50:46","date_gmt":"2024-11-26T08:50:46","guid":{"rendered":"https:\/\/belux.edmo.eu\/medienliteratur\/media-literacy-news\/"},"modified":"2024-11-26T08:50:46","modified_gmt":"2024-11-26T08:50:46","slug":"media-literacy-news","status":"publish","type":"page","link":"https:\/\/belux.edmo.eu\/de\/medienliteratur\/media-literacy-news\/","title":{"rendered":"Media Literacy News"},"content":{"rendered":"<div class=\"wpb-content-wrapper\"><p>[vc_row css=&#8220;.vc_custom_1655810540349{margin-top: 0px !important;margin-bottom: 0px !important;padding-top: 0px !important;padding-bottom: 0px !important;}&#8220;][vc_column][vc_empty_space height=&#8220;50px&#8220;]<div id=\"style-239fd9e\" data-style-uid=\"239fd9e\" class=\"blog blog-style-justified-3x justified-style-2 inline-row clearfix item-animation-disabled pagination-more\" data-next-page=\"0\" data-pages-count=\"1\">\n<article id=\"post-406650\" class=\"col-lg-4 col-md-4 col-sm-6 col-xs-6 inline-column item-animations-not-inited post-406650 post type-post status-publish format-standard has-post-thumbnail category-editors-choice-de-de category-einblicke-in-die-medienkompetenz tag-ml-featured-de\"> <div class=\"post-content-wrapper\" style=\"\"> <div class=\"post-image\"><div class=\"post-featured-content\"><a href=\"https:\/\/belux.edmo.eu\/de\/media-literacy-week-in-the-french-community-in-belgium\/\"> <picture> <img src=\"https:\/\/belux-edmo.s3-accelerate.amazonaws.com\/wp-content\/uploads\/2025\/11\/4LdeFa2E-FWB-CSEM-semaine-EAM_site-internet-950-x-480.jpg\" width=\"640\" height=\"323\" class=\"img-responsive\" alt=\"4LdeFa2E-FWB-CSEM-semaine-EAM_site-internet-950-x-480.jpg\" \/> <\/picture> <\/a><\/div><\/div> <div class=\"description\"> <div class=\"post-meta-conteiner\"> <div class=\"post-meta-right\"> <\/div> <\/div> <div class=\"post-title\"> <div class=\"entry-title title-h4\"><a href=\"https:\/\/belux.edmo.eu\/de\/media-literacy-week-in-the-french-community-in-belgium\/\" rel=\"bookmark\">04 Nov: <span class=\"light\">Media literacy Week in the French Community in Belgium<\/span><\/a><\/div> <\/div> <div class=\"post-text\"> <div class=\"summary\"> <p>The Higher Council for Media Education is organizing the third edition of Media Education Week in schools and youth sector venues, from 15 to 23 November 2025, across the French Community of Belgium. Building on the success of the first two editions and thanks to the commitment of more than 40 media literacy organizations, this year\u2019s program is even richer and more diverse!<\/p> <\/div> <\/div> <div class=\"info clearfix\"> <div class=\"post-footer-sharing\"><div class=\"gem-button-container gem-button-position-inline thegem-button-69f0a1b45dba71140\" ><a class=\"gem-button gem-button-size-tiny gem-button-style-flat gem-button-text-weight-normal gem-button-empty\" data-ll-effect=\"drop-right-without-wrap\" style=\"border-radius: 3px;\" onmouseleave=\"\" onmouseenter=\"\" href=\"#\" target=\"_self\" role=\"button\" aria-label=\"Share\"><i class=\"gem-print-icon gem-icon-pack-thegem-icons gem-icon-share \"><\/i><\/a><\/div> <div class=\"sharing-popup\"> <div class=\"socials-sharing socials socials-colored-hover\"> <a class=\"socials-item\" target=\"_blank\" href=\"https:\/\/www.facebook.com\/sharer\/sharer.php?u=https%3A%2F%2Fbelux.edmo.eu%2Fde%2Fmedia-literacy-week-in-the-french-community-in-belgium%2F\" title=\"Facebook\"><i class=\"socials-item-icon facebook\"><\/i><\/a> <a class=\"socials-item\" target=\"_blank\" href=\"https:\/\/twitter.com\/intent\/tweet?text=Media+literacy+Week+in+the+French+Community+in+Belgium&#038;url=https%3A%2F%2Fbelux.edmo.eu%2Fde%2Fmedia-literacy-week-in-the-french-community-in-belgium%2F\" title=\"Twitter\"><i class=\"socials-item-icon twitter\"><\/i><\/a> <a class=\"socials-item\" target=\"_blank\" href=\"https:\/\/pinterest.com\/pin\/create\/button\/?url=https%3A%2F%2Fbelux.edmo.eu%2Fde%2Fmedia-literacy-week-in-the-french-community-in-belgium%2F&#038;description=Media+literacy+Week+in+the+French+Community+in+Belgium&#038;media=https%3A%2F%2Fbelux-edmo.s3-accelerate.amazonaws.com%2Fwp-content%2Fuploads%2F2025%2F11%2F4LdeFa2E-FWB-CSEM-semaine-EAM_site-internet-950-x-480.jpg\" title=\"Pinterest\"><i class=\"socials-item-icon pinterest\"><\/i><\/a> <a class=\"socials-item\" target=\"_blank\" href=\"https:\/\/www.tumblr.com\/widgets\/share\/tool?canonicalUrl=https%3A%2F%2Fbelux.edmo.eu%2Fde%2Fmedia-literacy-week-in-the-french-community-in-belgium%2F\" title=\"Tumblr\"><i class=\"socials-item-icon tumblr\"><\/i><\/a> <a class=\"socials-item\" target=\"_blank\" href=\"https:\/\/www.linkedin.com\/shareArticle?mini=true&#038;url=https%3A%2F%2Fbelux.edmo.eu%2Fde%2Fmedia-literacy-week-in-the-french-community-in-belgium%2F&#038;title=Media+literacy+Week+in+the+French+Community+in+Belgium&amp;summary=The+Higher+Council+for+Media+Education+is+organizing+the+third+edition+of+Media+Education+Week+in+schools+and+youth+sector+venues%2C+from+15+to+23+November+2025%2C+across+the+French+Community+of+Belgium.+Building+on+the+success+of+the+first+two+editions+and+thanks+to+the+commitment+of+more+than+40+media+literacy+organizations%2C+this+year%E2%80%99s+program+is+even+richer+and+more+diverse%21\" title=\"LinkedIn\"><i class=\"socials-item-icon linkedin\"><\/i><\/a> <a class=\"socials-item\" target=\"_blank\" href=\"https:\/\/www.reddit.com\/submit?url=https%3A%2F%2Fbelux.edmo.eu%2Fde%2Fmedia-literacy-week-in-the-french-community-in-belgium%2F&#038;title=Media+literacy+Week+in+the+French+Community+in+Belgium\" title=\"Reddit\"><i class=\"socials-item-icon reddit\"><\/i><\/a> <\/div> <svg class=\"sharing-styled-arrow\"><use xlink:href=\"https:\/\/belux.edmo.eu\/wp-content\/themes\/thegem\/css\/post-arrow.svg#dec-post-arrow\"><\/use><\/svg><\/div><\/div> <div class=\"post-read-more\"><div class=\"gem-button-container gem-button-position-inline thegem-button-69f0a1b45e1172384\" ><a class=\"gem-button gem-button-size-tiny gem-button-style-outline gem-button-text-weight-normal gem-button-border-2\" data-ll-effect=\"drop-right-without-wrap\" style=\"border-radius: 3px;\" onmouseleave=\"\" onmouseenter=\"\" href=\"https:\/\/belux.edmo.eu\/de\/media-literacy-week-in-the-french-community-in-belgium\/\" target=\"_self\">Read More<\/a><\/div> <\/div> <\/div> <\/div> <\/div>\n<\/article> <article id=\"post-396203\" class=\"col-lg-4 col-md-4 col-sm-6 col-xs-6 inline-column item-animations-not-inited post-396203 post type-post status-publish format-standard has-post-thumbnail category-einblicke-in-die-medienkompetenz\"> <div class=\"post-content-wrapper\" style=\"\"> <div class=\"post-image\"><div class=\"post-featured-content\"><a href=\"https:\/\/belux.edmo.eu\/de\/disinformation-and-polarization-edmo-belux-2-0-interventions-for-professionals\/\"> <picture> <img src=\"https:\/\/belux-edmo.s3-accelerate.amazonaws.com\/wp-content\/uploads\/2025\/05\/jPvwdMeH-pexels-markus-winkler-1430818-4160060-1.jpg\" width=\"640\" height=\"427\" class=\"img-responsive\" alt=\"jPvwdMeH-pexels-markus-winkler-1430818-4160060-1.jpg\" \/> <\/picture> <\/a><\/div><\/div> <div class=\"description\"> <div class=\"post-meta-conteiner\"> <div class=\"post-meta-right\"> <\/div> <\/div> <div class=\"post-title\"> <div class=\"entry-title title-h4\"><a href=\"https:\/\/belux.edmo.eu\/de\/disinformation-and-polarization-edmo-belux-2-0-interventions-for-professionals\/\" rel=\"bookmark\">27 Mai: <span class=\"light\">Desinformationen und Polarisierung: EDMO BELUX 2.0 Ma\u00dfnahmen f\u00fcr Fachleute.<\/span><\/a><\/div> <\/div> <div class=\"post-text\"> <div class=\"summary\"> <p>Das EDMO BELUX-Konsortium wurde zweimal aufgefordert, Fachleute zu unterst\u00fctzen, die sich mit den Herausforderungen der Desinformation befassen: Beauftragte f\u00fcr Radikalisierungspr\u00e4vention, Mitarbeiter in Jugendstrafanstalten (IPPJ), mobiles Team, Bezirksvertreter, Streetworker&#8230;<\/p> <\/div> <\/div> <div class=\"info clearfix\"> <div class=\"post-footer-sharing\"><div class=\"gem-button-container gem-button-position-inline thegem-button-69f0a1b460f518183\" ><a class=\"gem-button gem-button-size-tiny gem-button-style-flat gem-button-text-weight-normal gem-button-empty\" data-ll-effect=\"drop-right-without-wrap\" style=\"border-radius: 3px;\" onmouseleave=\"\" onmouseenter=\"\" href=\"#\" target=\"_self\" role=\"button\" aria-label=\"Share\"><i class=\"gem-print-icon gem-icon-pack-thegem-icons gem-icon-share \"><\/i><\/a><\/div> <div class=\"sharing-popup\"> <div class=\"socials-sharing socials socials-colored-hover\"> <a class=\"socials-item\" target=\"_blank\" href=\"https:\/\/www.facebook.com\/sharer\/sharer.php?u=https%3A%2F%2Fbelux.edmo.eu%2Fde%2Fdisinformation-and-polarization-edmo-belux-2-0-interventions-for-professionals%2F\" title=\"Facebook\"><i class=\"socials-item-icon facebook\"><\/i><\/a> <a class=\"socials-item\" target=\"_blank\" href=\"https:\/\/twitter.com\/intent\/tweet?text=Desinformationen+und+Polarisierung%3A+EDMO+BELUX+2.0+Ma%C3%9Fnahmen+f%C3%BCr+Fachleute.&#038;url=https%3A%2F%2Fbelux.edmo.eu%2Fde%2Fdisinformation-and-polarization-edmo-belux-2-0-interventions-for-professionals%2F\" title=\"Twitter\"><i class=\"socials-item-icon twitter\"><\/i><\/a> <a class=\"socials-item\" target=\"_blank\" href=\"https:\/\/pinterest.com\/pin\/create\/button\/?url=https%3A%2F%2Fbelux.edmo.eu%2Fde%2Fdisinformation-and-polarization-edmo-belux-2-0-interventions-for-professionals%2F&#038;description=Desinformationen+und+Polarisierung%3A+EDMO+BELUX+2.0+Ma%C3%9Fnahmen+f%C3%BCr+Fachleute.&#038;media=https%3A%2F%2Fbelux-edmo.s3-accelerate.amazonaws.com%2Fwp-content%2Fuploads%2F2025%2F05%2FjPvwdMeH-pexels-markus-winkler-1430818-4160060-1.jpg\" title=\"Pinterest\"><i class=\"socials-item-icon pinterest\"><\/i><\/a> <a class=\"socials-item\" target=\"_blank\" href=\"https:\/\/www.tumblr.com\/widgets\/share\/tool?canonicalUrl=https%3A%2F%2Fbelux.edmo.eu%2Fde%2Fdisinformation-and-polarization-edmo-belux-2-0-interventions-for-professionals%2F\" title=\"Tumblr\"><i class=\"socials-item-icon tumblr\"><\/i><\/a> <a class=\"socials-item\" target=\"_blank\" href=\"https:\/\/www.linkedin.com\/shareArticle?mini=true&#038;url=https%3A%2F%2Fbelux.edmo.eu%2Fde%2Fdisinformation-and-polarization-edmo-belux-2-0-interventions-for-professionals%2F&#038;title=Desinformationen+und+Polarisierung%3A+EDMO+BELUX+2.0+Ma%C3%9Fnahmen+f%C3%BCr+Fachleute.&amp;summary=Das+EDMO+BELUX-Konsortium+wurde+zweimal+aufgefordert%2C+Fachleute+zu+unterst%C3%BCtzen%2C+die+sich+mit+den+Herausforderungen+der+Desinformation+befassen%3A+Beauftragte+f%C3%BCr+Radikalisierungspr%C3%A4vention%2C+Mitarbeiter+in+Jugendstrafanstalten+%28IPPJ%29%2C+mobiles+Team%2C+Bezirksvertreter%2C+Streetworker...\" title=\"LinkedIn\"><i class=\"socials-item-icon linkedin\"><\/i><\/a> <a class=\"socials-item\" target=\"_blank\" href=\"https:\/\/www.reddit.com\/submit?url=https%3A%2F%2Fbelux.edmo.eu%2Fde%2Fdisinformation-and-polarization-edmo-belux-2-0-interventions-for-professionals%2F&#038;title=Desinformationen+und+Polarisierung%3A+EDMO+BELUX+2.0+Ma%C3%9Fnahmen+f%C3%BCr+Fachleute.\" title=\"Reddit\"><i class=\"socials-item-icon reddit\"><\/i><\/a> <\/div> <svg class=\"sharing-styled-arrow\"><use xlink:href=\"https:\/\/belux.edmo.eu\/wp-content\/themes\/thegem\/css\/post-arrow.svg#dec-post-arrow\"><\/use><\/svg><\/div><\/div> <div class=\"post-read-more\"><div class=\"gem-button-container gem-button-position-inline thegem-button-69f0a1b4614dc2506\" ><a class=\"gem-button gem-button-size-tiny gem-button-style-outline gem-button-text-weight-normal gem-button-border-2\" data-ll-effect=\"drop-right-without-wrap\" style=\"border-radius: 3px;\" onmouseleave=\"\" onmouseenter=\"\" href=\"https:\/\/belux.edmo.eu\/de\/disinformation-and-polarization-edmo-belux-2-0-interventions-for-professionals\/\" target=\"_self\">Read More<\/a><\/div> <\/div> <\/div> <\/div> <\/div>\n<\/article> <article id=\"post-396174\" class=\"col-lg-4 col-md-4 col-sm-6 col-xs-6 inline-column item-animations-not-inited post-396174 post type-post status-publish format-standard has-post-thumbnail category-einblicke-in-die-medienkompetenz tag-ml-featured-de\"> <div class=\"post-content-wrapper\" style=\"\"> <div class=\"post-image\"><div class=\"post-featured-content\"><a href=\"https:\/\/belux.edmo.eu\/de\/what-do-fake-news-look-like-a-critical-analysis-of-awareness-campaigns\/\"> <picture> <img src=\"https:\/\/belux-edmo.s3-accelerate.amazonaws.com\/wp-content\/uploads\/2025\/05\/7Zk8JBtv-pexels-joshuamiranda-3989901.jpg\" width=\"640\" height=\"427\" class=\"img-responsive\" alt=\"7Zk8JBtv-pexels-joshuamiranda-3989901.jpg\" \/> <\/picture> <\/a><\/div><\/div> <div class=\"description\"> <div class=\"post-meta-conteiner\"> <div class=\"post-meta-right\"> <\/div> <\/div> <div class=\"post-title\"> <div class=\"entry-title title-h4\"><a href=\"https:\/\/belux.edmo.eu\/de\/what-do-fake-news-look-like-a-critical-analysis-of-awareness-campaigns\/\" rel=\"bookmark\">27 Mai: <span class=\"light\">Wie sehen Fake News aus? Eine kritische Analyse von Aufkl\u00e4rungskampagnen<\/span><\/a><\/div> <\/div> <div class=\"post-text\"> <div class=\"summary\"> <p>Im Rahmen des Projekts EDMO BELUX 2.0 hat M\u00e9dia Animation einen selten untersuchten Aspekt des Kampfes gegen Desinformation n\u00e4her beleuchtet: die visuelle Darstellung von Desinformationen in Aufkl\u00e4rungskampagnen.<\/p> <\/div> <\/div> <div class=\"info clearfix\"> <div class=\"post-footer-sharing\"><div class=\"gem-button-container gem-button-position-inline thegem-button-69f0a1b463549896\" ><a class=\"gem-button gem-button-size-tiny gem-button-style-flat gem-button-text-weight-normal gem-button-empty\" data-ll-effect=\"drop-right-without-wrap\" style=\"border-radius: 3px;\" onmouseleave=\"\" onmouseenter=\"\" href=\"#\" target=\"_self\" role=\"button\" aria-label=\"Share\"><i class=\"gem-print-icon gem-icon-pack-thegem-icons gem-icon-share \"><\/i><\/a><\/div> <div class=\"sharing-popup\"> <div class=\"socials-sharing socials socials-colored-hover\"> <a class=\"socials-item\" target=\"_blank\" href=\"https:\/\/www.facebook.com\/sharer\/sharer.php?u=https%3A%2F%2Fbelux.edmo.eu%2Fde%2Fwhat-do-fake-news-look-like-a-critical-analysis-of-awareness-campaigns%2F\" title=\"Facebook\"><i class=\"socials-item-icon facebook\"><\/i><\/a> <a class=\"socials-item\" target=\"_blank\" href=\"https:\/\/twitter.com\/intent\/tweet?text=Wie+sehen+Fake+News+aus%3F+Eine+kritische+Analyse+von+Aufkl%C3%A4rungskampagnen&#038;url=https%3A%2F%2Fbelux.edmo.eu%2Fde%2Fwhat-do-fake-news-look-like-a-critical-analysis-of-awareness-campaigns%2F\" title=\"Twitter\"><i class=\"socials-item-icon twitter\"><\/i><\/a> <a class=\"socials-item\" target=\"_blank\" href=\"https:\/\/pinterest.com\/pin\/create\/button\/?url=https%3A%2F%2Fbelux.edmo.eu%2Fde%2Fwhat-do-fake-news-look-like-a-critical-analysis-of-awareness-campaigns%2F&#038;description=Wie+sehen+Fake+News+aus%3F+Eine+kritische+Analyse+von+Aufkl%C3%A4rungskampagnen&#038;media=https%3A%2F%2Fbelux-edmo.s3-accelerate.amazonaws.com%2Fwp-content%2Fuploads%2F2025%2F05%2F7Zk8JBtv-pexels-joshuamiranda-3989901.jpg\" title=\"Pinterest\"><i class=\"socials-item-icon pinterest\"><\/i><\/a> <a class=\"socials-item\" target=\"_blank\" href=\"https:\/\/www.tumblr.com\/widgets\/share\/tool?canonicalUrl=https%3A%2F%2Fbelux.edmo.eu%2Fde%2Fwhat-do-fake-news-look-like-a-critical-analysis-of-awareness-campaigns%2F\" title=\"Tumblr\"><i class=\"socials-item-icon tumblr\"><\/i><\/a> <a class=\"socials-item\" target=\"_blank\" href=\"https:\/\/www.linkedin.com\/shareArticle?mini=true&#038;url=https%3A%2F%2Fbelux.edmo.eu%2Fde%2Fwhat-do-fake-news-look-like-a-critical-analysis-of-awareness-campaigns%2F&#038;title=Wie+sehen+Fake+News+aus%3F+Eine+kritische+Analyse+von+Aufkl%C3%A4rungskampagnen&amp;summary=Im+Rahmen+des+Projekts+EDMO+BELUX+2.0+hat+M%C3%A9dia+Animation+einen+selten+untersuchten+Aspekt+des+Kampfes+gegen+Desinformation+n%C3%A4her+beleuchtet%3A+die+visuelle+Darstellung+von+Desinformationen+in+Aufkl%C3%A4rungskampagnen.\" title=\"LinkedIn\"><i class=\"socials-item-icon linkedin\"><\/i><\/a> <a class=\"socials-item\" target=\"_blank\" href=\"https:\/\/www.reddit.com\/submit?url=https%3A%2F%2Fbelux.edmo.eu%2Fde%2Fwhat-do-fake-news-look-like-a-critical-analysis-of-awareness-campaigns%2F&#038;title=Wie+sehen+Fake+News+aus%3F+Eine+kritische+Analyse+von+Aufkl%C3%A4rungskampagnen\" title=\"Reddit\"><i class=\"socials-item-icon reddit\"><\/i><\/a> <\/div> <svg class=\"sharing-styled-arrow\"><use xlink:href=\"https:\/\/belux.edmo.eu\/wp-content\/themes\/thegem\/css\/post-arrow.svg#dec-post-arrow\"><\/use><\/svg><\/div><\/div> <div class=\"post-read-more\"><div class=\"gem-button-container gem-button-position-inline thegem-button-69f0a1b463a6d61\" ><a class=\"gem-button gem-button-size-tiny gem-button-style-outline gem-button-text-weight-normal gem-button-border-2\" data-ll-effect=\"drop-right-without-wrap\" style=\"border-radius: 3px;\" onmouseleave=\"\" onmouseenter=\"\" href=\"https:\/\/belux.edmo.eu\/de\/what-do-fake-news-look-like-a-critical-analysis-of-awareness-campaigns\/\" target=\"_self\">Read More<\/a><\/div> <\/div> <\/div> <\/div> <\/div>\n<\/article> <article id=\"post-396152\" class=\"col-lg-4 col-md-4 col-sm-6 col-xs-6 inline-column item-animations-not-inited post-396152 post type-post status-publish format-standard has-post-thumbnail category-einblicke-in-die-medienkompetenz tag-ml-featured-de\"> <div class=\"post-content-wrapper\" style=\"\"> <div class=\"post-image\"><div class=\"post-featured-content\"><a href=\"https:\/\/belux.edmo.eu\/de\/training-teachers-on-disinformation-a-pedagogical-opportunity\/\"> <picture> <img src=\"https:\/\/belux-edmo.s3-accelerate.amazonaws.com\/wp-content\/uploads\/2025\/05\/wUiCAZKG-training-teachers.jpg\" width=\"640\" height=\"373\" class=\"img-responsive\" alt=\"wUiCAZKG-training-teachers.jpg\" \/> <\/picture> <\/a><\/div><\/div> <div class=\"description\"> <div class=\"post-meta-conteiner\"> <div class=\"post-meta-right\"> <\/div> <\/div> <div class=\"post-title\"> <div class=\"entry-title title-h4\"><a href=\"https:\/\/belux.edmo.eu\/de\/training-teachers-on-disinformation-a-pedagogical-opportunity\/\" rel=\"bookmark\">27 Mai: <span class=\"light\">Schulung von Lehrern zum Thema Desinformation: Eine p\u00e4dagogische Chance<\/span><\/a><\/div> <\/div> <div class=\"post-text\"> <div class=\"summary\"> <p>Im Rahmen eines von M\u00e9dia Animation angebotenen Fortbildungskurses erkundeten Lehrer der Sekundarstufe verschiedene M\u00f6glichkeiten, Desinformationen im Unterricht zu behandeln. Ihr Feedback unterstreicht die Reichhaltigkeit der verwendeten Ans\u00e4tze und das Potenzial der in akademische Disziplinen eingebetteten Medienerziehung.<\/p> <\/div> <\/div> <div class=\"info clearfix\"> <div class=\"post-footer-sharing\"><div class=\"gem-button-container gem-button-position-inline thegem-button-69f0a1b4655db3836\" ><a class=\"gem-button gem-button-size-tiny gem-button-style-flat gem-button-text-weight-normal gem-button-empty\" data-ll-effect=\"drop-right-without-wrap\" style=\"border-radius: 3px;\" onmouseleave=\"\" onmouseenter=\"\" href=\"#\" target=\"_self\" role=\"button\" aria-label=\"Share\"><i class=\"gem-print-icon gem-icon-pack-thegem-icons gem-icon-share \"><\/i><\/a><\/div> <div class=\"sharing-popup\"> <div class=\"socials-sharing socials socials-colored-hover\"> <a class=\"socials-item\" target=\"_blank\" href=\"https:\/\/www.facebook.com\/sharer\/sharer.php?u=https%3A%2F%2Fbelux.edmo.eu%2Fde%2Ftraining-teachers-on-disinformation-a-pedagogical-opportunity%2F\" title=\"Facebook\"><i class=\"socials-item-icon facebook\"><\/i><\/a> <a class=\"socials-item\" target=\"_blank\" href=\"https:\/\/twitter.com\/intent\/tweet?text=Schulung+von+Lehrern+zum+Thema+Desinformation%3A+Eine+p%C3%A4dagogische+Chance&#038;url=https%3A%2F%2Fbelux.edmo.eu%2Fde%2Ftraining-teachers-on-disinformation-a-pedagogical-opportunity%2F\" title=\"Twitter\"><i class=\"socials-item-icon twitter\"><\/i><\/a> <a class=\"socials-item\" target=\"_blank\" href=\"https:\/\/pinterest.com\/pin\/create\/button\/?url=https%3A%2F%2Fbelux.edmo.eu%2Fde%2Ftraining-teachers-on-disinformation-a-pedagogical-opportunity%2F&#038;description=Schulung+von+Lehrern+zum+Thema+Desinformation%3A+Eine+p%C3%A4dagogische+Chance&#038;media=https%3A%2F%2Fbelux-edmo.s3-accelerate.amazonaws.com%2Fwp-content%2Fuploads%2F2025%2F05%2FwUiCAZKG-training-teachers.jpg\" title=\"Pinterest\"><i class=\"socials-item-icon pinterest\"><\/i><\/a> <a class=\"socials-item\" target=\"_blank\" href=\"https:\/\/www.tumblr.com\/widgets\/share\/tool?canonicalUrl=https%3A%2F%2Fbelux.edmo.eu%2Fde%2Ftraining-teachers-on-disinformation-a-pedagogical-opportunity%2F\" title=\"Tumblr\"><i class=\"socials-item-icon tumblr\"><\/i><\/a> <a class=\"socials-item\" target=\"_blank\" href=\"https:\/\/www.linkedin.com\/shareArticle?mini=true&#038;url=https%3A%2F%2Fbelux.edmo.eu%2Fde%2Ftraining-teachers-on-disinformation-a-pedagogical-opportunity%2F&#038;title=Schulung+von+Lehrern+zum+Thema+Desinformation%3A+Eine+p%C3%A4dagogische+Chance&amp;summary=Im+Rahmen+eines+von+M%C3%A9dia+Animation+angebotenen+Fortbildungskurses+erkundeten+Lehrer+der+Sekundarstufe+verschiedene+M%C3%B6glichkeiten%2C+Desinformationen+im+Unterricht+zu+behandeln.+Ihr+Feedback+unterstreicht+die+Reichhaltigkeit+der+verwendeten+Ans%C3%A4tze+und+das+Potenzial+der+in+akademische+Disziplinen+eingebetteten+Medienerziehung.\" title=\"LinkedIn\"><i class=\"socials-item-icon linkedin\"><\/i><\/a> <a class=\"socials-item\" target=\"_blank\" href=\"https:\/\/www.reddit.com\/submit?url=https%3A%2F%2Fbelux.edmo.eu%2Fde%2Ftraining-teachers-on-disinformation-a-pedagogical-opportunity%2F&#038;title=Schulung+von+Lehrern+zum+Thema+Desinformation%3A+Eine+p%C3%A4dagogische+Chance\" title=\"Reddit\"><i class=\"socials-item-icon reddit\"><\/i><\/a> <\/div> <svg class=\"sharing-styled-arrow\"><use xlink:href=\"https:\/\/belux.edmo.eu\/wp-content\/themes\/thegem\/css\/post-arrow.svg#dec-post-arrow\"><\/use><\/svg><\/div><\/div> <div class=\"post-read-more\"><div class=\"gem-button-container gem-button-position-inline thegem-button-69f0a1b465b381085\" ><a class=\"gem-button gem-button-size-tiny gem-button-style-outline gem-button-text-weight-normal gem-button-border-2\" data-ll-effect=\"drop-right-without-wrap\" style=\"border-radius: 3px;\" onmouseleave=\"\" onmouseenter=\"\" href=\"https:\/\/belux.edmo.eu\/de\/training-teachers-on-disinformation-a-pedagogical-opportunity\/\" target=\"_self\">Read More<\/a><\/div> <\/div> <\/div> <\/div> <\/div>\n<\/article>\n<\/div>[\/vc_column][\/vc_row]<\/p>\n<\/div>","protected":false},"excerpt":{"rendered":"<p>[vc_row css=&#8220;.vc_custom_1655810540349{margin-top: 0px !important;margin-bottom: 0px !important;padding-top: 0px !important;padding-bottom: 0px !important;}&#8220;][vc_column][vc_empty_space height=&#8220;50px&#8220;][\/vc_column][\/vc_row]<\/p>\n","protected":false},"author":14,"featured_media":0,"parent":11909,"menu_order":0,"comment_status":"closed","ping_status":"closed","template":"","meta":{"_acf_changed":false,"footnotes":""},"class_list":["post-396165","page","type-page","status-publish"],"acf":[],"yoast_head":"<!-- This site is optimized with the Yoast SEO plugin v27.0 - https:\/\/yoast.com\/product\/yoast-seo-wordpress\/ -->\n<title>Media Literacy News - EDMO Belux<\/title>\n<meta name=\"robots\" content=\"index, follow, max-snippet:-1, max-image-preview:large, max-video-preview:-1\" \/>\n<link rel=\"canonical\" href=\"https:\/\/belux.edmo.eu\/de\/medienliteratur\/media-literacy-news\/\" \/>\n<meta property=\"og:locale\" content=\"de_DE\" \/>\n<meta property=\"og:type\" content=\"article\" \/>\n<meta property=\"og:title\" content=\"Media Literacy News - EDMO Belux\" \/>\n<meta property=\"og:description\" content=\"[vc_row css=&#8220;.vc_custom_1655810540349{margin-top: 0px !important;margin-bottom: 0px !important;padding-top: 0px !important;padding-bottom: 0px !important;}&#8220;][vc_column][vc_empty_space height=&#8220;50px&#8220;][\/vc_column][\/vc_row]\" \/>\n<meta property=\"og:url\" content=\"https:\/\/belux.edmo.eu\/de\/medienliteratur\/media-literacy-news\/\" \/>\n<meta property=\"og:site_name\" content=\"EDMO Belux\" \/>\n<meta name=\"twitter:card\" content=\"summary_large_image\" \/>\n<meta name=\"twitter:site\" content=\"@Edmo_Belux\" \/>\n<script type=\"application\/ld+json\" class=\"yoast-schema-graph\">{\"@context\":\"https:\/\/schema.org\",\"@graph\":[{\"@type\":\"WebPage\",\"@id\":\"https:\/\/belux.edmo.eu\/de\/medienliteratur\/media-literacy-news\/\",\"url\":\"https:\/\/belux.edmo.eu\/de\/medienliteratur\/media-literacy-news\/\",\"name\":\"Media Literacy News - EDMO Belux\",\"isPartOf\":{\"@id\":\"https:\/\/belux.edmo.eu\/#website\"},\"datePublished\":\"2024-11-26T08:50:46+00:00\",\"breadcrumb\":{\"@id\":\"https:\/\/belux.edmo.eu\/de\/medienliteratur\/media-literacy-news\/#breadcrumb\"},\"inLanguage\":\"de-DE\",\"potentialAction\":[{\"@type\":\"ReadAction\",\"target\":[\"https:\/\/belux.edmo.eu\/de\/medienliteratur\/media-literacy-news\/\"]}]},{\"@type\":\"BreadcrumbList\",\"@id\":\"https:\/\/belux.edmo.eu\/de\/medienliteratur\/media-literacy-news\/#breadcrumb\",\"itemListElement\":[{\"@type\":\"ListItem\",\"position\":1,\"name\":\"Home\",\"item\":\"https:\/\/belux.edmo.eu\/de\/\"},{\"@type\":\"ListItem\",\"position\":2,\"name\":\"Medienliteratur\",\"item\":\"https:\/\/belux.edmo.eu\/de\/medienliteratur\/\"},{\"@type\":\"ListItem\",\"position\":3,\"name\":\"Media Literacy News\"}]},{\"@type\":\"WebSite\",\"@id\":\"https:\/\/belux.edmo.eu\/#website\",\"url\":\"https:\/\/belux.edmo.eu\/\",\"name\":\"EDMO Belux\",\"description\":\"Monitoring Disinformation in Belgium and Luxembourg\",\"publisher\":{\"@id\":\"https:\/\/belux.edmo.eu\/#organization\"},\"potentialAction\":[{\"@type\":\"SearchAction\",\"target\":{\"@type\":\"EntryPoint\",\"urlTemplate\":\"https:\/\/belux.edmo.eu\/?s={search_term_string}\"},\"query-input\":{\"@type\":\"PropertyValueSpecification\",\"valueRequired\":true,\"valueName\":\"search_term_string\"}}],\"inLanguage\":\"de-DE\"},{\"@type\":\"Organization\",\"@id\":\"https:\/\/belux.edmo.eu\/#organization\",\"name\":\"EDMO Belux\",\"url\":\"https:\/\/belux.edmo.eu\/\",\"logo\":{\"@type\":\"ImageObject\",\"inLanguage\":\"de-DE\",\"@id\":\"https:\/\/belux.edmo.eu\/#\/schema\/logo\/image\/\",\"url\":\"https:\/\/belux.edmo.eu\/wp-content\/uploads\/2021\/12\/belux-logo-full-color-rgb.svg\",\"contentUrl\":\"https:\/\/belux.edmo.eu\/wp-content\/uploads\/2021\/12\/belux-logo-full-color-rgb.svg\",\"width\":1,\"height\":1,\"caption\":\"EDMO Belux\"},\"image\":{\"@id\":\"https:\/\/belux.edmo.eu\/#\/schema\/logo\/image\/\"},\"sameAs\":[\"https:\/\/x.com\/Edmo_Belux\"]}]}<\/script>\n<!-- \/ Yoast SEO plugin. -->","yoast_head_json":{"title":"Media Literacy News - EDMO Belux","robots":{"index":"index","follow":"follow","max-snippet":"max-snippet:-1","max-image-preview":"max-image-preview:large","max-video-preview":"max-video-preview:-1"},"canonical":"https:\/\/belux.edmo.eu\/de\/medienliteratur\/media-literacy-news\/","og_locale":"de_DE","og_type":"article","og_title":"Media Literacy News - EDMO Belux","og_description":"[vc_row css=&#8220;.vc_custom_1655810540349{margin-top: 0px !important;margin-bottom: 0px !important;padding-top: 0px !important;padding-bottom: 0px !important;}&#8220;][vc_column][vc_empty_space height=&#8220;50px&#8220;][\/vc_column][\/vc_row]","og_url":"https:\/\/belux.edmo.eu\/de\/medienliteratur\/media-literacy-news\/","og_site_name":"EDMO Belux","twitter_card":"summary_large_image","twitter_site":"@Edmo_Belux","schema":{"@context":"https:\/\/schema.org","@graph":[{"@type":"WebPage","@id":"https:\/\/belux.edmo.eu\/de\/medienliteratur\/media-literacy-news\/","url":"https:\/\/belux.edmo.eu\/de\/medienliteratur\/media-literacy-news\/","name":"Media Literacy News - EDMO Belux","isPartOf":{"@id":"https:\/\/belux.edmo.eu\/#website"},"datePublished":"2024-11-26T08:50:46+00:00","breadcrumb":{"@id":"https:\/\/belux.edmo.eu\/de\/medienliteratur\/media-literacy-news\/#breadcrumb"},"inLanguage":"de-DE","potentialAction":[{"@type":"ReadAction","target":["https:\/\/belux.edmo.eu\/de\/medienliteratur\/media-literacy-news\/"]}]},{"@type":"BreadcrumbList","@id":"https:\/\/belux.edmo.eu\/de\/medienliteratur\/media-literacy-news\/#breadcrumb","itemListElement":[{"@type":"ListItem","position":1,"name":"Home","item":"https:\/\/belux.edmo.eu\/de\/"},{"@type":"ListItem","position":2,"name":"Medienliteratur","item":"https:\/\/belux.edmo.eu\/de\/medienliteratur\/"},{"@type":"ListItem","position":3,"name":"Media Literacy News"}]},{"@type":"WebSite","@id":"https:\/\/belux.edmo.eu\/#website","url":"https:\/\/belux.edmo.eu\/","name":"EDMO Belux","description":"Monitoring Disinformation in Belgium and Luxembourg","publisher":{"@id":"https:\/\/belux.edmo.eu\/#organization"},"potentialAction":[{"@type":"SearchAction","target":{"@type":"EntryPoint","urlTemplate":"https:\/\/belux.edmo.eu\/?s={search_term_string}"},"query-input":{"@type":"PropertyValueSpecification","valueRequired":true,"valueName":"search_term_string"}}],"inLanguage":"de-DE"},{"@type":"Organization","@id":"https:\/\/belux.edmo.eu\/#organization","name":"EDMO Belux","url":"https:\/\/belux.edmo.eu\/","logo":{"@type":"ImageObject","inLanguage":"de-DE","@id":"https:\/\/belux.edmo.eu\/#\/schema\/logo\/image\/","url":"https:\/\/belux.edmo.eu\/wp-content\/uploads\/2021\/12\/belux-logo-full-color-rgb.svg","contentUrl":"https:\/\/belux.edmo.eu\/wp-content\/uploads\/2021\/12\/belux-logo-full-color-rgb.svg","width":1,"height":1,"caption":"EDMO Belux"},"image":{"@id":"https:\/\/belux.edmo.eu\/#\/schema\/logo\/image\/"},"sameAs":["https:\/\/x.com\/Edmo_Belux"]}]}},"_links":{"self":[{"href":"https:\/\/belux.edmo.eu\/de\/wp-json\/wp\/v2\/pages\/396165","targetHints":{"allow":["GET"]}}],"collection":[{"href":"https:\/\/belux.edmo.eu\/de\/wp-json\/wp\/v2\/pages"}],"about":[{"href":"https:\/\/belux.edmo.eu\/de\/wp-json\/wp\/v2\/types\/page"}],"author":[{"embeddable":true,"href":"https:\/\/belux.edmo.eu\/de\/wp-json\/wp\/v2\/users\/14"}],"replies":[{"embeddable":true,"href":"https:\/\/belux.edmo.eu\/de\/wp-json\/wp\/v2\/comments?post=396165"}],"version-history":[{"count":0,"href":"https:\/\/belux.edmo.eu\/de\/wp-json\/wp\/v2\/pages\/396165\/revisions"}],"up":[{"embeddable":true,"href":"https:\/\/belux.edmo.eu\/de\/wp-json\/wp\/v2\/pages\/11909"}],"wp:attachment":[{"href":"https:\/\/belux.edmo.eu\/de\/wp-json\/wp\/v2\/media?parent=396165"}],"curies":[{"name":"wp","href":"https:\/\/api.w.org\/{rel}","templated":true}]}}