{"id":261223,"date":"2023-04-27T12:07:21","date_gmt":"2023-04-27T12:07:21","guid":{"rendered":"https:\/\/belux.edmo.eu\/?post_type=educational-tools&#038;p=261223"},"modified":"2025-03-21T15:28:47","modified_gmt":"2025-03-21T15:28:47","slug":"desinformation-dans-les-medias","status":"publish","type":"educational-tools","link":"https:\/\/belux.edmo.eu\/fr\/educational-tools\/desinformation-dans-les-medias\/","title":{"rendered":"D\u00e9sinformation dans les m\u00e9dias"},"content":{"rendered":"<div class=\"wpb-content-wrapper\"><p>[vc_row][vc_column][vc_column_text]Il s&rsquo;agit d&rsquo;un dosser qui propose des balises sur les enjeux li\u00e9s aux fake news.<\/p>\n<p><strong>Qu&rsquo;est-ce que cela recouvre :<\/strong><\/p>\n<p>Ce dossier recouvre les \u00e9l\u00e9ments suivants :<\/p>\n<ul>\n<li>Des canualrs aux fake news<\/li>\n<li>Les m\u00e9dias sociaux comme amplificateurs<\/li>\n<li>Que peuvent faire les m\u00e9dias s\u00e9rieux ?<\/li>\n<li>Un code de d\u00e9ontologie comme ligne directrice<\/li>\n<li>Le devoir de vigilance<\/li>\n<li>Le principe des deux sources<\/li>\n<li>Ecouter l&rsquo;autre son de cloche<\/li>\n<li>Le poids de l&rsquo;accusation<\/li>\n<li>Les rumeurs ne suffisent pas<\/li>\n<li>S&rsquo;aider des archives<\/li>\n<li>La v\u00e9rification des faits : un m\u00e9tier \u00e0 part enti\u00e8re<\/li>\n<li>Une culture professionnelle de rectification<\/li>\n<li>Un bureau de plainte au Conseil de Presse<\/li>\n<li>La qualit\u00e9 a un co\u00fbt<\/li>\n<li>Les fake news comme arme contre la libert\u00e9 d&rsquo;e la presse<\/li>\n<\/ul>\n<p><strong>Comment l&rsquo;utiliser :<\/strong><\/p>\n<p>Le dossier est constitu\u00e9 d&rsquo;une s\u00e9rie de balises pratiques sur les fake news sur les r\u00e9seaux sociaux. A partir des rep\u00e8res propos\u00e9s dans le dossier, l&rsquo;animateur\/enseignant peut naviguer dans les enjeux li\u00e9s \u00e0 la d\u00e9sinformation.<\/p>\n<p><strong>De quoi avez-vous besoin :<\/strong><\/p>\n<p>Le dossier peut \u00eatre t\u00e9l\u00e9charg\u00e9 sur <a href=\"https:\/\/www.bee-secure.lu\/fr\/publication\/desinformation-dans-les-medias\/\">cette adresse<\/a>.[\/vc_column_text][\/vc_column][\/vc_row]<\/p>\n<\/div>","protected":false},"excerpt":{"rendered":"<p>Cette fiche \u00e9voque les fausses nouvelles dans les m\u00e9dias, amplifi\u00e9es par l&rsquo;acc\u00e9l\u00e9ration du cycle de l&rsquo;information, et les risques pour la libert\u00e9 de presse.<\/p>\n","protected":false},"featured_media":392212,"template":"","meta":{"_acf_changed":false},"categories":[262],"class_list":{"0":"post-261223","1":"educational-tools","2":"type-educational-tools","3":"status-publish","4":"has-post-thumbnail","6":"category-eduquer-a-la-desinformation-et-au-fact-checking"},"acf":{"available_in":{"english":[],"dutch":[],"french":["Fran\u00e7ais"],"german":[],"luxembourg":[]},"target_group":{"english":[],"dutch":[],"french":["Adultes (18+)"],"german":[],"luxembourg":[]},"type_of_tools":{"english":[],"dutch":[],"french":["Manuel"],"german":[],"luxembourg":[]}},"yoast_head":"<!-- This site is optimized with the Yoast SEO plugin v27.0 - https:\/\/yoast.com\/product\/yoast-seo-wordpress\/ -->\n<title>D\u00e9sinformation dans les m\u00e9dias - EDMO Belux<\/title>\n<meta name=\"robots\" content=\"index, follow, max-snippet:-1, max-image-preview:large, max-video-preview:-1\" \/>\n<link rel=\"canonical\" href=\"https:\/\/belux.edmo.eu\/fr\/educational-tools\/desinformation-dans-les-medias\/\" \/>\n<meta property=\"og:locale\" content=\"fr_FR\" \/>\n<meta property=\"og:type\" content=\"article\" \/>\n<meta property=\"og:title\" content=\"D\u00e9sinformation dans les m\u00e9dias - EDMO Belux\" \/>\n<meta property=\"og:description\" content=\"Cette fiche \u00e9voque les fausses nouvelles dans les m\u00e9dias, amplifi\u00e9es par l&#039;acc\u00e9l\u00e9ration du cycle de l&#039;information, et les risques pour la libert\u00e9 de presse.\" \/>\n<meta property=\"og:url\" content=\"https:\/\/belux.edmo.eu\/fr\/educational-tools\/desinformation-dans-les-medias\/\" \/>\n<meta property=\"og:site_name\" content=\"EDMO Belux\" \/>\n<meta property=\"article:modified_time\" content=\"2025-03-21T15:28:47+00:00\" \/>\n<meta property=\"og:image\" content=\"https:\/\/belux-edmo.s3-accelerate.amazonaws.com\/wp-content\/uploads\/2025\/03\/bee_secure_logo_web.png\" \/>\n\t<meta property=\"og:image:width\" content=\"600\" \/>\n\t<meta property=\"og:image:height\" content=\"600\" \/>\n\t<meta property=\"og:image:type\" content=\"image\/png\" \/>\n<meta name=\"twitter:card\" content=\"summary_large_image\" \/>\n<meta name=\"twitter:site\" content=\"@Edmo_Belux\" \/>\n<meta name=\"twitter:label1\" content=\"Dur\u00e9e de lecture estim\u00e9e\" \/>\n\t<meta name=\"twitter:data1\" content=\"1 minute\" \/>\n<script type=\"application\/ld+json\" class=\"yoast-schema-graph\">{\"@context\":\"https:\/\/schema.org\",\"@graph\":[{\"@type\":\"WebPage\",\"@id\":\"https:\/\/belux.edmo.eu\/fr\/educational-tools\/desinformation-dans-les-medias\/\",\"url\":\"https:\/\/belux.edmo.eu\/fr\/educational-tools\/desinformation-dans-les-medias\/\",\"name\":\"D\u00e9sinformation dans les m\u00e9dias - EDMO Belux\",\"isPartOf\":{\"@id\":\"https:\/\/belux.edmo.eu\/#website\"},\"primaryImageOfPage\":{\"@id\":\"https:\/\/belux.edmo.eu\/fr\/educational-tools\/desinformation-dans-les-medias\/#primaryimage\"},\"image\":{\"@id\":\"https:\/\/belux.edmo.eu\/fr\/educational-tools\/desinformation-dans-les-medias\/#primaryimage\"},\"thumbnailUrl\":\"https:\/\/belux-edmo.s3-accelerate.amazonaws.com\/wp-content\/uploads\/2025\/03\/bee_secure_logo_web.png\",\"datePublished\":\"2023-04-27T12:07:21+00:00\",\"dateModified\":\"2025-03-21T15:28:47+00:00\",\"breadcrumb\":{\"@id\":\"https:\/\/belux.edmo.eu\/fr\/educational-tools\/desinformation-dans-les-medias\/#breadcrumb\"},\"inLanguage\":\"fr-FR\",\"potentialAction\":[{\"@type\":\"ReadAction\",\"target\":[\"https:\/\/belux.edmo.eu\/fr\/educational-tools\/desinformation-dans-les-medias\/\"]}]},{\"@type\":\"ImageObject\",\"inLanguage\":\"fr-FR\",\"@id\":\"https:\/\/belux.edmo.eu\/fr\/educational-tools\/desinformation-dans-les-medias\/#primaryimage\",\"url\":\"https:\/\/belux-edmo.s3-accelerate.amazonaws.com\/wp-content\/uploads\/2025\/03\/bee_secure_logo_web.png\",\"contentUrl\":\"https:\/\/belux-edmo.s3-accelerate.amazonaws.com\/wp-content\/uploads\/2025\/03\/bee_secure_logo_web.png\",\"width\":600,\"height\":600},{\"@type\":\"BreadcrumbList\",\"@id\":\"https:\/\/belux.edmo.eu\/fr\/educational-tools\/desinformation-dans-les-medias\/#breadcrumb\",\"itemListElement\":[{\"@type\":\"ListItem\",\"position\":1,\"name\":\"Home\",\"item\":\"https:\/\/belux.edmo.eu\/fr\/\"},{\"@type\":\"ListItem\",\"position\":2,\"name\":\"D\u00e9sinformation dans les m\u00e9dias\"}]},{\"@type\":\"WebSite\",\"@id\":\"https:\/\/belux.edmo.eu\/#website\",\"url\":\"https:\/\/belux.edmo.eu\/\",\"name\":\"EDMO Belux\",\"description\":\"Monitoring Disinformation in Belgium and Luxembourg\",\"publisher\":{\"@id\":\"https:\/\/belux.edmo.eu\/#organization\"},\"potentialAction\":[{\"@type\":\"SearchAction\",\"target\":{\"@type\":\"EntryPoint\",\"urlTemplate\":\"https:\/\/belux.edmo.eu\/?s={search_term_string}\"},\"query-input\":{\"@type\":\"PropertyValueSpecification\",\"valueRequired\":true,\"valueName\":\"search_term_string\"}}],\"inLanguage\":\"fr-FR\"},{\"@type\":\"Organization\",\"@id\":\"https:\/\/belux.edmo.eu\/#organization\",\"name\":\"EDMO Belux\",\"url\":\"https:\/\/belux.edmo.eu\/\",\"logo\":{\"@type\":\"ImageObject\",\"inLanguage\":\"fr-FR\",\"@id\":\"https:\/\/belux.edmo.eu\/#\/schema\/logo\/image\/\",\"url\":\"https:\/\/belux.edmo.eu\/wp-content\/uploads\/2021\/12\/belux-logo-full-color-rgb.svg\",\"contentUrl\":\"https:\/\/belux.edmo.eu\/wp-content\/uploads\/2021\/12\/belux-logo-full-color-rgb.svg\",\"width\":1,\"height\":1,\"caption\":\"EDMO Belux\"},\"image\":{\"@id\":\"https:\/\/belux.edmo.eu\/#\/schema\/logo\/image\/\"},\"sameAs\":[\"https:\/\/x.com\/Edmo_Belux\"]}]}<\/script>\n<!-- \/ Yoast SEO plugin. -->","yoast_head_json":{"title":"D\u00e9sinformation dans les m\u00e9dias - EDMO Belux","robots":{"index":"index","follow":"follow","max-snippet":"max-snippet:-1","max-image-preview":"max-image-preview:large","max-video-preview":"max-video-preview:-1"},"canonical":"https:\/\/belux.edmo.eu\/fr\/educational-tools\/desinformation-dans-les-medias\/","og_locale":"fr_FR","og_type":"article","og_title":"D\u00e9sinformation dans les m\u00e9dias - EDMO Belux","og_description":"Cette fiche \u00e9voque les fausses nouvelles dans les m\u00e9dias, amplifi\u00e9es par l'acc\u00e9l\u00e9ration du cycle de l'information, et les risques pour la libert\u00e9 de presse.","og_url":"https:\/\/belux.edmo.eu\/fr\/educational-tools\/desinformation-dans-les-medias\/","og_site_name":"EDMO Belux","article_modified_time":"2025-03-21T15:28:47+00:00","og_image":[{"width":600,"height":600,"url":"https:\/\/belux-edmo.s3-accelerate.amazonaws.com\/wp-content\/uploads\/2025\/03\/bee_secure_logo_web.png","type":"image\/png"}],"twitter_card":"summary_large_image","twitter_site":"@Edmo_Belux","twitter_misc":{"Dur\u00e9e de lecture estim\u00e9e":"1 minute"},"schema":{"@context":"https:\/\/schema.org","@graph":[{"@type":"WebPage","@id":"https:\/\/belux.edmo.eu\/fr\/educational-tools\/desinformation-dans-les-medias\/","url":"https:\/\/belux.edmo.eu\/fr\/educational-tools\/desinformation-dans-les-medias\/","name":"D\u00e9sinformation dans les m\u00e9dias - EDMO Belux","isPartOf":{"@id":"https:\/\/belux.edmo.eu\/#website"},"primaryImageOfPage":{"@id":"https:\/\/belux.edmo.eu\/fr\/educational-tools\/desinformation-dans-les-medias\/#primaryimage"},"image":{"@id":"https:\/\/belux.edmo.eu\/fr\/educational-tools\/desinformation-dans-les-medias\/#primaryimage"},"thumbnailUrl":"https:\/\/belux-edmo.s3-accelerate.amazonaws.com\/wp-content\/uploads\/2025\/03\/bee_secure_logo_web.png","datePublished":"2023-04-27T12:07:21+00:00","dateModified":"2025-03-21T15:28:47+00:00","breadcrumb":{"@id":"https:\/\/belux.edmo.eu\/fr\/educational-tools\/desinformation-dans-les-medias\/#breadcrumb"},"inLanguage":"fr-FR","potentialAction":[{"@type":"ReadAction","target":["https:\/\/belux.edmo.eu\/fr\/educational-tools\/desinformation-dans-les-medias\/"]}]},{"@type":"ImageObject","inLanguage":"fr-FR","@id":"https:\/\/belux.edmo.eu\/fr\/educational-tools\/desinformation-dans-les-medias\/#primaryimage","url":"https:\/\/belux-edmo.s3-accelerate.amazonaws.com\/wp-content\/uploads\/2025\/03\/bee_secure_logo_web.png","contentUrl":"https:\/\/belux-edmo.s3-accelerate.amazonaws.com\/wp-content\/uploads\/2025\/03\/bee_secure_logo_web.png","width":600,"height":600},{"@type":"BreadcrumbList","@id":"https:\/\/belux.edmo.eu\/fr\/educational-tools\/desinformation-dans-les-medias\/#breadcrumb","itemListElement":[{"@type":"ListItem","position":1,"name":"Home","item":"https:\/\/belux.edmo.eu\/fr\/"},{"@type":"ListItem","position":2,"name":"D\u00e9sinformation dans les m\u00e9dias"}]},{"@type":"WebSite","@id":"https:\/\/belux.edmo.eu\/#website","url":"https:\/\/belux.edmo.eu\/","name":"EDMO Belux","description":"Monitoring Disinformation in Belgium and Luxembourg","publisher":{"@id":"https:\/\/belux.edmo.eu\/#organization"},"potentialAction":[{"@type":"SearchAction","target":{"@type":"EntryPoint","urlTemplate":"https:\/\/belux.edmo.eu\/?s={search_term_string}"},"query-input":{"@type":"PropertyValueSpecification","valueRequired":true,"valueName":"search_term_string"}}],"inLanguage":"fr-FR"},{"@type":"Organization","@id":"https:\/\/belux.edmo.eu\/#organization","name":"EDMO Belux","url":"https:\/\/belux.edmo.eu\/","logo":{"@type":"ImageObject","inLanguage":"fr-FR","@id":"https:\/\/belux.edmo.eu\/#\/schema\/logo\/image\/","url":"https:\/\/belux.edmo.eu\/wp-content\/uploads\/2021\/12\/belux-logo-full-color-rgb.svg","contentUrl":"https:\/\/belux.edmo.eu\/wp-content\/uploads\/2021\/12\/belux-logo-full-color-rgb.svg","width":1,"height":1,"caption":"EDMO Belux"},"image":{"@id":"https:\/\/belux.edmo.eu\/#\/schema\/logo\/image\/"},"sameAs":["https:\/\/x.com\/Edmo_Belux"]}]}},"translations":{"fr":"https:\/\/belux.edmo.eu\/fr\/educational-tools\/desinformation-dans-les-medias\/"},"_links":{"self":[{"href":"https:\/\/belux.edmo.eu\/fr\/wp-json\/wp\/v2\/educational-tools\/261223","targetHints":{"allow":["GET"]}}],"collection":[{"href":"https:\/\/belux.edmo.eu\/fr\/wp-json\/wp\/v2\/educational-tools"}],"about":[{"href":"https:\/\/belux.edmo.eu\/fr\/wp-json\/wp\/v2\/types\/educational-tools"}],"wp:featuredmedia":[{"embeddable":true,"href":"https:\/\/belux.edmo.eu\/fr\/wp-json\/wp\/v2\/media\/392212"}],"wp:attachment":[{"href":"https:\/\/belux.edmo.eu\/fr\/wp-json\/wp\/v2\/media?parent=261223"}],"wp:term":[{"taxonomy":"category","embeddable":true,"href":"https:\/\/belux.edmo.eu\/fr\/wp-json\/wp\/v2\/categories?post=261223"}],"curies":[{"name":"wp","href":"https:\/\/api.w.org\/{rel}","templated":true}]}}