{"id":509719,"date":"2023-09-18T13:03:15","date_gmt":"2023-09-18T13:03:15","guid":{"rendered":"https:\/\/belux.edmo.eu\/event\/educational-tools-to-tackle-disinformation-what-future-with-ai\/"},"modified":"2026-03-06T13:08:40","modified_gmt":"2026-03-06T13:08:40","slug":"educational-tools-to-tackle-disinformation-what-future-with-ai","status":"publish","type":"event","link":"https:\/\/belux.edmo.eu\/fr\/event\/educational-tools-to-tackle-disinformation-what-future-with-ai\/","title":{"rendered":"Educational tools to tackle disinformation &#8211; What future with AI?"},"content":{"rendered":"<div class=\"wpb-content-wrapper\"><p>[vc_row][vc_column][vc_column_text]<strong>Rendez-vous le jeudi 28 septembre dans les locaux de RTL Luxembourg pour une table ronde sur l\u2019\u00e9ducation aux m\u00e9dias et l\u2019intelligence artificielle!<\/strong><\/p>\n<p>En soutien \u00e0 la lutte contre la d\u00e9sinformation, de nombreux outils, projets et dispositifs existent pour d\u00e9velopper l\u2019esprit critique dans notre environnement m\u00e9diatique. Depuis que l\u2019agenda de l\u2019\u00e9ducation aux m\u00e9dias est camp\u00e9 par les fake news, et la d\u00e9sinformation ; des outils et campagnes d\u2019\u00e9ducation aux m\u00e9dias fleurissent mais comment appr\u00e9hender ces outils ? Comment ces outils fonctionnent-ils et qu\u2019est-ce qu\u2019ils permettent de faire d\u2019un point de vue \u00e9ducatif ? Cette matin\u00e9e se veut \u00eatre un moment entre professionnels engag\u00e9s dans la lutte contre la d\u00e9sinformation et ses enjeux \u00e0 venir.<\/p>\n<p>Tr\u00e8s concr\u00e8tement,\u00a0la premi\u00e8re partie de\u00a0cette matin\u00e9e (en fran\u00e7ais) offre un aper\u00e7u des outils contre la d\u00e9sinformation s\u00e9lectionn\u00e9s dans le cadre du projet EDMO BELUX. Les participants auront l\u2019opportunit\u00e9 de d\u00e9couvrir ces outils et la mani\u00e8re dont ils sont class\u00e9s et s\u00e9lectionn\u00e9s. La seconde\u00a0partie de la matin\u00e9e sera consacr\u00e9e \u00e0 une session pl\u00e9ni\u00e8re de Bob Reuter (Universit\u00e9 de Luxembourg) et une\u00a0table ronde (en anglais) proposera un focus sur les questions d\u2019intelligence artificielle de d\u00e9sinformation en analysant le r\u00f4le de l\u2019\u00e9ducation aux m\u00e9dias.<\/p>\n<p><strong>D\u00e9couvrez le programme <\/strong><a href=\"https:\/\/media-animation.be\/IMG\/pdf\/programme_v3_edmo_luxembourg_28092023.pdf\"><strong>ici <\/strong><\/a><strong>!<\/strong><\/p>\n<p><strong>Ev\u00e8nement gratuit mais inscription obligatoire!<\/strong> Inscription sur <a href=\"https:\/\/docs.google.com\/forms\/d\/e\/1FAIpQLScV_CXdnzynQ8oqeCCgFJqNcOcWatSPWBYYe2KO0ABuGmWnYA\/viewform?usp=sf_link\">ce lien<\/a>.<\/p>\n<p><em>Ev\u00e8nement limit\u00e9 \u00e0 40 personnes<\/em><em>.<\/em><\/p>\n<p><em>Organis\u00e9 par M\u00e9dia Animation asbl dans le cadre du consortium EDMO Belux, en partenariat avec RTL, ALIA, SCRIPT.<\/em>[\/vc_column_text][\/vc_column][\/vc_row]<\/p>\n<\/div>","protected":false},"excerpt":{"rendered":"<p>[vc_row][vc_column][vc_column_text]Rendez-vous le jeudi 28 septembre dans les locaux de RTL Luxembourg pour une table ronde sur l\u2019\u00e9ducation aux m\u00e9dias et&#8230;<\/p>\n","protected":false},"featured_media":509722,"template":"","format":"standard","meta":{"_acf_changed":false},"categories":[],"editors-choice-slider-event":[],"class_list":["post-509719","event","type-event","status-publish","format-standard","has-post-thumbnail"],"acf":{"share_this_post_to_edmo_website":false,"affiliation":"BELUX","location":"","start_date":"28 septembre 2023","start_date_event_begins_at":"","start_date_event_ends_at":"","end_date":"","end_date_event_begins_at":"","end_date_event_ends_at":"","organizer":""},"yoast_head":"<!-- This site is optimized with the Yoast SEO plugin v27.0 - https:\/\/yoast.com\/product\/yoast-seo-wordpress\/ -->\n<title>Educational tools to tackle disinformation - What future with AI? - EDMO Belux<\/title>\n<meta name=\"robots\" content=\"index, follow, max-snippet:-1, max-image-preview:large, max-video-preview:-1\" \/>\n<link rel=\"canonical\" href=\"https:\/\/belux.edmo.eu\/fr\/event\/educational-tools-to-tackle-disinformation-what-future-with-ai\/\" \/>\n<meta property=\"og:locale\" content=\"fr_FR\" \/>\n<meta property=\"og:type\" content=\"article\" \/>\n<meta property=\"og:title\" content=\"Educational tools to tackle disinformation - What future with AI? - EDMO Belux\" \/>\n<meta property=\"og:description\" content=\"[vc_row][vc_column][vc_column_text]Rendez-vous le jeudi 28 septembre dans les locaux de RTL Luxembourg pour une table ronde sur l\u2019\u00e9ducation aux m\u00e9dias et...\" \/>\n<meta property=\"og:url\" content=\"https:\/\/belux.edmo.eu\/fr\/event\/educational-tools-to-tackle-disinformation-what-future-with-ai\/\" \/>\n<meta property=\"og:site_name\" content=\"EDMO Belux\" \/>\n<meta property=\"article:modified_time\" content=\"2026-03-06T13:08:40+00:00\" \/>\n<meta property=\"og:image\" content=\"https:\/\/belux-edmo.s3-accelerate.amazonaws.com\/wp-content\/uploads\/2026\/03\/MA-Even-EDMO-lux.png\" \/>\n\t<meta property=\"og:image:width\" content=\"2048\" \/>\n\t<meta property=\"og:image:height\" content=\"1071\" \/>\n\t<meta property=\"og:image:type\" content=\"image\/png\" \/>\n<meta name=\"twitter:card\" content=\"summary_large_image\" \/>\n<meta name=\"twitter:site\" content=\"@Edmo_Belux\" \/>\n<meta name=\"twitter:label1\" content=\"Dur\u00e9e de lecture estim\u00e9e\" \/>\n\t<meta name=\"twitter:data1\" content=\"2 minutes\" \/>\n<script type=\"application\/ld+json\" class=\"yoast-schema-graph\">{\"@context\":\"https:\/\/schema.org\",\"@graph\":[{\"@type\":\"WebPage\",\"@id\":\"https:\/\/belux.edmo.eu\/fr\/event\/educational-tools-to-tackle-disinformation-what-future-with-ai\/\",\"url\":\"https:\/\/belux.edmo.eu\/fr\/event\/educational-tools-to-tackle-disinformation-what-future-with-ai\/\",\"name\":\"Educational tools to tackle disinformation - What future with AI? - EDMO Belux\",\"isPartOf\":{\"@id\":\"https:\/\/belux.edmo.eu\/#website\"},\"primaryImageOfPage\":{\"@id\":\"https:\/\/belux.edmo.eu\/fr\/event\/educational-tools-to-tackle-disinformation-what-future-with-ai\/#primaryimage\"},\"image\":{\"@id\":\"https:\/\/belux.edmo.eu\/fr\/event\/educational-tools-to-tackle-disinformation-what-future-with-ai\/#primaryimage\"},\"thumbnailUrl\":\"https:\/\/belux-edmo.s3-accelerate.amazonaws.com\/wp-content\/uploads\/2026\/03\/MA-Even-EDMO-lux.png\",\"datePublished\":\"2023-09-18T13:03:15+00:00\",\"dateModified\":\"2026-03-06T13:08:40+00:00\",\"breadcrumb\":{\"@id\":\"https:\/\/belux.edmo.eu\/fr\/event\/educational-tools-to-tackle-disinformation-what-future-with-ai\/#breadcrumb\"},\"inLanguage\":\"fr-FR\",\"potentialAction\":[{\"@type\":\"ReadAction\",\"target\":[\"https:\/\/belux.edmo.eu\/fr\/event\/educational-tools-to-tackle-disinformation-what-future-with-ai\/\"]}]},{\"@type\":\"ImageObject\",\"inLanguage\":\"fr-FR\",\"@id\":\"https:\/\/belux.edmo.eu\/fr\/event\/educational-tools-to-tackle-disinformation-what-future-with-ai\/#primaryimage\",\"url\":\"https:\/\/belux-edmo.s3-accelerate.amazonaws.com\/wp-content\/uploads\/2026\/03\/MA-Even-EDMO-lux.png\",\"contentUrl\":\"https:\/\/belux-edmo.s3-accelerate.amazonaws.com\/wp-content\/uploads\/2026\/03\/MA-Even-EDMO-lux.png\",\"width\":2048,\"height\":1071},{\"@type\":\"BreadcrumbList\",\"@id\":\"https:\/\/belux.edmo.eu\/fr\/event\/educational-tools-to-tackle-disinformation-what-future-with-ai\/#breadcrumb\",\"itemListElement\":[{\"@type\":\"ListItem\",\"position\":1,\"name\":\"Home\",\"item\":\"https:\/\/belux.edmo.eu\/fr\/\"},{\"@type\":\"ListItem\",\"position\":2,\"name\":\"Educational tools to tackle disinformation &#8211; What future with AI?\"}]},{\"@type\":\"WebSite\",\"@id\":\"https:\/\/belux.edmo.eu\/#website\",\"url\":\"https:\/\/belux.edmo.eu\/\",\"name\":\"EDMO Belux\",\"description\":\"Monitoring Disinformation in Belgium and Luxembourg\",\"publisher\":{\"@id\":\"https:\/\/belux.edmo.eu\/#organization\"},\"potentialAction\":[{\"@type\":\"SearchAction\",\"target\":{\"@type\":\"EntryPoint\",\"urlTemplate\":\"https:\/\/belux.edmo.eu\/?s={search_term_string}\"},\"query-input\":{\"@type\":\"PropertyValueSpecification\",\"valueRequired\":true,\"valueName\":\"search_term_string\"}}],\"inLanguage\":\"fr-FR\"},{\"@type\":\"Organization\",\"@id\":\"https:\/\/belux.edmo.eu\/#organization\",\"name\":\"EDMO Belux\",\"url\":\"https:\/\/belux.edmo.eu\/\",\"logo\":{\"@type\":\"ImageObject\",\"inLanguage\":\"fr-FR\",\"@id\":\"https:\/\/belux.edmo.eu\/#\/schema\/logo\/image\/\",\"url\":\"https:\/\/belux.edmo.eu\/wp-content\/uploads\/2021\/12\/belux-logo-full-color-rgb.svg\",\"contentUrl\":\"https:\/\/belux.edmo.eu\/wp-content\/uploads\/2021\/12\/belux-logo-full-color-rgb.svg\",\"width\":1,\"height\":1,\"caption\":\"EDMO Belux\"},\"image\":{\"@id\":\"https:\/\/belux.edmo.eu\/#\/schema\/logo\/image\/\"},\"sameAs\":[\"https:\/\/x.com\/Edmo_Belux\"]}]}<\/script>\n<!-- \/ Yoast SEO plugin. -->","yoast_head_json":{"title":"Educational tools to tackle disinformation - What future with AI? - EDMO Belux","robots":{"index":"index","follow":"follow","max-snippet":"max-snippet:-1","max-image-preview":"max-image-preview:large","max-video-preview":"max-video-preview:-1"},"canonical":"https:\/\/belux.edmo.eu\/fr\/event\/educational-tools-to-tackle-disinformation-what-future-with-ai\/","og_locale":"fr_FR","og_type":"article","og_title":"Educational tools to tackle disinformation - What future with AI? - EDMO Belux","og_description":"[vc_row][vc_column][vc_column_text]Rendez-vous le jeudi 28 septembre dans les locaux de RTL Luxembourg pour une table ronde sur l\u2019\u00e9ducation aux m\u00e9dias et...","og_url":"https:\/\/belux.edmo.eu\/fr\/event\/educational-tools-to-tackle-disinformation-what-future-with-ai\/","og_site_name":"EDMO Belux","article_modified_time":"2026-03-06T13:08:40+00:00","og_image":[{"width":2048,"height":1071,"url":"https:\/\/belux-edmo.s3-accelerate.amazonaws.com\/wp-content\/uploads\/2026\/03\/MA-Even-EDMO-lux.png","type":"image\/png"}],"twitter_card":"summary_large_image","twitter_site":"@Edmo_Belux","twitter_misc":{"Dur\u00e9e de lecture estim\u00e9e":"2 minutes"},"schema":{"@context":"https:\/\/schema.org","@graph":[{"@type":"WebPage","@id":"https:\/\/belux.edmo.eu\/fr\/event\/educational-tools-to-tackle-disinformation-what-future-with-ai\/","url":"https:\/\/belux.edmo.eu\/fr\/event\/educational-tools-to-tackle-disinformation-what-future-with-ai\/","name":"Educational tools to tackle disinformation - What future with AI? - EDMO Belux","isPartOf":{"@id":"https:\/\/belux.edmo.eu\/#website"},"primaryImageOfPage":{"@id":"https:\/\/belux.edmo.eu\/fr\/event\/educational-tools-to-tackle-disinformation-what-future-with-ai\/#primaryimage"},"image":{"@id":"https:\/\/belux.edmo.eu\/fr\/event\/educational-tools-to-tackle-disinformation-what-future-with-ai\/#primaryimage"},"thumbnailUrl":"https:\/\/belux-edmo.s3-accelerate.amazonaws.com\/wp-content\/uploads\/2026\/03\/MA-Even-EDMO-lux.png","datePublished":"2023-09-18T13:03:15+00:00","dateModified":"2026-03-06T13:08:40+00:00","breadcrumb":{"@id":"https:\/\/belux.edmo.eu\/fr\/event\/educational-tools-to-tackle-disinformation-what-future-with-ai\/#breadcrumb"},"inLanguage":"fr-FR","potentialAction":[{"@type":"ReadAction","target":["https:\/\/belux.edmo.eu\/fr\/event\/educational-tools-to-tackle-disinformation-what-future-with-ai\/"]}]},{"@type":"ImageObject","inLanguage":"fr-FR","@id":"https:\/\/belux.edmo.eu\/fr\/event\/educational-tools-to-tackle-disinformation-what-future-with-ai\/#primaryimage","url":"https:\/\/belux-edmo.s3-accelerate.amazonaws.com\/wp-content\/uploads\/2026\/03\/MA-Even-EDMO-lux.png","contentUrl":"https:\/\/belux-edmo.s3-accelerate.amazonaws.com\/wp-content\/uploads\/2026\/03\/MA-Even-EDMO-lux.png","width":2048,"height":1071},{"@type":"BreadcrumbList","@id":"https:\/\/belux.edmo.eu\/fr\/event\/educational-tools-to-tackle-disinformation-what-future-with-ai\/#breadcrumb","itemListElement":[{"@type":"ListItem","position":1,"name":"Home","item":"https:\/\/belux.edmo.eu\/fr\/"},{"@type":"ListItem","position":2,"name":"Educational tools to tackle disinformation &#8211; What future with AI?"}]},{"@type":"WebSite","@id":"https:\/\/belux.edmo.eu\/#website","url":"https:\/\/belux.edmo.eu\/","name":"EDMO Belux","description":"Monitoring Disinformation in Belgium and Luxembourg","publisher":{"@id":"https:\/\/belux.edmo.eu\/#organization"},"potentialAction":[{"@type":"SearchAction","target":{"@type":"EntryPoint","urlTemplate":"https:\/\/belux.edmo.eu\/?s={search_term_string}"},"query-input":{"@type":"PropertyValueSpecification","valueRequired":true,"valueName":"search_term_string"}}],"inLanguage":"fr-FR"},{"@type":"Organization","@id":"https:\/\/belux.edmo.eu\/#organization","name":"EDMO Belux","url":"https:\/\/belux.edmo.eu\/","logo":{"@type":"ImageObject","inLanguage":"fr-FR","@id":"https:\/\/belux.edmo.eu\/#\/schema\/logo\/image\/","url":"https:\/\/belux.edmo.eu\/wp-content\/uploads\/2021\/12\/belux-logo-full-color-rgb.svg","contentUrl":"https:\/\/belux.edmo.eu\/wp-content\/uploads\/2021\/12\/belux-logo-full-color-rgb.svg","width":1,"height":1,"caption":"EDMO Belux"},"image":{"@id":"https:\/\/belux.edmo.eu\/#\/schema\/logo\/image\/"},"sameAs":["https:\/\/x.com\/Edmo_Belux"]}]}},"_links":{"self":[{"href":"https:\/\/belux.edmo.eu\/fr\/wp-json\/wp\/v2\/event\/509719","targetHints":{"allow":["GET"]}}],"collection":[{"href":"https:\/\/belux.edmo.eu\/fr\/wp-json\/wp\/v2\/event"}],"about":[{"href":"https:\/\/belux.edmo.eu\/fr\/wp-json\/wp\/v2\/types\/event"}],"wp:featuredmedia":[{"embeddable":true,"href":"https:\/\/belux.edmo.eu\/fr\/wp-json\/wp\/v2\/media\/509722"}],"wp:attachment":[{"href":"https:\/\/belux.edmo.eu\/fr\/wp-json\/wp\/v2\/media?parent=509719"}],"wp:term":[{"taxonomy":"category","embeddable":true,"href":"https:\/\/belux.edmo.eu\/fr\/wp-json\/wp\/v2\/categories?post=509719"},{"taxonomy":"editors-choice-slider-event","embeddable":true,"href":"https:\/\/belux.edmo.eu\/fr\/wp-json\/wp\/v2\/editors-choice-slider-event?post=509719"}],"curies":[{"name":"wp","href":"https:\/\/api.w.org\/{rel}","templated":true}]}}