{"id":273166,"date":"2023-07-07T08:00:27","date_gmt":"2023-07-07T08:00:27","guid":{"rendered":"https:\/\/belux.edmo.eu\/?page_id=273166"},"modified":"2023-07-07T08:06:10","modified_gmt":"2023-07-07T08:06:10","slug":"newsletter-test","status":"publish","type":"page","link":"https:\/\/belux.edmo.eu\/fr\/newsletter-test\/","title":{"rendered":"NewsLetter Test"},"content":{"rendered":"<div class=\"wpb-content-wrapper\"><p>[vc_row][vc_column][vc_tta_accordion style=\u00a0\u00bbsimple_dashed\u00a0\u00bb active_section=\u00a0\u00bb1&Prime; collapsible_all=\u00a0\u00bbtrue\u00a0\u00bb][vc_tta_section title=\u00a0\u00bbDisinfoCheck Roundup juillet 2023&Prime; tab_id=\u00a0\u00bb1668434984916-bc9575f0-5452&Prime;][vc_custom_heading text=\u00a0\u00bbDisinfoCheck Roundup juillet 2023&Prime; font_container=\u00a0\u00bbtag:h1|text_align:center\u00a0\u00bb use_theme_fonts=\u00a0\u00bbyes\u00a0\u00bb][vc_custom_heading text=\u00a0\u00bbEdito\u00a0\u00bb font_container=\u00a0\u00bbtag:h2|text_align:center|color:%23ffcb05&Prime; use_theme_fonts=\u00a0\u00bbyes\u00a0\u00bb][vc_empty_space height=\u00a0\u00bb10px\u00a0\u00bb][vc_column_text]Bienvenue dans ce nouveau num\u00e9ro du DisinfoCheck Roundup, la newsletter qui regorge d\u2019actualit\u00e9s, de fact-checks et de nouvelles \u00e0 propos de la recherche sur la d\u00e9sinformation en Belgique et au Luxembourg.<\/p>\n<p>Dans ce num\u00e9ro, nous allons nous pencher sur la nouvelle tendance \u00e0 la d\u00e9sinformation li\u00e9e \u00e0 l\u2019\u00e9mergence rapide des g\u00e9n\u00e9rateurs d\u2019images par intelligence artificielle (IA), comme MidJourney ou DALL-E. Apr\u00e8s la diffusion virale des photos quelque peu d\u00e9shonorantes <a href=\"https:\/\/www.rtbf.be\/article\/comment-reconnaitre-les-images-de-midjourney-cette-intelligence-artificielle-qui-met-trump-en-prison-et-macron-dans-les-manifestations-11173367\" target=\"_blank\" rel=\"noopener\">de Donald Trump en prison, d\u2019Emmanuel Macron en pleine manifestation ou du Pape Fran\u00e7ois v\u00eatu d\u2019une doudoune<\/a>, les fact-checkers ont constat\u00e9 un int\u00e9r\u00eat accru pour ces outils au cours des derniers mois. Cette technologie a en effet d\u00e9j\u00e0 exerc\u00e9 un impact non n\u00e9gligeable sur l\u2019\u00e9cosyst\u00e8me de la d\u00e9sinformation en 2023.<\/p>\n<p>Il faut dire que ces g\u00e9n\u00e9rateurs d\u2019images bas\u00e9s sur l\u2019IA, qui permettent aux utilisateurs de cr\u00e9er des images \u00e0 partir de simples descriptions textuelles par exemple, peuvent devenir un outil tr\u00e8s puissant dans les mains des personnes d\u00e9sireuses de manipuler l\u2019opinion publique en se servant d\u2019images pour \u00e9tayer de fausses id\u00e9es.<\/p>\n<p>Fin mai, la photo d\u2019une explosion pr\u00e8s du Pentagone \u00e0 Washington a circul\u00e9 sur Twitter. En quelques minutes, elle a \u00e9t\u00e9 partag\u00e9e sur de nombreux comptes certifi\u00e9s portant la coche bleue, y compris sur un compte soi-disant associ\u00e9 \u00e0 Bloomberg\u00a0News. M\u00eame si l\u2019image pr\u00e9sentait des caract\u00e9ristiques permettant de conclure qu\u2019elle avait \u00e9t\u00e9 g\u00e9n\u00e9r\u00e9e par une intelligence artificielle, elle a eu le temps d\u2019avoir un impact concret. <a href=\"https:\/\/edition.cnn.com\/2023\/05\/22\/tech\/twitter-fake-image-pentagon-explosion\/index.html\" target=\"_blank\" rel=\"noopener\">Peu apr\u00e8s la diffusion de cette photo sur Twitter, la Bourse am\u00e9ricaine a en effet connu un fl\u00e9chissement<\/a>.<\/p>\n<p>Des outils en mesure de d\u00e9tecter cette technologie sont en cours de d\u00e9veloppement afin d\u2019aider les fact-checkers \u00e0 lutter contre ce nouveau type de d\u00e9sinformation. Mais \u00e0 ce stade, aucun d\u2019entre eux ne garantit une d\u00e9tection parfaite. Nous nous appr\u00eatons donc \u00e0 entamer une nouvelle partie de cache-cache.<\/p>\n<p><a href=\"https:\/\/www.europarl.europa.eu\/news\/fr\/headlines\/society\/20230601STO93804\/loi-sur-l-ia-de-l-ue-premiere-reglementation-de-l-intelligence-artificielle\" target=\"_blank\" rel=\"noopener\">La loi sur l\u2019IA de l\u2019Union europ\u00e9enne vise \u00e0 imposer le marquage du contenu g\u00e9n\u00e9r\u00e9 par IA<\/a>, mais comme la technologie est accessible dans le monde entier, nous ne sommes sans doute qu\u2019\u00e0 l\u2019aube d\u2019une nouvelle \u00e8re o\u00f9 il sera de plus en plus difficile d\u2019attester l\u2019authenticit\u00e9 des images circulant sur les r\u00e9seaux sociaux.<\/p>\n<p>Gr\u00e9goire Ryckmans, journaliste, RTBF[\/vc_column_text][vc_empty_space height=\u00a0\u00bb10px\u00a0\u00bb][vc_separator][vc_empty_space][vc_custom_heading text=\u00a0\u00bbActualit\u00e9s d\u2019EDMO BELUX\u00a0\u00bb font_container=\u00a0\u00bbtag:h2|text_align:center|color:%23ffcb05&Prime; use_theme_fonts=\u00a0\u00bbyes\u00a0\u00bb][vc_empty_space height=\u00a0\u00bb10px\u00a0\u00bb][vc_column_text]<\/p>\n<ul>\n<li>EDMO BELUX a publi\u00e9 un r\u00e9sum\u00e9 reprenant les trois grandes conclusions tir\u00e9es de l\u2019\u00e9tude comparative men\u00e9e au printemps 2022. Cette \u00e9tude cherchait \u00e0 brosser un tableau de l\u2019exposition et de la cr\u00e9dulit\u00e9 du public \u00e0 la d\u00e9sinformation, ainsi que des causes per\u00e7ues et des solutions envisag\u00e9es, et ce, dans quatre r\u00e9gions, \u00e0 savoir la Flandre, la Wallonie, Bruxelles et le Luxembourg. Et les conclusions incitent \u00e0 la prudence. D\u00e9couvrez-en plus <a href=\"https:\/\/belux.edmo.eu\/fr\/?p=272766\" target=\"_blank\" rel=\"noopener\">ici<\/a>.<\/li>\n<li>S\u2019appuyant sur la derni\u00e8re enqu\u00eate de CheckFirst, qui a r\u00e9v\u00e9l\u00e9 une escroquerie massive impliquant plus de 1\u00a0500\u00a0publicit\u00e9s Facebook ayant attir\u00e9 les utilisateurs vers plus de 160\u00a0domaines h\u00e9bergeant de faux sites de m\u00e9dias, l\u2019EU\u00a0DisinfoLab et EDMO\u00a0BELUX se sont plong\u00e9s dans les cas belges, \u00e0 savoir les campagnes trompeuses qui se sont fait passer pour six m\u00e9dias d\u2019information, dont Le\u00a0Soir et De\u00a0Standaard. Lisez l\u2019enqu\u00eate <a href=\"https:\/\/belux.edmo.eu\/fr\/facebook-hustles-the-belgian-spin-off\/\" target=\"_blank\" rel=\"noopener\">ici<\/a>.<\/li>\n<li>EDMO\u00a0BELUX a publi\u00e9 des fiches d\u2019information relatives au paysage de la d\u00e9sinformation en Belgique et au Luxembourg, dans le cadre de la <a href=\"https:\/\/www.disinfo.eu\/publications\/disinformation-landscapes-in-european-countries\/\" target=\"_blank\" rel=\"noopener\">s\u00e9rie de fiches<\/a> \u00e9tablies par l\u2019EU\u00a0DisinfoLab pour chaque pays. Ces fiches r\u00e9sument en quelques pages le paysage de la d\u00e9sinformation dans chaque pays et mettent en \u00e9vidence les cas de d\u00e9sinformation les plus embl\u00e9matiques, les r\u00e9cits r\u00e9currents, les acteurs de la communaut\u00e9 et les initiatives politiques. D\u00e9couvrez la fiche d\u2019information relative \u00e0 la Belgique <a href=\"https:\/\/belux.edmo.eu\/fr\/the-disinformation-landscape-in-belgium\/\" target=\"_blank\" rel=\"noopener\">ici<\/a> et celle relative au Luxembourg <a href=\"https:\/\/belux.edmo.eu\/fr\/the-disinformation-landscape-in-luxembourg\/\" target=\"_blank\" rel=\"noopener\">ici<\/a>.<\/li>\n<\/ul>\n<p>[\/vc_column_text][vc_empty_space height=\u00a0\u00bb10px\u00a0\u00bb][vc_separator][vc_empty_space][vc_custom_heading text=\u00a0\u00bbLe coin des fact-checkers\u00a0\u00bb font_container=\u00a0\u00bbtag:h2|text_align:center|color:%23ffcb05&Prime; use_theme_fonts=\u00a0\u00bbyes\u00a0\u00bb][vc_empty_space height=\u00a0\u00bb10px\u00a0\u00bb][vc_column_text]Depuis le d\u00e9but du projet, nos fact-checkers partenaires, \u00e0 savoir l\u2019AFP, la RTBF et RTL Luxembourg, ont publi\u00e9 <strong>700<\/strong> fact-checks dans les cinq langues couvertes par EDMO BELUX ! La guerre en Ukraine, les r\u00e9percussions de la pand\u00e9mie de COVID-19 et le changement climatique restent les grands sujets de pr\u00e9dilection. Mais nous avons constat\u00e9 une hausse caract\u00e9ristique du nombre de fact-checks li\u00e9s \u00e0 l\u2019intelligence artificielle. Et vu l\u2019importance croissante que prend l\u2019IA dans notre vie quotidienne et l\u2019utilisation accrue de cette technologie pour diffuser de fausses informations, nous nous attendons \u00e0 voir grimper le nombre de v\u00e9rifications de nos journalistes d\u2019investigation num\u00e9rique \u00e0 ce sujet dans les prochains mois.<\/p>\n<p>Dans cette rubrique, nous mettons en avant le dernier fact-check le plus consult\u00e9 dans chaque langue. Rendez-vous sur notre site Web pour d\u00e9couvrir d\u2019autres <a href=\"https:\/\/belux.edmo.eu\/fr\/fact-checking\/\" target=\"_blank\" rel=\"noopener\">fact-checks<\/a>\u00a0![\/vc_column_text][vc_custom_heading text=\u00a0\u00bbAvez-vous consult\u00e9 nos meilleurs fact-checks ?\u00a0\u00bb font_container=\u00a0\u00bbtag:h4|text_align:left\u00a0\u00bb use_theme_fonts=\u00a0\u00bbyes\u00a0\u00bb][vc_raw_html]JTVCd3BkYXRhdGFibGUlMjBpZCUzRDI0JTVE[\/vc_raw_html][vc_empty_space height=\u00a0\u00bb10px\u00a0\u00bb][vc_separator][vc_empty_space][vc_custom_heading text=\u00a0\u00bbLe saviez-vous ?\u00a0\u00bb font_container=\u00a0\u00bbtag:h2|text_align:center|color:%23ffcb05&Prime; use_theme_fonts=\u00a0\u00bbyes\u00a0\u00bb][vc_empty_space height=\u00a0\u00bb10px\u00a0\u00bb][vc_column_text]<\/p>\n<ul>\n<li>Le num\u00e9rique fait d\u00e9sormais partie int\u00e9grante de notre vie, et c\u2019est bien pratique ! Mais nous devons n\u00e9anmoins nous montrer prudents&#8230; Il suffit de penser aux hackers qui n\u2019aspirent qu\u2019\u00e0 une chose : voler nos donn\u00e9es. Mediawijs, un partenaire d\u2019EDMO BELUX, a d\u00e9velopp\u00e9 l\u2019ensemble d\u2019outils p\u00e9dagogiques EDUbox Cybers\u00e9curit\u00e9 en collaboration avec imec vzw, la Cyber Security Coalition, DNS Belgium, Digital for Youth, brightlab et le Centre pour la Cybers\u00e9curit\u00e9 Belgique. Gr\u00e2ce \u00e0 EDUbox, les jeunes prennent la bonne habitude de se prot\u00e9ger des cybercriminels. Disponible en <a href=\"https:\/\/www.vrt.be\/nl\/edubox\/catalogus\/#cybersecurity\" target=\"_blank\" rel=\"noopener\">n\u00e9erlandais<\/a> et en <a href=\"https:\/\/www.vrt.be\/nl\/edubox\/catalogus\/#cybersecurite\" target=\"_blank\" rel=\"noopener\">fran\u00e7ais<\/a>.<\/li>\n<li>Aujourd\u2019hui, ce sont des algorithmes qui d\u00e9terminent le plus souvent les vid\u00e9os, les messages ou les profils que nous sommes amen\u00e9s \u00e0 voir en ligne. CrossOver, un projet men\u00e9 par EU DisinfoLab, partenaire d\u2019EDMO BELUX, en collaboration avec Savoir Devenir, Apache et CheckFirst, a mis au point un ensemble d\u2019outils p\u00e9dagogiques destin\u00e9s \u00e0 familiariser les \u00e9tudiants avec le monde des algorithmes. Les articles, podcasts, quiz et affiches sont disponibles en <a href=\"https:\/\/belux.edmo.eu\/crossover-educational-toolkit-on-algorithms\/\" target=\"_blank\" rel=\"noopener\">anglais<\/a> et en <a href=\"https:\/\/belux.edmo.eu\/nl\/crossover-educatieve-toolkit-over-algoritmes\/\" target=\"_blank\" rel=\"noopener\">n\u00e9erlandais<\/a>.<\/li>\n<li>En vue de cartographier le paysage de l\u2019\u00e9ducation aux m\u00e9dias en Europe, EDMO cr\u00e9e, pour chaque pays, un profil donnant un aper\u00e7u de l\u2019offre nationale d\u2019\u00e9ducation aux m\u00e9dias, dont des informations sur les politiques nationales, les principales parties prenantes et la place occup\u00e9e par l\u2019\u00e9ducation aux m\u00e9dias au sein et en dehors du parcours scolaire formel dans le pays. De nouveaux pays, dont la Belgique, ont \u00e9t\u00e9 r\u00e9cemment ajout\u00e9s \u00e0 la carte. Pour y jeter un \u0153il, c\u2019est par <a href=\"https:\/\/edmo.eu\/media-literacy\/media-literacy-repository\/\" target=\"_blank\" rel=\"noopener\">ici<\/a>!<\/li>\n<li>De nouvelles directives pour les enqu\u00eates OSINT d\u2019int\u00e9r\u00eat public ont \u00e9t\u00e9 \u00e9labor\u00e9es dans le cadre du projet European Fact-Checking Standards Network (EFCSN). Ces directives non contraignantes apportent aux organisations qui m\u00e8nent des enqu\u00eates de sources ouvertes un cadre de bonnes pratiques et la possibilit\u00e9 d\u2019analyser et \u00e9ventuellement d\u2019affiner leur m\u00e9thodologie, leurs comp\u00e9tences et leur documentation. D\u00e9couvrez tout ce que vous devez savoir sur les directives OSINT. Visionnez l\u2019enregistrement du webinaire o\u00f9 elles ont \u00e9t\u00e9 pr\u00e9sent\u00e9es <a href=\"https:\/\/obsint.eu\/events\/discover-the-osint-guidelines-webinar-replay\/\" target=\"_blank\" rel=\"noopener\">ici!<\/a><\/li>\n<li>Action M\u00e9dias Jeunes, une organisation de jeunesse d\u2019\u00e9ducation aux m\u00e9dias s\u2019adressant aux jeunes de la F\u00e9d\u00e9ration Wallonie Bruxelles, a cr\u00e9\u00e9 un nouvel outil \u00e9ducatif incitant les jeunes \u00e0 adopter une attitude critique face \u00e0 l\u2019information et exposant les r\u00e9alit\u00e9s du m\u00e9tier de journaliste. D\u00e9couvrez-en plus <a href=\"https:\/\/www.lalibre.be\/belgique\/enseignement\/2023\/03\/09\/contre-les-fake-news-un-nouvel-outil-pedagogique-pour-reflechir-a-lusage-des-medias-XUAZ3NZBKBFRFMAXDGFW3LNAA4\/\" target=\"_blank\" rel=\"noopener\">ici<\/a> et t\u00e9l\u00e9chargez gratuitement l\u2019outil \u00ab C\u2019est pas sourc\u00e9 \u00bb <a href=\"https:\/\/www.actionmediasjeunes.be\/ateliers\/cest-pas-source\/\" target=\"_blank\" rel=\"noopener\">ici<\/a>. Les partenaires du hub belgo-n\u00e9erlandais d\u2019EDMO, BENEDMO, ont travaill\u00e9 main dans la main pour enqu\u00eater sur le soi-disant dispositif de sant\u00e9 Healy et sur la strat\u00e9gie de vente qui y \u00e9tait associ\u00e9e. Ce bo\u00eetier de \u00ab th\u00e9rapie fr\u00e9quentielle \u00bb est commercialis\u00e9 sous la promesse qu\u2019il gu\u00e9rit toutes sortes de probl\u00e8mes m\u00e9dicaux, mais l\u2019\u00e9tude d\u00e9montre qu\u2019il ne sert \u00e0 rien du tout. D\u00e9couvrez-en plus <a href=\"https:\/\/benedmo.eu\/2023\/03\/29\/samenwerking-benedmo-partners-rond-fake-gezondheidsapp-healy\/\" target=\"_blank\" rel=\"noopener\">ici<\/a> (en n\u00e9erlandais)!<\/li>\n<\/ul>\n<p>[\/vc_column_text][vc_empty_space height=\u00a0\u00bb10px\u00a0\u00bb][vc_separator][vc_empty_space][vc_custom_heading text=\u00a0\u00bb\u00c9v\u00e9nements et annonces\u00a0\u00bb font_container=\u00a0\u00bbtag:h2|text_align:center|color:%23ffcb05&Prime; use_theme_fonts=\u00a0\u00bbyes\u00a0\u00bb][vc_empty_space height=\u00a0\u00bb10px\u00a0\u00bb][vc_column_text]<strong>\u00c9v\u00e9nements \u00e0 venir\u00a0:<\/strong><\/p>\n<ul>\n<li>Freedom not Fear, une conf\u00e9rence annuelle sur le th\u00e8me de la vie priv\u00e9e et des droits num\u00e9riques, aura lieu \u00e0 Bruxelles du 1<sup>er<\/sup> au 4\u00a0septembre. Vous trouverez toutes les informations <a href=\"https:\/\/freedomnotfear.org\/\" target=\"_blank\" rel=\"noopener\">ici<\/a>.<\/li>\n<li>Le cycle des Lunch Lectures EDMO\u00a0BELUX reprendra apr\u00e8s la pause estivale. La premi\u00e8re date confirm\u00e9e est le 4\u00a0septembre. Nous accueillerons Guillaume Kuster, qui nous pr\u00e9sentera l\u2019<a href=\"https:\/\/checkfirst.network\/facebook-hustles-the-hidden-mechanics-of-a-scam-machinery-impersonating-news-organisations-and-creators\/\" target=\"_blank\" rel=\"noopener\">enqu\u00eate approfondie<\/a> men\u00e9e par CheckFirst sur l\u2019escroquerie \u00e0 grande \u00e9chelle fond\u00e9e sur des publicit\u00e9s Facebook. Inscrivez-vous ici \/ Bloquez la date et tenez-vous au courant des prochaines s\u00e9ances\u00a0!<\/li>\n<li>La conf\u00e9rence annuelle 2023 de l\u2019EU\u00a0DisinfoLab, la toute premi\u00e8re organis\u00e9e hors de Bruxelles, se tiendra les 11 et 12\u00a0octobre \u00e0 Cracovie, en Pologne. Inscrivez-vous et d\u00e9couvrez le programme <a href=\"https:\/\/www.disinfo.eu\/conference\" target=\"_blank\" rel=\"noopener\">ici<\/a>.<\/li>\n<li>Le programme de formation EDMO, qui vise \u00e0 aider nos diff\u00e9rentes parties prenantes \u00e0 comprendre la d\u00e9sinformation en ligne et \u00e0 lutter contre le ph\u00e9nom\u00e8ne, comprend une s\u00e9rie de modules en ligne et en pr\u00e9sentiel sur des th\u00e8mes comme l\u2019\u00e9ducation aux m\u00e9dias, le fact-checking et l\u2019open source intelligence (OSINT), la recherche sur la d\u00e9sinformation et l\u2019analyse de politiques. La liste des prochaines formations planifi\u00e9es se trouve <a href=\"https:\/\/edmo.eu\/training-programme\/\" target=\"_blank\" rel=\"noopener\">ici<\/a>.<\/li>\n<li>Une nouvelle journ\u00e9e \u00ab\u00a0Nieuws in de Klas\u00a0\u00bb (Actualit\u00e9s en classe) sera organis\u00e9e le 12\u00a0octobre 2023 \u00e0 Bruxelles. Il s\u2019agit d\u2019un must absolu pour quiconque souhaite aider les jeunes \u00e0 renforcer leurs comp\u00e9tences pour aborder l\u2019actualit\u00e9, l\u2019information et la d\u00e9sinformation en Flandre. Bloquez la date dans votre agenda. Nous reviendrons bient\u00f4t avec les informations pratiques\u00a0!<\/li>\n<li>Du 28\u00a0f\u00e9vrier au 1<sup>er<\/sup>mars 2024, une conf\u00e9rence sur les nombreuses facettes de l\u2019\u00e9ducation aux m\u00e9dias aura lieu \u00e0 Bruxelles. Cet \u00e9v\u00e9nement de trois jours sera organis\u00e9 dans le cadre de la Pr\u00e9sidence belge du Conseil de l\u2019Union europ\u00e9enne. Bloquez les dates\u00a0!<\/li>\n<\/ul>\n<p><strong>\u00c9v\u00e9nements pass\u00e9s\u00a0:<\/strong><\/p>\n<ul>\n<li>\u00c0 l\u2019occasion du troisi\u00e8me Lunch Lecture EDMO\u00a0BELUX du 16\u00a0mai, intitul\u00e9 <a href=\"https:\/\/belux.edmo.eu\/fr\/event-edmo-belux-lunch-lecture-16-may-2023\/\" target=\"_blank\" rel=\"noopener\">\u00ab\u00a0Truth or trust?\u00a0\u00bb<\/a>, nous avons eu le plaisir d\u2019accueillir Eline Severs, charg\u00e9e de cours au d\u00e9partement Sciences politiques de la Vrije Universiteit Brussel (VUB). Vous pouvez t\u00e9l\u00e9charger sa pr\u00e9sentation <a href=\"https:\/\/belux-edmo.s3-accelerate.amazonaws.com\/wp-content\/uploads\/2023\/05\/EDMO-BELUX-LunchLecture_Eline-Severs.pdf\" target=\"_blank\" rel=\"noopener\">ici<\/a>.<\/li>\n<li>La <a href=\"https:\/\/edmo.eu\/2023\/04\/20\/registrations-open-for-the-edmo-2023-annual-conference\/\" target=\"_blank\" rel=\"noopener\">conf\u00e9rence annuelle EDMO\u00a02023<\/a> s\u2019est tenue \u00e0 Bruxelles le 25\u00a0mai et a rassembl\u00e9 des acteurs du monde des m\u00e9dias et de la sph\u00e8re politique, des d\u00e9cideurs politiques, des universitaires, des r\u00e9gulateurs, des journalistes et des membres de la soci\u00e9t\u00e9 civile, qui se sont pench\u00e9s sur les d\u00e9fis que pose la d\u00e9sinformation en ligne et sur les moyens de lutter contre ce ph\u00e9nom\u00e8ne. Largement repr\u00e9sent\u00e9 lors de cet \u00e9v\u00e9nement, EDMO\u00a0BELUX a pr\u00e9sent\u00e9 les travaux accomplis au sein du hub belgo-luxembourgeois sur un stand install\u00e9 dans le hall d\u2019entr\u00e9e, aux c\u00f4t\u00e9s des autres hubs EDMO. Nous ferons \u00e9galement partie du groupe de travail \u00c9lections d\u2019EDMO, mis sur pied \u00e0 la conf\u00e9rence. Pour en savoir plus, c\u2019est par <a href=\"https:\/\/edmo.eu\/2023\/05\/24\/edmo-establishes-task-force-on-2024-european-parliament-elections\/\" target=\"_blank\" rel=\"noopener\">ici<\/a>.<\/li>\n<li>Le 13\u00a0juin, Tom Willaert (Vrije Universiteit Brussel\/EDMO\u00a0BELUX) et Armin Pournaki (ENS, Sciences\u00a0Po m\u00e9dialab, MPI Leipzig) ont donn\u00e9 un expos\u00e9 dans le contexte d\u2019un \u00e9v\u00e9nement organis\u00e9 conjointement avec DE\u00a0FACTO \u00e0 Sciences\u00a0Po m\u00e9dialab, Paris, sur le th\u00e8me \u00ab\u00a0<a href=\"https:\/\/belux.edmo.eu\/event-social-media-disinformation-and-narratives-13-june-2023\/\" target=\"_blank\" rel=\"noopener\">D\u00e9sinformation et r\u00e9cits sur les r\u00e9seaux sociaux<\/a>\u00bb. La pr\u00e9sentation a port\u00e9 sur les questions de l\u2019\u00e9chantillonnage et de l\u2019analyse de contenu, \u00e0 partir de la discussion d\u2019une \u00e9tude sur les communaut\u00e9s antagonistes n\u00e9erlandophones sur Telegram, r\u00e9alis\u00e9e dans le cadre du projet EDMO\u00a0BELUX. En particulier, elle a mis l\u2019accent sur la mani\u00e8re dont les r\u00e9seaux de cha\u00eenes Telegram associ\u00e9es et antagonistes peuvent \u00eatre identifi\u00e9s de mani\u00e8re inductive, ainsi que sur la d\u00e9tection des \u00e9volutions th\u00e9matiques dans les messages pr\u00e9sents sur ces cha\u00eenes. La deuxi\u00e8me partie de la pr\u00e9sentation s\u2019est pench\u00e9e sur la question plus g\u00e9n\u00e9rale des r\u00e9cits et sur la mani\u00e8re d\u2019op\u00e9rationnaliser le concept afin d\u2019extraire des traces narratives \u00e0 partir du texte. \u00c0 cette fin, une approche m\u00e9thodologique initiale et des outils mis au point dans le cadre du projet SoMe4Dem (Horizon Europe Social Media for Democracy) d\u2019EDMO\u00a0BELUX ont \u00e9t\u00e9 pr\u00e9sent\u00e9s. Vous trouverez de plus amples informations \u00e0 ce sujet <a href=\"https:\/\/medialab.sciencespo.fr\/actu\/text-based-attitude-inference-and-narrative-detection\/%5d\" target=\"_blank\" rel=\"noopener\">ici<\/a>.<\/li>\n<li>Le 20\u00a0juin, Mediawijs a organis\u00e9 un <a href=\"https:\/\/www.mediawijs.be\/en\/desinforum-2023\" target=\"_blank\" rel=\"noopener\">Desinforum<\/a>, un \u00e9v\u00e9nement de r\u00e9seautage visant \u00e0 aborder les d\u00e9fis et les opportunit\u00e9s qui existent dans la lutte contre la d\u00e9sinformation, dans le cadre d\u2019EDMO\u00a0BELUX. Trois conf\u00e9renciers d\u2019EDMO\u00a0BELUX ont inspir\u00e9 une cinquantaine de chercheurs, de journalistes et d\u2019acteurs du secteur de l\u2019\u00e9ducation aux m\u00e9dias de Flandre et de Belgique francophone. Le ministre flamand des M\u00e9dias, Benjamin Dalle, a \u00e9galement profit\u00e9 de l\u2019occasion pour pr\u00e9senter le nouveau Knowledge Center for Media Research et a insist\u00e9 sur l\u2019importance de collaborer dans ce domaine. Pour en savoir plus et d\u00e9couvrir les expos\u00e9s des conf\u00e9renciers, cliquez <a href=\"https:\/\/belux.edmo.eu\/desinforum-2023\/\" target=\"_blank\" rel=\"noopener\">ici<\/a>.<\/li>\n<li>Le 28\u00a0juin, \u00e0 l\u2019occasion d\u2019un webinaire h\u00e9berg\u00e9 par l\u2019EU\u00a0DisinfoLab, nous nous sommes int\u00e9ress\u00e9s aux <a href=\"https:\/\/www.disinfo.eu\/outreach\/our-webinars\/the-disinformation-landscape-across-europe\/\" target=\"_blank\" rel=\"noopener\">paysages vari\u00e9s et uniques de la d\u00e9sinformation en Europe<\/a>, avec l\u2019aide d\u2019une s\u00e9rie de fiches d\u2019information \u00e9tablies pour chaque pays, y compris celles de la <a href=\"https:\/\/belux.edmo.eu\/fr\/the-disinformation-landscape-in-belgium\/\" target=\"_blank\" rel=\"noopener\">Belgique<\/a> et du <a href=\"https:\/\/belux.edmo.eu\/fr\/the-disinformation-landscape-in-luxembourg\/\" target=\"_blank\" rel=\"noopener\">Luxembourg<\/a>. Visionnez l\u2019enregistrement du webinaire <a href=\"https:\/\/www.disinfo.eu\/outreach\/our-webinars\/the-disinformation-landscape-across-europe\/\" target=\"_blank\" rel=\"noopener\">ici<\/a>!<\/li>\n<li>Le 3\u00a0juillet, l\u2019EU\u00a0DisinfoLab a organis\u00e9 le webinaire \u00ab\u00a0Polluting the truth about climate change\u00a0\u00bb. La discussion a port\u00e9 sur certains des th\u00e8mes pr\u00e9sent\u00e9s dans <a href=\"https:\/\/belux.edmo.eu\/fr\/dont-stop-me-now-the-growing-disinformation-threat-against-climate-change-in-belgium\/\" target=\"_blank\" rel=\"noopener\">cette \u00e9tude d\u2019EDMO\u00a0BELUX<\/a> \u00e0 propos de la menace croissante de la d\u00e9sinformation sur le changement climatique en Belgique. Il a notamment \u00e9t\u00e9 question du contenu n\u00e9gationniste et complotiste, qui qualifie \u00e0 tort les solutions au changement climatique de restrictions \u00e0 la libert\u00e9, et de l\u2019utilisation du changement climatique comme une arme pour faire progresser les agendas politiques. L\u2019enregistrement du webinaire sera bient\u00f4t en ligne <a href=\"https:\/\/www.disinfo.eu\/outreach\/our-webinars\/polluting-the-truth-about-climate-change\/\" target=\"_blank\" rel=\"noopener\">ici<\/a>.<\/li>\n<\/ul>\n<p>[\/vc_column_text][vc_empty_space height=\u00a0\u00bb10px\u00a0\u00bb][vc_separator][vc_empty_space][vc_custom_heading text=\u00a0\u00bbPublications\u00a0\u00bb font_container=\u00a0\u00bbtag:h2|text_align:center|color:%23ffcb05&Prime; use_theme_fonts=\u00a0\u00bbyes\u00a0\u00bb][vc_empty_space height=\u00a0\u00bb10px\u00a0\u00bb][vc_column_text]<\/p>\n<ul>\n<li>Tuters, M., Willaert, T., Meyer, T. (2023). Real numbers. How science gets drawn into global conspiracy narratives. Issues in Science and Technology, Spring 2023, 32-36. <a href=\"https:\/\/doi.org\/10.58875\/POZR1536\" target=\"_blank\" rel=\"noopener\">https:\/\/doi.org\/10.58875\/POZR1536<\/a><\/li>\n<li>Bauwens, J., Ginis, V., Meyer, T., Van Kerkhove, B., Verstrynge, K. (2023). Inleiding. Dans\u00a0: J. Bauwens, V. Ginis, T. Meyer, B. Van Kerkhove, K. Verstrynge (eds.) Een vraag naar waarheid. POINcar\u00e9 series. Bruxelles\u00a0: VUBPRESS (pages\u00a015 \u00e0 19). <a href=\"https:\/\/www.aspeditions.be\/en\/book\/een-vraag-naar-waarheid\/19326\" target=\"_blank\" rel=\"noopener\">https:\/\/www.aspeditions.be\/en\/book\/een-vraag-naar-waarheid\/19326<\/a><\/li>\n<li>Cipers, S., Meyer, T. &amp; Lefevere, J. (2023). Utilitaristische waarheden: hoeveel desinformatie en wantrouwen kan een democratie tolereren? Dans\u00a0: J. Bauwens, V. Ginis, T. Meyer, B. Van Kerkhove, K. Verstrynge (eds.) Een vraag naar waarheid. POINcar\u00e9 series. Bruxelles\u00a0: VUBPRESS (pages\u00a0142 \u00e0 147). <a href=\"https:\/\/www.aspeditions.be\/en\/book\/een-vraag-naar-waarheid\/19326\" target=\"_blank\" rel=\"noopener\">https:\/\/www.aspeditions.be\/en\/book\/een-vraag-naar-waarheid\/19326<\/a><\/li>\n<li>Willaert, T., Picone, I., Van Raemdonck, N. (2023). Waarheid (waarheden) voorbij factchecking: de ontkrachting van misinformatie levert haar eigen wetenschappelijke beloning op. Dans\u00a0: J. Bauwens, V. Ginis, T. Meyer, B. Van Kerkhove, K. Verstrynge (eds.) Een vraag naar waarheid. POINcar\u00e9 series. Bruxelles\u00a0: VUBPRESS (pages\u00a0156 \u00e0 162). <a href=\"https:\/\/www.aspeditions.be\/en\/book\/een-vraag-naar-waarheid\/19326\" target=\"_blank\" rel=\"noopener\">https:\/\/www.aspeditions.be\/en\/book\/een-vraag-naar-waarheid\/19326<\/a><\/li>\n<\/ul>\n<p>Retrouvez nos <a href=\"https:\/\/belux.edmo.eu\/fr\/about-us\/actualites-et-evenements\/\" target=\"_blank\" rel=\"noopener\">actualit\u00e9s et \u00e9v\u00e9nements<\/a> et nos <a href=\"https:\/\/belux.edmo.eu\/fr\/recherche\/\" target=\"_blank\" rel=\"noopener\">recherches et publications<\/a> sur le site Web d\u2019EDMO\u00a0BELUX\u00a0![\/vc_column_text][vc_separator][vc_empty_space][vc_row_inner][vc_column_inner width=\u00a0\u00bb1\/3&Prime;][vc_icon icon_fontawesome=\u00a0\u00bbfas fa-link\u00a0\u00bb align=\u00a0\u00bbcenter\u00a0\u00bb link=\u00a0\u00bburl:https%3A%2F%2Fbelux.edmo.eu\u00a0\u00bb][\/vc_column_inner][vc_column_inner width=\u00a0\u00bb1\/3&Prime;][vc_icon icon_fontawesome=\u00a0\u00bbfab fa-twitter\u00a0\u00bb align=\u00a0\u00bbcenter\u00a0\u00bb link=\u00a0\u00bburl:https%3A%2F%2Ftwitter.com%2FEdmo_Belux\u00a0\u00bb][\/vc_column_inner][vc_column_inner width=\u00a0\u00bb1\/3&Prime;][vc_icon icon_fontawesome=\u00a0\u00bbfab fa-linkedin\u00a0\u00bb align=\u00a0\u00bbcenter\u00a0\u00bb link=\u00a0\u00bburl:https%3A%2F%2Fwww.linkedin.com%2Fshowcase%2Fedmo-belux%2F\u00a0\u00bb][\/vc_column_inner][\/vc_row_inner][\/vc_tta_section][vc_tta_section title=\u00a0\u00bbDisinfoCheck Roundup avril 2023&Prime; tab_id=\u00a0\u00bb1688645496542-70f61a9b-2add\u00a0\u00bb][vc_custom_heading text=\u00a0\u00bbDisinfoCheck Roundup avril 2023&Prime; font_container=\u00a0\u00bbtag:h1|text_align:center\u00a0\u00bb use_theme_fonts=\u00a0\u00bbyes\u00a0\u00bb][vc_custom_heading text=\u00a0\u00bbEdito\u00a0\u00bb font_container=\u00a0\u00bbtag:h2|text_align:center|color:%23ffcb05&Prime; use_theme_fonts=\u00a0\u00bbyes\u00a0\u00bb][vc_empty_space height=\u00a0\u00bb10px\u00a0\u00bb][vc_column_text]Bienvenue dans ce nouveau num\u00e9ro du DisinfoCheck Roundup, la newsletter qui regorge d\u2019actualit\u00e9s, de fact-checks et de nouvelles \u00e0 propos de la recherche sur la d\u00e9sinformation en Belgique et au Luxembourg.<\/p>\n<p>Dans ce num\u00e9ro, nous avons d\u00e9cid\u00e9 de mettre l\u2019\u00e9ducation aux m\u00e9dias \u00e0 l\u2019honneur. D\u00e9sormais, vous trouverez sur notre site Web un aper\u00e7u des <a href=\"https:\/\/belux.edmo.eu\/fr\/education-aux-medias\/outils-educatifs\/\" target=\"_blank\" rel=\"noopener\">meilleurs outils \u00e9ducatifs<\/a> disponibles en Belgique et au Luxembourg pour aider les enseignants, les biblioth\u00e9caires, les travailleurs dans le secteur de la jeunesse et les \u00e9ducateurs \u00e0 rendre leur public cible plus critique face \u00e0 la d\u00e9sinformation. Notre site Web dispose \u00e9galement d\u2019une nouvelle section intitul\u00e9e <a href=\"https:\/\/belux.edmo.eu\/fr\/education-aux-medias\/apercus-de-leducation-aux-medias\/\" target=\"_blank\" rel=\"noopener\">\u00ab Aper\u00e7us de l\u2019\u00e9ducation aux m\u00e9dias \u00bb<\/a>, o\u00f9 nous partageons des ressources fond\u00e9es sur des exp\u00e9riences et connaissances nouvelles ou rigoureusement pass\u00e9es au crible, que nous aborderons notamment lors de la <a href=\"https:\/\/edmo.eu\/2023\/02\/14\/edmo-2023-annual-conference\/\" target=\"_blank\" rel=\"noopener\">conf\u00e9rence annuelle EDMO du 25 mai prochain<\/a>.<\/p>\n<p>Vous trouverez \u00e9galement dans ce num\u00e9ro un aper\u00e7u des fact-checks les plus populaires des premiers mois de 2023, un retour sur certaines de nos activit\u00e9s en ligne et hors ligne, comme la formation sur l\u2019\u00e9ducation aux m\u00e9dias organis\u00e9e en Belgique francophone et les premiers \u00ab Lunch Lectures \u00bb, un nouveau concept de r\u00e9unions informelles autour des th\u00e8mes de la recherche sur la d\u00e9sinformation, la polarisation et la num\u00e9risation. Le prochain Lunch Lecture aura lieu le <a href=\"https:\/\/belux.edmo.eu\/fr\/event-edmo-belux-lunch-lecture-16-may-2023\/\" target=\"_blank\" rel=\"noopener\">16 mai<\/a>.<\/p>\n<p>Bonne lecture\u00a0!<\/p>\n<p><em>Bert Pieters, sp\u00e9cialiste de la d\u00e9sinformation, de la polarisation et de la haine en ligne chez Mediawijs, coordinateur des activit\u00e9s relatives \u00e0 l\u2019\u00e9ducation aux m\u00e9dias chez EDMO\u00a0BELUX<\/em>[\/vc_column_text][vc_empty_space height=\u00a0\u00bb10px\u00a0\u00bb][vc_separator][vc_empty_space][vc_custom_heading text=\u00a0\u00bbActualit\u00e9s d\u2019EDMO BELUX\u00a0\u00bb font_container=\u00a0\u00bbtag:h2|text_align:center|color:%23ffcb05&Prime; use_theme_fonts=\u00a0\u00bbyes\u00a0\u00bb][vc_empty_space height=\u00a0\u00bb10px\u00a0\u00bb][vc_column_text]<\/p>\n<ul>\n<li>Nous sommes confront\u00e9s \u00e0 des m\u00e9dias d\u2019information de plus en plus complexes et en constante \u00e9volution, qui nous obligent \u00e0 nous familiariser avec les enjeux de l\u2019actualit\u00e9, des faits et des opinions. EDMO BELUX a rassembl\u00e9 toutes sortes d\u2019outils p\u00e9dagogiques utilis\u00e9s en Belgique et au Luxembourg pour aider les enseignants et les \u00e9ducateurs \u00e0 rendre les jeunes et les adultes plus critiques face \u00e0 la d\u00e9sinformation. Vous pouvez les retrouver en <a href=\"https:\/\/belux.edmo.eu\/fr\/education-aux-medias\/outils-educatifs\/\" target=\"_blank\" rel=\"noopener\">fran\u00e7ais<\/a>, en <a href=\"https:\/\/belux.edmo.eu\/nl\/mediawijsheid\/educatieve-tools\/\" target=\"_blank\" rel=\"noopener\">n\u00e9erlandais<\/a> et en <a href=\"https:\/\/belux.edmo.eu\/media-literacy\/educational-tools\/\" target=\"_blank\" rel=\"noopener\">anglais<\/a> sur le site Web d\u2019EDMO\u00a0BELUX.<\/li>\n<li>Une nouvelle \u00e9tude d&rsquo;EDMO BELUX &amp; EU DisinfoLab analyse les flux de d\u00e9sinformation climatique en Belgique. Lisez-la <a href=\"https:\/\/belux.edmo.eu\/fr\/dont-stop-me-now-the-growing-disinformation-threat-against-climate-change-in-belgium\/\" target=\"_blank\" rel=\"noopener\">ici<\/a>.<\/li>\n<li>En mars, nous avons donn\u00e9 le coup d\u2019envoi des <a href=\"https:\/\/belux.edmo.eu\/fr\/event-edmo-belux-lunch-lectures\/\" target=\"_blank\" rel=\"noopener\">Lunch Lectures<\/a> EDMO BELUX, un concept de r\u00e9unions informelles autour des th\u00e8mes de la d\u00e9sinformation, de l\u2019incitation \u00e0 la haine, de la polarisation et de la num\u00e9risation. Lors de la premi\u00e8re \u00e9dition, Gr\u00e9goire Lits, de l\u2019UCLouvain, nous a expliqu\u00e9 ce qu\u2019est la vuln\u00e9rabilit\u00e9 informationnelle et comment la mesurer, et lors de la deuxi\u00e8me, Brecht Castel nous a parl\u00e9 de l\u2019open source intelligence, ou OSINT. Vous pouvez visionner les enregistrements de ces s\u00e9ances <a href=\"https:\/\/t.co\/urssnMVbbz\" target=\"_blank\" rel=\"noopener\">ici<\/a> et <a href=\"https:\/\/youtu.be\/tZuUdP3IX9M\" target=\"_blank\" rel=\"noopener\">ici<\/a>. Ne manquez pas notre prochain Lunch Lecture du 16 mai. Vous pouvez vous y inscrire <a href=\"https:\/\/belux.edmo.eu\/fr\/event-edmo-belux-lunch-lecture-16-may-2023\/\" target=\"_blank\" rel=\"noopener\">ici<\/a>!<\/li>\n<\/ul>\n<p>[\/vc_column_text][vc_empty_space height=\u00a0\u00bb10px\u00a0\u00bb][vc_separator][vc_empty_space][vc_custom_heading text=\u00a0\u00bbLe coin des fact-checkers\u00a0\u00bb font_container=\u00a0\u00bbtag:h2|text_align:center|color:%23ffcb05&Prime; use_theme_fonts=\u00a0\u00bbyes\u00a0\u00bb][vc_empty_space height=\u00a0\u00bb10px\u00a0\u00bb][vc_column_text]Depuis le d\u00e9but du projet, nos fact-checkers partenaires, \u00e0 savoir l\u2019AFP, la RTBF et RTL Luxembourg, ont publi\u00e9\u00a0<b>624<\/b> fact-checks dans les cinq langues couvertes par EDMO BELUX! Les terribles tremblements de terre qui ont d\u00e9vast\u00e9 la Turquie et la Syrie ont g\u00e9n\u00e9r\u00e9 \u00e9norm\u00e9ment de d\u00e9sinformation et, par voie de cons\u00e9quence, beaucoup de fact-checks. La guerre en Ukraine reste \u00e9galement \u00e0 la une de l\u2019actualit\u00e9, tout comme la pand\u00e9mie de COVID-19.<\/p>\n<p>Dans cette rubrique, nous mettons en avant le dernier fact-check le plus consult\u00e9 dans chaque langue. Rendez-vous sur notre site Web pour d\u00e9couvrir d\u2019autres <a href=\"https:\/\/belux.edmo.eu\/fr\/fact-checking\/\" target=\"_blank\" rel=\"noopener\">fact-checks<\/a>![\/vc_column_text][vc_custom_heading text=\u00a0\u00bbAvez-vous consult\u00e9 nos meilleurs fact-checks ?\u00a0\u00bb font_container=\u00a0\u00bbtag:h4|text_align:left\u00a0\u00bb use_theme_fonts=\u00a0\u00bbyes\u00a0\u00bb][vc_raw_html]JTVCd3BkYXRhdGFibGUlMjBpZCUzRDE4JTVE[\/vc_raw_html][vc_empty_space height=\u00a0\u00bb10px\u00a0\u00bb][vc_separator][vc_empty_space][vc_custom_heading text=\u00a0\u00bbLe saviez-vous ?\u00a0\u00bb font_container=\u00a0\u00bbtag:h2|text_align:center|color:%23ffcb05&Prime; use_theme_fonts=\u00a0\u00bbyes\u00a0\u00bb][vc_empty_space height=\u00a0\u00bb10px\u00a0\u00bb][vc_column_text]<\/p>\n<ul>\n<li>Le num\u00e9rique fait d\u00e9sormais partie int\u00e9grante de notre vie, et c\u2019est bien pratique ! Mais nous devons n\u00e9anmoins nous montrer prudents&#8230; Il suffit de penser aux hackers qui n\u2019aspirent qu\u2019\u00e0 une chose : voler nos donn\u00e9es. Mediawijs, un partenaire d\u2019EDMO BELUX, a d\u00e9velopp\u00e9 l\u2019ensemble d\u2019outils p\u00e9dagogiques EDUbox Cybers\u00e9curit\u00e9 en collaboration avec imec vzw, la Cyber Security Coalition, DNS Belgium, Digital for Youth, brightlab et le Centre pour la Cybers\u00e9curit\u00e9 Belgique. Gr\u00e2ce \u00e0 EDUbox, les jeunes prennent la bonne habitude de se prot\u00e9ger des cybercriminels. Disponible en <a href=\"https:\/\/www.vrt.be\/nl\/edubox\/catalogus\/#cybersecurity\" target=\"_blank\" rel=\"noopener\">n\u00e9erlandais<\/a> et en <a href=\"https:\/\/www.vrt.be\/nl\/edubox\/catalogus\/#cybersecurite\" target=\"_blank\" rel=\"noopener\">fran\u00e7ais<\/a>.<\/li>\n<li>Aujourd\u2019hui, ce sont des algorithmes qui d\u00e9terminent le plus souvent les vid\u00e9os, les messages ou les profils que nous sommes amen\u00e9s \u00e0 voir en ligne. CrossOver, un projet men\u00e9 par EU DisinfoLab, partenaire d\u2019EDMO BELUX, en collaboration avec Savoir Devenir, Apache et CheckFirst, a mis au point un ensemble d\u2019outils p\u00e9dagogiques destin\u00e9s \u00e0 familiariser les \u00e9tudiants avec le monde des algorithmes. Les articles, podcasts, quiz et affiches sont disponibles en <a href=\"https:\/\/belux.edmo.eu\/crossover-educational-toolkit-on-algorithms\/\" target=\"_blank\" rel=\"noopener\">anglais<\/a> et en <a href=\"https:\/\/belux.edmo.eu\/nl\/crossover-educatieve-toolkit-over-algoritmes\/\" target=\"_blank\" rel=\"noopener\">n\u00e9erlandais<\/a>.<\/li>\n<li>En vue de cartographier le paysage de l\u2019\u00e9ducation aux m\u00e9dias en Europe, EDMO cr\u00e9e, pour chaque pays, un profil donnant un aper\u00e7u de l\u2019offre nationale d\u2019\u00e9ducation aux m\u00e9dias, dont des informations sur les politiques nationales, les principales parties prenantes et la place occup\u00e9e par l\u2019\u00e9ducation aux m\u00e9dias au sein et en dehors du parcours scolaire formel dans le pays. De nouveaux pays, dont la Belgique, ont \u00e9t\u00e9 r\u00e9cemment ajout\u00e9s \u00e0 la carte. Pour y jeter un \u0153il, c\u2019est par <a href=\"https:\/\/edmo.eu\/media-literacy\/media-literacy-repository\/\" target=\"_blank\" rel=\"noopener\">ici<\/a>!<\/li>\n<li>De nouvelles directives pour les enqu\u00eates OSINT d\u2019int\u00e9r\u00eat public ont \u00e9t\u00e9 \u00e9labor\u00e9es dans le cadre du projet European Fact-Checking Standards Network (EFCSN). Ces directives non contraignantes apportent aux organisations qui m\u00e8nent des enqu\u00eates de sources ouvertes un cadre de bonnes pratiques et la possibilit\u00e9 d\u2019analyser et \u00e9ventuellement d\u2019affiner leur m\u00e9thodologie, leurs comp\u00e9tences et leur documentation. D\u00e9couvrez tout ce que vous devez savoir sur les directives OSINT. Visionnez l\u2019enregistrement du webinaire o\u00f9 elles ont \u00e9t\u00e9 pr\u00e9sent\u00e9es <a href=\"https:\/\/obsint.eu\/events\/discover-the-osint-guidelines-webinar-replay\/\" target=\"_blank\" rel=\"noopener\">ici!<\/a><\/li>\n<li>Action M\u00e9dias Jeunes, une organisation de jeunesse d\u2019\u00e9ducation aux m\u00e9dias s\u2019adressant aux jeunes de la F\u00e9d\u00e9ration Wallonie Bruxelles, a cr\u00e9\u00e9 un nouvel outil \u00e9ducatif incitant les jeunes \u00e0 adopter une attitude critique face \u00e0 l\u2019information et exposant les r\u00e9alit\u00e9s du m\u00e9tier de journaliste. D\u00e9couvrez-en plus <a href=\"https:\/\/www.lalibre.be\/belgique\/enseignement\/2023\/03\/09\/contre-les-fake-news-un-nouvel-outil-pedagogique-pour-reflechir-a-lusage-des-medias-XUAZ3NZBKBFRFMAXDGFW3LNAA4\/\" target=\"_blank\" rel=\"noopener\">ici<\/a> et t\u00e9l\u00e9chargez gratuitement l\u2019outil \u00ab C\u2019est pas sourc\u00e9 \u00bb <a href=\"https:\/\/www.actionmediasjeunes.be\/ateliers\/cest-pas-source\/\" target=\"_blank\" rel=\"noopener\">ici<\/a>. Les partenaires du hub belgo-n\u00e9erlandais d\u2019EDMO, BENEDMO, ont travaill\u00e9 main dans la main pour enqu\u00eater sur le soi-disant dispositif de sant\u00e9 Healy et sur la strat\u00e9gie de vente qui y \u00e9tait associ\u00e9e. Ce bo\u00eetier de \u00ab th\u00e9rapie fr\u00e9quentielle \u00bb est commercialis\u00e9 sous la promesse qu\u2019il gu\u00e9rit toutes sortes de probl\u00e8mes m\u00e9dicaux, mais l\u2019\u00e9tude d\u00e9montre qu\u2019il ne sert \u00e0 rien du tout. D\u00e9couvrez-en plus <a href=\"https:\/\/benedmo.eu\/2023\/03\/29\/samenwerking-benedmo-partners-rond-fake-gezondheidsapp-healy\/\" target=\"_blank\" rel=\"noopener\">ici<\/a> (en n\u00e9erlandais)!<\/li>\n<\/ul>\n<p>[\/vc_column_text][vc_empty_space height=\u00a0\u00bb10px\u00a0\u00bb][vc_separator][vc_empty_space][vc_custom_heading text=\u00a0\u00bb\u00c9v\u00e9nements et annonces\u00a0\u00bb font_container=\u00a0\u00bbtag:h2|text_align:center|color:%23ffcb05&Prime; use_theme_fonts=\u00a0\u00bbyes\u00a0\u00bb][vc_empty_space height=\u00a0\u00bb10px\u00a0\u00bb][vc_column_text]<strong>\u00c9v\u00e9nements \u00e0 venir\u00a0:<\/strong><\/p>\n<ul>\n<li>La <a href=\"https:\/\/edmo.eu\/2023\/02\/14\/edmo-2023-annual-conference\/\" target=\"_blank\" rel=\"noopener\">conf\u00e9rence annuelle EDMO 2023<\/a>\u00a0se tiendra le 25\u00a0mai \u00e0 Bruxelles. Bloquez d\u2019ores et d\u00e9j\u00e0 la date dans votre agenda. Nous reviendrons bient\u00f4t avec des informations pratiques et un lien pour vous y inscrire\u00a0!<\/li>\n<li>Le 13 juin, Tom Willaert, de la VUB, donnera un expos\u00e9 dans le cadre d\u2019un \u00e9v\u00e9nement conjoint de <a href=\"https:\/\/defacto-observatoire.fr\/\" target=\"_blank\" rel=\"noopener\">De Facto<\/a>\u00a0et d\u2019EDMO\u00a0BELUX sur le th\u00e8me des \u00ab\u00a0r\u00e9cits et possibilit\u00e9s offertes par les plateformes\u00a0\u00bb \u00e0 SciencesPo m\u00e9dialab, Paris. Bloquez la date\u00a0!<\/li>\n<li>Le 29 juin, la Commission europ\u00e9enne et les projets de recherche AI4media, AI4Trust, TITAN et vera.ai organiseront une conf\u00e9rence d\u2019une journ\u00e9e \u00e0 Bruxelles <a href=\"https:\/\/www.veraai.eu\/posts\/brussels-event-june-2023-future-of-ai\" target=\"_blank\" rel=\"noopener\">sur l\u2019avenir de l\u2019IA<\/a> et sa contribution dans la lutte contre la d\u00e9sinformation. Les informations et le lien pour l\u2019inscription suivront bient\u00f4t\u00a0!<\/li>\n<\/ul>\n<p><strong>\u00c9v\u00e9nements pass\u00e9s\u00a0:<\/strong><\/p>\n<ul>\n<li>EDMO BELUX a d\u00e9j\u00e0 organis\u00e9 deux formations sur l\u2019\u00e9ducation aux m\u00e9dias. Jetez un \u0153il \u00e0 ce qui s\u2019y est pass\u00e9 en <a href=\"https:\/\/belux.edmo.eu\/news-in-the-classroom-training-event-for-teachers\/\" target=\"_blank\" rel=\"noopener\">Flandre<\/a> et du <a href=\"https:\/\/belux.edmo.eu\/analysing-tools-against-disinformation-edmo-belux-workshops\/\" target=\"_blank\" rel=\"noopener\">c\u00f4t\u00e9 francophone de la Belgique<\/a>.\u00a0Et pr\u00e9parez-vous pour la formation qui aura lieu au Luxembourg en juin. Informations pratiques \u00e0 suivre\u00a0!<\/li>\n<li>Le 28 f\u00e9vrier, EDMO BELUX et le projet CrossOver ont organis\u00e9 ensemble un <a href=\"https:\/\/belux.edmo.eu\/event-crossover-edmo-belux-webinar-is-china-trying-to-control-the-narrative-about-xinjiang-on-google-news\/\" target=\"_blank\" rel=\"noopener\">webinaire<\/a> afin de pr\u00e9senter l\u2019\u00e9tude du paysage m\u00e9diatique belge tel qu\u2019il est agr\u00e9g\u00e9 par Google News. Cette \u00e9tude montre les articles mis en avant sur la base d\u2019une s\u00e9lection de mots cl\u00e9s choisis par CrossOver et ceux qui ont \u00e9t\u00e9 les plus donn\u00e9s \u00e0 voir aux utilisateurs belges. Visionnez l\u2019enregistrement de ce webinaire <a href=\"https:\/\/t.co\/5eodwWMFXd\" target=\"_blank\" rel=\"noopener\">ici<\/a> et consultez l\u2019\u00e9tude de CrossOver <a href=\"https:\/\/crossover.social\/is-china-trying-to-control-the-narrative-about-xinjiang-on-google-news\/\" target=\"_blank\" rel=\"noopener\">ici<\/a>.<\/li>\n<li>Le 15 mars, le laboratoire de recherche Engage et l\u2019\u00e9quipe d\u2019EDMO BELUX ont accueilli Alban Tartari, de l\u2019Universit\u00e9 de Tirana, venu faire un expos\u00e9 sur la production et la circulation de la d\u00e9sinformation dans les Balkans occidentaux, \u00e0 l\u2019occasion d\u2019un webinaire intitul\u00e9 <a href=\"https:\/\/belux.edmo.eu\/event-fake-news-in-the-western-balkans-tackling-disinformation-at-the-sidelines-of-the-european-union-15-march-2023\/\" target=\"_blank\" rel=\"noopener\">\u00ab Fake News in the Western Balkans: tackling disinformation at the sidelines of the European Union \u00bb.<\/a> Retrouvez la pr\u00e9sentation <a href=\"https:\/\/belux-edmo.s3-accelerate.amazonaws.com\/wp-content\/uploads\/2023\/03\/20230315-webinar-Tartari-Engage-EDMOBELUX.pdf\" target=\"_blank\" rel=\"noopener\">ici<\/a>.<\/li>\n<li>Dans le cadre de ses webinaires du mercredi sur l\u2019\u00e9ducation num\u00e9rique et aux m\u00e9dias en Europe, Media &amp; Learning a organis\u00e9 deux webinaires pour pr\u00e9senter le travail effectu\u00e9 par les hubs d\u2019EDMO sur l\u2019\u00e9ducation num\u00e9rique et aux m\u00e9dias et pour identifier des domaines d\u2019int\u00e9r\u00eat commun. D\u00e9couvrez-en plus <a href=\"https:\/\/media-and-learning.eu\/event\/media-literacy-at-the-national-and-regional-level-supported-by-the-edmo-hubs-part-1\/\" target=\"_blank\" rel=\"noopener\">ici<\/a> et <a href=\"https:\/\/media-and-learning.eu\/event\/media-literacy-at-the-national-and-regional-level-supported-by-the-edmo-hubs-part-2\/\" target=\"_blank\" rel=\"noopener\">ici<\/a>.<\/li>\n<\/ul>\n<p>[\/vc_column_text][vc_empty_space height=\u00a0\u00bb10px\u00a0\u00bb][vc_separator][vc_empty_space][vc_custom_heading text=\u00a0\u00bbPublications\u00a0\u00bb font_container=\u00a0\u00bbtag:h2|text_align:center|color:%23ffcb05&Prime; use_theme_fonts=\u00a0\u00bbyes\u00a0\u00bb][vc_empty_space height=\u00a0\u00bb10px\u00a0\u00bb][vc_column_text]The Propagation of Misinformation in Social Media. A Cross-platform Analysis \u2013 Un nouvel <a href=\"https:\/\/www.aup.nl\/en\/book\/9789463720762\/the-propagation-of-misinformation-in-social-media#toc\" target=\"_blank\" rel=\"noopener\">ouvrage publi\u00e9 par Tom Willaert, partenaire d\u2019EDMO\u00a0BELUX, et ses coll\u00e8gues<\/a> (en anglais).<\/p>\n<p>Retrouvez <a href=\"https:\/\/belux.edmo.eu\/fr\/about-us\/actualites-et-evenements\/\" target=\"_blank\" rel=\"noopener\">nos actualit\u00e9s et \u00e9v\u00e9nements<\/a> et nos <a href=\"https:\/\/belux.edmo.eu\/fr\/recherche\/\" target=\"_blank\" rel=\"noopener\">recherches et publications<\/a> sur le site Web d\u2019EDMO BELUX ![\/vc_column_text][vc_separator][vc_empty_space][vc_row_inner][vc_column_inner width=\u00a0\u00bb1\/3&Prime;][vc_icon icon_fontawesome=\u00a0\u00bbfas fa-link\u00a0\u00bb align=\u00a0\u00bbcenter\u00a0\u00bb link=\u00a0\u00bburl:https%3A%2F%2Fbelux.edmo.eu\u00a0\u00bb][\/vc_column_inner][vc_column_inner width=\u00a0\u00bb1\/3&Prime;][vc_icon icon_fontawesome=\u00a0\u00bbfab fa-twitter\u00a0\u00bb align=\u00a0\u00bbcenter\u00a0\u00bb link=\u00a0\u00bburl:https%3A%2F%2Ftwitter.com%2FEdmo_Belux\u00a0\u00bb][\/vc_column_inner][vc_column_inner width=\u00a0\u00bb1\/3&Prime;][vc_icon icon_fontawesome=\u00a0\u00bbfab fa-linkedin\u00a0\u00bb align=\u00a0\u00bbcenter\u00a0\u00bb link=\u00a0\u00bburl:https%3A%2F%2Fwww.linkedin.com%2Fshowcase%2Fedmo-belux%2F\u00a0\u00bb][\/vc_column_inner][\/vc_row_inner][\/vc_tta_section][vc_tta_section title=\u00a0\u00bbDisinfoCheck Roundup f\u00e9vrier 2023&Prime; tab_id=\u00a0\u00bb1682331473707-95c1dbe5-8f16&Prime;][vc_custom_heading text=\u00a0\u00bbDisinfoCheck Roundup f\u00e9vrier 2023&Prime; font_container=\u00a0\u00bbtag:h1|text_align:center\u00a0\u00bb use_theme_fonts=\u00a0\u00bbyes\u00a0\u00bb][vc_custom_heading text=\u00a0\u00bbEdito\u00a0\u00bb font_container=\u00a0\u00bbtag:h2|text_align:center|color:%23ffcb05&Prime; use_theme_fonts=\u00a0\u00bbyes\u00a0\u00bb][vc_empty_space height=\u00a0\u00bb10px\u00a0\u00bb][vc_column_text]<\/p>\n<p class=\"p1\">Bienvenue dans le deuxi\u00e8me num\u00e9ro de la newsletter d\u2019EDMO\u00a0BELUX, le <a href=\"https:\/\/belux.edmo.eu\/our-newsletters-archive\/\" target=\"_blank\" rel=\"noopener\"><span class=\"s1\">DisinfoCheck Roundup<\/span><\/a>. Cette newsletter rassemble des \u00e9tudes, des ressources et des rapports pertinents sur la d\u00e9sinformation en Belgique et au Luxembourg. Elle est disponible dans toutes les langues couvertes par notre hub (fran\u00e7ais, n\u00e9erlandais, allemand, luxembourgeois et anglais).<\/p>\n<p class=\"p1\">2022 a \u00e9t\u00e9 une grande ann\u00e9e pour les membres d\u2019EDMO\u00a0BELUX. Nos fact-checkers partenaires ont en effet d\u00e9j\u00e0 publi\u00e9 plus de 400\u00a0fact-checks dans les cinq langues que nous traitons. Notre \u00e9quipe de recherche a publi\u00e9 sa premi\u00e8re s\u00e9rie de rapports, ainsi que des \u00e9tudes pouss\u00e9es, tandis que nos experts en \u00e9ducation aux m\u00e9dias ont travaill\u00e9 sur un r\u00e9f\u00e9rentiel de mat\u00e9riel d\u2019\u00e9ducation aux m\u00e9dias et sur des formations. Nous ne comptons bien s\u00fbr pas nous arr\u00eater en si bon chemin et avons bien l\u2019intention de publier davantage de contenu en\u00a02023, dans l\u2019espoir de nourrir le d\u00e9bat au sein de notre hub, avec d\u2019autres hubs du r\u00e9seau <a href=\"https:\/\/edmo.eu\/\" target=\"_blank\" rel=\"noopener\"><span class=\"s1\">EDMO<\/span><\/a> et au sein de notre communaut\u00e9 au sens large.<\/p>\n<p class=\"p1\">Dans cette newsletter, vous trouverez un r\u00e9sum\u00e9 de nos r\u00e9centes publications, dont celui du dernier article publi\u00e9 par EDMO\u00a0BELUX, intitul\u00e9 \u00ab\u00a0Le groupe antivax am\u00e9ricain Children\u2019s Health Defense \u00e9tend ses tentacules en Europe\u00a0\u00bb. Dans la rubrique \u00ab\u00a0Le coin des fact-checkers\u00a0\u00bb, vous trouverez des fake news d\u00e9mont\u00e9es, comme celle des convertis \u00e0 l\u2019islam en marge de la Coupe du Monde de football au Qatar, la v\u00e9ritable histoire qui se cache sous les \u00ab\u00a0Twitter Files\u00a0\u00bb\u00a0\u2013 tels que les a appel\u00e9s Elon Musk\u00a0\u2013, ainsi que des fact-checks relatifs au Forum \u00e9conomique mondial et \u00e0 la pand\u00e9mie de COVID-19. Dans la rubrique \u00ab\u00a0Publications\u00a0\u00bb, vous trouverez le lien vers l\u2019\u00e9tude pouss\u00e9e de CrossOver qui se penche sur la mani\u00e8re dont les r\u00e9cits officiels russes se mettent \u00e0 circuler sur Twitter d\u00e8s qu\u2019il est question de \u00ab\u00a0nazis\u00a0\u00bb sur le r\u00e9seau social, ainsi que les liens vers les r\u00e9sum\u00e9s de la premi\u00e8re s\u00e9rie de rapports scientifiques d\u2019EDMO\u00a0BELUX. Enfin, n\u2019oubliez pas de consulter les annonces et les \u00e9v\u00e9nements \u00e0 venir.<\/p>\n<p class=\"p2\">Bonne lecture\u00a0!<\/p>\n<p class=\"p2\"><em>Victor Wiard, chercheur post-doctoral \u00e0 l\u2019Universit\u00e9 Saint-Louis\u00a0\u2013 Bruxelles, principal partenaire des activit\u00e9s de recherche d\u2019EDMO\u00a0BELUX\u00a0<\/em><\/p>\n<p>[\/vc_column_text][vc_empty_space height=\u00a0\u00bb10px\u00a0\u00bb][vc_separator][vc_empty_space][vc_custom_heading text=\u00a0\u00bbActualit\u00e9s d\u2019EDMO BELUX\u00a0\u00bb font_container=\u00a0\u00bbtag:h2|text_align:center|color:%23ffcb05&Prime; use_theme_fonts=\u00a0\u00bbyes\u00a0\u00bb][vc_empty_space height=\u00a0\u00bb10px\u00a0\u00bb][vc_column_text]<\/p>\n<ul class=\"ul1\">\n<li class=\"li1\"><b>Le groupe antivax am\u00e9ricain Children\u2019s Health Defense \u00e9tend ses tentacules en Europe. <\/b>Cette <a href=\"https:\/\/belux.edmo.eu\/fr\/le-groupe-antivax-americain-childrens-health-defense-etend-ses-tentacules-en-europe\/\" target=\"_blank\" rel=\"noopener\">\u00e9tude<\/a> analyse les efforts d\u00e9ploy\u00e9s par le mouvement antivax de Robert\u00a0Kennedy\u00a0Jr, Children\u2019s Health Defense, pour \u00e9tendre ses activit\u00e9s en Europe, principalement au d\u00e9part de Bruxelles.<\/li>\n<li class=\"li1\"><b>Analyse \u00e9conomique\u00a0: Un cadre pour mesurer la viabilit\u00e9 financi\u00e8re du march\u00e9 des m\u00e9dias d\u2019information en lien avec la d\u00e9sinformation\u00a0\u2013 R\u00e9sum\u00e9 de D3.1.1.<\/b> Cette <a href=\"https:\/\/belux.edmo.eu\/a-framework-for-measuring-news-media-markets-financial-viability-in-relation-to-disinformation-d3-1-1\/\" target=\"_blank\" rel=\"noopener\"><span class=\"s1\">composante de recherche<\/span><\/a> vise \u00e0 contr\u00f4ler la viabilit\u00e9 financi\u00e8re du secteur des m\u00e9dias d\u2019information en Belgique et au Luxembourg et \u00e0 \u00e9tablir une matrice de contr\u00f4le s\u2019appuyant sur des indicateurs li\u00e9s aux revenus tir\u00e9s de la publicit\u00e9 et des abonnements, aux aides publiques (in)directes et \u00e0 la philanthropie. Les chercheurs d\u2019EDMO\u00a0BELUX pr\u00e9sentent le fondement conceptuel de cette t\u00e2che.<span class=\"Apple-converted-space\">\u00a0 \u00a0<\/span><\/li>\n<\/ul>\n<ul class=\"ul1\">\n<li class=\"li1\"><b>\u00c9tude quantitative\u00a0: Qui est vuln\u00e9rable \u00e0 la d\u00e9sinformation (politique)\u00a0? R\u00e9sultats obtenus en Flandre, Belgique\u00a0\u2013 R\u00e9sum\u00e9 de D3.2.1. <\/b>Dans cette <a href=\"https:\/\/belux.edmo.eu\/fr\/qui-est-vulnerable-a-la-desinformation-politique-resultats-obtenus-en-flandre-belgique-resume-de-d3-2-1\/\" target=\"_blank\" rel=\"noopener\"><span class=\"s1\">\u00e9tude<\/span><\/a>, les chercheurs d\u2019EDMO\u00a0BELUX examinent les profils de vuln\u00e9rabilit\u00e9 \u00e0 la d\u00e9sinformation parmi les citoyens de Flandre, la plus grande r\u00e9gion de Belgique. L\u2019\u00e9tude se penche tout d\u2019abord sur la mesure dans laquelle les caract\u00e9ristiques sociod\u00e9mographiques et les attitudes sociopolitiques des citoyens nous aident \u00e0 d\u00e9couvrir lesquels, parmi eux, sont plus (ou moins) enclins \u00e0 croire de fausses informations. Ensuite, elle se concentre sur l\u2019effet de l\u2019exposition \u00e0 la d\u00e9sinformation en ligne.<\/li>\n<\/ul>\n<ul class=\"ul1\">\n<li class=\"li1\"><b>\u00c9tude qualitative\u00a0: Th\u00e9ories profanes des troubles info-d\u00e9mocratiques\u00a0\u2013 R\u00e9sultats pr\u00e9liminaires d\u2019une \u00e9tude qualitative des publics belges et luxembourgeois\u00a0\u2013 R\u00e9sum\u00e9 de D3.2.2.<\/b> Dans cette <a href=\"https:\/\/belux.edmo.eu\/fr\/theories-profanes-des-troubles-info-democratiques-resultats-preliminaires-dune-etude-qualitative-des-publics-belges-et-luxembourgeois-resume-de-d3-2-2\/\" target=\"_blank\" rel=\"noopener\"><span class=\"s1\">\u00e9tude<\/span><\/a>, les chercheurs EDMO\u00a0BELUX fournissent une analyse pr\u00e9liminaire des th\u00e9ories profanes relatives aux troubles info-d\u00e9mocratiques en Belgique et au Luxembourg. L\u2019\u00e9tude cherche \u00e0 comprendre comment le public th\u00e9orise les troubles li\u00e9s \u00e0 l\u2019information et \u00e0 la d\u00e9mocratie et s\u2019appuie sur une m\u00e9thodologie qualitative bas\u00e9e sur des entretiens semi-directifs men\u00e9s avec des informateurs en Belgique et au Luxembourg.<\/li>\n<\/ul>\n<ul class=\"ul1\">\n<li class=\"li1\"><b>Analyse politique\u00a0: Contr\u00f4le des politiques en Belgique, au Luxembourg et sur les plateformes<\/b>. L\u2019\u00e9quipe de recherche d\u2019EDMO\u00a0BELUX s\u2019est pench\u00e9e sur les <a href=\"https:\/\/belux.edmo.eu\/fr\/controle-des-politiques-mises-en-place-par-les-plateformes-resume-de-d3-3-1\/\" target=\"_blank\" rel=\"noopener\"><span class=\"s1\">aspects politiques de la lutte contre la d\u00e9sinformation en Belgique et au Luxembourg<\/span><\/a>. Ce volet de la recherche a donn\u00e9 lieu non pas \u00e0 un, mais \u00e0 trois articles, intitul\u00e9s\u00a0:<\/li>\n<\/ul>\n<ul class=\"ul1\">\n<li class=\"li1\"><b>Pas de chance si vous \u00eates au BELUX\u00a0? R\u00e9ponses des plateformes face \u00e0 la d\u00e9sinformation en Belgique et au Luxembourg.<\/b> <span class=\"Apple-converted-space\">\u00a0 <\/span>Cet <a href=\"https:\/\/belux.edmo.eu\/fr\/pas-de-chance-si-vous-etes-au-belux-reponses-des-plateformes-a-la-desinformation-en-belgique-et-au-luxembourg\/\" target=\"_blank\" rel=\"noopener\"><span class=\"s1\">article<\/span><\/a> de Samuel\u00a0Cipers et Trisha\u00a0Meyer examine les mesures prises par les plateformes pour lutter contre la d\u00e9sinformation en ligne en Belgique et au Luxembourg. Vous pouvez acc\u00e9der \u00e0 l\u2019article (en anglais) via <a href=\"https:\/\/belux.edmo.eu\/fr\/pas-de-chance-si-vous-etes-au-belux-reponses-des-plateformes-a-la-desinformation-en-belgique-et-au-luxembourg\/\" target=\"_blank\" rel=\"noopener\"><span class=\"s1\">cette page<\/span><\/a>.<\/li>\n<li class=\"li1\"><b>Qu\u2019est-ce qui est politique\u00a0? Les efforts non coordonn\u00e9s des plateformes en mati\u00e8re de publicit\u00e9 politique.<\/b><span class=\"Apple-converted-space\">\u00a0 <\/span>Cet <a href=\"https:\/\/belux.edmo.eu\/fr\/quest-ce-qui-est-politique-les-efforts-non-coordonnes-des-plateformes-en-matiere-de-publicite-politique\/\" target=\"_blank\" rel=\"noopener\"><span class=\"s1\">article de blog<\/span><\/a> de Samuel Cipers et Trisha Meyer analyse les initiatives de Meta, de Google, de TikTok et de Twitter en mati\u00e8re de publicit\u00e9 politique. Vous pouvez acc\u00e9der \u00e0 l\u2019article (en anglais) via <a href=\"https:\/\/belux.edmo.eu\/fr\/quest-ce-qui-est-politique-les-efforts-non-coordonnes-des-plateformes-en-matiere-de-publicite-politique\/\" target=\"_blank\" rel=\"noopener\"><span class=\"s1\">cette page<\/span><\/a>.<\/li>\n<li class=\"li4\"><b>Analyse de la politique de recours sur Facebook, Instagram, YouTube et Twitter\u00a0: il y a une marge d\u2019am\u00e9lioration. <\/b><span class=\"Apple-converted-space\">\u00a0 <\/span>Cet <a href=\"https:\/\/belux.edmo.eu\/room-for-improvement-analysing-redress-policy-on-facebook-instagram-youtube-and-twitter\/\" target=\"_blank\" rel=\"noopener\"><span class=\"s1\">article<\/span><\/a> examine les voies de recours des utilisateurs face aux (in)actions de quatre grandes plateformes de m\u00e9dias sociaux \u00e0 l\u2019encontre de contenu et\/ou de comptes. Il donne des conseils politiques en vue des prochaines \u00e9tapes de la l\u00e9gislation de l\u2019UE sur les services num\u00e9riques, en particulier en ce qui concerne son article\u00a017 relatif au syst\u00e8me interne de traitement des r\u00e9clamations et aux voies de recours.<\/li>\n<\/ul>\n<p>[\/vc_column_text][vc_empty_space height=\u00a0\u00bb10px\u00a0\u00bb][vc_separator][vc_empty_space][vc_custom_heading text=\u00a0\u00bbLe coin des fact-checkers\u00a0\u00bb font_container=\u00a0\u00bbtag:h2|text_align:center|color:%23ffcb05&Prime; use_theme_fonts=\u00a0\u00bbyes\u00a0\u00bb][vc_empty_space height=\u00a0\u00bb10px\u00a0\u00bb][vc_column_text]<\/p>\n<p class=\"p1\">Depuis le d\u00e9but du projet, nos fact-checkers partenaires, \u00e0 savoir l\u2019AFP, la RTBF et RTL\u00a0Luxembourg, ont publi\u00e9 <strong><span class=\"s1\">474<\/span>\u00a0fact-checks dans les cinq langues couvertes par EDMO\u00a0BELUX\u00a0!<\/strong><\/p>\n<p class=\"p1\">Dans cette rubrique, nous mettons en avant le dernier fact-check le plus consult\u00e9 dans chaque langue. Rendez-vous sur notre site Web pour d\u00e9couvrir d\u2019autres <a href=\"https:\/\/belux.edmo.eu\/fr\/fact-checking\/\" target=\"_blank\" rel=\"noopener\"><span class=\"s2\">fact-checks<\/span><\/a>\u00a0!<\/p>\n<p>[\/vc_column_text][vc_custom_heading text=\u00a0\u00bbAvez-vous consult\u00e9 nos meilleurs fact-checks ?\u00a0\u00bb font_container=\u00a0\u00bbtag:h4|text_align:left\u00a0\u00bb use_theme_fonts=\u00a0\u00bbyes\u00a0\u00bb][vc_raw_html]JTVCd3BkYXRhdGFibGUlMjBpZCUzRDExJTVE[\/vc_raw_html][vc_empty_space height=\u00a0\u00bb10px\u00a0\u00bb][vc_separator][vc_empty_space][vc_custom_heading text=\u00a0\u00bbLe saviez-vous ?\u00a0\u00bb font_container=\u00a0\u00bbtag:h2|text_align:center|color:%23ffcb05&Prime; use_theme_fonts=\u00a0\u00bbyes\u00a0\u00bb][vc_empty_space height=\u00a0\u00bb10px\u00a0\u00bb][vc_column_text]<\/p>\n<ul class=\"ul1\">\n<li class=\"li1\"><b>Saviez-vous que nos partenaires en \u00e9ducation aux m\u00e9dias, Mediawijs et M\u00e9dia\u00a0Animation, disposent tous les deux d\u2019un site Web prodiguant des conseils aux parents \u00e0 propos des m\u00e9dias dans le cercle familial\u00a0?<\/b> Les parents y trouveront des informations sur le gaming, le cyberharc\u00e8lement et le sexting, ainsi que des r\u00e9ponses \u00e0 leurs questions \u00e0 propos des actualit\u00e9s et de la d\u00e9sinformation. Voici les liens vers la page en <a href=\"https:\/\/www.medianest.be\/thema\/nieuws-en-informatie\" target=\"_blank\" rel=\"noopener\"><span class=\"s1\">n\u00e9erlandais<\/span><\/a> et en <span class=\"s1\">fran\u00e7ais<\/span>.<\/li>\n<li class=\"li1\"><b>Cette ann\u00e9e, le projet flamand \u00ab\u00a0Nieuws in de klas\u00a0\u00bb lance trois nouveaux d\u00e9fis pour pimenter les le\u00e7ons sur les actualit\u00e9s et sur la d\u00e9sinformation.<\/b> Vous pouvez pr\u00e9parer vos \u00e9l\u00e8ves \u00e0 devenir de v\u00e9ritables journalistes ou leaders d\u2019opinion en participant \u00e0 l\u2019un de ces trois <a href=\"https:\/\/www.mediawijs.be\/nl\/challenge-feitencheckers\" target=\"_blank\" rel=\"noopener\"><span class=\"s1\">d\u00e9fis<\/span><\/a>. De la r\u00e9daction d\u2019un article d\u2019actualit\u00e9 au fact-checking en passant par le d\u00e9veloppement et la d\u00e9fense de sa propre opinion, il y en a pour tous les \u00e2ges.<\/li>\n<li class=\"li1\"><b>Odysee\u00a0: une liste de demandes de g\u00e9oblocage d\u00e9montre que l\u2019UE et ses \u00c9tats membres sont loin de prendre suffisamment de mesures pour faire respecter la loi. <\/b>Cette <a href=\"https:\/\/www.disinfo.eu\/advocacy\/odysee-list-of-geo-blocking-requests-shows-the-eu-and-eu-member-states-are-far-from-doing-enough-to-enforce-the-law\/\" target=\"_blank\" rel=\"noopener\"><span class=\"s1\">analyse<\/span><\/a>, centr\u00e9e sur la plateforme de partage vid\u00e9o Odysee et bas\u00e9e sur une liste de plus de 3\u00a0000\u00a0restrictions d\u2019acc\u00e8s, d\u00e9montre que l\u2019UE et ses \u00c9tats membres sont loin de prendre suffisamment de mesures, notamment en ce qui concerne du contenu potentiellement ill\u00e9gal.<\/li>\n<li class=\"li1\"><b>Le r\u00e9seau EDMO s\u2019\u00e9tend \u00e0 tous les \u00c9tats membres de l\u2019UE gr\u00e2ce \u00e0 six nouveaux hubs. <\/b>Les six nouveaux hubs EDMO, qui viennent s\u2019ajouter aux huit hubs existants, permettent au r\u00e9seau EDMO d\u2019<a href=\"https:\/\/edmo.eu\/2022\/12\/01\/the-edmo-network-expands-to-all-eu-member-states-through-six-new-hubs\/\" target=\"_blank\" rel=\"noopener\"><span class=\"s1\">\u00e9tendre sa couverture aux 27\u00a0\u00c9tats membres de l\u2019UE, ainsi qu\u2019\u00e0 la Norv\u00e8ge<\/span><\/a>, qui fait partie de l\u2019EEE. Les nouveaux hubs devraient \u00eatre op\u00e9rationnels d\u00e9but\u00a02023.<\/li>\n<li class=\"li1\"><b>Lettre de fact-checking mensuelle d\u2019EDMO. <\/b>Le 16\u00a0janvier dernier, EDMO a publi\u00e9 sa derni\u00e8re<span class=\"s2\"> <a href=\"https:\/\/edmo.eu\/2023\/01\/16\/monthly-fact-checking-brief-no-19-is-out\/\" target=\"_blank\" rel=\"noopener\"><span class=\"s1\">lettre de fact-checking mensuelle<\/span><\/a><\/span><span class=\"s3\">. Au menu\u00a0: les migrants musulmans et les r\u00e9fugi\u00e9s ukrainiens en ligne de mire de la d\u00e9sinformation.<\/span><\/li>\n<li class=\"li1\"><b>Pourquoi le terme \u00ab\u00a0nazis\u00a0\u00bb revient-il r\u00e9guli\u00e8rement sur Twitter en Belgique\u00a0?<\/b> Cette <a href=\"https:\/\/crossover.social\/why-is-nazis-regularly-trending-on-twitter-in-belgium\/\" target=\"_blank\" rel=\"noopener\"><span class=\"s1\">analyse<\/span><\/a> de CrossOver montre la mani\u00e8re dont les r\u00e9cits officiels russes se mettent \u00e0 circuler d\u00e8s qu\u2019il est question de \u00ab\u00a0nazis\u00a0\u00bb sur le r\u00e9seau social en Belgique.<\/li>\n<\/ul>\n<p>[\/vc_column_text][vc_empty_space height=\u00a0\u00bb10px\u00a0\u00bb][vc_separator][vc_empty_space][vc_custom_heading text=\u00a0\u00bb\u00c9v\u00e9nements et annonces\u00a0\u00bb font_container=\u00a0\u00bbtag:h2|text_align:center|color:%23ffcb05&Prime; use_theme_fonts=\u00a0\u00bbyes\u00a0\u00bb][vc_empty_space height=\u00a0\u00bb10px\u00a0\u00bb][vc_column_text]<\/p>\n<ul class=\"ul1\">\n<li class=\"li1\"><b>13\u00a0f\u00e9vrier<\/b>. Rejoignez le Dr\u00a0Rakoen\u00a0Maertens, de l\u2019University of Cambridge et ancien \u00e9tudiant de l\u2019UGent, et Tim\u00a0Verheyden, journaliste \u00e0 la VRT, pour un d\u00e9bat <a href=\"https:\/\/dunantacademie.ugent.be\/programma\/inzichten-voor-mens-en-samenleving\/2022-2023-da230213rm-psychologie-en-de-werking-van\" target=\"_blank\" rel=\"noopener\"><span class=\"s1\">au sujet de la psychologie et de l\u2019effet de la d\u00e9sinformation<\/span><\/a>.<\/li>\n<li class=\"li1\"><b>27\u00a0f\u00e9vrier<\/b>. Vous enseignez\u00a0? Participez au <a href=\"https:\/\/www.mediawijs.be\/nl\/challenge-feitencheckers\" target=\"_blank\" rel=\"noopener\"><span class=\"s1\">d\u00e9fi des fact-checkers<\/span><\/a> de Mediawijs\/StampMedia avec vos \u00e9l\u00e8ves.<\/li>\n<li class=\"li2\"><span class=\"s2\"><b>28\u00a0f\u00e9vrier<\/b>. Date limite pour l\u2019inscription au <a href=\"https:\/\/gulbenkian.pt\/emifund\/bolsas-lista\/boosting-fact-checking-activities-in-europe\/?utm_source=Social_media&amp;utm_medium=C4P\" target=\"_blank\" rel=\"noopener\"><span class=\"s1\">4<\/span><span class=\"s3\"><sup>e<\/sup><\/span><span class=\"s1\">\u00a0cycle de financement de l\u2019appel de l\u2019EMIF \u00e0 booster les activit\u00e9s de fact-checking en Europe<\/span><\/a>.\u00a0<\/span><\/li>\n<li class=\"li1\"><b>31\u00a0mars<\/b>. Inscrivez votre classe de premi\u00e8re secondaire au <a href=\"https:\/\/www.mediawijs.be\/nl\/challenge-nieuwsmakers\" target=\"_blank\" rel=\"noopener\"><span class=\"s1\">d\u00e9fi des journalistes d\u2019actualit\u00e9<\/span><\/a> de Mediawijs et qui sait, peut-\u00eatre l\u2019un de vos \u00e9l\u00e8ves sera-t-il sacr\u00e9 \u00ab\u00a0meilleur journaliste d\u2019actualit\u00e9\u00a0\u00bb du concours\u00a0!<\/li>\n<li class=\"li1\">La conf\u00e9rence annuelle\u00a02022 de l\u2019EU DisinfoLab s\u2019est tenue les 25 et 26\u00a0octobre derniers. Vous trouverez des supports d\u2019information, y compris le dossier de la conf\u00e9rence, les pr\u00e9sentations et une s\u00e9lection de photos <a href=\"https:\/\/www.disinfo.eu\/conference\/\" target=\"_blank\" rel=\"noopener\"><span class=\"s1\">ici<\/span><\/a>. Des enregistrements de certaines des s\u00e9ances sont \u00e9galement disponibles sur la <a href=\"https:\/\/www.youtube.com\/channel\/UCK6EIqjgi_epFCtGPeAm6tw\/featured\" target=\"_blank\" rel=\"noopener\"><span class=\"s1\">cha\u00eene YouTube<\/span><\/a> de l\u2019EU DisinfoLab\u00a0! Notez d\u00e9j\u00e0 la date de la prochaine \u00e9dition dans votre agenda\u00a0: #Disinfo2023 aura lieu les 11 et 12\u00a0octobre\u00a02023 \u00e0 Cracovie, en Pologne\u00a0!<\/li>\n<li class=\"li3\">Le Comit\u00e9 international de la Croix-Rouge a publi\u00e9 deux offres d\u2019emploi pour le Luxembourg\u00a0: <a href=\"https:\/\/www.icrc.org\/en\/who-we-are\/jobs\/opportunity\/cyber-security-policy-adviser-luxembourg\" target=\"_blank\" rel=\"noopener\"><span class=\"s1\">Cyber Security Policy Adviser<\/span><\/a> et <a href=\"https:\/\/www.icrc.org\/en\/who-we-are\/jobs\/opportunity\/cyber-security-policy-outreach-coordinator-luxembourg\" target=\"_blank\" rel=\"noopener\"><span class=\"s1\">Cyber Security Policy Outreach Coordinator<\/span><\/a>.<\/li>\n<\/ul>\n<p>[\/vc_column_text][vc_empty_space height=\u00a0\u00bb10px\u00a0\u00bb][vc_separator][vc_empty_space][vc_row_inner][vc_column_inner width=\u00a0\u00bb1\/3&Prime;][vc_icon icon_fontawesome=\u00a0\u00bbfas fa-link\u00a0\u00bb align=\u00a0\u00bbcenter\u00a0\u00bb link=\u00a0\u00bburl:https%3A%2F%2Fbelux.edmo.eu\u00a0\u00bb][\/vc_column_inner][vc_column_inner width=\u00a0\u00bb1\/3&Prime;][vc_icon icon_fontawesome=\u00a0\u00bbfab fa-twitter\u00a0\u00bb align=\u00a0\u00bbcenter\u00a0\u00bb link=\u00a0\u00bburl:https%3A%2F%2Ftwitter.com%2FEdmo_Belux\u00a0\u00bb][\/vc_column_inner][vc_column_inner width=\u00a0\u00bb1\/3&Prime;][vc_icon icon_fontawesome=\u00a0\u00bbfab fa-linkedin\u00a0\u00bb align=\u00a0\u00bbcenter\u00a0\u00bb link=\u00a0\u00bburl:https%3A%2F%2Fwww.linkedin.com%2Fshowcase%2Fedmo-belux%2F\u00a0\u00bb][\/vc_column_inner][\/vc_row_inner][\/vc_tta_section][\/vc_tta_accordion][vc_tta_accordion style=\u00a0\u00bbsimple_dashed\u00a0\u00bb active_section=\u00a0\u00bb1&Prime; collapsible_all=\u00a0\u00bbtrue\u00a0\u00bb][vc_tta_section title=\u00a0\u00bbDisinfoCheck Roundup November 2022&Prime; tab_id=\u00a0\u00bb1674816340775-dfd7139f-845a\u00a0\u00bb][vc_custom_heading text=\u00a0\u00bbDisinfoCheck Roundup November 2022&Prime; font_container=\u00a0\u00bbtag:h1|text_align:center\u00a0\u00bb use_theme_fonts=\u00a0\u00bbyes\u00a0\u00bb][vc_custom_heading text=\u00a0\u00bbEdito\u00a0\u00bb font_container=\u00a0\u00bbtag:h2|text_align:center|color:%23ffcb05&Prime; use_theme_fonts=\u00a0\u00bbyes\u00a0\u00bb][vc_empty_space height=\u00a0\u00bb10px\u00a0\u00bb][vc_column_text]<\/p>\n<div>Bienvenue \u00e0 la premi\u00e8re \u00e9dition de la newsletter EDMO BELUX, le DisinfoCheck Roundup.\u00a0<span class=\"\">Cette newsletter trimestrielle vise \u00e0 rassembler des \u00e9tudes, rapports et ressources pertinents sur la d\u00e9sinformation en Belgique et au Luxembourg.\u00a0<\/span>Il est disponible dans toutes les langues couvertes par notre hub (fran\u00e7ais, n\u00e9erlandais, allemand, luxembourgeois et anglais).<\/div>\n<div><\/div>\n<p dir=\"ltr\">Nos pays sont toujours expos\u00e9s au risque de d\u00e9sinformation.\u00a0Une \u00e9tude r\u00e9cente du Media Pluralism Monitor\u00a0<a href=\"https:\/\/translate.google.com\/website?sl=en&amp;tl=fr&amp;hl=el&amp;client=webapp&amp;u=https:\/\/delano.lu\/article\/online-disinformation-likely-i\">a class\u00e9 le Luxembourg \u00e0 haut risque de d\u00e9sinformation en ligne<\/a>\u00a0.\u00a0En Belgique, le projet CrossOver a mis en \u00e9vidence la fa\u00e7on dont les\u00a0<a href=\"https:\/\/translate.google.com\/website?sl=en&amp;tl=fr&amp;hl=el&amp;client=webapp&amp;u=https:\/\/crossover.social\/online-chinese-media-offensive-also-reaches-belgium\/\" target=\"_blank\" rel=\"noopener\">algorithmes de YouTube poussaient le r\u00e9cit de la Chine sur le XinJiang<\/a>\u00a0, faisant taire la nature des atrocit\u00e9s qui s&rsquo;y d\u00e9roulaient.<\/p>\n<p dir=\"ltr\"><span class=\"\">Face \u00e0 cette menace, le travail d&rsquo;EDMO BELUX est crucial pour soutenir les initiatives et les journalistes dans l&rsquo;\u00e9change de bonnes pratiques et de connaissances sur le ph\u00e9nom\u00e8ne, et le grand public \u00e0 \u00eatre form\u00e9 et averti de la propagation de la d\u00e9sinformation.\u00a0<\/span><\/p>\n<p>Nous envisageons notre travail comme le travail d&rsquo;une communaut\u00e9.\u00a0Nous nous r\u00e9jouissons de vous rencontrer \u00e0 Luxembourg lors de notre\u00a0<a href=\"https:\/\/belux-edmo-eu.translate.goog\/event-edmo-belux-cross-community-network-exchange-in-luxembourg-25-november-2022\/?_x_tr_sl=en&amp;_x_tr_tl=fr&amp;_x_tr_hl=el&amp;_x_tr_pto=wapp\" target=\"_blank\" rel=\"noopener\">\u00e9change de r\u00e9seau intercommunautaire EDMO BELUX<\/a>\u00a0le 25 novembre.\u00a0Et ne soyez pas timide\u00a0: envoyez-nous des mises \u00e0 jour ou des ressources pertinentes qui, selon vous, pourraient \u00eatre utiles aux autres membres du hub.\u00a0\u00ab\u00a0Partager c&rsquo;est s&rsquo;engager\u00a0\u00bb est sans aucun doute l&rsquo;une de nos devises.<\/p>\n<p><em>Trisha Meyer, professeure en gouvernance num\u00e9rique et participation, Vrije Universiteit Brussel, Center on Digitalisation, Democracy and Innovation et chercheuse principale du projet EDMO BELUX.<\/em>[\/vc_column_text][vc_empty_space height=\u00a0\u00bb10px\u00a0\u00bb][vc_separator][vc_empty_space][vc_custom_heading text=\u00a0\u00bbDerni\u00e8res actualit\u00e9s EDMO BELUX\u00a0\u00bb font_container=\u00a0\u00bbtag:h2|text_align:center|color:%23ffcb05&Prime; use_theme_fonts=\u00a0\u00bbyes\u00a0\u00bb][vc_empty_space height=\u00a0\u00bb10px\u00a0\u00bb][vc_column_text]<\/p>\n<ul>\n<li><strong>L&rsquo;\u00e9cosyst\u00e8me d\u00e9sinformatif\u00a0: les pratiques de partage de liens sur Telegram comme preuve d&rsquo;une amplification multiplateforme.\u00a0<\/strong>Le 9 novembre, nous avons publi\u00e9 nos derni\u00e8res recherches qui se concentrent sur la compr\u00e9hension des habitudes de partage d&rsquo;informations de 30 communaut\u00e9s d&rsquo;extr\u00eame droite et de conspiration de Telegram n\u00e9erlandophones afin de mieux comprendre la sph\u00e8re m\u00e9diatique plus large \u00e0 laquelle elles appartiennent et dont elles se nourrissent.\u00a0Les r\u00e9sultats montrent que la d\u00e9sinformation est un \u00e9cosyst\u00e8me d&rsquo;interaction et de contamination multiplateformes o\u00f9 coexistent les m\u00e9dias traditionnels et alternatifs.\u00a0<em>V<\/em>\u00a0ous pouvez trouver la recherche\u00a0<a href=\"https:\/\/belux-edmo-eu.translate.goog\/the-disinformative-ecosystem-link-sharing-practices-on-telegram-as-evidence-of-cross-platform-amplification\/?_x_tr_sl=en&amp;_x_tr_tl=fr&amp;_x_tr_hl=el&amp;_x_tr_pto=wapp\" target=\"_blank\" rel=\"noopener\">ici\u00a0<\/a><em>.<\/em><\/li>\n<li><strong>Premier atelier scientifique EDMO BELUX.\u00a0<\/strong>EDMO BELUX a tenu son premier atelier scientifique sur les \u00ab\u00a0Insights on the impact of disinformation from multiple perspectives\u00a0\u00bb le 28 octobre.\u00a0C&rsquo;\u00e9tait l&rsquo;occasion pour les chercheurs du p\u00f4le de pr\u00e9senter leurs premiers rapports apr\u00e8s un an de recherche.\u00a0Les pr\u00e9sentations et d\u00e9bats de l&rsquo;EDMO BELUX ont \u00e9t\u00e9 pr\u00e9c\u00e9d\u00e9s d&rsquo;une pr\u00e9sentation liminaire du\u00a0<a href=\"https:\/\/translate.google.com\/website?sl=en&amp;tl=fr&amp;hl=el&amp;client=webapp&amp;u=https:\/\/www.divina-frau-meigs.fr\/\" target=\"_blank\" rel=\"noopener\">Professeur Divina Frau-Meigs<\/a>\u00a0(Universit\u00e9 Sorbonne Nouvelle, Chaire UNESCO Savoir-devenir et Pr\u00e9sidente de l&rsquo;association Savoir-Devenir).\u00a0Le mat\u00e9riel de l&rsquo;\u00e9v\u00e9nement, y compris les r\u00e9sum\u00e9s analytiques, sera bient\u00f4t disponible\u00a0\u00a0<a href=\"https:\/\/belux-edmo-eu.translate.goog\/edmo-belux-scientific-workshop-insights-on-the-impact-of-disinformation-from-multiple-perspectives\/?_x_tr_sl=en&amp;_x_tr_tl=fr&amp;_x_tr_hl=el&amp;_x_tr_pto=wapp\" target=\"_blank\" rel=\"noopener\">ici<\/a>\u00a0.<\/li>\n<li><strong>L&rsquo;\u00e9ducation aux m\u00e9dias.\u00a0<\/strong>Les partenaires Media Literacy d&rsquo;EDMO Belux, Mediawijs et M\u00e9dia Animation, ont particip\u00e9 aux premiers \u00ab\u00a0Wednesday Webinars on Digital &amp; Media Literacy in Europe\u00a0\u00bb.\u00a0Dans leur pr\u00e9sentation, ils ont tent\u00e9 de r\u00e9pondre \u00e0 la question \u00ab\u00a0Quel mat\u00e9riel p\u00e9dagogique les enseignants partagent-ils\u00a0?\u00a0\u00bb\u00a0Vous pouvez trouver les enregistrements et un court r\u00e9capitulatif\u00a0<a href=\"https:\/\/translate.google.com\/website?sl=en&amp;tl=fr&amp;hl=el&amp;client=webapp&amp;u=https:\/\/media-and-learning.eu\/event\/wednesday-webinars-on-teacher-education-in-digital-media-literacy-in-europe\/\" target=\"_blank\" rel=\"noopener\">ici<\/a>\u00a0.<\/li>\n<li><strong>Marge d&rsquo;am\u00e9lioration.\u00a0Analyse de la politique de recours sur Facebook, Instagram, YouTube et Twitter.\u00a0<\/strong>Cet article examine comment\u00a0<a href=\"https:\/\/belux-edmo-eu.translate.goog\/wp-content\/uploads\/2022\/06\/Room-for-improvement.-Analysing-redress-policy-on-Facebook-Instagram-YouTube-and-Twitter.pdf?_x_tr_sl=en&amp;_x_tr_tl=fr&amp;_x_tr_hl=el&amp;_x_tr_pto=wapp\" target=\"_blank\" rel=\"noopener\">les utilisateurs peuvent faire appel des (in)actions prises contre le contenu et\/ou les comptes sur quatre principales plateformes de m\u00e9dias sociaux<\/a>\u00a0.\u00a0Il fournit des conseils politiques dans le contexte des prochaines \u00e9tapes de la loi sur les services num\u00e9riques (DSA) de l&rsquo;UE, en particulier l&rsquo;article 17 concernant le traitement interne des plaintes et les m\u00e9canismes de recours.<\/li>\n<li><strong>Reportage de d\u00e9sinformation.\u00a0<\/strong>Vous avez rep\u00e9r\u00e9 un cas suspect de d\u00e9sinformation en ligne ?\u00a0Le\u00a0<a href=\"https:\/\/translate.google.com\/website?sl=en&amp;tl=fr&amp;hl=el&amp;client=webapp&amp;u=https:\/\/belux-staging.eu\/disinformation-reporting\/\" target=\"_blank\" rel=\"noopener\">formulaire d&rsquo;alerte rapide<\/a>\u00a0\u00a0est un outil qui vous permet de signaler \u00e0 notre \u00e9quipe EDMO BELUX tout cas suspect de d\u00e9sinformation que vous auriez pu voir en ligne !<\/li>\n<\/ul>\n<p>[\/vc_column_text][vc_empty_space height=\u00a0\u00bb10px\u00a0\u00bb][vc_separator][vc_empty_space][vc_custom_heading text=\u00a0\u00bbLe coin de nos fact-checkers\u00a0\u00bb font_container=\u00a0\u00bbtag:h2|text_align:center|color:%23ffcb05&Prime; use_theme_fonts=\u00a0\u00bbyes\u00a0\u00bb][vc_empty_space height=\u00a0\u00bb10px\u00a0\u00bb][vc_column_text]Depuis le d\u00e9but de notre projet, nos partenaires fact-checkers, l&rsquo;AFP, la RTBF et RTL Luxembourg, ont publi\u00e9\u00a0<strong>363 fact-checkings dans les cinq langues couvertes par EDMO BELUX<\/strong>\u00a0!<\/p>\n<p><span class=\"\">Dans cette section, nous mettons en \u00e9vidence le top fact-checking r\u00e9cent (en nombre de vues) pour chaque langue.\u00a0<\/span>Visitez notre site internet pour d\u00e9couvrir les autres\u00a0<a href=\"https:\/\/belux-edmo-eu.translate.goog\/fact-checking\/?_x_tr_sl=en&amp;_x_tr_tl=fr&amp;_x_tr_hl=el&amp;_x_tr_pto=wapp\" target=\"_blank\" rel=\"noopener\">fact-checkings<\/a>\u00a0disponibles !\u00a0[\/vc_column_text][vc_custom_heading text=\u00a0\u00bbAvez-vous v\u00e9rifi\u00e9 nos principales v\u00e9rifications des faits ?\u00a0\u00bb font_container=\u00a0\u00bbtag:h4|text_align:left\u00a0\u00bb use_theme_fonts=\u00a0\u00bbyes\u00a0\u00bb][vc_raw_html]JTVCd3BkYXRhdGFibGUlMjBpZCUzRDEzJTVE[\/vc_raw_html][vc_empty_space height=\u00a0\u00bb10px\u00a0\u00bb][vc_separator][vc_empty_space][vc_custom_heading text=\u00a0\u00bbLe saviez-vous?\u00a0\u00bb font_container=\u00a0\u00bbtag:h2|text_align:center|color:%23ffcb05&Prime; use_theme_fonts=\u00a0\u00bbyes\u00a0\u00bb][vc_empty_space height=\u00a0\u00bb10px\u00a0\u00bb][vc_column_text]<\/p>\n<ul dir=\"ltr\">\n<li><strong>Sosie.\u00a0<\/strong>EU DisinfoLab a d\u00e9voil\u00e9 fin septembre un\u00a0<a href=\"https:\/\/translate.google.com\/website?sl=en&amp;tl=fr&amp;hl=el&amp;client=webapp&amp;u=https:\/\/www.disinfo.eu\/doppelganger\/\" target=\"_blank\" rel=\"noopener\">r\u00e9seau d&rsquo;influence bas\u00e9 en Russie<\/a>\u00a0qui op\u00e8re en Europe depuis au moins mai 2022. La campagne Doppelganger utilise plusieurs \u00abclones\u00bb de m\u00e9dias authentiques et cible les utilisateurs avec de faux articles, vid\u00e9os et sondages.\u00a0Pour ce faire, les acteurs malveillants \u00e0 l&rsquo;origine de l&rsquo;op\u00e9ration ont achet\u00e9 des dizaines de noms de domaine Internet similaires \u00e0 ceux des m\u00e9dias authentiques et ont copi\u00e9 leurs designs (en anglais).<\/li>\n<li><strong>La d\u00e9sinformation sur le Donbass est une saisie semi-automatique de Google.\u00a0<\/strong>La r\u00e9cente\u00a0<a href=\"https:\/\/translate.google.com\/website?sl=en&amp;tl=fr&amp;hl=el&amp;client=webapp&amp;u=https:\/\/crossover.social\/disinformation-on-donbas-is-only-a-google-autocomplete-away\/\" target=\"_blank\" rel=\"noopener\">enqu\u00eate CrossOver<\/a>\u00a0montre comment les Belges francophones ont \u00e9t\u00e9 incit\u00e9s \u00e0 rechercher des sources douteuses lorsqu&rsquo;ils ont recherch\u00e9 le mot \u00ab\u00a0Donbass\u00a0\u00bb dans la barre de recherche Google (en anglais).<\/li>\n<li><strong>Rapport sur les tendances.\u00a0<\/strong><a href=\"https:\/\/translate.google.com\/website?sl=en&amp;tl=fr&amp;hl=el&amp;client=webapp&amp;u=https:\/\/benedmo.eu\/2022\/10\/28\/benedmo-trendrapport-1-okt-22\/\" target=\"_blank\" rel=\"noopener\">Le premier rapport de tendances<\/a>\u00a0\u00a0BENEDMO\u00a0\u00a0, bas\u00e9 sur les r\u00e9sultats et les ant\u00e9c\u00e9dents des v\u00e9rifications des faits publi\u00e9s par les partenaires du hub, est sorti en octobre, avec un focus sur la guerre en Ukraine (en n\u00e9erlandais).<\/li>\n<li><strong>G\u00e9olocalisation et v\u00e9rification des faits.\u00a0<\/strong>Une courte vid\u00e9o pr\u00e9par\u00e9e par les fact-checkers de l&rsquo;AFP explique comment la g\u00e9olocalisation a \u00e9t\u00e9 un \u00e9l\u00e9ment crucial du travail des fact-checkers et des journalistes, et les \u00e9tapes pour identifier le lieu de l&rsquo;actualit\u00e9.\u00a0Apprenez les bases via cette\u00a0<a href=\"https:\/\/translate.google.com\/website?sl=en&amp;tl=fr&amp;hl=el&amp;client=webapp&amp;u=https:\/\/www.youtube.com\/watch?v%3Dt1HiKyzNtsU\" target=\"_blank\" rel=\"noopener\">vid\u00e9o<\/a>\u00a0\u00a0(en anglais).<\/li>\n<li><strong>Comment enseigner la d\u00e9sinformation ?\u00a0<\/strong>Mediawijs a d\u00e9velopp\u00e9 cet\u00a0<a href=\"https:\/\/translate.google.com\/website?sl=en&amp;tl=fr&amp;hl=el&amp;client=webapp&amp;u=https:\/\/docs.google.com\/document\/d\/1xgWg62iUN8cRgnvdMaA12ku_i-SyXV0zOyahyPgdfcE\/edit\" target=\"_blank\" rel=\"noopener\">article<\/a>\u00a0d\u00e9voilant 6 conseils sur la fa\u00e7on d&rsquo;enseigner la d\u00e9sinformation.\u00a0Il est soutenu par cette courte\u00a0<a href=\"https:\/\/translate.google.com\/website?sl=en&amp;tl=fr&amp;hl=el&amp;client=webapp&amp;u=https:\/\/drive.google.com\/file\/d\/1qT1J9pnL_oqIUMINz9NTMh1mTyhres2t\/view\" target=\"_blank\" rel=\"noopener\">vid\u00e9o<\/a>\u00a0(en n\u00e9erlandais avec sous-titres anglais).<\/li>\n<li><strong><span class=\"\">\u00ab\u00a0Joyeux anniversaire \u00e0 Vladimir Poutine de Belgique\u00a0\u00bb.\u00a0<\/span><\/strong><span class=\"\">Ce\u00a0\u00a0<\/span><a href=\"https:\/\/translate.google.com\/website?sl=en&amp;tl=fr&amp;hl=el&amp;client=webapp&amp;u=https:\/\/twitter.com\/brechtcastel\/status\/1582293122931130368?s%3D46%26t%3Di1SXWXyGvufOgbK4ZdK4zg\" target=\"_blank\" rel=\"noopener\"><span class=\"\">tweet<\/span><\/a><span class=\"\">\u00a0\u00a0(en anglais) se penche sur la vid\u00e9o TikTok supprim\u00e9e sur laquelle un groupe de russophones v\u00eatus d&rsquo;un uniforme militaire et les armes \u00e0 la main envoient leurs salutations depuis la Belgique \u00e0 Vladimir Poutine pour son anniversaire.<\/span><\/li>\n<\/ul>\n<p>[\/vc_column_text][vc_empty_space height=\u00a0\u00bb10px\u00a0\u00bb][vc_separator][vc_empty_space][vc_custom_heading text=\u00a0\u00bb\u00c9v\u00e9nements et annonces\u00a0\u00bb font_container=\u00a0\u00bbtag:h2|text_align:center|color:%23ffcb05&Prime; use_theme_fonts=\u00a0\u00bbyes\u00a0\u00bb][vc_empty_space height=\u00a0\u00bb10px\u00a0\u00bb][vc_column_text]<\/p>\n<ul dir=\"ltr\">\n<li><strong><span class=\"goog-text-highlight\">10 novembre<\/span><\/strong><span class=\"goog-text-highlight\">\u00a0.\u00a0<\/span>Le troisi\u00e8me\u00a0<a href=\"https:\/\/translate.google.com\/website?sl=en&amp;tl=fr&amp;hl=el&amp;client=webapp&amp;u=https:\/\/digital-strategy.ec.europa.eu\/en\/events\/european-news-media-forum-innovations-news-media-sector\" target=\"_blank\" rel=\"noopener\">Forum europ\u00e9en des m\u00e9dias d&rsquo;information (ENMF)<\/a>\u00a0\u00a0se concentrera sur les innovations dans le secteur des m\u00e9dias d&rsquo;information et r\u00e9unira des intervenants de la presse, de la t\u00e9l\u00e9vision, de la radio, des magazines, des m\u00e9dias en ligne, etc.<\/li>\n<li><strong id=\"m_-4428479228889821745docs-internal-guid-c3e16de6-7fff-27a7-47b1-e399dd49d486\">16 novembre.\u00a0<\/strong>Alors que les fact-checkers se pr\u00e9parent pour les prochaines \u00e9lections europ\u00e9ennes, rejoignez la\u00a0\u00a0<a href=\"https:\/\/translate.google.com\/website?sl=en&amp;tl=fr&amp;hl=el&amp;client=webapp&amp;u=https:\/\/eufactcheckingproject.com\/efcsn-presents-its-governance-body-and-code-of-standards-for-independent-fact-checking-organisations-in-brussels-on-november-16\/\" target=\"_blank\" rel=\"noopener\">conf\u00e9rence European Fact-Checking Standards Network (EFCSN)<\/a>\u00a0\u00a0\u00e0 Bruxelles\u00a0!\u00a0Le projet pr\u00e9sentera \u00e0 la fois son code de normes pour les organisations ind\u00e9pendantes de v\u00e9rification des faits et son organe de gouvernance nouvellement nomm\u00e9.<\/li>\n<li><strong>16 novembre.\u00a0<\/strong>Rejoignez le dernier webinaire de la s\u00e9rie organis\u00e9e en collaboration avec Media Learning et EDMO sur l&rsquo;\u00e9ducation aux\u00a0<a href=\"https:\/\/translate.google.com\/website?sl=en&amp;tl=fr&amp;hl=el&amp;client=webapp&amp;u=https:\/\/media-and-learning.eu\/event\/media-literacy-in-practice-in-france-spain-portugal-belgium-and-the-netherlands\/\" target=\"_blank\" rel=\"noopener\">m\u00e9dias en pratique en France, en Espagne, au Portugal, en Belgique et aux Pays-Bas<\/a>\u00a0.<\/li>\n<li><strong>25 novembre.\u00a0<\/strong>\u00a0Rejoignez-nous au Luxembourg pour notre deuxi\u00e8me\u00a0<a href=\"https:\/\/translate.google.com\/website?sl=en&amp;tl=fr&amp;hl=el&amp;client=webapp&amp;u=https:\/\/forms.office.com\/Pages\/ResponsePage.aspx?id%3DqHxbaagtRUWi2kLQN4TlhfuNv5t6tTBInVjkYD1i_fdUMFgxSEJXVkMxNTVQTlpXRldJVTlROTFMOC4u\" target=\"_blank\" rel=\"noopener\">\u00e9change de r\u00e9seau intercommunautaire EDMO BELUX<\/a>\u00a0!\u00a0Cet \u00e9v\u00e9nement r\u00e9unira la communaut\u00e9 des chercheurs, fact checkers, analystes et professionnels de l&rsquo;\u00e9ducation aux m\u00e9dias travaillant sur la d\u00e9sinformation dans le milieu universitaire, les m\u00e9dias, le gouvernement, la soci\u00e9t\u00e9 civile au Luxembourg autour de sessions interactives !<\/li>\n<li><strong>25 novembre.\u00a0<\/strong>\u00a0\u00ab Fake news, manipulation et d\u00e9sinformation : comment les combattre et s&rsquo;en prot\u00e9ger ?\u00a0<a href=\"https:\/\/translate.google.com\/website?sl=en&amp;tl=fr&amp;hl=el&amp;client=webapp&amp;u=https:\/\/docs.google.com\/forms\/d\/1Hr8Vowj2u1GASq05yewpOHRudJReL09hmUF4NJwNALw\/viewform?edit_requested%3Dtrue\" target=\"_blank\" rel=\"noopener\">Rejoignez le forum de discussion<\/a>\u00a0au S\u00e9nat belge.<\/li>\n<li><strong><span class=\"\">2 d\u00e9cembre<\/span><\/strong><span class=\"\">\u00a0.\u00a0<\/span>Le\u00a0<a href=\"https:\/\/translate.google.com\/website?sl=en&amp;tl=fr&amp;hl=el&amp;client=webapp&amp;u=https:\/\/gulbenkian.pt\/emifund\/registration-form-funding-the-fight-against-disinformation\/?utm_source%3DEMIF%26utm_campaign%3Ddffb53cac2-Gulbenkian_EMIF_20221020%26utm_medium%3Demail%26utm_term%3D0_64912ea88c-dffb53cac2-221808333\" target=\"_blank\" rel=\"noopener\">Fonds europ\u00e9en des m\u00e9dias et de l&rsquo;information (EMIF)<\/a>\u00a0organise son premier \u00e9v\u00e9nement annuel \u00e0 Lisbonne.<\/li>\n<\/ul>\n<p>[\/vc_column_text][vc_empty_space height=\u00a0\u00bb10px\u00a0\u00bb][vc_separator][vc_empty_space][vc_custom_heading text=\u00a0\u00bbOuvrages\u00a0\u00bb font_container=\u00a0\u00bbtag:h2|text_align:center|color:%23ffcb05&Prime; use_theme_fonts=\u00a0\u00bbyes\u00a0\u00bb][vc_empty_space height=\u00a0\u00bb10px\u00a0\u00bb][vc_column_text]<\/p>\n<ul>\n<li><strong>R\u00e9seaux de d\u00e9sinformation\u00a0: une enqu\u00eate quali-quantitative sur les cha\u00eenes\u00a0<\/strong><strong>Telegram n\u00e9erlandophones antagonistes<\/strong>\u00a0.\u00a0<a href=\"https:\/\/translate.google.com\/website?sl=en&amp;tl=fr&amp;hl=el&amp;client=webapp&amp;u=https:\/\/firstmonday.org\/ojs\/index.php\/fm\/article\/view\/12533\" target=\"_blank\" rel=\"noopener\">Recherche<\/a>\u00a0\u00a0men\u00e9e par le partenaire EDMO BELUX Tom Willaert et ses coll\u00e8gues (en anglais).<\/li>\n<li><strong><span class=\"\">Phobie d&rsquo;\u00e9tat profond.\u00a0<\/span>Convergence narrative dans le complot contre le coronavirus sur Instagram.\u00a0<\/strong><a href=\"https:\/\/translate.google.com\/website?sl=en&amp;tl=fr&amp;hl=el&amp;client=webapp&amp;u=https:\/\/doi.org\/10.1177\/13548565221118751\" target=\"_blank\" rel=\"noopener\">Recherche\u00a0<\/a>\u00a0men\u00e9e par M. Tuters &amp; T. Willaert (en anglais).<\/li>\n<\/ul>\n<p>[\/vc_column_text][vc_empty_space height=\u00a0\u00bb10px\u00a0\u00bb][vc_separator][vc_empty_space][vc_row_inner][vc_column_inner width=\u00a0\u00bb1\/3&Prime;][vc_icon icon_fontawesome=\u00a0\u00bbfas fa-link\u00a0\u00bb align=\u00a0\u00bbcenter\u00a0\u00bb link=\u00a0\u00bburl:https%3A%2F%2Fbelux.edmo.eu\u00a0\u00bb][\/vc_column_inner][vc_column_inner width=\u00a0\u00bb1\/3&Prime;][vc_icon icon_fontawesome=\u00a0\u00bbfab fa-twitter\u00a0\u00bb align=\u00a0\u00bbcenter\u00a0\u00bb link=\u00a0\u00bburl:https%3A%2F%2Ftwitter.com%2FEdmo_Belux\u00a0\u00bb][\/vc_column_inner][vc_column_inner width=\u00a0\u00bb1\/3&Prime;][vc_icon icon_fontawesome=\u00a0\u00bbfab fa-linkedin\u00a0\u00bb align=\u00a0\u00bbcenter\u00a0\u00bb link=\u00a0\u00bburl:https%3A%2F%2Fwww.linkedin.com%2Fshowcase%2Fedmo-belux%2F\u00a0\u00bb][\/vc_column_inner][\/vc_row_inner][\/vc_tta_section][\/vc_tta_accordion][\/vc_column][\/vc_row][vc_row disable_element=\u00a0\u00bbyes\u00a0\u00bb][vc_column][vc_tta_accordion style=\u00a0\u00bbsimple_dashed\u00a0\u00bb active_section=\u00a0\u00bb1&Prime; collapsible_all=\u00a0\u00bbtrue\u00a0\u00bb][vc_tta_section title=\u00a0\u00bbDisinfoCheck Roundup avril 2023&Prime; tab_id=\u00a0\u00bb1688645478895-7239da9f-d92f\u00a0\u00bb][vc_custom_heading text=\u00a0\u00bbDisinfoCheck Roundup avril 2023&Prime; font_container=\u00a0\u00bbtag:h1|text_align:center\u00a0\u00bb use_theme_fonts=\u00a0\u00bbyes\u00a0\u00bb][vc_custom_heading text=\u00a0\u00bbEdito\u00a0\u00bb font_container=\u00a0\u00bbtag:h2|text_align:center|color:%23ffcb05&Prime; use_theme_fonts=\u00a0\u00bbyes\u00a0\u00bb][vc_empty_space height=\u00a0\u00bb10px\u00a0\u00bb][vc_column_text]Bienvenue dans ce nouveau num\u00e9ro du DisinfoCheck Roundup, la newsletter qui regorge d\u2019actualit\u00e9s, de fact-checks et de nouvelles \u00e0 propos de la recherche sur la d\u00e9sinformation en Belgique et au Luxembourg.<\/p>\n<p>Dans ce num\u00e9ro, nous avons d\u00e9cid\u00e9 de mettre l\u2019\u00e9ducation aux m\u00e9dias \u00e0 l\u2019honneur. D\u00e9sormais, vous trouverez sur notre site Web un aper\u00e7u des <a href=\"https:\/\/belux.edmo.eu\/fr\/education-aux-medias\/outils-educatifs\/\" target=\"_blank\" rel=\"noopener\">meilleurs outils \u00e9ducatifs<\/a> disponibles en Belgique et au Luxembourg pour aider les enseignants, les biblioth\u00e9caires, les travailleurs dans le secteur de la jeunesse et les \u00e9ducateurs \u00e0 rendre leur public cible plus critique face \u00e0 la d\u00e9sinformation. Notre site Web dispose \u00e9galement d\u2019une nouvelle section intitul\u00e9e <a href=\"https:\/\/belux.edmo.eu\/fr\/education-aux-medias\/apercus-de-leducation-aux-medias\/\" target=\"_blank\" rel=\"noopener\">\u00ab Aper\u00e7us de l\u2019\u00e9ducation aux m\u00e9dias \u00bb<\/a>, o\u00f9 nous partageons des ressources fond\u00e9es sur des exp\u00e9riences et connaissances nouvelles ou rigoureusement pass\u00e9es au crible, que nous aborderons notamment lors de la <a href=\"https:\/\/edmo.eu\/2023\/02\/14\/edmo-2023-annual-conference\/\" target=\"_blank\" rel=\"noopener\">conf\u00e9rence annuelle EDMO du 25 mai prochain<\/a>.<\/p>\n<p>Vous trouverez \u00e9galement dans ce num\u00e9ro un aper\u00e7u des fact-checks les plus populaires des premiers mois de 2023, un retour sur certaines de nos activit\u00e9s en ligne et hors ligne, comme la formation sur l\u2019\u00e9ducation aux m\u00e9dias organis\u00e9e en Belgique francophone et les premiers \u00ab Lunch Lectures \u00bb, un nouveau concept de r\u00e9unions informelles autour des th\u00e8mes de la recherche sur la d\u00e9sinformation, la polarisation et la num\u00e9risation. Le prochain Lunch Lecture aura lieu le <a href=\"https:\/\/belux.edmo.eu\/fr\/event-edmo-belux-lunch-lecture-16-may-2023\/\" target=\"_blank\" rel=\"noopener\">16 mai<\/a>.<\/p>\n<p>Bonne lecture\u00a0!<\/p>\n<p><em>Bert Pieters, sp\u00e9cialiste de la d\u00e9sinformation, de la polarisation et de la haine en ligne chez Mediawijs, coordinateur des activit\u00e9s relatives \u00e0 l\u2019\u00e9ducation aux m\u00e9dias chez EDMO\u00a0BELUX<\/em>[\/vc_column_text][vc_empty_space height=\u00a0\u00bb10px\u00a0\u00bb][vc_separator][vc_empty_space][vc_custom_heading text=\u00a0\u00bbActualit\u00e9s d\u2019EDMO BELUX\u00a0\u00bb font_container=\u00a0\u00bbtag:h2|text_align:center|color:%23ffcb05&Prime; use_theme_fonts=\u00a0\u00bbyes\u00a0\u00bb][vc_empty_space height=\u00a0\u00bb10px\u00a0\u00bb][vc_column_text]<\/p>\n<ul>\n<li>Nous sommes confront\u00e9s \u00e0 des m\u00e9dias d\u2019information de plus en plus complexes et en constante \u00e9volution, qui nous obligent \u00e0 nous familiariser avec les enjeux de l\u2019actualit\u00e9, des faits et des opinions. EDMO BELUX a rassembl\u00e9 toutes sortes d\u2019outils p\u00e9dagogiques utilis\u00e9s en Belgique et au Luxembourg pour aider les enseignants et les \u00e9ducateurs \u00e0 rendre les jeunes et les adultes plus critiques face \u00e0 la d\u00e9sinformation. Vous pouvez les retrouver en <a href=\"https:\/\/belux.edmo.eu\/fr\/education-aux-medias\/outils-educatifs\/\" target=\"_blank\" rel=\"noopener\">fran\u00e7ais<\/a>, en <a href=\"https:\/\/belux.edmo.eu\/nl\/mediawijsheid\/educatieve-tools\/\" target=\"_blank\" rel=\"noopener\">n\u00e9erlandais<\/a> et en <a href=\"https:\/\/belux.edmo.eu\/media-literacy\/educational-tools\/\" target=\"_blank\" rel=\"noopener\">anglais<\/a> sur le site Web d\u2019EDMO\u00a0BELUX.<\/li>\n<li>Une nouvelle \u00e9tude d&rsquo;EDMO BELUX &amp; EU DisinfoLab analyse les flux de d\u00e9sinformation climatique en Belgique. Lisez-la <a href=\"https:\/\/belux.edmo.eu\/fr\/dont-stop-me-now-the-growing-disinformation-threat-against-climate-change-in-belgium\/\" target=\"_blank\" rel=\"noopener\">ici<\/a>.<\/li>\n<li>En mars, nous avons donn\u00e9 le coup d\u2019envoi des <a href=\"https:\/\/belux.edmo.eu\/fr\/event-edmo-belux-lunch-lectures\/\" target=\"_blank\" rel=\"noopener\">Lunch Lectures<\/a> EDMO BELUX, un concept de r\u00e9unions informelles autour des th\u00e8mes de la d\u00e9sinformation, de l\u2019incitation \u00e0 la haine, de la polarisation et de la num\u00e9risation. Lors de la premi\u00e8re \u00e9dition, Gr\u00e9goire Lits, de l\u2019UCLouvain, nous a expliqu\u00e9 ce qu\u2019est la vuln\u00e9rabilit\u00e9 informationnelle et comment la mesurer, et lors de la deuxi\u00e8me, Brecht Castel nous a parl\u00e9 de l\u2019open source intelligence, ou OSINT. Vous pouvez visionner les enregistrements de ces s\u00e9ances <a href=\"https:\/\/t.co\/urssnMVbbz\" target=\"_blank\" rel=\"noopener\">ici<\/a> et <a href=\"https:\/\/youtu.be\/tZuUdP3IX9M\" target=\"_blank\" rel=\"noopener\">ici<\/a>. Ne manquez pas notre prochain Lunch Lecture du 16 mai. Vous pouvez vous y inscrire <a href=\"https:\/\/belux.edmo.eu\/fr\/event-edmo-belux-lunch-lecture-16-may-2023\/\" target=\"_blank\" rel=\"noopener\">ici<\/a>!<\/li>\n<\/ul>\n<p>[\/vc_column_text][vc_empty_space height=\u00a0\u00bb10px\u00a0\u00bb][vc_separator][vc_empty_space][vc_custom_heading text=\u00a0\u00bbLe coin des fact-checkers\u00a0\u00bb font_container=\u00a0\u00bbtag:h2|text_align:center|color:%23ffcb05&Prime; use_theme_fonts=\u00a0\u00bbyes\u00a0\u00bb][vc_empty_space height=\u00a0\u00bb10px\u00a0\u00bb][vc_column_text]Depuis le d\u00e9but du projet, nos fact-checkers partenaires, \u00e0 savoir l\u2019AFP, la RTBF et RTL Luxembourg, ont publi\u00e9\u00a0<b>624<\/b> fact-checks dans les cinq langues couvertes par EDMO BELUX! Les terribles tremblements de terre qui ont d\u00e9vast\u00e9 la Turquie et la Syrie ont g\u00e9n\u00e9r\u00e9 \u00e9norm\u00e9ment de d\u00e9sinformation et, par voie de cons\u00e9quence, beaucoup de fact-checks. La guerre en Ukraine reste \u00e9galement \u00e0 la une de l\u2019actualit\u00e9, tout comme la pand\u00e9mie de COVID-19.<\/p>\n<p>Dans cette rubrique, nous mettons en avant le dernier fact-check le plus consult\u00e9 dans chaque langue. Rendez-vous sur notre site Web pour d\u00e9couvrir d\u2019autres <a href=\"https:\/\/belux.edmo.eu\/fr\/fact-checking\/\" target=\"_blank\" rel=\"noopener\">fact-checks<\/a>![\/vc_column_text][vc_custom_heading text=\u00a0\u00bbAvez-vous consult\u00e9 nos meilleurs fact-checks ?\u00a0\u00bb font_container=\u00a0\u00bbtag:h4|text_align:left\u00a0\u00bb use_theme_fonts=\u00a0\u00bbyes\u00a0\u00bb][vc_raw_html]JTVCd3BkYXRhdGFibGUlMjBpZCUzRDE4JTVE[\/vc_raw_html][vc_empty_space height=\u00a0\u00bb10px\u00a0\u00bb][vc_separator][vc_empty_space][vc_custom_heading text=\u00a0\u00bbLe saviez-vous ?\u00a0\u00bb font_container=\u00a0\u00bbtag:h2|text_align:center|color:%23ffcb05&Prime; use_theme_fonts=\u00a0\u00bbyes\u00a0\u00bb][vc_empty_space height=\u00a0\u00bb10px\u00a0\u00bb][vc_column_text]<\/p>\n<ul>\n<li>Le num\u00e9rique fait d\u00e9sormais partie int\u00e9grante de notre vie, et c\u2019est bien pratique ! Mais nous devons n\u00e9anmoins nous montrer prudents&#8230; Il suffit de penser aux hackers qui n\u2019aspirent qu\u2019\u00e0 une chose : voler nos donn\u00e9es. Mediawijs, un partenaire d\u2019EDMO BELUX, a d\u00e9velopp\u00e9 l\u2019ensemble d\u2019outils p\u00e9dagogiques EDUbox Cybers\u00e9curit\u00e9 en collaboration avec imec vzw, la Cyber Security Coalition, DNS Belgium, Digital for Youth, brightlab et le Centre pour la Cybers\u00e9curit\u00e9 Belgique. Gr\u00e2ce \u00e0 EDUbox, les jeunes prennent la bonne habitude de se prot\u00e9ger des cybercriminels. Disponible en <a href=\"https:\/\/www.vrt.be\/nl\/edubox\/catalogus\/#cybersecurity\" target=\"_blank\" rel=\"noopener\">n\u00e9erlandais<\/a> et en <a href=\"https:\/\/www.vrt.be\/nl\/edubox\/catalogus\/#cybersecurite\" target=\"_blank\" rel=\"noopener\">fran\u00e7ais<\/a>.<\/li>\n<li>Aujourd\u2019hui, ce sont des algorithmes qui d\u00e9terminent le plus souvent les vid\u00e9os, les messages ou les profils que nous sommes amen\u00e9s \u00e0 voir en ligne. CrossOver, un projet men\u00e9 par EU DisinfoLab, partenaire d\u2019EDMO BELUX, en collaboration avec Savoir Devenir, Apache et CheckFirst, a mis au point un ensemble d\u2019outils p\u00e9dagogiques destin\u00e9s \u00e0 familiariser les \u00e9tudiants avec le monde des algorithmes. Les articles, podcasts, quiz et affiches sont disponibles en <a href=\"https:\/\/belux.edmo.eu\/crossover-educational-toolkit-on-algorithms\/\" target=\"_blank\" rel=\"noopener\">anglais<\/a> et en <a href=\"https:\/\/belux.edmo.eu\/nl\/crossover-educatieve-toolkit-over-algoritmes\/\" target=\"_blank\" rel=\"noopener\">n\u00e9erlandais<\/a>.<\/li>\n<li>En vue de cartographier le paysage de l\u2019\u00e9ducation aux m\u00e9dias en Europe, EDMO cr\u00e9e, pour chaque pays, un profil donnant un aper\u00e7u de l\u2019offre nationale d\u2019\u00e9ducation aux m\u00e9dias, dont des informations sur les politiques nationales, les principales parties prenantes et la place occup\u00e9e par l\u2019\u00e9ducation aux m\u00e9dias au sein et en dehors du parcours scolaire formel dans le pays. De nouveaux pays, dont la Belgique, ont \u00e9t\u00e9 r\u00e9cemment ajout\u00e9s \u00e0 la carte. Pour y jeter un \u0153il, c\u2019est par <a href=\"https:\/\/edmo.eu\/media-literacy\/media-literacy-repository\/\" target=\"_blank\" rel=\"noopener\">ici<\/a>!<\/li>\n<li>De nouvelles directives pour les enqu\u00eates OSINT d\u2019int\u00e9r\u00eat public ont \u00e9t\u00e9 \u00e9labor\u00e9es dans le cadre du projet European Fact-Checking Standards Network (EFCSN). Ces directives non contraignantes apportent aux organisations qui m\u00e8nent des enqu\u00eates de sources ouvertes un cadre de bonnes pratiques et la possibilit\u00e9 d\u2019analyser et \u00e9ventuellement d\u2019affiner leur m\u00e9thodologie, leurs comp\u00e9tences et leur documentation. D\u00e9couvrez tout ce que vous devez savoir sur les directives OSINT. Visionnez l\u2019enregistrement du webinaire o\u00f9 elles ont \u00e9t\u00e9 pr\u00e9sent\u00e9es <a href=\"https:\/\/obsint.eu\/events\/discover-the-osint-guidelines-webinar-replay\/\" target=\"_blank\" rel=\"noopener\">ici!<\/a><\/li>\n<li>Action M\u00e9dias Jeunes, une organisation de jeunesse d\u2019\u00e9ducation aux m\u00e9dias s\u2019adressant aux jeunes de la F\u00e9d\u00e9ration Wallonie Bruxelles, a cr\u00e9\u00e9 un nouvel outil \u00e9ducatif incitant les jeunes \u00e0 adopter une attitude critique face \u00e0 l\u2019information et exposant les r\u00e9alit\u00e9s du m\u00e9tier de journaliste. D\u00e9couvrez-en plus <a href=\"https:\/\/www.lalibre.be\/belgique\/enseignement\/2023\/03\/09\/contre-les-fake-news-un-nouvel-outil-pedagogique-pour-reflechir-a-lusage-des-medias-XUAZ3NZBKBFRFMAXDGFW3LNAA4\/\" target=\"_blank\" rel=\"noopener\">ici<\/a> et t\u00e9l\u00e9chargez gratuitement l\u2019outil \u00ab C\u2019est pas sourc\u00e9 \u00bb <a href=\"https:\/\/www.actionmediasjeunes.be\/ateliers\/cest-pas-source\/\" target=\"_blank\" rel=\"noopener\">ici<\/a>. Les partenaires du hub belgo-n\u00e9erlandais d\u2019EDMO, BENEDMO, ont travaill\u00e9 main dans la main pour enqu\u00eater sur le soi-disant dispositif de sant\u00e9 Healy et sur la strat\u00e9gie de vente qui y \u00e9tait associ\u00e9e. Ce bo\u00eetier de \u00ab th\u00e9rapie fr\u00e9quentielle \u00bb est commercialis\u00e9 sous la promesse qu\u2019il gu\u00e9rit toutes sortes de probl\u00e8mes m\u00e9dicaux, mais l\u2019\u00e9tude d\u00e9montre qu\u2019il ne sert \u00e0 rien du tout. D\u00e9couvrez-en plus <a href=\"https:\/\/benedmo.eu\/2023\/03\/29\/samenwerking-benedmo-partners-rond-fake-gezondheidsapp-healy\/\" target=\"_blank\" rel=\"noopener\">ici<\/a> (en n\u00e9erlandais)!<\/li>\n<\/ul>\n<p>[\/vc_column_text][vc_empty_space height=\u00a0\u00bb10px\u00a0\u00bb][vc_separator][vc_empty_space][vc_custom_heading text=\u00a0\u00bb\u00c9v\u00e9nements et annonces\u00a0\u00bb font_container=\u00a0\u00bbtag:h2|text_align:center|color:%23ffcb05&Prime; use_theme_fonts=\u00a0\u00bbyes\u00a0\u00bb][vc_empty_space height=\u00a0\u00bb10px\u00a0\u00bb][vc_column_text]<strong>\u00c9v\u00e9nements \u00e0 venir\u00a0:<\/strong><\/p>\n<ul>\n<li>La <a href=\"https:\/\/edmo.eu\/2023\/02\/14\/edmo-2023-annual-conference\/\" target=\"_blank\" rel=\"noopener\">conf\u00e9rence annuelle EDMO 2023<\/a>\u00a0se tiendra le 25\u00a0mai \u00e0 Bruxelles. Bloquez d\u2019ores et d\u00e9j\u00e0 la date dans votre agenda. Nous reviendrons bient\u00f4t avec des informations pratiques et un lien pour vous y inscrire\u00a0!<\/li>\n<li>Le 13 juin, Tom Willaert, de la VUB, donnera un expos\u00e9 dans le cadre d\u2019un \u00e9v\u00e9nement conjoint de <a href=\"https:\/\/defacto-observatoire.fr\/\" target=\"_blank\" rel=\"noopener\">De Facto<\/a>\u00a0et d\u2019EDMO\u00a0BELUX sur le th\u00e8me des \u00ab\u00a0r\u00e9cits et possibilit\u00e9s offertes par les plateformes\u00a0\u00bb \u00e0 SciencesPo m\u00e9dialab, Paris. Bloquez la date\u00a0!<\/li>\n<li>Le 29 juin, la Commission europ\u00e9enne et les projets de recherche AI4media, AI4Trust, TITAN et vera.ai organiseront une conf\u00e9rence d\u2019une journ\u00e9e \u00e0 Bruxelles <a href=\"https:\/\/www.veraai.eu\/posts\/brussels-event-june-2023-future-of-ai\" target=\"_blank\" rel=\"noopener\">sur l\u2019avenir de l\u2019IA<\/a> et sa contribution dans la lutte contre la d\u00e9sinformation. Les informations et le lien pour l\u2019inscription suivront bient\u00f4t\u00a0!<\/li>\n<\/ul>\n<p><strong>\u00c9v\u00e9nements pass\u00e9s\u00a0:<\/strong><\/p>\n<ul>\n<li>EDMO BELUX a d\u00e9j\u00e0 organis\u00e9 deux formations sur l\u2019\u00e9ducation aux m\u00e9dias. Jetez un \u0153il \u00e0 ce qui s\u2019y est pass\u00e9 en <a href=\"https:\/\/belux.edmo.eu\/news-in-the-classroom-training-event-for-teachers\/\" target=\"_blank\" rel=\"noopener\">Flandre<\/a> et du <a href=\"https:\/\/belux.edmo.eu\/analysing-tools-against-disinformation-edmo-belux-workshops\/\" target=\"_blank\" rel=\"noopener\">c\u00f4t\u00e9 francophone de la Belgique<\/a>.\u00a0Et pr\u00e9parez-vous pour la formation qui aura lieu au Luxembourg en juin. Informations pratiques \u00e0 suivre\u00a0!<\/li>\n<li>Le 28 f\u00e9vrier, EDMO BELUX et le projet CrossOver ont organis\u00e9 ensemble un <a href=\"https:\/\/belux.edmo.eu\/event-crossover-edmo-belux-webinar-is-china-trying-to-control-the-narrative-about-xinjiang-on-google-news\/\" target=\"_blank\" rel=\"noopener\">webinaire<\/a> afin de pr\u00e9senter l\u2019\u00e9tude du paysage m\u00e9diatique belge tel qu\u2019il est agr\u00e9g\u00e9 par Google News. Cette \u00e9tude montre les articles mis en avant sur la base d\u2019une s\u00e9lection de mots cl\u00e9s choisis par CrossOver et ceux qui ont \u00e9t\u00e9 les plus donn\u00e9s \u00e0 voir aux utilisateurs belges. Visionnez l\u2019enregistrement de ce webinaire <a href=\"https:\/\/t.co\/5eodwWMFXd\" target=\"_blank\" rel=\"noopener\">ici<\/a> et consultez l\u2019\u00e9tude de CrossOver <a href=\"https:\/\/crossover.social\/is-china-trying-to-control-the-narrative-about-xinjiang-on-google-news\/\" target=\"_blank\" rel=\"noopener\">ici<\/a>.<\/li>\n<li>Le 15 mars, le laboratoire de recherche Engage et l\u2019\u00e9quipe d\u2019EDMO BELUX ont accueilli Alban Tartari, de l\u2019Universit\u00e9 de Tirana, venu faire un expos\u00e9 sur la production et la circulation de la d\u00e9sinformation dans les Balkans occidentaux, \u00e0 l\u2019occasion d\u2019un webinaire intitul\u00e9 <a href=\"https:\/\/belux.edmo.eu\/event-fake-news-in-the-western-balkans-tackling-disinformation-at-the-sidelines-of-the-european-union-15-march-2023\/\" target=\"_blank\" rel=\"noopener\">\u00ab Fake News in the Western Balkans: tackling disinformation at the sidelines of the European Union \u00bb.<\/a> Retrouvez la pr\u00e9sentation <a href=\"https:\/\/belux-edmo.s3-accelerate.amazonaws.com\/wp-content\/uploads\/2023\/03\/20230315-webinar-Tartari-Engage-EDMOBELUX.pdf\" target=\"_blank\" rel=\"noopener\">ici<\/a>.<\/li>\n<li>Dans le cadre de ses webinaires du mercredi sur l\u2019\u00e9ducation num\u00e9rique et aux m\u00e9dias en Europe, Media &amp; Learning a organis\u00e9 deux webinaires pour pr\u00e9senter le travail effectu\u00e9 par les hubs d\u2019EDMO sur l\u2019\u00e9ducation num\u00e9rique et aux m\u00e9dias et pour identifier des domaines d\u2019int\u00e9r\u00eat commun. D\u00e9couvrez-en plus <a href=\"https:\/\/media-and-learning.eu\/event\/media-literacy-at-the-national-and-regional-level-supported-by-the-edmo-hubs-part-1\/\" target=\"_blank\" rel=\"noopener\">ici<\/a> et <a href=\"https:\/\/media-and-learning.eu\/event\/media-literacy-at-the-national-and-regional-level-supported-by-the-edmo-hubs-part-2\/\" target=\"_blank\" rel=\"noopener\">ici<\/a>.<\/li>\n<\/ul>\n<p>[\/vc_column_text][vc_empty_space height=\u00a0\u00bb10px\u00a0\u00bb][vc_separator][vc_empty_space][vc_custom_heading text=\u00a0\u00bbPublications\u00a0\u00bb font_container=\u00a0\u00bbtag:h2|text_align:center|color:%23ffcb05&Prime; use_theme_fonts=\u00a0\u00bbyes\u00a0\u00bb][vc_empty_space height=\u00a0\u00bb10px\u00a0\u00bb][vc_column_text]The Propagation of Misinformation in Social Media. A Cross-platform Analysis \u2013 Un nouvel <a href=\"https:\/\/www.aup.nl\/en\/book\/9789463720762\/the-propagation-of-misinformation-in-social-media#toc\" target=\"_blank\" rel=\"noopener\">ouvrage publi\u00e9 par Tom Willaert, partenaire d\u2019EDMO\u00a0BELUX, et ses coll\u00e8gues<\/a> (en anglais).<\/p>\n<p>Retrouvez <a href=\"https:\/\/belux.edmo.eu\/fr\/about-us\/actualites-et-evenements\/\" target=\"_blank\" rel=\"noopener\">nos actualit\u00e9s et \u00e9v\u00e9nements<\/a> et nos <a href=\"https:\/\/belux.edmo.eu\/fr\/recherche\/\" target=\"_blank\" rel=\"noopener\">recherches et publications<\/a> sur le site Web d\u2019EDMO BELUX ![\/vc_column_text][vc_separator][vc_empty_space][vc_row_inner][vc_column_inner width=\u00a0\u00bb1\/3&Prime;][vc_icon icon_fontawesome=\u00a0\u00bbfas fa-link\u00a0\u00bb align=\u00a0\u00bbcenter\u00a0\u00bb link=\u00a0\u00bburl:https%3A%2F%2Fbelux.edmo.eu\u00a0\u00bb][\/vc_column_inner][vc_column_inner width=\u00a0\u00bb1\/3&Prime;][vc_icon icon_fontawesome=\u00a0\u00bbfab fa-twitter\u00a0\u00bb align=\u00a0\u00bbcenter\u00a0\u00bb link=\u00a0\u00bburl:https%3A%2F%2Ftwitter.com%2FEdmo_Belux\u00a0\u00bb][\/vc_column_inner][vc_column_inner width=\u00a0\u00bb1\/3&Prime;][vc_icon icon_fontawesome=\u00a0\u00bbfab fa-linkedin\u00a0\u00bb align=\u00a0\u00bbcenter\u00a0\u00bb link=\u00a0\u00bburl:https%3A%2F%2Fwww.linkedin.com%2Fshowcase%2Fedmo-belux%2F\u00a0\u00bb][\/vc_column_inner][\/vc_row_inner][\/vc_tta_section][vc_tta_section title=\u00a0\u00bbDisinfoCheck Roundup f\u00e9vrier 2023&Prime; tab_id=\u00a0\u00bb1688645481277-e2305602-caa2&Prime;][vc_custom_heading text=\u00a0\u00bbDisinfoCheck Roundup f\u00e9vrier 2023&Prime; font_container=\u00a0\u00bbtag:h1|text_align:center\u00a0\u00bb use_theme_fonts=\u00a0\u00bbyes\u00a0\u00bb][vc_custom_heading text=\u00a0\u00bbEdito\u00a0\u00bb font_container=\u00a0\u00bbtag:h2|text_align:center|color:%23ffcb05&Prime; use_theme_fonts=\u00a0\u00bbyes\u00a0\u00bb][vc_empty_space height=\u00a0\u00bb10px\u00a0\u00bb][vc_column_text]<\/p>\n<p class=\"p1\">Bienvenue dans le deuxi\u00e8me num\u00e9ro de la newsletter d\u2019EDMO\u00a0BELUX, le <a href=\"https:\/\/belux.edmo.eu\/our-newsletters-archive\/\" target=\"_blank\" rel=\"noopener\"><span class=\"s1\">DisinfoCheck Roundup<\/span><\/a>. Cette newsletter rassemble des \u00e9tudes, des ressources et des rapports pertinents sur la d\u00e9sinformation en Belgique et au Luxembourg. Elle est disponible dans toutes les langues couvertes par notre hub (fran\u00e7ais, n\u00e9erlandais, allemand, luxembourgeois et anglais).<\/p>\n<p class=\"p1\">2022 a \u00e9t\u00e9 une grande ann\u00e9e pour les membres d\u2019EDMO\u00a0BELUX. Nos fact-checkers partenaires ont en effet d\u00e9j\u00e0 publi\u00e9 plus de 400\u00a0fact-checks dans les cinq langues que nous traitons. Notre \u00e9quipe de recherche a publi\u00e9 sa premi\u00e8re s\u00e9rie de rapports, ainsi que des \u00e9tudes pouss\u00e9es, tandis que nos experts en \u00e9ducation aux m\u00e9dias ont travaill\u00e9 sur un r\u00e9f\u00e9rentiel de mat\u00e9riel d\u2019\u00e9ducation aux m\u00e9dias et sur des formations. Nous ne comptons bien s\u00fbr pas nous arr\u00eater en si bon chemin et avons bien l\u2019intention de publier davantage de contenu en\u00a02023, dans l\u2019espoir de nourrir le d\u00e9bat au sein de notre hub, avec d\u2019autres hubs du r\u00e9seau <a href=\"https:\/\/edmo.eu\/\" target=\"_blank\" rel=\"noopener\"><span class=\"s1\">EDMO<\/span><\/a> et au sein de notre communaut\u00e9 au sens large.<\/p>\n<p class=\"p1\">Dans cette newsletter, vous trouverez un r\u00e9sum\u00e9 de nos r\u00e9centes publications, dont celui du dernier article publi\u00e9 par EDMO\u00a0BELUX, intitul\u00e9 \u00ab\u00a0Le groupe antivax am\u00e9ricain Children\u2019s Health Defense \u00e9tend ses tentacules en Europe\u00a0\u00bb. Dans la rubrique \u00ab\u00a0Le coin des fact-checkers\u00a0\u00bb, vous trouverez des fake news d\u00e9mont\u00e9es, comme celle des convertis \u00e0 l\u2019islam en marge de la Coupe du Monde de football au Qatar, la v\u00e9ritable histoire qui se cache sous les \u00ab\u00a0Twitter Files\u00a0\u00bb\u00a0\u2013 tels que les a appel\u00e9s Elon Musk\u00a0\u2013, ainsi que des fact-checks relatifs au Forum \u00e9conomique mondial et \u00e0 la pand\u00e9mie de COVID-19. Dans la rubrique \u00ab\u00a0Publications\u00a0\u00bb, vous trouverez le lien vers l\u2019\u00e9tude pouss\u00e9e de CrossOver qui se penche sur la mani\u00e8re dont les r\u00e9cits officiels russes se mettent \u00e0 circuler sur Twitter d\u00e8s qu\u2019il est question de \u00ab\u00a0nazis\u00a0\u00bb sur le r\u00e9seau social, ainsi que les liens vers les r\u00e9sum\u00e9s de la premi\u00e8re s\u00e9rie de rapports scientifiques d\u2019EDMO\u00a0BELUX. Enfin, n\u2019oubliez pas de consulter les annonces et les \u00e9v\u00e9nements \u00e0 venir.<\/p>\n<p class=\"p2\">Bonne lecture\u00a0!<\/p>\n<p class=\"p2\"><em>Victor Wiard, chercheur post-doctoral \u00e0 l\u2019Universit\u00e9 Saint-Louis\u00a0\u2013 Bruxelles, principal partenaire des activit\u00e9s de recherche d\u2019EDMO\u00a0BELUX\u00a0<\/em><\/p>\n<p>[\/vc_column_text][vc_empty_space height=\u00a0\u00bb10px\u00a0\u00bb][vc_separator][vc_empty_space][vc_custom_heading text=\u00a0\u00bbActualit\u00e9s d\u2019EDMO BELUX\u00a0\u00bb font_container=\u00a0\u00bbtag:h2|text_align:center|color:%23ffcb05&Prime; use_theme_fonts=\u00a0\u00bbyes\u00a0\u00bb][vc_empty_space height=\u00a0\u00bb10px\u00a0\u00bb][vc_column_text]<\/p>\n<ul class=\"ul1\">\n<li class=\"li1\"><b>Le groupe antivax am\u00e9ricain Children\u2019s Health Defense \u00e9tend ses tentacules en Europe. <\/b>Cette <a href=\"https:\/\/belux.edmo.eu\/fr\/le-groupe-antivax-americain-childrens-health-defense-etend-ses-tentacules-en-europe\/\" target=\"_blank\" rel=\"noopener\">\u00e9tude<\/a> analyse les efforts d\u00e9ploy\u00e9s par le mouvement antivax de Robert\u00a0Kennedy\u00a0Jr, Children\u2019s Health Defense, pour \u00e9tendre ses activit\u00e9s en Europe, principalement au d\u00e9part de Bruxelles.<\/li>\n<li class=\"li1\"><b>Analyse \u00e9conomique\u00a0: Un cadre pour mesurer la viabilit\u00e9 financi\u00e8re du march\u00e9 des m\u00e9dias d\u2019information en lien avec la d\u00e9sinformation\u00a0\u2013 R\u00e9sum\u00e9 de D3.1.1.<\/b> Cette <a href=\"https:\/\/belux.edmo.eu\/a-framework-for-measuring-news-media-markets-financial-viability-in-relation-to-disinformation-d3-1-1\/\" target=\"_blank\" rel=\"noopener\"><span class=\"s1\">composante de recherche<\/span><\/a> vise \u00e0 contr\u00f4ler la viabilit\u00e9 financi\u00e8re du secteur des m\u00e9dias d\u2019information en Belgique et au Luxembourg et \u00e0 \u00e9tablir une matrice de contr\u00f4le s\u2019appuyant sur des indicateurs li\u00e9s aux revenus tir\u00e9s de la publicit\u00e9 et des abonnements, aux aides publiques (in)directes et \u00e0 la philanthropie. Les chercheurs d\u2019EDMO\u00a0BELUX pr\u00e9sentent le fondement conceptuel de cette t\u00e2che.<span class=\"Apple-converted-space\">\u00a0 \u00a0<\/span><\/li>\n<\/ul>\n<ul class=\"ul1\">\n<li class=\"li1\"><b>\u00c9tude quantitative\u00a0: Qui est vuln\u00e9rable \u00e0 la d\u00e9sinformation (politique)\u00a0? R\u00e9sultats obtenus en Flandre, Belgique\u00a0\u2013 R\u00e9sum\u00e9 de D3.2.1. <\/b>Dans cette <a href=\"https:\/\/belux.edmo.eu\/fr\/qui-est-vulnerable-a-la-desinformation-politique-resultats-obtenus-en-flandre-belgique-resume-de-d3-2-1\/\" target=\"_blank\" rel=\"noopener\"><span class=\"s1\">\u00e9tude<\/span><\/a>, les chercheurs d\u2019EDMO\u00a0BELUX examinent les profils de vuln\u00e9rabilit\u00e9 \u00e0 la d\u00e9sinformation parmi les citoyens de Flandre, la plus grande r\u00e9gion de Belgique. L\u2019\u00e9tude se penche tout d\u2019abord sur la mesure dans laquelle les caract\u00e9ristiques sociod\u00e9mographiques et les attitudes sociopolitiques des citoyens nous aident \u00e0 d\u00e9couvrir lesquels, parmi eux, sont plus (ou moins) enclins \u00e0 croire de fausses informations. Ensuite, elle se concentre sur l\u2019effet de l\u2019exposition \u00e0 la d\u00e9sinformation en ligne.<\/li>\n<\/ul>\n<ul class=\"ul1\">\n<li class=\"li1\"><b>\u00c9tude qualitative\u00a0: Th\u00e9ories profanes des troubles info-d\u00e9mocratiques\u00a0\u2013 R\u00e9sultats pr\u00e9liminaires d\u2019une \u00e9tude qualitative des publics belges et luxembourgeois\u00a0\u2013 R\u00e9sum\u00e9 de D3.2.2.<\/b> Dans cette <a href=\"https:\/\/belux.edmo.eu\/fr\/theories-profanes-des-troubles-info-democratiques-resultats-preliminaires-dune-etude-qualitative-des-publics-belges-et-luxembourgeois-resume-de-d3-2-2\/\" target=\"_blank\" rel=\"noopener\"><span class=\"s1\">\u00e9tude<\/span><\/a>, les chercheurs EDMO\u00a0BELUX fournissent une analyse pr\u00e9liminaire des th\u00e9ories profanes relatives aux troubles info-d\u00e9mocratiques en Belgique et au Luxembourg. L\u2019\u00e9tude cherche \u00e0 comprendre comment le public th\u00e9orise les troubles li\u00e9s \u00e0 l\u2019information et \u00e0 la d\u00e9mocratie et s\u2019appuie sur une m\u00e9thodologie qualitative bas\u00e9e sur des entretiens semi-directifs men\u00e9s avec des informateurs en Belgique et au Luxembourg.<\/li>\n<\/ul>\n<ul class=\"ul1\">\n<li class=\"li1\"><b>Analyse politique\u00a0: Contr\u00f4le des politiques en Belgique, au Luxembourg et sur les plateformes<\/b>. L\u2019\u00e9quipe de recherche d\u2019EDMO\u00a0BELUX s\u2019est pench\u00e9e sur les <a href=\"https:\/\/belux.edmo.eu\/fr\/controle-des-politiques-mises-en-place-par-les-plateformes-resume-de-d3-3-1\/\" target=\"_blank\" rel=\"noopener\"><span class=\"s1\">aspects politiques de la lutte contre la d\u00e9sinformation en Belgique et au Luxembourg<\/span><\/a>. Ce volet de la recherche a donn\u00e9 lieu non pas \u00e0 un, mais \u00e0 trois articles, intitul\u00e9s\u00a0:<\/li>\n<\/ul>\n<ul class=\"ul1\">\n<li class=\"li1\"><b>Pas de chance si vous \u00eates au BELUX\u00a0? R\u00e9ponses des plateformes face \u00e0 la d\u00e9sinformation en Belgique et au Luxembourg.<\/b> <span class=\"Apple-converted-space\">\u00a0 <\/span>Cet <a href=\"https:\/\/belux.edmo.eu\/fr\/pas-de-chance-si-vous-etes-au-belux-reponses-des-plateformes-a-la-desinformation-en-belgique-et-au-luxembourg\/\" target=\"_blank\" rel=\"noopener\"><span class=\"s1\">article<\/span><\/a> de Samuel\u00a0Cipers et Trisha\u00a0Meyer examine les mesures prises par les plateformes pour lutter contre la d\u00e9sinformation en ligne en Belgique et au Luxembourg. Vous pouvez acc\u00e9der \u00e0 l\u2019article (en anglais) via <a href=\"https:\/\/belux.edmo.eu\/fr\/pas-de-chance-si-vous-etes-au-belux-reponses-des-plateformes-a-la-desinformation-en-belgique-et-au-luxembourg\/\" target=\"_blank\" rel=\"noopener\"><span class=\"s1\">cette page<\/span><\/a>.<\/li>\n<li class=\"li1\"><b>Qu\u2019est-ce qui est politique\u00a0? Les efforts non coordonn\u00e9s des plateformes en mati\u00e8re de publicit\u00e9 politique.<\/b><span class=\"Apple-converted-space\">\u00a0 <\/span>Cet <a href=\"https:\/\/belux.edmo.eu\/fr\/quest-ce-qui-est-politique-les-efforts-non-coordonnes-des-plateformes-en-matiere-de-publicite-politique\/\" target=\"_blank\" rel=\"noopener\"><span class=\"s1\">article de blog<\/span><\/a> de Samuel Cipers et Trisha Meyer analyse les initiatives de Meta, de Google, de TikTok et de Twitter en mati\u00e8re de publicit\u00e9 politique. Vous pouvez acc\u00e9der \u00e0 l\u2019article (en anglais) via <a href=\"https:\/\/belux.edmo.eu\/fr\/quest-ce-qui-est-politique-les-efforts-non-coordonnes-des-plateformes-en-matiere-de-publicite-politique\/\" target=\"_blank\" rel=\"noopener\"><span class=\"s1\">cette page<\/span><\/a>.<\/li>\n<li class=\"li4\"><b>Analyse de la politique de recours sur Facebook, Instagram, YouTube et Twitter\u00a0: il y a une marge d\u2019am\u00e9lioration. <\/b><span class=\"Apple-converted-space\">\u00a0 <\/span>Cet <a href=\"https:\/\/belux.edmo.eu\/room-for-improvement-analysing-redress-policy-on-facebook-instagram-youtube-and-twitter\/\" target=\"_blank\" rel=\"noopener\"><span class=\"s1\">article<\/span><\/a> examine les voies de recours des utilisateurs face aux (in)actions de quatre grandes plateformes de m\u00e9dias sociaux \u00e0 l\u2019encontre de contenu et\/ou de comptes. Il donne des conseils politiques en vue des prochaines \u00e9tapes de la l\u00e9gislation de l\u2019UE sur les services num\u00e9riques, en particulier en ce qui concerne son article\u00a017 relatif au syst\u00e8me interne de traitement des r\u00e9clamations et aux voies de recours.<\/li>\n<\/ul>\n<p>[\/vc_column_text][vc_empty_space height=\u00a0\u00bb10px\u00a0\u00bb][vc_separator][vc_empty_space][vc_custom_heading text=\u00a0\u00bbLe coin des fact-checkers\u00a0\u00bb font_container=\u00a0\u00bbtag:h2|text_align:center|color:%23ffcb05&Prime; use_theme_fonts=\u00a0\u00bbyes\u00a0\u00bb][vc_empty_space height=\u00a0\u00bb10px\u00a0\u00bb][vc_column_text]<\/p>\n<p class=\"p1\">Depuis le d\u00e9but du projet, nos fact-checkers partenaires, \u00e0 savoir l\u2019AFP, la RTBF et RTL\u00a0Luxembourg, ont publi\u00e9 <strong><span class=\"s1\">474<\/span>\u00a0fact-checks dans les cinq langues couvertes par EDMO\u00a0BELUX\u00a0!<\/strong><\/p>\n<p class=\"p1\">Dans cette rubrique, nous mettons en avant le dernier fact-check le plus consult\u00e9 dans chaque langue. Rendez-vous sur notre site Web pour d\u00e9couvrir d\u2019autres <a href=\"https:\/\/belux.edmo.eu\/fr\/fact-checking\/\" target=\"_blank\" rel=\"noopener\"><span class=\"s2\">fact-checks<\/span><\/a>\u00a0!<\/p>\n<p>[\/vc_column_text][vc_custom_heading text=\u00a0\u00bbAvez-vous consult\u00e9 nos meilleurs fact-checks ?\u00a0\u00bb font_container=\u00a0\u00bbtag:h4|text_align:left\u00a0\u00bb use_theme_fonts=\u00a0\u00bbyes\u00a0\u00bb][vc_raw_html]JTVCd3BkYXRhdGFibGUlMjBpZCUzRDExJTVE[\/vc_raw_html][vc_empty_space height=\u00a0\u00bb10px\u00a0\u00bb][vc_separator][vc_empty_space][vc_custom_heading text=\u00a0\u00bbLe saviez-vous ?\u00a0\u00bb font_container=\u00a0\u00bbtag:h2|text_align:center|color:%23ffcb05&Prime; use_theme_fonts=\u00a0\u00bbyes\u00a0\u00bb][vc_empty_space height=\u00a0\u00bb10px\u00a0\u00bb][vc_column_text]<\/p>\n<ul class=\"ul1\">\n<li class=\"li1\"><b>Saviez-vous que nos partenaires en \u00e9ducation aux m\u00e9dias, Mediawijs et M\u00e9dia\u00a0Animation, disposent tous les deux d\u2019un site Web prodiguant des conseils aux parents \u00e0 propos des m\u00e9dias dans le cercle familial\u00a0?<\/b> Les parents y trouveront des informations sur le gaming, le cyberharc\u00e8lement et le sexting, ainsi que des r\u00e9ponses \u00e0 leurs questions \u00e0 propos des actualit\u00e9s et de la d\u00e9sinformation. Voici les liens vers la page en <a href=\"https:\/\/www.medianest.be\/thema\/nieuws-en-informatie\" target=\"_blank\" rel=\"noopener\"><span class=\"s1\">n\u00e9erlandais<\/span><\/a> et en <span class=\"s1\">fran\u00e7ais<\/span>.<\/li>\n<li class=\"li1\"><b>Cette ann\u00e9e, le projet flamand \u00ab\u00a0Nieuws in de klas\u00a0\u00bb lance trois nouveaux d\u00e9fis pour pimenter les le\u00e7ons sur les actualit\u00e9s et sur la d\u00e9sinformation.<\/b> Vous pouvez pr\u00e9parer vos \u00e9l\u00e8ves \u00e0 devenir de v\u00e9ritables journalistes ou leaders d\u2019opinion en participant \u00e0 l\u2019un de ces trois <a href=\"https:\/\/www.mediawijs.be\/nl\/challenge-feitencheckers\" target=\"_blank\" rel=\"noopener\"><span class=\"s1\">d\u00e9fis<\/span><\/a>. De la r\u00e9daction d\u2019un article d\u2019actualit\u00e9 au fact-checking en passant par le d\u00e9veloppement et la d\u00e9fense de sa propre opinion, il y en a pour tous les \u00e2ges.<\/li>\n<li class=\"li1\"><b>Odysee\u00a0: une liste de demandes de g\u00e9oblocage d\u00e9montre que l\u2019UE et ses \u00c9tats membres sont loin de prendre suffisamment de mesures pour faire respecter la loi. <\/b>Cette <a href=\"https:\/\/www.disinfo.eu\/advocacy\/odysee-list-of-geo-blocking-requests-shows-the-eu-and-eu-member-states-are-far-from-doing-enough-to-enforce-the-law\/\" target=\"_blank\" rel=\"noopener\"><span class=\"s1\">analyse<\/span><\/a>, centr\u00e9e sur la plateforme de partage vid\u00e9o Odysee et bas\u00e9e sur une liste de plus de 3\u00a0000\u00a0restrictions d\u2019acc\u00e8s, d\u00e9montre que l\u2019UE et ses \u00c9tats membres sont loin de prendre suffisamment de mesures, notamment en ce qui concerne du contenu potentiellement ill\u00e9gal.<\/li>\n<li class=\"li1\"><b>Le r\u00e9seau EDMO s\u2019\u00e9tend \u00e0 tous les \u00c9tats membres de l\u2019UE gr\u00e2ce \u00e0 six nouveaux hubs. <\/b>Les six nouveaux hubs EDMO, qui viennent s\u2019ajouter aux huit hubs existants, permettent au r\u00e9seau EDMO d\u2019<a href=\"https:\/\/edmo.eu\/2022\/12\/01\/the-edmo-network-expands-to-all-eu-member-states-through-six-new-hubs\/\" target=\"_blank\" rel=\"noopener\"><span class=\"s1\">\u00e9tendre sa couverture aux 27\u00a0\u00c9tats membres de l\u2019UE, ainsi qu\u2019\u00e0 la Norv\u00e8ge<\/span><\/a>, qui fait partie de l\u2019EEE. Les nouveaux hubs devraient \u00eatre op\u00e9rationnels d\u00e9but\u00a02023.<\/li>\n<li class=\"li1\"><b>Lettre de fact-checking mensuelle d\u2019EDMO. <\/b>Le 16\u00a0janvier dernier, EDMO a publi\u00e9 sa derni\u00e8re<span class=\"s2\"> <a href=\"https:\/\/edmo.eu\/2023\/01\/16\/monthly-fact-checking-brief-no-19-is-out\/\" target=\"_blank\" rel=\"noopener\"><span class=\"s1\">lettre de fact-checking mensuelle<\/span><\/a><\/span><span class=\"s3\">. Au menu\u00a0: les migrants musulmans et les r\u00e9fugi\u00e9s ukrainiens en ligne de mire de la d\u00e9sinformation.<\/span><\/li>\n<li class=\"li1\"><b>Pourquoi le terme \u00ab\u00a0nazis\u00a0\u00bb revient-il r\u00e9guli\u00e8rement sur Twitter en Belgique\u00a0?<\/b> Cette <a href=\"https:\/\/crossover.social\/why-is-nazis-regularly-trending-on-twitter-in-belgium\/\" target=\"_blank\" rel=\"noopener\"><span class=\"s1\">analyse<\/span><\/a> de CrossOver montre la mani\u00e8re dont les r\u00e9cits officiels russes se mettent \u00e0 circuler d\u00e8s qu\u2019il est question de \u00ab\u00a0nazis\u00a0\u00bb sur le r\u00e9seau social en Belgique.<\/li>\n<\/ul>\n<p>[\/vc_column_text][vc_empty_space height=\u00a0\u00bb10px\u00a0\u00bb][vc_separator][vc_empty_space][vc_custom_heading text=\u00a0\u00bb\u00c9v\u00e9nements et annonces\u00a0\u00bb font_container=\u00a0\u00bbtag:h2|text_align:center|color:%23ffcb05&Prime; use_theme_fonts=\u00a0\u00bbyes\u00a0\u00bb][vc_empty_space height=\u00a0\u00bb10px\u00a0\u00bb][vc_column_text]<\/p>\n<ul class=\"ul1\">\n<li class=\"li1\"><b>13\u00a0f\u00e9vrier<\/b>. Rejoignez le Dr\u00a0Rakoen\u00a0Maertens, de l\u2019University of Cambridge et ancien \u00e9tudiant de l\u2019UGent, et Tim\u00a0Verheyden, journaliste \u00e0 la VRT, pour un d\u00e9bat <a href=\"https:\/\/dunantacademie.ugent.be\/programma\/inzichten-voor-mens-en-samenleving\/2022-2023-da230213rm-psychologie-en-de-werking-van\" target=\"_blank\" rel=\"noopener\"><span class=\"s1\">au sujet de la psychologie et de l\u2019effet de la d\u00e9sinformation<\/span><\/a>.<\/li>\n<li class=\"li1\"><b>27\u00a0f\u00e9vrier<\/b>. Vous enseignez\u00a0? Participez au <a href=\"https:\/\/www.mediawijs.be\/nl\/challenge-feitencheckers\" target=\"_blank\" rel=\"noopener\"><span class=\"s1\">d\u00e9fi des fact-checkers<\/span><\/a> de Mediawijs\/StampMedia avec vos \u00e9l\u00e8ves.<\/li>\n<li class=\"li2\"><span class=\"s2\"><b>28\u00a0f\u00e9vrier<\/b>. Date limite pour l\u2019inscription au <a href=\"https:\/\/gulbenkian.pt\/emifund\/bolsas-lista\/boosting-fact-checking-activities-in-europe\/?utm_source=Social_media&amp;utm_medium=C4P\" target=\"_blank\" rel=\"noopener\"><span class=\"s1\">4<\/span><span class=\"s3\"><sup>e<\/sup><\/span><span class=\"s1\">\u00a0cycle de financement de l\u2019appel de l\u2019EMIF \u00e0 booster les activit\u00e9s de fact-checking en Europe<\/span><\/a>.\u00a0<\/span><\/li>\n<li class=\"li1\"><b>31\u00a0mars<\/b>. Inscrivez votre classe de premi\u00e8re secondaire au <a href=\"https:\/\/www.mediawijs.be\/nl\/challenge-nieuwsmakers\" target=\"_blank\" rel=\"noopener\"><span class=\"s1\">d\u00e9fi des journalistes d\u2019actualit\u00e9<\/span><\/a> de Mediawijs et qui sait, peut-\u00eatre l\u2019un de vos \u00e9l\u00e8ves sera-t-il sacr\u00e9 \u00ab\u00a0meilleur journaliste d\u2019actualit\u00e9\u00a0\u00bb du concours\u00a0!<\/li>\n<li class=\"li1\">La conf\u00e9rence annuelle\u00a02022 de l\u2019EU DisinfoLab s\u2019est tenue les 25 et 26\u00a0octobre derniers. Vous trouverez des supports d\u2019information, y compris le dossier de la conf\u00e9rence, les pr\u00e9sentations et une s\u00e9lection de photos <a href=\"https:\/\/www.disinfo.eu\/conference\/\" target=\"_blank\" rel=\"noopener\"><span class=\"s1\">ici<\/span><\/a>. Des enregistrements de certaines des s\u00e9ances sont \u00e9galement disponibles sur la <a href=\"https:\/\/www.youtube.com\/channel\/UCK6EIqjgi_epFCtGPeAm6tw\/featured\" target=\"_blank\" rel=\"noopener\"><span class=\"s1\">cha\u00eene YouTube<\/span><\/a> de l\u2019EU DisinfoLab\u00a0! Notez d\u00e9j\u00e0 la date de la prochaine \u00e9dition dans votre agenda\u00a0: #Disinfo2023 aura lieu les 11 et 12\u00a0octobre\u00a02023 \u00e0 Cracovie, en Pologne\u00a0!<\/li>\n<li class=\"li3\">Le Comit\u00e9 international de la Croix-Rouge a publi\u00e9 deux offres d\u2019emploi pour le Luxembourg\u00a0: <a href=\"https:\/\/www.icrc.org\/en\/who-we-are\/jobs\/opportunity\/cyber-security-policy-adviser-luxembourg\" target=\"_blank\" rel=\"noopener\"><span class=\"s1\">Cyber Security Policy Adviser<\/span><\/a> et <a href=\"https:\/\/www.icrc.org\/en\/who-we-are\/jobs\/opportunity\/cyber-security-policy-outreach-coordinator-luxembourg\" target=\"_blank\" rel=\"noopener\"><span class=\"s1\">Cyber Security Policy Outreach Coordinator<\/span><\/a>.<\/li>\n<\/ul>\n<p>[\/vc_column_text][vc_empty_space height=\u00a0\u00bb10px\u00a0\u00bb][vc_separator][vc_empty_space][vc_row_inner][vc_column_inner width=\u00a0\u00bb1\/3&Prime;][vc_icon icon_fontawesome=\u00a0\u00bbfas fa-link\u00a0\u00bb align=\u00a0\u00bbcenter\u00a0\u00bb link=\u00a0\u00bburl:https%3A%2F%2Fbelux.edmo.eu\u00a0\u00bb][\/vc_column_inner][vc_column_inner width=\u00a0\u00bb1\/3&Prime;][vc_icon icon_fontawesome=\u00a0\u00bbfab fa-twitter\u00a0\u00bb align=\u00a0\u00bbcenter\u00a0\u00bb link=\u00a0\u00bburl:https%3A%2F%2Ftwitter.com%2FEdmo_Belux\u00a0\u00bb][\/vc_column_inner][vc_column_inner width=\u00a0\u00bb1\/3&Prime;][vc_icon icon_fontawesome=\u00a0\u00bbfab fa-linkedin\u00a0\u00bb align=\u00a0\u00bbcenter\u00a0\u00bb link=\u00a0\u00bburl:https%3A%2F%2Fwww.linkedin.com%2Fshowcase%2Fedmo-belux%2F\u00a0\u00bb][\/vc_column_inner][\/vc_row_inner][\/vc_tta_section][\/vc_tta_accordion][vc_tta_accordion style=\u00a0\u00bbsimple_dashed\u00a0\u00bb active_section=\u00a0\u00bb1&Prime; collapsible_all=\u00a0\u00bbtrue\u00a0\u00bb][vc_tta_section title=\u00a0\u00bbDisinfoCheck Roundup November 2022&Prime; tab_id=\u00a0\u00bb1688645483713-d6c64332-00a8&Prime;][vc_custom_heading text=\u00a0\u00bbDisinfoCheck Roundup November 2022&Prime; font_container=\u00a0\u00bbtag:h1|text_align:center\u00a0\u00bb use_theme_fonts=\u00a0\u00bbyes\u00a0\u00bb][vc_custom_heading text=\u00a0\u00bbEdito\u00a0\u00bb font_container=\u00a0\u00bbtag:h2|text_align:center|color:%23ffcb05&Prime; use_theme_fonts=\u00a0\u00bbyes\u00a0\u00bb][vc_empty_space height=\u00a0\u00bb10px\u00a0\u00bb][vc_column_text]<\/p>\n<div>Bienvenue \u00e0 la premi\u00e8re \u00e9dition de la newsletter EDMO BELUX, le DisinfoCheck Roundup.\u00a0<span class=\"\">Cette newsletter trimestrielle vise \u00e0 rassembler des \u00e9tudes, rapports et ressources pertinents sur la d\u00e9sinformation en Belgique et au Luxembourg.\u00a0<\/span>Il est disponible dans toutes les langues couvertes par notre hub (fran\u00e7ais, n\u00e9erlandais, allemand, luxembourgeois et anglais).<\/div>\n<div><\/div>\n<p dir=\"ltr\">Nos pays sont toujours expos\u00e9s au risque de d\u00e9sinformation.\u00a0Une \u00e9tude r\u00e9cente du Media Pluralism Monitor\u00a0<a href=\"https:\/\/translate.google.com\/website?sl=en&amp;tl=fr&amp;hl=el&amp;client=webapp&amp;u=https:\/\/delano.lu\/article\/online-disinformation-likely-i\">a class\u00e9 le Luxembourg \u00e0 haut risque de d\u00e9sinformation en ligne<\/a>\u00a0.\u00a0En Belgique, le projet CrossOver a mis en \u00e9vidence la fa\u00e7on dont les\u00a0<a href=\"https:\/\/translate.google.com\/website?sl=en&amp;tl=fr&amp;hl=el&amp;client=webapp&amp;u=https:\/\/crossover.social\/online-chinese-media-offensive-also-reaches-belgium\/\" target=\"_blank\" rel=\"noopener\">algorithmes de YouTube poussaient le r\u00e9cit de la Chine sur le XinJiang<\/a>\u00a0, faisant taire la nature des atrocit\u00e9s qui s&rsquo;y d\u00e9roulaient.<\/p>\n<p dir=\"ltr\"><span class=\"\">Face \u00e0 cette menace, le travail d&rsquo;EDMO BELUX est crucial pour soutenir les initiatives et les journalistes dans l&rsquo;\u00e9change de bonnes pratiques et de connaissances sur le ph\u00e9nom\u00e8ne, et le grand public \u00e0 \u00eatre form\u00e9 et averti de la propagation de la d\u00e9sinformation.\u00a0<\/span><\/p>\n<p>Nous envisageons notre travail comme le travail d&rsquo;une communaut\u00e9.\u00a0Nous nous r\u00e9jouissons de vous rencontrer \u00e0 Luxembourg lors de notre\u00a0<a href=\"https:\/\/belux-edmo-eu.translate.goog\/event-edmo-belux-cross-community-network-exchange-in-luxembourg-25-november-2022\/?_x_tr_sl=en&amp;_x_tr_tl=fr&amp;_x_tr_hl=el&amp;_x_tr_pto=wapp\" target=\"_blank\" rel=\"noopener\">\u00e9change de r\u00e9seau intercommunautaire EDMO BELUX<\/a>\u00a0le 25 novembre.\u00a0Et ne soyez pas timide\u00a0: envoyez-nous des mises \u00e0 jour ou des ressources pertinentes qui, selon vous, pourraient \u00eatre utiles aux autres membres du hub.\u00a0\u00ab\u00a0Partager c&rsquo;est s&rsquo;engager\u00a0\u00bb est sans aucun doute l&rsquo;une de nos devises.<\/p>\n<p><em>Trisha Meyer, professeure en gouvernance num\u00e9rique et participation, Vrije Universiteit Brussel, Center on Digitalisation, Democracy and Innovation et chercheuse principale du projet EDMO BELUX.<\/em>[\/vc_column_text][vc_empty_space height=\u00a0\u00bb10px\u00a0\u00bb][vc_separator][vc_empty_space][vc_custom_heading text=\u00a0\u00bbDerni\u00e8res actualit\u00e9s EDMO BELUX\u00a0\u00bb font_container=\u00a0\u00bbtag:h2|text_align:center|color:%23ffcb05&Prime; use_theme_fonts=\u00a0\u00bbyes\u00a0\u00bb][vc_empty_space height=\u00a0\u00bb10px\u00a0\u00bb][vc_column_text]<\/p>\n<ul>\n<li><strong>L&rsquo;\u00e9cosyst\u00e8me d\u00e9sinformatif\u00a0: les pratiques de partage de liens sur Telegram comme preuve d&rsquo;une amplification multiplateforme.\u00a0<\/strong>Le 9 novembre, nous avons publi\u00e9 nos derni\u00e8res recherches qui se concentrent sur la compr\u00e9hension des habitudes de partage d&rsquo;informations de 30 communaut\u00e9s d&rsquo;extr\u00eame droite et de conspiration de Telegram n\u00e9erlandophones afin de mieux comprendre la sph\u00e8re m\u00e9diatique plus large \u00e0 laquelle elles appartiennent et dont elles se nourrissent.\u00a0Les r\u00e9sultats montrent que la d\u00e9sinformation est un \u00e9cosyst\u00e8me d&rsquo;interaction et de contamination multiplateformes o\u00f9 coexistent les m\u00e9dias traditionnels et alternatifs.\u00a0<em>V<\/em>\u00a0ous pouvez trouver la recherche\u00a0<a href=\"https:\/\/belux-edmo-eu.translate.goog\/the-disinformative-ecosystem-link-sharing-practices-on-telegram-as-evidence-of-cross-platform-amplification\/?_x_tr_sl=en&amp;_x_tr_tl=fr&amp;_x_tr_hl=el&amp;_x_tr_pto=wapp\" target=\"_blank\" rel=\"noopener\">ici\u00a0<\/a><em>.<\/em><\/li>\n<li><strong>Premier atelier scientifique EDMO BELUX.\u00a0<\/strong>EDMO BELUX a tenu son premier atelier scientifique sur les \u00ab\u00a0Insights on the impact of disinformation from multiple perspectives\u00a0\u00bb le 28 octobre.\u00a0C&rsquo;\u00e9tait l&rsquo;occasion pour les chercheurs du p\u00f4le de pr\u00e9senter leurs premiers rapports apr\u00e8s un an de recherche.\u00a0Les pr\u00e9sentations et d\u00e9bats de l&rsquo;EDMO BELUX ont \u00e9t\u00e9 pr\u00e9c\u00e9d\u00e9s d&rsquo;une pr\u00e9sentation liminaire du\u00a0<a href=\"https:\/\/translate.google.com\/website?sl=en&amp;tl=fr&amp;hl=el&amp;client=webapp&amp;u=https:\/\/www.divina-frau-meigs.fr\/\" target=\"_blank\" rel=\"noopener\">Professeur Divina Frau-Meigs<\/a>\u00a0(Universit\u00e9 Sorbonne Nouvelle, Chaire UNESCO Savoir-devenir et Pr\u00e9sidente de l&rsquo;association Savoir-Devenir).\u00a0Le mat\u00e9riel de l&rsquo;\u00e9v\u00e9nement, y compris les r\u00e9sum\u00e9s analytiques, sera bient\u00f4t disponible\u00a0\u00a0<a href=\"https:\/\/belux-edmo-eu.translate.goog\/edmo-belux-scientific-workshop-insights-on-the-impact-of-disinformation-from-multiple-perspectives\/?_x_tr_sl=en&amp;_x_tr_tl=fr&amp;_x_tr_hl=el&amp;_x_tr_pto=wapp\" target=\"_blank\" rel=\"noopener\">ici<\/a>\u00a0.<\/li>\n<li><strong>L&rsquo;\u00e9ducation aux m\u00e9dias.\u00a0<\/strong>Les partenaires Media Literacy d&rsquo;EDMO Belux, Mediawijs et M\u00e9dia Animation, ont particip\u00e9 aux premiers \u00ab\u00a0Wednesday Webinars on Digital &amp; Media Literacy in Europe\u00a0\u00bb.\u00a0Dans leur pr\u00e9sentation, ils ont tent\u00e9 de r\u00e9pondre \u00e0 la question \u00ab\u00a0Quel mat\u00e9riel p\u00e9dagogique les enseignants partagent-ils\u00a0?\u00a0\u00bb\u00a0Vous pouvez trouver les enregistrements et un court r\u00e9capitulatif\u00a0<a href=\"https:\/\/translate.google.com\/website?sl=en&amp;tl=fr&amp;hl=el&amp;client=webapp&amp;u=https:\/\/media-and-learning.eu\/event\/wednesday-webinars-on-teacher-education-in-digital-media-literacy-in-europe\/\" target=\"_blank\" rel=\"noopener\">ici<\/a>\u00a0.<\/li>\n<li><strong>Marge d&rsquo;am\u00e9lioration.\u00a0Analyse de la politique de recours sur Facebook, Instagram, YouTube et Twitter.\u00a0<\/strong>Cet article examine comment\u00a0<a href=\"https:\/\/belux-edmo-eu.translate.goog\/wp-content\/uploads\/2022\/06\/Room-for-improvement.-Analysing-redress-policy-on-Facebook-Instagram-YouTube-and-Twitter.pdf?_x_tr_sl=en&amp;_x_tr_tl=fr&amp;_x_tr_hl=el&amp;_x_tr_pto=wapp\" target=\"_blank\" rel=\"noopener\">les utilisateurs peuvent faire appel des (in)actions prises contre le contenu et\/ou les comptes sur quatre principales plateformes de m\u00e9dias sociaux<\/a>\u00a0.\u00a0Il fournit des conseils politiques dans le contexte des prochaines \u00e9tapes de la loi sur les services num\u00e9riques (DSA) de l&rsquo;UE, en particulier l&rsquo;article 17 concernant le traitement interne des plaintes et les m\u00e9canismes de recours.<\/li>\n<li><strong>Reportage de d\u00e9sinformation.\u00a0<\/strong>Vous avez rep\u00e9r\u00e9 un cas suspect de d\u00e9sinformation en ligne ?\u00a0Le\u00a0<a href=\"https:\/\/translate.google.com\/website?sl=en&amp;tl=fr&amp;hl=el&amp;client=webapp&amp;u=https:\/\/belux-staging.eu\/disinformation-reporting\/\" target=\"_blank\" rel=\"noopener\">formulaire d&rsquo;alerte rapide<\/a>\u00a0\u00a0est un outil qui vous permet de signaler \u00e0 notre \u00e9quipe EDMO BELUX tout cas suspect de d\u00e9sinformation que vous auriez pu voir en ligne !<\/li>\n<\/ul>\n<p>[\/vc_column_text][vc_empty_space height=\u00a0\u00bb10px\u00a0\u00bb][vc_separator][vc_empty_space][vc_custom_heading text=\u00a0\u00bbLe coin de nos fact-checkers\u00a0\u00bb font_container=\u00a0\u00bbtag:h2|text_align:center|color:%23ffcb05&Prime; use_theme_fonts=\u00a0\u00bbyes\u00a0\u00bb][vc_empty_space height=\u00a0\u00bb10px\u00a0\u00bb][vc_column_text]Depuis le d\u00e9but de notre projet, nos partenaires fact-checkers, l&rsquo;AFP, la RTBF et RTL Luxembourg, ont publi\u00e9\u00a0<strong>363 fact-checkings dans les cinq langues couvertes par EDMO BELUX<\/strong>\u00a0!<\/p>\n<p><span class=\"\">Dans cette section, nous mettons en \u00e9vidence le top fact-checking r\u00e9cent (en nombre de vues) pour chaque langue.\u00a0<\/span>Visitez notre site internet pour d\u00e9couvrir les autres\u00a0<a href=\"https:\/\/belux-edmo-eu.translate.goog\/fact-checking\/?_x_tr_sl=en&amp;_x_tr_tl=fr&amp;_x_tr_hl=el&amp;_x_tr_pto=wapp\" target=\"_blank\" rel=\"noopener\">fact-checkings<\/a>\u00a0disponibles !\u00a0[\/vc_column_text][vc_custom_heading text=\u00a0\u00bbAvez-vous v\u00e9rifi\u00e9 nos principales v\u00e9rifications des faits ?\u00a0\u00bb font_container=\u00a0\u00bbtag:h4|text_align:left\u00a0\u00bb use_theme_fonts=\u00a0\u00bbyes\u00a0\u00bb][vc_raw_html]JTVCd3BkYXRhdGFibGUlMjBpZCUzRDEzJTVE[\/vc_raw_html][vc_empty_space height=\u00a0\u00bb10px\u00a0\u00bb][vc_separator][vc_empty_space][vc_custom_heading text=\u00a0\u00bbLe saviez-vous?\u00a0\u00bb font_container=\u00a0\u00bbtag:h2|text_align:center|color:%23ffcb05&Prime; use_theme_fonts=\u00a0\u00bbyes\u00a0\u00bb][vc_empty_space height=\u00a0\u00bb10px\u00a0\u00bb][vc_column_text]<\/p>\n<ul dir=\"ltr\">\n<li><strong>Sosie.\u00a0<\/strong>EU DisinfoLab a d\u00e9voil\u00e9 fin septembre un\u00a0<a href=\"https:\/\/translate.google.com\/website?sl=en&amp;tl=fr&amp;hl=el&amp;client=webapp&amp;u=https:\/\/www.disinfo.eu\/doppelganger\/\" target=\"_blank\" rel=\"noopener\">r\u00e9seau d&rsquo;influence bas\u00e9 en Russie<\/a>\u00a0qui op\u00e8re en Europe depuis au moins mai 2022. La campagne Doppelganger utilise plusieurs \u00abclones\u00bb de m\u00e9dias authentiques et cible les utilisateurs avec de faux articles, vid\u00e9os et sondages.\u00a0Pour ce faire, les acteurs malveillants \u00e0 l&rsquo;origine de l&rsquo;op\u00e9ration ont achet\u00e9 des dizaines de noms de domaine Internet similaires \u00e0 ceux des m\u00e9dias authentiques et ont copi\u00e9 leurs designs (en anglais).<\/li>\n<li><strong>La d\u00e9sinformation sur le Donbass est une saisie semi-automatique de Google.\u00a0<\/strong>La r\u00e9cente\u00a0<a href=\"https:\/\/translate.google.com\/website?sl=en&amp;tl=fr&amp;hl=el&amp;client=webapp&amp;u=https:\/\/crossover.social\/disinformation-on-donbas-is-only-a-google-autocomplete-away\/\" target=\"_blank\" rel=\"noopener\">enqu\u00eate CrossOver<\/a>\u00a0montre comment les Belges francophones ont \u00e9t\u00e9 incit\u00e9s \u00e0 rechercher des sources douteuses lorsqu&rsquo;ils ont recherch\u00e9 le mot \u00ab\u00a0Donbass\u00a0\u00bb dans la barre de recherche Google (en anglais).<\/li>\n<li><strong>Rapport sur les tendances.\u00a0<\/strong><a href=\"https:\/\/translate.google.com\/website?sl=en&amp;tl=fr&amp;hl=el&amp;client=webapp&amp;u=https:\/\/benedmo.eu\/2022\/10\/28\/benedmo-trendrapport-1-okt-22\/\" target=\"_blank\" rel=\"noopener\">Le premier rapport de tendances<\/a>\u00a0\u00a0BENEDMO\u00a0\u00a0, bas\u00e9 sur les r\u00e9sultats et les ant\u00e9c\u00e9dents des v\u00e9rifications des faits publi\u00e9s par les partenaires du hub, est sorti en octobre, avec un focus sur la guerre en Ukraine (en n\u00e9erlandais).<\/li>\n<li><strong>G\u00e9olocalisation et v\u00e9rification des faits.\u00a0<\/strong>Une courte vid\u00e9o pr\u00e9par\u00e9e par les fact-checkers de l&rsquo;AFP explique comment la g\u00e9olocalisation a \u00e9t\u00e9 un \u00e9l\u00e9ment crucial du travail des fact-checkers et des journalistes, et les \u00e9tapes pour identifier le lieu de l&rsquo;actualit\u00e9.\u00a0Apprenez les bases via cette\u00a0<a href=\"https:\/\/translate.google.com\/website?sl=en&amp;tl=fr&amp;hl=el&amp;client=webapp&amp;u=https:\/\/www.youtube.com\/watch?v%3Dt1HiKyzNtsU\" target=\"_blank\" rel=\"noopener\">vid\u00e9o<\/a>\u00a0\u00a0(en anglais).<\/li>\n<li><strong>Comment enseigner la d\u00e9sinformation ?\u00a0<\/strong>Mediawijs a d\u00e9velopp\u00e9 cet\u00a0<a href=\"https:\/\/translate.google.com\/website?sl=en&amp;tl=fr&amp;hl=el&amp;client=webapp&amp;u=https:\/\/docs.google.com\/document\/d\/1xgWg62iUN8cRgnvdMaA12ku_i-SyXV0zOyahyPgdfcE\/edit\" target=\"_blank\" rel=\"noopener\">article<\/a>\u00a0d\u00e9voilant 6 conseils sur la fa\u00e7on d&rsquo;enseigner la d\u00e9sinformation.\u00a0Il est soutenu par cette courte\u00a0<a href=\"https:\/\/translate.google.com\/website?sl=en&amp;tl=fr&amp;hl=el&amp;client=webapp&amp;u=https:\/\/drive.google.com\/file\/d\/1qT1J9pnL_oqIUMINz9NTMh1mTyhres2t\/view\" target=\"_blank\" rel=\"noopener\">vid\u00e9o<\/a>\u00a0(en n\u00e9erlandais avec sous-titres anglais).<\/li>\n<li><strong><span class=\"\">\u00ab\u00a0Joyeux anniversaire \u00e0 Vladimir Poutine de Belgique\u00a0\u00bb.\u00a0<\/span><\/strong><span class=\"\">Ce\u00a0\u00a0<\/span><a href=\"https:\/\/translate.google.com\/website?sl=en&amp;tl=fr&amp;hl=el&amp;client=webapp&amp;u=https:\/\/twitter.com\/brechtcastel\/status\/1582293122931130368?s%3D46%26t%3Di1SXWXyGvufOgbK4ZdK4zg\" target=\"_blank\" rel=\"noopener\"><span class=\"\">tweet<\/span><\/a><span class=\"\">\u00a0\u00a0(en anglais) se penche sur la vid\u00e9o TikTok supprim\u00e9e sur laquelle un groupe de russophones v\u00eatus d&rsquo;un uniforme militaire et les armes \u00e0 la main envoient leurs salutations depuis la Belgique \u00e0 Vladimir Poutine pour son anniversaire.<\/span><\/li>\n<\/ul>\n<p>[\/vc_column_text][vc_empty_space height=\u00a0\u00bb10px\u00a0\u00bb][vc_separator][vc_empty_space][vc_custom_heading text=\u00a0\u00bb\u00c9v\u00e9nements et annonces\u00a0\u00bb font_container=\u00a0\u00bbtag:h2|text_align:center|color:%23ffcb05&Prime; use_theme_fonts=\u00a0\u00bbyes\u00a0\u00bb][vc_empty_space height=\u00a0\u00bb10px\u00a0\u00bb][vc_column_text]<\/p>\n<ul dir=\"ltr\">\n<li><strong><span class=\"goog-text-highlight\">10 novembre<\/span><\/strong><span class=\"goog-text-highlight\">\u00a0.\u00a0<\/span>Le troisi\u00e8me\u00a0<a href=\"https:\/\/translate.google.com\/website?sl=en&amp;tl=fr&amp;hl=el&amp;client=webapp&amp;u=https:\/\/digital-strategy.ec.europa.eu\/en\/events\/european-news-media-forum-innovations-news-media-sector\" target=\"_blank\" rel=\"noopener\">Forum europ\u00e9en des m\u00e9dias d&rsquo;information (ENMF)<\/a>\u00a0\u00a0se concentrera sur les innovations dans le secteur des m\u00e9dias d&rsquo;information et r\u00e9unira des intervenants de la presse, de la t\u00e9l\u00e9vision, de la radio, des magazines, des m\u00e9dias en ligne, etc.<\/li>\n<li><strong id=\"m_-4428479228889821745docs-internal-guid-c3e16de6-7fff-27a7-47b1-e399dd49d486\">16 novembre.\u00a0<\/strong>Alors que les fact-checkers se pr\u00e9parent pour les prochaines \u00e9lections europ\u00e9ennes, rejoignez la\u00a0\u00a0<a href=\"https:\/\/translate.google.com\/website?sl=en&amp;tl=fr&amp;hl=el&amp;client=webapp&amp;u=https:\/\/eufactcheckingproject.com\/efcsn-presents-its-governance-body-and-code-of-standards-for-independent-fact-checking-organisations-in-brussels-on-november-16\/\" target=\"_blank\" rel=\"noopener\">conf\u00e9rence European Fact-Checking Standards Network (EFCSN)<\/a>\u00a0\u00a0\u00e0 Bruxelles\u00a0!\u00a0Le projet pr\u00e9sentera \u00e0 la fois son code de normes pour les organisations ind\u00e9pendantes de v\u00e9rification des faits et son organe de gouvernance nouvellement nomm\u00e9.<\/li>\n<li><strong>16 novembre.\u00a0<\/strong>Rejoignez le dernier webinaire de la s\u00e9rie organis\u00e9e en collaboration avec Media Learning et EDMO sur l&rsquo;\u00e9ducation aux\u00a0<a href=\"https:\/\/translate.google.com\/website?sl=en&amp;tl=fr&amp;hl=el&amp;client=webapp&amp;u=https:\/\/media-and-learning.eu\/event\/media-literacy-in-practice-in-france-spain-portugal-belgium-and-the-netherlands\/\" target=\"_blank\" rel=\"noopener\">m\u00e9dias en pratique en France, en Espagne, au Portugal, en Belgique et aux Pays-Bas<\/a>\u00a0.<\/li>\n<li><strong>25 novembre.\u00a0<\/strong>\u00a0Rejoignez-nous au Luxembourg pour notre deuxi\u00e8me\u00a0<a href=\"https:\/\/translate.google.com\/website?sl=en&amp;tl=fr&amp;hl=el&amp;client=webapp&amp;u=https:\/\/forms.office.com\/Pages\/ResponsePage.aspx?id%3DqHxbaagtRUWi2kLQN4TlhfuNv5t6tTBInVjkYD1i_fdUMFgxSEJXVkMxNTVQTlpXRldJVTlROTFMOC4u\" target=\"_blank\" rel=\"noopener\">\u00e9change de r\u00e9seau intercommunautaire EDMO BELUX<\/a>\u00a0!\u00a0Cet \u00e9v\u00e9nement r\u00e9unira la communaut\u00e9 des chercheurs, fact checkers, analystes et professionnels de l&rsquo;\u00e9ducation aux m\u00e9dias travaillant sur la d\u00e9sinformation dans le milieu universitaire, les m\u00e9dias, le gouvernement, la soci\u00e9t\u00e9 civile au Luxembourg autour de sessions interactives !<\/li>\n<li><strong>25 novembre.\u00a0<\/strong>\u00a0\u00ab Fake news, manipulation et d\u00e9sinformation : comment les combattre et s&rsquo;en prot\u00e9ger ?\u00a0<a href=\"https:\/\/translate.google.com\/website?sl=en&amp;tl=fr&amp;hl=el&amp;client=webapp&amp;u=https:\/\/docs.google.com\/forms\/d\/1Hr8Vowj2u1GASq05yewpOHRudJReL09hmUF4NJwNALw\/viewform?edit_requested%3Dtrue\" target=\"_blank\" rel=\"noopener\">Rejoignez le forum de discussion<\/a>\u00a0au S\u00e9nat belge.<\/li>\n<li><strong><span class=\"\">2 d\u00e9cembre<\/span><\/strong><span class=\"\">\u00a0.\u00a0<\/span>Le\u00a0<a href=\"https:\/\/translate.google.com\/website?sl=en&amp;tl=fr&amp;hl=el&amp;client=webapp&amp;u=https:\/\/gulbenkian.pt\/emifund\/registration-form-funding-the-fight-against-disinformation\/?utm_source%3DEMIF%26utm_campaign%3Ddffb53cac2-Gulbenkian_EMIF_20221020%26utm_medium%3Demail%26utm_term%3D0_64912ea88c-dffb53cac2-221808333\" target=\"_blank\" rel=\"noopener\">Fonds europ\u00e9en des m\u00e9dias et de l&rsquo;information (EMIF)<\/a>\u00a0organise son premier \u00e9v\u00e9nement annuel \u00e0 Lisbonne.<\/li>\n<\/ul>\n<p>[\/vc_column_text][vc_empty_space height=\u00a0\u00bb10px\u00a0\u00bb][vc_separator][vc_empty_space][vc_custom_heading text=\u00a0\u00bbOuvrages\u00a0\u00bb font_container=\u00a0\u00bbtag:h2|text_align:center|color:%23ffcb05&Prime; use_theme_fonts=\u00a0\u00bbyes\u00a0\u00bb][vc_empty_space height=\u00a0\u00bb10px\u00a0\u00bb][vc_column_text]<\/p>\n<ul>\n<li><strong>R\u00e9seaux de d\u00e9sinformation\u00a0: une enqu\u00eate quali-quantitative sur les cha\u00eenes\u00a0<\/strong><strong>Telegram n\u00e9erlandophones antagonistes<\/strong>\u00a0.\u00a0<a href=\"https:\/\/translate.google.com\/website?sl=en&amp;tl=fr&amp;hl=el&amp;client=webapp&amp;u=https:\/\/firstmonday.org\/ojs\/index.php\/fm\/article\/view\/12533\" target=\"_blank\" rel=\"noopener\">Recherche<\/a>\u00a0\u00a0men\u00e9e par le partenaire EDMO BELUX Tom Willaert et ses coll\u00e8gues (en anglais).<\/li>\n<li><strong><span class=\"\">Phobie d&rsquo;\u00e9tat profond.\u00a0<\/span>Convergence narrative dans le complot contre le coronavirus sur Instagram.\u00a0<\/strong><a href=\"https:\/\/translate.google.com\/website?sl=en&amp;tl=fr&amp;hl=el&amp;client=webapp&amp;u=https:\/\/doi.org\/10.1177\/13548565221118751\" target=\"_blank\" rel=\"noopener\">Recherche\u00a0<\/a>\u00a0men\u00e9e par M. Tuters &amp; T. Willaert (en anglais).<\/li>\n<\/ul>\n<p>[\/vc_column_text][vc_empty_space height=\u00a0\u00bb10px\u00a0\u00bb][vc_separator][vc_empty_space][vc_row_inner][vc_column_inner width=\u00a0\u00bb1\/3&Prime;][vc_icon icon_fontawesome=\u00a0\u00bbfas fa-link\u00a0\u00bb align=\u00a0\u00bbcenter\u00a0\u00bb link=\u00a0\u00bburl:https%3A%2F%2Fbelux.edmo.eu\u00a0\u00bb][\/vc_column_inner][vc_column_inner width=\u00a0\u00bb1\/3&Prime;][vc_icon icon_fontawesome=\u00a0\u00bbfab fa-twitter\u00a0\u00bb align=\u00a0\u00bbcenter\u00a0\u00bb link=\u00a0\u00bburl:https%3A%2F%2Ftwitter.com%2FEdmo_Belux\u00a0\u00bb][\/vc_column_inner][vc_column_inner width=\u00a0\u00bb1\/3&Prime;][vc_icon icon_fontawesome=\u00a0\u00bbfab fa-linkedin\u00a0\u00bb align=\u00a0\u00bbcenter\u00a0\u00bb link=\u00a0\u00bburl:https%3A%2F%2Fwww.linkedin.com%2Fshowcase%2Fedmo-belux%2F\u00a0\u00bb][\/vc_column_inner][\/vc_row_inner][\/vc_tta_section][\/vc_tta_accordion][\/vc_column][\/vc_row][vc_row disable_element=\u00a0\u00bbyes\u00a0\u00bb][vc_column][vc_tta_accordion style=\u00a0\u00bbsimple_dashed\u00a0\u00bb active_section=\u00a0\u00bb1&Prime; collapsible_all=\u00a0\u00bbtrue\u00a0\u00bb][vc_tta_section title=\u00a0\u00bbDisinfoCheck Roundup f\u00e9vrier 2023&Prime; tab_id=\u00a0\u00bb1682330102060-d67ca5b6-101f\u00a0\u00bb][vc_custom_heading text=\u00a0\u00bbDisinfoCheck Roundup f\u00e9vrier 2023&Prime; font_container=\u00a0\u00bbtag:h1|text_align:center\u00a0\u00bb use_theme_fonts=\u00a0\u00bbyes\u00a0\u00bb][vc_custom_heading text=\u00a0\u00bbEdito\u00a0\u00bb font_container=\u00a0\u00bbtag:h2|text_align:center|color:%23ffcb05&Prime; use_theme_fonts=\u00a0\u00bbyes\u00a0\u00bb][vc_empty_space height=\u00a0\u00bb10px\u00a0\u00bb][vc_column_text]<\/p>\n<p class=\"p1\">Bienvenue dans le deuxi\u00e8me num\u00e9ro de la newsletter d\u2019EDMO\u00a0BELUX, le <a href=\"https:\/\/belux.edmo.eu\/our-newsletters-archive\/\" target=\"_blank\" rel=\"noopener\"><span class=\"s1\">DisinfoCheck Roundup<\/span><\/a>. Cette newsletter rassemble des \u00e9tudes, des ressources et des rapports pertinents sur la d\u00e9sinformation en Belgique et au Luxembourg. Elle est disponible dans toutes les langues couvertes par notre hub (fran\u00e7ais, n\u00e9erlandais, allemand, luxembourgeois et anglais).<\/p>\n<p class=\"p1\">2022 a \u00e9t\u00e9 une grande ann\u00e9e pour les membres d\u2019EDMO\u00a0BELUX. Nos fact-checkers partenaires ont en effet d\u00e9j\u00e0 publi\u00e9 plus de 400\u00a0fact-checks dans les cinq langues que nous traitons. Notre \u00e9quipe de recherche a publi\u00e9 sa premi\u00e8re s\u00e9rie de rapports, ainsi que des \u00e9tudes pouss\u00e9es, tandis que nos experts en \u00e9ducation aux m\u00e9dias ont travaill\u00e9 sur un r\u00e9f\u00e9rentiel de mat\u00e9riel d\u2019\u00e9ducation aux m\u00e9dias et sur des formations. Nous ne comptons bien s\u00fbr pas nous arr\u00eater en si bon chemin et avons bien l\u2019intention de publier davantage de contenu en\u00a02023, dans l\u2019espoir de nourrir le d\u00e9bat au sein de notre hub, avec d\u2019autres hubs du r\u00e9seau <a href=\"https:\/\/edmo.eu\/\" target=\"_blank\" rel=\"noopener\"><span class=\"s1\">EDMO<\/span><\/a> et au sein de notre communaut\u00e9 au sens large.<\/p>\n<p class=\"p1\">Dans cette newsletter, vous trouverez un r\u00e9sum\u00e9 de nos r\u00e9centes publications, dont celui du dernier article publi\u00e9 par EDMO\u00a0BELUX, intitul\u00e9 \u00ab\u00a0Le groupe antivax am\u00e9ricain Children\u2019s Health Defense \u00e9tend ses tentacules en Europe\u00a0\u00bb. Dans la rubrique \u00ab\u00a0Le coin des fact-checkers\u00a0\u00bb, vous trouverez des fake news d\u00e9mont\u00e9es, comme celle des convertis \u00e0 l\u2019islam en marge de la Coupe du Monde de football au Qatar, la v\u00e9ritable histoire qui se cache sous les \u00ab\u00a0Twitter Files\u00a0\u00bb\u00a0\u2013 tels que les a appel\u00e9s Elon Musk\u00a0\u2013, ainsi que des fact-checks relatifs au Forum \u00e9conomique mondial et \u00e0 la pand\u00e9mie de COVID-19. Dans la rubrique \u00ab\u00a0Publications\u00a0\u00bb, vous trouverez le lien vers l\u2019\u00e9tude pouss\u00e9e de CrossOver qui se penche sur la mani\u00e8re dont les r\u00e9cits officiels russes se mettent \u00e0 circuler sur Twitter d\u00e8s qu\u2019il est question de \u00ab\u00a0nazis\u00a0\u00bb sur le r\u00e9seau social, ainsi que les liens vers les r\u00e9sum\u00e9s de la premi\u00e8re s\u00e9rie de rapports scientifiques d\u2019EDMO\u00a0BELUX. Enfin, n\u2019oubliez pas de consulter les annonces et les \u00e9v\u00e9nements \u00e0 venir.<\/p>\n<p class=\"p2\">Bonne lecture\u00a0!<\/p>\n<p class=\"p2\"><em>Victor Wiard, chercheur post-doctoral \u00e0 l\u2019Universit\u00e9 Saint-Louis\u00a0\u2013 Bruxelles, principal partenaire des activit\u00e9s de recherche d\u2019EDMO\u00a0BELUX\u00a0<\/em><\/p>\n<p>[\/vc_column_text][vc_empty_space height=\u00a0\u00bb10px\u00a0\u00bb][vc_separator][vc_empty_space][vc_custom_heading text=\u00a0\u00bbActualit\u00e9s d\u2019EDMO BELUX\u00a0\u00bb font_container=\u00a0\u00bbtag:h2|text_align:center|color:%23ffcb05&Prime; use_theme_fonts=\u00a0\u00bbyes\u00a0\u00bb][vc_empty_space height=\u00a0\u00bb10px\u00a0\u00bb][vc_column_text]<\/p>\n<ul class=\"ul1\">\n<li class=\"li1\"><b>Le groupe antivax am\u00e9ricain Children\u2019s Health Defense \u00e9tend ses tentacules en Europe. <\/b>Cette <a href=\"https:\/\/belux.edmo.eu\/fr\/le-groupe-antivax-americain-childrens-health-defense-etend-ses-tentacules-en-europe\/\" target=\"_blank\" rel=\"noopener\">\u00e9tude<\/a> analyse les efforts d\u00e9ploy\u00e9s par le mouvement antivax de Robert\u00a0Kennedy\u00a0Jr, Children\u2019s Health Defense, pour \u00e9tendre ses activit\u00e9s en Europe, principalement au d\u00e9part de Bruxelles.<\/li>\n<li class=\"li1\"><b>Analyse \u00e9conomique\u00a0: Un cadre pour mesurer la viabilit\u00e9 financi\u00e8re du march\u00e9 des m\u00e9dias d\u2019information en lien avec la d\u00e9sinformation\u00a0\u2013 R\u00e9sum\u00e9 de D3.1.1.<\/b> Cette <a href=\"https:\/\/belux.edmo.eu\/a-framework-for-measuring-news-media-markets-financial-viability-in-relation-to-disinformation-d3-1-1\/\" target=\"_blank\" rel=\"noopener\"><span class=\"s1\">composante de recherche<\/span><\/a> vise \u00e0 contr\u00f4ler la viabilit\u00e9 financi\u00e8re du secteur des m\u00e9dias d\u2019information en Belgique et au Luxembourg et \u00e0 \u00e9tablir une matrice de contr\u00f4le s\u2019appuyant sur des indicateurs li\u00e9s aux revenus tir\u00e9s de la publicit\u00e9 et des abonnements, aux aides publiques (in)directes et \u00e0 la philanthropie. Les chercheurs d\u2019EDMO\u00a0BELUX pr\u00e9sentent le fondement conceptuel de cette t\u00e2che.<span class=\"Apple-converted-space\">\u00a0 \u00a0<\/span><\/li>\n<\/ul>\n<ul class=\"ul1\">\n<li class=\"li1\"><b>\u00c9tude quantitative\u00a0: Qui est vuln\u00e9rable \u00e0 la d\u00e9sinformation (politique)\u00a0? R\u00e9sultats obtenus en Flandre, Belgique\u00a0\u2013 R\u00e9sum\u00e9 de D3.2.1. <\/b>Dans cette <a href=\"https:\/\/belux.edmo.eu\/fr\/qui-est-vulnerable-a-la-desinformation-politique-resultats-obtenus-en-flandre-belgique-resume-de-d3-2-1\/\" target=\"_blank\" rel=\"noopener\"><span class=\"s1\">\u00e9tude<\/span><\/a>, les chercheurs d\u2019EDMO\u00a0BELUX examinent les profils de vuln\u00e9rabilit\u00e9 \u00e0 la d\u00e9sinformation parmi les citoyens de Flandre, la plus grande r\u00e9gion de Belgique. L\u2019\u00e9tude se penche tout d\u2019abord sur la mesure dans laquelle les caract\u00e9ristiques sociod\u00e9mographiques et les attitudes sociopolitiques des citoyens nous aident \u00e0 d\u00e9couvrir lesquels, parmi eux, sont plus (ou moins) enclins \u00e0 croire de fausses informations. Ensuite, elle se concentre sur l\u2019effet de l\u2019exposition \u00e0 la d\u00e9sinformation en ligne.<\/li>\n<\/ul>\n<ul class=\"ul1\">\n<li class=\"li1\"><b>\u00c9tude qualitative\u00a0: Th\u00e9ories profanes des troubles info-d\u00e9mocratiques\u00a0\u2013 R\u00e9sultats pr\u00e9liminaires d\u2019une \u00e9tude qualitative des publics belges et luxembourgeois\u00a0\u2013 R\u00e9sum\u00e9 de D3.2.2.<\/b> Dans cette <a href=\"https:\/\/belux.edmo.eu\/fr\/theories-profanes-des-troubles-info-democratiques-resultats-preliminaires-dune-etude-qualitative-des-publics-belges-et-luxembourgeois-resume-de-d3-2-2\/\" target=\"_blank\" rel=\"noopener\"><span class=\"s1\">\u00e9tude<\/span><\/a>, les chercheurs EDMO\u00a0BELUX fournissent une analyse pr\u00e9liminaire des th\u00e9ories profanes relatives aux troubles info-d\u00e9mocratiques en Belgique et au Luxembourg. L\u2019\u00e9tude cherche \u00e0 comprendre comment le public th\u00e9orise les troubles li\u00e9s \u00e0 l\u2019information et \u00e0 la d\u00e9mocratie et s\u2019appuie sur une m\u00e9thodologie qualitative bas\u00e9e sur des entretiens semi-directifs men\u00e9s avec des informateurs en Belgique et au Luxembourg.<\/li>\n<\/ul>\n<ul class=\"ul1\">\n<li class=\"li1\"><b>Analyse politique\u00a0: Contr\u00f4le des politiques en Belgique, au Luxembourg et sur les plateformes<\/b>. L\u2019\u00e9quipe de recherche d\u2019EDMO\u00a0BELUX s\u2019est pench\u00e9e sur les <a href=\"https:\/\/belux.edmo.eu\/fr\/controle-des-politiques-mises-en-place-par-les-plateformes-resume-de-d3-3-1\/\" target=\"_blank\" rel=\"noopener\"><span class=\"s1\">aspects politiques de la lutte contre la d\u00e9sinformation en Belgique et au Luxembourg<\/span><\/a>. Ce volet de la recherche a donn\u00e9 lieu non pas \u00e0 un, mais \u00e0 trois articles, intitul\u00e9s\u00a0:<\/li>\n<\/ul>\n<ul class=\"ul1\">\n<li class=\"li1\"><b>Pas de chance si vous \u00eates au BELUX\u00a0? R\u00e9ponses des plateformes face \u00e0 la d\u00e9sinformation en Belgique et au Luxembourg.<\/b> <span class=\"Apple-converted-space\">\u00a0 <\/span>Cet <a href=\"https:\/\/belux.edmo.eu\/fr\/pas-de-chance-si-vous-etes-au-belux-reponses-des-plateformes-a-la-desinformation-en-belgique-et-au-luxembourg\/\" target=\"_blank\" rel=\"noopener\"><span class=\"s1\">article<\/span><\/a> de Samuel\u00a0Cipers et Trisha\u00a0Meyer examine les mesures prises par les plateformes pour lutter contre la d\u00e9sinformation en ligne en Belgique et au Luxembourg. Vous pouvez acc\u00e9der \u00e0 l\u2019article (en anglais) via <a href=\"https:\/\/belux.edmo.eu\/fr\/pas-de-chance-si-vous-etes-au-belux-reponses-des-plateformes-a-la-desinformation-en-belgique-et-au-luxembourg\/\" target=\"_blank\" rel=\"noopener\"><span class=\"s1\">cette page<\/span><\/a>.<\/li>\n<li class=\"li1\"><b>Qu\u2019est-ce qui est politique\u00a0? Les efforts non coordonn\u00e9s des plateformes en mati\u00e8re de publicit\u00e9 politique.<\/b><span class=\"Apple-converted-space\">\u00a0 <\/span>Cet <a href=\"https:\/\/belux.edmo.eu\/fr\/quest-ce-qui-est-politique-les-efforts-non-coordonnes-des-plateformes-en-matiere-de-publicite-politique\/\" target=\"_blank\" rel=\"noopener\"><span class=\"s1\">article de blog<\/span><\/a> de Samuel Cipers et Trisha Meyer analyse les initiatives de Meta, de Google, de TikTok et de Twitter en mati\u00e8re de publicit\u00e9 politique. Vous pouvez acc\u00e9der \u00e0 l\u2019article (en anglais) via <a href=\"https:\/\/belux.edmo.eu\/fr\/quest-ce-qui-est-politique-les-efforts-non-coordonnes-des-plateformes-en-matiere-de-publicite-politique\/\" target=\"_blank\" rel=\"noopener\"><span class=\"s1\">cette page<\/span><\/a>.<\/li>\n<li class=\"li4\"><b>Analyse de la politique de recours sur Facebook, Instagram, YouTube et Twitter\u00a0: il y a une marge d\u2019am\u00e9lioration. <\/b><span class=\"Apple-converted-space\">\u00a0 <\/span>Cet <a href=\"https:\/\/belux.edmo.eu\/room-for-improvement-analysing-redress-policy-on-facebook-instagram-youtube-and-twitter\/\" target=\"_blank\" rel=\"noopener\"><span class=\"s1\">article<\/span><\/a> examine les voies de recours des utilisateurs face aux (in)actions de quatre grandes plateformes de m\u00e9dias sociaux \u00e0 l\u2019encontre de contenu et\/ou de comptes. Il donne des conseils politiques en vue des prochaines \u00e9tapes de la l\u00e9gislation de l\u2019UE sur les services num\u00e9riques, en particulier en ce qui concerne son article\u00a017 relatif au syst\u00e8me interne de traitement des r\u00e9clamations et aux voies de recours.<\/li>\n<\/ul>\n<p>[\/vc_column_text][vc_empty_space height=\u00a0\u00bb10px\u00a0\u00bb][vc_separator][vc_empty_space][vc_custom_heading text=\u00a0\u00bbLe coin des fact-checkers\u00a0\u00bb font_container=\u00a0\u00bbtag:h2|text_align:center|color:%23ffcb05&Prime; use_theme_fonts=\u00a0\u00bbyes\u00a0\u00bb][vc_empty_space height=\u00a0\u00bb10px\u00a0\u00bb][vc_column_text]<\/p>\n<p class=\"p1\">Depuis le d\u00e9but du projet, nos fact-checkers partenaires, \u00e0 savoir l\u2019AFP, la RTBF et RTL\u00a0Luxembourg, ont publi\u00e9 <strong><span class=\"s1\">474<\/span>\u00a0fact-checks dans les cinq langues couvertes par EDMO\u00a0BELUX\u00a0!<\/strong><\/p>\n<p class=\"p1\">Dans cette rubrique, nous mettons en avant le dernier fact-check le plus consult\u00e9 dans chaque langue. Rendez-vous sur notre site Web pour d\u00e9couvrir d\u2019autres <a href=\"https:\/\/belux.edmo.eu\/fr\/fact-checking\/\" target=\"_blank\" rel=\"noopener\"><span class=\"s2\">fact-checks<\/span><\/a>\u00a0!<\/p>\n<p>[\/vc_column_text][vc_custom_heading text=\u00a0\u00bbAvez-vous consult\u00e9 nos meilleurs fact-checks ?\u00a0\u00bb font_container=\u00a0\u00bbtag:h4|text_align:left\u00a0\u00bb use_theme_fonts=\u00a0\u00bbyes\u00a0\u00bb][vc_raw_html]JTVCd3BkYXRhdGFibGUlMjBpZCUzRDExJTVE[\/vc_raw_html][vc_empty_space height=\u00a0\u00bb10px\u00a0\u00bb][vc_separator][vc_empty_space][vc_custom_heading text=\u00a0\u00bbLe saviez-vous ?\u00a0\u00bb font_container=\u00a0\u00bbtag:h2|text_align:center|color:%23ffcb05&Prime; use_theme_fonts=\u00a0\u00bbyes\u00a0\u00bb][vc_empty_space height=\u00a0\u00bb10px\u00a0\u00bb][vc_column_text]<\/p>\n<ul class=\"ul1\">\n<li class=\"li1\"><b>Saviez-vous que nos partenaires en \u00e9ducation aux m\u00e9dias, Mediawijs et M\u00e9dia\u00a0Animation, disposent tous les deux d\u2019un site Web prodiguant des conseils aux parents \u00e0 propos des m\u00e9dias dans le cercle familial\u00a0?<\/b> Les parents y trouveront des informations sur le gaming, le cyberharc\u00e8lement et le sexting, ainsi que des r\u00e9ponses \u00e0 leurs questions \u00e0 propos des actualit\u00e9s et de la d\u00e9sinformation. Voici les liens vers la page en <a href=\"https:\/\/www.medianest.be\/thema\/nieuws-en-informatie\" target=\"_blank\" rel=\"noopener\"><span class=\"s1\">n\u00e9erlandais<\/span><\/a> et en <span class=\"s1\">fran\u00e7ais<\/span>.<\/li>\n<li class=\"li1\"><b>Cette ann\u00e9e, le projet flamand \u00ab\u00a0Nieuws in de klas\u00a0\u00bb lance trois nouveaux d\u00e9fis pour pimenter les le\u00e7ons sur les actualit\u00e9s et sur la d\u00e9sinformation.<\/b> Vous pouvez pr\u00e9parer vos \u00e9l\u00e8ves \u00e0 devenir de v\u00e9ritables journalistes ou leaders d\u2019opinion en participant \u00e0 l\u2019un de ces trois <a href=\"https:\/\/www.mediawijs.be\/nl\/challenge-feitencheckers\" target=\"_blank\" rel=\"noopener\"><span class=\"s1\">d\u00e9fis<\/span><\/a>. De la r\u00e9daction d\u2019un article d\u2019actualit\u00e9 au fact-checking en passant par le d\u00e9veloppement et la d\u00e9fense de sa propre opinion, il y en a pour tous les \u00e2ges.<\/li>\n<li class=\"li1\"><b>Odysee\u00a0: une liste de demandes de g\u00e9oblocage d\u00e9montre que l\u2019UE et ses \u00c9tats membres sont loin de prendre suffisamment de mesures pour faire respecter la loi. <\/b>Cette <a href=\"https:\/\/www.disinfo.eu\/advocacy\/odysee-list-of-geo-blocking-requests-shows-the-eu-and-eu-member-states-are-far-from-doing-enough-to-enforce-the-law\/\" target=\"_blank\" rel=\"noopener\"><span class=\"s1\">analyse<\/span><\/a>, centr\u00e9e sur la plateforme de partage vid\u00e9o Odysee et bas\u00e9e sur une liste de plus de 3\u00a0000\u00a0restrictions d\u2019acc\u00e8s, d\u00e9montre que l\u2019UE et ses \u00c9tats membres sont loin de prendre suffisamment de mesures, notamment en ce qui concerne du contenu potentiellement ill\u00e9gal.<\/li>\n<li class=\"li1\"><b>Le r\u00e9seau EDMO s\u2019\u00e9tend \u00e0 tous les \u00c9tats membres de l\u2019UE gr\u00e2ce \u00e0 six nouveaux hubs. <\/b>Les six nouveaux hubs EDMO, qui viennent s\u2019ajouter aux huit hubs existants, permettent au r\u00e9seau EDMO d\u2019<a href=\"https:\/\/edmo.eu\/2022\/12\/01\/the-edmo-network-expands-to-all-eu-member-states-through-six-new-hubs\/\" target=\"_blank\" rel=\"noopener\"><span class=\"s1\">\u00e9tendre sa couverture aux 27\u00a0\u00c9tats membres de l\u2019UE, ainsi qu\u2019\u00e0 la Norv\u00e8ge<\/span><\/a>, qui fait partie de l\u2019EEE. Les nouveaux hubs devraient \u00eatre op\u00e9rationnels d\u00e9but\u00a02023.<\/li>\n<li class=\"li1\"><b>Lettre de fact-checking mensuelle d\u2019EDMO. <\/b>Le 16\u00a0janvier dernier, EDMO a publi\u00e9 sa derni\u00e8re<span class=\"s2\"> <a href=\"https:\/\/edmo.eu\/2023\/01\/16\/monthly-fact-checking-brief-no-19-is-out\/\" target=\"_blank\" rel=\"noopener\"><span class=\"s1\">lettre de fact-checking mensuelle<\/span><\/a><\/span><span class=\"s3\">. Au menu\u00a0: les migrants musulmans et les r\u00e9fugi\u00e9s ukrainiens en ligne de mire de la d\u00e9sinformation.<\/span><\/li>\n<li class=\"li1\"><b>Pourquoi le terme \u00ab\u00a0nazis\u00a0\u00bb revient-il r\u00e9guli\u00e8rement sur Twitter en Belgique\u00a0?<\/b> Cette <a href=\"https:\/\/crossover.social\/why-is-nazis-regularly-trending-on-twitter-in-belgium\/\" target=\"_blank\" rel=\"noopener\"><span class=\"s1\">analyse<\/span><\/a> de CrossOver montre la mani\u00e8re dont les r\u00e9cits officiels russes se mettent \u00e0 circuler d\u00e8s qu\u2019il est question de \u00ab\u00a0nazis\u00a0\u00bb sur le r\u00e9seau social en Belgique.<\/li>\n<\/ul>\n<p>[\/vc_column_text][vc_empty_space height=\u00a0\u00bb10px\u00a0\u00bb][vc_separator][vc_empty_space][vc_custom_heading text=\u00a0\u00bb\u00c9v\u00e9nements et annonces\u00a0\u00bb font_container=\u00a0\u00bbtag:h2|text_align:center|color:%23ffcb05&Prime; use_theme_fonts=\u00a0\u00bbyes\u00a0\u00bb][vc_empty_space height=\u00a0\u00bb10px\u00a0\u00bb][vc_column_text]<\/p>\n<ul class=\"ul1\">\n<li class=\"li1\"><b>13\u00a0f\u00e9vrier<\/b>. Rejoignez le Dr\u00a0Rakoen\u00a0Maertens, de l\u2019University of Cambridge et ancien \u00e9tudiant de l\u2019UGent, et Tim\u00a0Verheyden, journaliste \u00e0 la VRT, pour un d\u00e9bat <a href=\"https:\/\/dunantacademie.ugent.be\/programma\/inzichten-voor-mens-en-samenleving\/2022-2023-da230213rm-psychologie-en-de-werking-van\" target=\"_blank\" rel=\"noopener\"><span class=\"s1\">au sujet de la psychologie et de l\u2019effet de la d\u00e9sinformation<\/span><\/a>.<\/li>\n<li class=\"li1\"><b>27\u00a0f\u00e9vrier<\/b>. Vous enseignez\u00a0? Participez au <a href=\"https:\/\/www.mediawijs.be\/nl\/challenge-feitencheckers\" target=\"_blank\" rel=\"noopener\"><span class=\"s1\">d\u00e9fi des fact-checkers<\/span><\/a> de Mediawijs\/StampMedia avec vos \u00e9l\u00e8ves.<\/li>\n<li class=\"li2\"><span class=\"s2\"><b>28\u00a0f\u00e9vrier<\/b>. Date limite pour l\u2019inscription au <a href=\"https:\/\/gulbenkian.pt\/emifund\/bolsas-lista\/boosting-fact-checking-activities-in-europe\/?utm_source=Social_media&amp;utm_medium=C4P\" target=\"_blank\" rel=\"noopener\"><span class=\"s1\">4<\/span><span class=\"s3\"><sup>e<\/sup><\/span><span class=\"s1\">\u00a0cycle de financement de l\u2019appel de l\u2019EMIF \u00e0 booster les activit\u00e9s de fact-checking en Europe<\/span><\/a>.\u00a0<\/span><\/li>\n<li class=\"li1\"><b>31\u00a0mars<\/b>. Inscrivez votre classe de premi\u00e8re secondaire au <a href=\"https:\/\/www.mediawijs.be\/nl\/challenge-nieuwsmakers\" target=\"_blank\" rel=\"noopener\"><span class=\"s1\">d\u00e9fi des journalistes d\u2019actualit\u00e9<\/span><\/a> de Mediawijs et qui sait, peut-\u00eatre l\u2019un de vos \u00e9l\u00e8ves sera-t-il sacr\u00e9 \u00ab\u00a0meilleur journaliste d\u2019actualit\u00e9\u00a0\u00bb du concours\u00a0!<\/li>\n<li class=\"li1\">La conf\u00e9rence annuelle\u00a02022 de l\u2019EU DisinfoLab s\u2019est tenue les 25 et 26\u00a0octobre derniers. Vous trouverez des supports d\u2019information, y compris le dossier de la conf\u00e9rence, les pr\u00e9sentations et une s\u00e9lection de photos <a href=\"https:\/\/www.disinfo.eu\/conference\/\" target=\"_blank\" rel=\"noopener\"><span class=\"s1\">ici<\/span><\/a>. Des enregistrements de certaines des s\u00e9ances sont \u00e9galement disponibles sur la <a href=\"https:\/\/www.youtube.com\/channel\/UCK6EIqjgi_epFCtGPeAm6tw\/featured\" target=\"_blank\" rel=\"noopener\"><span class=\"s1\">cha\u00eene YouTube<\/span><\/a> de l\u2019EU DisinfoLab\u00a0! Notez d\u00e9j\u00e0 la date de la prochaine \u00e9dition dans votre agenda\u00a0: #Disinfo2023 aura lieu les 11 et 12\u00a0octobre\u00a02023 \u00e0 Cracovie, en Pologne\u00a0!<\/li>\n<li class=\"li3\">Le Comit\u00e9 international de la Croix-Rouge a publi\u00e9 deux offres d\u2019emploi pour le Luxembourg\u00a0: <a href=\"https:\/\/www.icrc.org\/en\/who-we-are\/jobs\/opportunity\/cyber-security-policy-adviser-luxembourg\" target=\"_blank\" rel=\"noopener\"><span class=\"s1\">Cyber Security Policy Adviser<\/span><\/a> et <a href=\"https:\/\/www.icrc.org\/en\/who-we-are\/jobs\/opportunity\/cyber-security-policy-outreach-coordinator-luxembourg\" target=\"_blank\" rel=\"noopener\"><span class=\"s1\">Cyber Security Policy Outreach Coordinator<\/span><\/a>.<\/li>\n<\/ul>\n<p>[\/vc_column_text][vc_empty_space height=\u00a0\u00bb10px\u00a0\u00bb][vc_separator][vc_empty_space][vc_row_inner][vc_column_inner width=\u00a0\u00bb1\/3&Prime;][vc_icon icon_fontawesome=\u00a0\u00bbfas fa-link\u00a0\u00bb align=\u00a0\u00bbcenter\u00a0\u00bb link=\u00a0\u00bburl:https%3A%2F%2Fbelux.edmo.eu\u00a0\u00bb][\/vc_column_inner][vc_column_inner width=\u00a0\u00bb1\/3&Prime;][vc_icon icon_fontawesome=\u00a0\u00bbfab fa-twitter\u00a0\u00bb align=\u00a0\u00bbcenter\u00a0\u00bb link=\u00a0\u00bburl:https%3A%2F%2Ftwitter.com%2FEdmo_Belux\u00a0\u00bb][\/vc_column_inner][vc_column_inner width=\u00a0\u00bb1\/3&Prime;][vc_icon icon_fontawesome=\u00a0\u00bbfab fa-linkedin\u00a0\u00bb align=\u00a0\u00bbcenter\u00a0\u00bb link=\u00a0\u00bburl:https%3A%2F%2Fwww.linkedin.com%2Fshowcase%2Fedmo-belux%2F\u00a0\u00bb][\/vc_column_inner][\/vc_row_inner][\/vc_tta_section][\/vc_tta_accordion][vc_tta_accordion style=\u00a0\u00bbsimple_dashed\u00a0\u00bb active_section=\u00a0\u00bb1&Prime; collapsible_all=\u00a0\u00bbtrue\u00a0\u00bb][vc_tta_section title=\u00a0\u00bbDisinfoCheck Roundup November 2022&Prime; tab_id=\u00a0\u00bb1682330103399-739d3c37-fa55&Prime;][vc_custom_heading text=\u00a0\u00bbDisinfoCheck Roundup November 2022&Prime; font_container=\u00a0\u00bbtag:h1|text_align:center\u00a0\u00bb use_theme_fonts=\u00a0\u00bbyes\u00a0\u00bb][vc_custom_heading text=\u00a0\u00bbEdito\u00a0\u00bb font_container=\u00a0\u00bbtag:h2|text_align:center|color:%23ffcb05&Prime; use_theme_fonts=\u00a0\u00bbyes\u00a0\u00bb][vc_empty_space height=\u00a0\u00bb10px\u00a0\u00bb][vc_column_text]<\/p>\n<div>Bienvenue \u00e0 la premi\u00e8re \u00e9dition de la newsletter EDMO BELUX, le DisinfoCheck Roundup.\u00a0<span class=\"\">Cette newsletter trimestrielle vise \u00e0 rassembler des \u00e9tudes, rapports et ressources pertinents sur la d\u00e9sinformation en Belgique et au Luxembourg.\u00a0<\/span>Il est disponible dans toutes les langues couvertes par notre hub (fran\u00e7ais, n\u00e9erlandais, allemand, luxembourgeois et anglais).<\/div>\n<div><\/div>\n<p dir=\"ltr\">Nos pays sont toujours expos\u00e9s au risque de d\u00e9sinformation.\u00a0Une \u00e9tude r\u00e9cente du Media Pluralism Monitor\u00a0<a href=\"https:\/\/translate.google.com\/website?sl=en&amp;tl=fr&amp;hl=el&amp;client=webapp&amp;u=https:\/\/delano.lu\/article\/online-disinformation-likely-i\">a class\u00e9 le Luxembourg \u00e0 haut risque de d\u00e9sinformation en ligne<\/a>\u00a0.\u00a0En Belgique, le projet CrossOver a mis en \u00e9vidence la fa\u00e7on dont les\u00a0<a href=\"https:\/\/translate.google.com\/website?sl=en&amp;tl=fr&amp;hl=el&amp;client=webapp&amp;u=https:\/\/crossover.social\/online-chinese-media-offensive-also-reaches-belgium\/\" target=\"_blank\" rel=\"noopener\">algorithmes de YouTube poussaient le r\u00e9cit de la Chine sur le XinJiang<\/a>\u00a0, faisant taire la nature des atrocit\u00e9s qui s&rsquo;y d\u00e9roulaient.<\/p>\n<p dir=\"ltr\"><span class=\"\">Face \u00e0 cette menace, le travail d&rsquo;EDMO BELUX est crucial pour soutenir les initiatives et les journalistes dans l&rsquo;\u00e9change de bonnes pratiques et de connaissances sur le ph\u00e9nom\u00e8ne, et le grand public \u00e0 \u00eatre form\u00e9 et averti de la propagation de la d\u00e9sinformation.\u00a0<\/span><\/p>\n<p>Nous envisageons notre travail comme le travail d&rsquo;une communaut\u00e9.\u00a0Nous nous r\u00e9jouissons de vous rencontrer \u00e0 Luxembourg lors de notre\u00a0<a href=\"https:\/\/belux-edmo-eu.translate.goog\/event-edmo-belux-cross-community-network-exchange-in-luxembourg-25-november-2022\/?_x_tr_sl=en&amp;_x_tr_tl=fr&amp;_x_tr_hl=el&amp;_x_tr_pto=wapp\" target=\"_blank\" rel=\"noopener\">\u00e9change de r\u00e9seau intercommunautaire EDMO BELUX<\/a>\u00a0le 25 novembre.\u00a0Et ne soyez pas timide\u00a0: envoyez-nous des mises \u00e0 jour ou des ressources pertinentes qui, selon vous, pourraient \u00eatre utiles aux autres membres du hub.\u00a0\u00ab\u00a0Partager c&rsquo;est s&rsquo;engager\u00a0\u00bb est sans aucun doute l&rsquo;une de nos devises.<\/p>\n<p><em>Trisha Meyer, professeure en gouvernance num\u00e9rique et participation, Vrije Universiteit Brussel, Center on Digitalisation, Democracy and Innovation et chercheuse principale du projet EDMO BELUX.<\/em>[\/vc_column_text][vc_empty_space height=\u00a0\u00bb10px\u00a0\u00bb][vc_separator][vc_empty_space][vc_custom_heading text=\u00a0\u00bbDerni\u00e8res actualit\u00e9s EDMO BELUX\u00a0\u00bb font_container=\u00a0\u00bbtag:h2|text_align:center|color:%23ffcb05&Prime; use_theme_fonts=\u00a0\u00bbyes\u00a0\u00bb][vc_empty_space height=\u00a0\u00bb10px\u00a0\u00bb][vc_column_text]<\/p>\n<ul>\n<li><strong>L&rsquo;\u00e9cosyst\u00e8me d\u00e9sinformatif\u00a0: les pratiques de partage de liens sur Telegram comme preuve d&rsquo;une amplification multiplateforme.\u00a0<\/strong>Le 9 novembre, nous avons publi\u00e9 nos derni\u00e8res recherches qui se concentrent sur la compr\u00e9hension des habitudes de partage d&rsquo;informations de 30 communaut\u00e9s d&rsquo;extr\u00eame droite et de conspiration de Telegram n\u00e9erlandophones afin de mieux comprendre la sph\u00e8re m\u00e9diatique plus large \u00e0 laquelle elles appartiennent et dont elles se nourrissent.\u00a0Les r\u00e9sultats montrent que la d\u00e9sinformation est un \u00e9cosyst\u00e8me d&rsquo;interaction et de contamination multiplateformes o\u00f9 coexistent les m\u00e9dias traditionnels et alternatifs.\u00a0<em>V<\/em>\u00a0ous pouvez trouver la recherche\u00a0<a href=\"https:\/\/belux-edmo-eu.translate.goog\/the-disinformative-ecosystem-link-sharing-practices-on-telegram-as-evidence-of-cross-platform-amplification\/?_x_tr_sl=en&amp;_x_tr_tl=fr&amp;_x_tr_hl=el&amp;_x_tr_pto=wapp\" target=\"_blank\" rel=\"noopener\">ici\u00a0<\/a><em>.<\/em><\/li>\n<li><strong>Premier atelier scientifique EDMO BELUX.\u00a0<\/strong>EDMO BELUX a tenu son premier atelier scientifique sur les \u00ab\u00a0Insights on the impact of disinformation from multiple perspectives\u00a0\u00bb le 28 octobre.\u00a0C&rsquo;\u00e9tait l&rsquo;occasion pour les chercheurs du p\u00f4le de pr\u00e9senter leurs premiers rapports apr\u00e8s un an de recherche.\u00a0Les pr\u00e9sentations et d\u00e9bats de l&rsquo;EDMO BELUX ont \u00e9t\u00e9 pr\u00e9c\u00e9d\u00e9s d&rsquo;une pr\u00e9sentation liminaire du\u00a0<a href=\"https:\/\/translate.google.com\/website?sl=en&amp;tl=fr&amp;hl=el&amp;client=webapp&amp;u=https:\/\/www.divina-frau-meigs.fr\/\" target=\"_blank\" rel=\"noopener\">Professeur Divina Frau-Meigs<\/a>\u00a0(Universit\u00e9 Sorbonne Nouvelle, Chaire UNESCO Savoir-devenir et Pr\u00e9sidente de l&rsquo;association Savoir-Devenir).\u00a0Le mat\u00e9riel de l&rsquo;\u00e9v\u00e9nement, y compris les r\u00e9sum\u00e9s analytiques, sera bient\u00f4t disponible\u00a0\u00a0<a href=\"https:\/\/belux-edmo-eu.translate.goog\/edmo-belux-scientific-workshop-insights-on-the-impact-of-disinformation-from-multiple-perspectives\/?_x_tr_sl=en&amp;_x_tr_tl=fr&amp;_x_tr_hl=el&amp;_x_tr_pto=wapp\" target=\"_blank\" rel=\"noopener\">ici<\/a>\u00a0.<\/li>\n<li><strong>L&rsquo;\u00e9ducation aux m\u00e9dias.\u00a0<\/strong>Les partenaires Media Literacy d&rsquo;EDMO Belux, Mediawijs et M\u00e9dia Animation, ont particip\u00e9 aux premiers \u00ab\u00a0Wednesday Webinars on Digital &amp; Media Literacy in Europe\u00a0\u00bb.\u00a0Dans leur pr\u00e9sentation, ils ont tent\u00e9 de r\u00e9pondre \u00e0 la question \u00ab\u00a0Quel mat\u00e9riel p\u00e9dagogique les enseignants partagent-ils\u00a0?\u00a0\u00bb\u00a0Vous pouvez trouver les enregistrements et un court r\u00e9capitulatif\u00a0<a href=\"https:\/\/translate.google.com\/website?sl=en&amp;tl=fr&amp;hl=el&amp;client=webapp&amp;u=https:\/\/media-and-learning.eu\/event\/wednesday-webinars-on-teacher-education-in-digital-media-literacy-in-europe\/\" target=\"_blank\" rel=\"noopener\">ici<\/a>\u00a0.<\/li>\n<li><strong>Marge d&rsquo;am\u00e9lioration.\u00a0Analyse de la politique de recours sur Facebook, Instagram, YouTube et Twitter.\u00a0<\/strong>Cet article examine comment\u00a0<a href=\"https:\/\/belux-edmo-eu.translate.goog\/wp-content\/uploads\/2022\/06\/Room-for-improvement.-Analysing-redress-policy-on-Facebook-Instagram-YouTube-and-Twitter.pdf?_x_tr_sl=en&amp;_x_tr_tl=fr&amp;_x_tr_hl=el&amp;_x_tr_pto=wapp\" target=\"_blank\" rel=\"noopener\">les utilisateurs peuvent faire appel des (in)actions prises contre le contenu et\/ou les comptes sur quatre principales plateformes de m\u00e9dias sociaux<\/a>\u00a0.\u00a0Il fournit des conseils politiques dans le contexte des prochaines \u00e9tapes de la loi sur les services num\u00e9riques (DSA) de l&rsquo;UE, en particulier l&rsquo;article 17 concernant le traitement interne des plaintes et les m\u00e9canismes de recours.<\/li>\n<li><strong>Reportage de d\u00e9sinformation.\u00a0<\/strong>Vous avez rep\u00e9r\u00e9 un cas suspect de d\u00e9sinformation en ligne ?\u00a0Le\u00a0<a href=\"https:\/\/translate.google.com\/website?sl=en&amp;tl=fr&amp;hl=el&amp;client=webapp&amp;u=https:\/\/belux-staging.eu\/disinformation-reporting\/\" target=\"_blank\" rel=\"noopener\">formulaire d&rsquo;alerte rapide<\/a>\u00a0\u00a0est un outil qui vous permet de signaler \u00e0 notre \u00e9quipe EDMO BELUX tout cas suspect de d\u00e9sinformation que vous auriez pu voir en ligne !<\/li>\n<\/ul>\n<p>[\/vc_column_text][vc_empty_space height=\u00a0\u00bb10px\u00a0\u00bb][vc_separator][vc_empty_space][vc_custom_heading text=\u00a0\u00bbLe coin de nos fact-checkers\u00a0\u00bb font_container=\u00a0\u00bbtag:h2|text_align:center|color:%23ffcb05&Prime; use_theme_fonts=\u00a0\u00bbyes\u00a0\u00bb][vc_empty_space height=\u00a0\u00bb10px\u00a0\u00bb][vc_column_text]Depuis le d\u00e9but de notre projet, nos partenaires fact-checkers, l&rsquo;AFP, la RTBF et RTL Luxembourg, ont publi\u00e9\u00a0<strong>363 fact-checkings dans les cinq langues couvertes par EDMO BELUX<\/strong>\u00a0!<\/p>\n<p><span class=\"\">Dans cette section, nous mettons en \u00e9vidence le top fact-checking r\u00e9cent (en nombre de vues) pour chaque langue.\u00a0<\/span>Visitez notre site internet pour d\u00e9couvrir les autres\u00a0<a href=\"https:\/\/belux-edmo-eu.translate.goog\/fact-checking\/?_x_tr_sl=en&amp;_x_tr_tl=fr&amp;_x_tr_hl=el&amp;_x_tr_pto=wapp\" target=\"_blank\" rel=\"noopener\">fact-checkings<\/a>\u00a0disponibles !\u00a0[\/vc_column_text][vc_custom_heading text=\u00a0\u00bbAvez-vous v\u00e9rifi\u00e9 nos principales v\u00e9rifications des faits ?\u00a0\u00bb font_container=\u00a0\u00bbtag:h4|text_align:left\u00a0\u00bb use_theme_fonts=\u00a0\u00bbyes\u00a0\u00bb][vc_raw_html]JTVCd3BkYXRhdGFibGUlMjBpZCUzRDEzJTVE[\/vc_raw_html][vc_empty_space height=\u00a0\u00bb10px\u00a0\u00bb][vc_separator][vc_empty_space][vc_custom_heading text=\u00a0\u00bbLe saviez-vous?\u00a0\u00bb font_container=\u00a0\u00bbtag:h2|text_align:center|color:%23ffcb05&Prime; use_theme_fonts=\u00a0\u00bbyes\u00a0\u00bb][vc_empty_space height=\u00a0\u00bb10px\u00a0\u00bb][vc_column_text]<\/p>\n<ul dir=\"ltr\">\n<li><strong>Sosie.\u00a0<\/strong>EU DisinfoLab a d\u00e9voil\u00e9 fin septembre un\u00a0<a href=\"https:\/\/translate.google.com\/website?sl=en&amp;tl=fr&amp;hl=el&amp;client=webapp&amp;u=https:\/\/www.disinfo.eu\/doppelganger\/\" target=\"_blank\" rel=\"noopener\">r\u00e9seau d&rsquo;influence bas\u00e9 en Russie<\/a>\u00a0qui op\u00e8re en Europe depuis au moins mai 2022. La campagne Doppelganger utilise plusieurs \u00abclones\u00bb de m\u00e9dias authentiques et cible les utilisateurs avec de faux articles, vid\u00e9os et sondages.\u00a0Pour ce faire, les acteurs malveillants \u00e0 l&rsquo;origine de l&rsquo;op\u00e9ration ont achet\u00e9 des dizaines de noms de domaine Internet similaires \u00e0 ceux des m\u00e9dias authentiques et ont copi\u00e9 leurs designs (en anglais).<\/li>\n<li><strong>La d\u00e9sinformation sur le Donbass est une saisie semi-automatique de Google.\u00a0<\/strong>La r\u00e9cente\u00a0<a href=\"https:\/\/translate.google.com\/website?sl=en&amp;tl=fr&amp;hl=el&amp;client=webapp&amp;u=https:\/\/crossover.social\/disinformation-on-donbas-is-only-a-google-autocomplete-away\/\" target=\"_blank\" rel=\"noopener\">enqu\u00eate CrossOver<\/a>\u00a0montre comment les Belges francophones ont \u00e9t\u00e9 incit\u00e9s \u00e0 rechercher des sources douteuses lorsqu&rsquo;ils ont recherch\u00e9 le mot \u00ab\u00a0Donbass\u00a0\u00bb dans la barre de recherche Google (en anglais).<\/li>\n<li><strong>Rapport sur les tendances.\u00a0<\/strong><a href=\"https:\/\/translate.google.com\/website?sl=en&amp;tl=fr&amp;hl=el&amp;client=webapp&amp;u=https:\/\/benedmo.eu\/2022\/10\/28\/benedmo-trendrapport-1-okt-22\/\" target=\"_blank\" rel=\"noopener\">Le premier rapport de tendances<\/a>\u00a0\u00a0BENEDMO\u00a0\u00a0, bas\u00e9 sur les r\u00e9sultats et les ant\u00e9c\u00e9dents des v\u00e9rifications des faits publi\u00e9s par les partenaires du hub, est sorti en octobre, avec un focus sur la guerre en Ukraine (en n\u00e9erlandais).<\/li>\n<li><strong>G\u00e9olocalisation et v\u00e9rification des faits.\u00a0<\/strong>Une courte vid\u00e9o pr\u00e9par\u00e9e par les fact-checkers de l&rsquo;AFP explique comment la g\u00e9olocalisation a \u00e9t\u00e9 un \u00e9l\u00e9ment crucial du travail des fact-checkers et des journalistes, et les \u00e9tapes pour identifier le lieu de l&rsquo;actualit\u00e9.\u00a0Apprenez les bases via cette\u00a0<a href=\"https:\/\/translate.google.com\/website?sl=en&amp;tl=fr&amp;hl=el&amp;client=webapp&amp;u=https:\/\/www.youtube.com\/watch?v%3Dt1HiKyzNtsU\" target=\"_blank\" rel=\"noopener\">vid\u00e9o<\/a>\u00a0\u00a0(en anglais).<\/li>\n<li><strong>Comment enseigner la d\u00e9sinformation ?\u00a0<\/strong>Mediawijs a d\u00e9velopp\u00e9 cet\u00a0<a href=\"https:\/\/translate.google.com\/website?sl=en&amp;tl=fr&amp;hl=el&amp;client=webapp&amp;u=https:\/\/docs.google.com\/document\/d\/1xgWg62iUN8cRgnvdMaA12ku_i-SyXV0zOyahyPgdfcE\/edit\" target=\"_blank\" rel=\"noopener\">article<\/a>\u00a0d\u00e9voilant 6 conseils sur la fa\u00e7on d&rsquo;enseigner la d\u00e9sinformation.\u00a0Il est soutenu par cette courte\u00a0<a href=\"https:\/\/translate.google.com\/website?sl=en&amp;tl=fr&amp;hl=el&amp;client=webapp&amp;u=https:\/\/drive.google.com\/file\/d\/1qT1J9pnL_oqIUMINz9NTMh1mTyhres2t\/view\" target=\"_blank\" rel=\"noopener\">vid\u00e9o<\/a>\u00a0(en n\u00e9erlandais avec sous-titres anglais).<\/li>\n<li><strong><span class=\"\">\u00ab\u00a0Joyeux anniversaire \u00e0 Vladimir Poutine de Belgique\u00a0\u00bb.\u00a0<\/span><\/strong><span class=\"\">Ce\u00a0\u00a0<\/span><a href=\"https:\/\/translate.google.com\/website?sl=en&amp;tl=fr&amp;hl=el&amp;client=webapp&amp;u=https:\/\/twitter.com\/brechtcastel\/status\/1582293122931130368?s%3D46%26t%3Di1SXWXyGvufOgbK4ZdK4zg\" target=\"_blank\" rel=\"noopener\"><span class=\"\">tweet<\/span><\/a><span class=\"\">\u00a0\u00a0(en anglais) se penche sur la vid\u00e9o TikTok supprim\u00e9e sur laquelle un groupe de russophones v\u00eatus d&rsquo;un uniforme militaire et les armes \u00e0 la main envoient leurs salutations depuis la Belgique \u00e0 Vladimir Poutine pour son anniversaire.<\/span><\/li>\n<\/ul>\n<p>[\/vc_column_text][vc_empty_space height=\u00a0\u00bb10px\u00a0\u00bb][vc_separator][vc_empty_space][vc_custom_heading text=\u00a0\u00bb\u00c9v\u00e9nements et annonces\u00a0\u00bb font_container=\u00a0\u00bbtag:h2|text_align:center|color:%23ffcb05&Prime; use_theme_fonts=\u00a0\u00bbyes\u00a0\u00bb][vc_empty_space height=\u00a0\u00bb10px\u00a0\u00bb][vc_column_text]<\/p>\n<ul dir=\"ltr\">\n<li><strong><span class=\"goog-text-highlight\">10 novembre<\/span><\/strong><span class=\"goog-text-highlight\">\u00a0.\u00a0<\/span>Le troisi\u00e8me\u00a0<a href=\"https:\/\/translate.google.com\/website?sl=en&amp;tl=fr&amp;hl=el&amp;client=webapp&amp;u=https:\/\/digital-strategy.ec.europa.eu\/en\/events\/european-news-media-forum-innovations-news-media-sector\" target=\"_blank\" rel=\"noopener\">Forum europ\u00e9en des m\u00e9dias d&rsquo;information (ENMF)<\/a>\u00a0\u00a0se concentrera sur les innovations dans le secteur des m\u00e9dias d&rsquo;information et r\u00e9unira des intervenants de la presse, de la t\u00e9l\u00e9vision, de la radio, des magazines, des m\u00e9dias en ligne, etc.<\/li>\n<li><strong id=\"m_-4428479228889821745docs-internal-guid-c3e16de6-7fff-27a7-47b1-e399dd49d486\">16 novembre.\u00a0<\/strong>Alors que les fact-checkers se pr\u00e9parent pour les prochaines \u00e9lections europ\u00e9ennes, rejoignez la\u00a0\u00a0<a href=\"https:\/\/translate.google.com\/website?sl=en&amp;tl=fr&amp;hl=el&amp;client=webapp&amp;u=https:\/\/eufactcheckingproject.com\/efcsn-presents-its-governance-body-and-code-of-standards-for-independent-fact-checking-organisations-in-brussels-on-november-16\/\" target=\"_blank\" rel=\"noopener\">conf\u00e9rence European Fact-Checking Standards Network (EFCSN)<\/a>\u00a0\u00a0\u00e0 Bruxelles\u00a0!\u00a0Le projet pr\u00e9sentera \u00e0 la fois son code de normes pour les organisations ind\u00e9pendantes de v\u00e9rification des faits et son organe de gouvernance nouvellement nomm\u00e9.<\/li>\n<li><strong>16 novembre.\u00a0<\/strong>Rejoignez le dernier webinaire de la s\u00e9rie organis\u00e9e en collaboration avec Media Learning et EDMO sur l&rsquo;\u00e9ducation aux\u00a0<a href=\"https:\/\/translate.google.com\/website?sl=en&amp;tl=fr&amp;hl=el&amp;client=webapp&amp;u=https:\/\/media-and-learning.eu\/event\/media-literacy-in-practice-in-france-spain-portugal-belgium-and-the-netherlands\/\" target=\"_blank\" rel=\"noopener\">m\u00e9dias en pratique en France, en Espagne, au Portugal, en Belgique et aux Pays-Bas<\/a>\u00a0.<\/li>\n<li><strong>25 novembre.\u00a0<\/strong>\u00a0Rejoignez-nous au Luxembourg pour notre deuxi\u00e8me\u00a0<a href=\"https:\/\/translate.google.com\/website?sl=en&amp;tl=fr&amp;hl=el&amp;client=webapp&amp;u=https:\/\/forms.office.com\/Pages\/ResponsePage.aspx?id%3DqHxbaagtRUWi2kLQN4TlhfuNv5t6tTBInVjkYD1i_fdUMFgxSEJXVkMxNTVQTlpXRldJVTlROTFMOC4u\" target=\"_blank\" rel=\"noopener\">\u00e9change de r\u00e9seau intercommunautaire EDMO BELUX<\/a>\u00a0!\u00a0Cet \u00e9v\u00e9nement r\u00e9unira la communaut\u00e9 des chercheurs, fact checkers, analystes et professionnels de l&rsquo;\u00e9ducation aux m\u00e9dias travaillant sur la d\u00e9sinformation dans le milieu universitaire, les m\u00e9dias, le gouvernement, la soci\u00e9t\u00e9 civile au Luxembourg autour de sessions interactives !<\/li>\n<li><strong>25 novembre.\u00a0<\/strong>\u00a0\u00ab Fake news, manipulation et d\u00e9sinformation : comment les combattre et s&rsquo;en prot\u00e9ger ?\u00a0<a href=\"https:\/\/translate.google.com\/website?sl=en&amp;tl=fr&amp;hl=el&amp;client=webapp&amp;u=https:\/\/docs.google.com\/forms\/d\/1Hr8Vowj2u1GASq05yewpOHRudJReL09hmUF4NJwNALw\/viewform?edit_requested%3Dtrue\" target=\"_blank\" rel=\"noopener\">Rejoignez le forum de discussion<\/a>\u00a0au S\u00e9nat belge.<\/li>\n<li><strong><span class=\"\">2 d\u00e9cembre<\/span><\/strong><span class=\"\">\u00a0.\u00a0<\/span>Le\u00a0<a href=\"https:\/\/translate.google.com\/website?sl=en&amp;tl=fr&amp;hl=el&amp;client=webapp&amp;u=https:\/\/gulbenkian.pt\/emifund\/registration-form-funding-the-fight-against-disinformation\/?utm_source%3DEMIF%26utm_campaign%3Ddffb53cac2-Gulbenkian_EMIF_20221020%26utm_medium%3Demail%26utm_term%3D0_64912ea88c-dffb53cac2-221808333\" target=\"_blank\" rel=\"noopener\">Fonds europ\u00e9en des m\u00e9dias et de l&rsquo;information (EMIF)<\/a>\u00a0organise son premier \u00e9v\u00e9nement annuel \u00e0 Lisbonne.<\/li>\n<\/ul>\n<p>[\/vc_column_text][vc_empty_space height=\u00a0\u00bb10px\u00a0\u00bb][vc_separator][vc_empty_space][vc_custom_heading text=\u00a0\u00bbOuvrages\u00a0\u00bb font_container=\u00a0\u00bbtag:h2|text_align:center|color:%23ffcb05&Prime; use_theme_fonts=\u00a0\u00bbyes\u00a0\u00bb][vc_empty_space height=\u00a0\u00bb10px\u00a0\u00bb][vc_column_text]<\/p>\n<ul>\n<li><strong>R\u00e9seaux de d\u00e9sinformation\u00a0: une enqu\u00eate quali-quantitative sur les cha\u00eenes\u00a0<\/strong><strong>Telegram n\u00e9erlandophones antagonistes<\/strong>\u00a0.\u00a0<a href=\"https:\/\/translate.google.com\/website?sl=en&amp;tl=fr&amp;hl=el&amp;client=webapp&amp;u=https:\/\/firstmonday.org\/ojs\/index.php\/fm\/article\/view\/12533\" target=\"_blank\" rel=\"noopener\">Recherche<\/a>\u00a0\u00a0men\u00e9e par le partenaire EDMO BELUX Tom Willaert et ses coll\u00e8gues (en anglais).<\/li>\n<li><strong><span class=\"\">Phobie d&rsquo;\u00e9tat profond.\u00a0<\/span>Convergence narrative dans le complot contre le coronavirus sur Instagram.\u00a0<\/strong><a href=\"https:\/\/translate.google.com\/website?sl=en&amp;tl=fr&amp;hl=el&amp;client=webapp&amp;u=https:\/\/doi.org\/10.1177\/13548565221118751\" target=\"_blank\" rel=\"noopener\">Recherche\u00a0<\/a>\u00a0men\u00e9e par M. Tuters &amp; T. Willaert (en anglais).<\/li>\n<\/ul>\n<p>[\/vc_column_text][vc_empty_space height=\u00a0\u00bb10px\u00a0\u00bb][vc_separator][vc_empty_space][vc_row_inner][vc_column_inner width=\u00a0\u00bb1\/3&Prime;][vc_icon icon_fontawesome=\u00a0\u00bbfas fa-link\u00a0\u00bb align=\u00a0\u00bbcenter\u00a0\u00bb link=\u00a0\u00bburl:https%3A%2F%2Fbelux.edmo.eu\u00a0\u00bb][\/vc_column_inner][vc_column_inner width=\u00a0\u00bb1\/3&Prime;][vc_icon icon_fontawesome=\u00a0\u00bbfab fa-twitter\u00a0\u00bb align=\u00a0\u00bbcenter\u00a0\u00bb link=\u00a0\u00bburl:https%3A%2F%2Ftwitter.com%2FEdmo_Belux\u00a0\u00bb][\/vc_column_inner][vc_column_inner width=\u00a0\u00bb1\/3&Prime;][vc_icon icon_fontawesome=\u00a0\u00bbfab fa-linkedin\u00a0\u00bb align=\u00a0\u00bbcenter\u00a0\u00bb link=\u00a0\u00bburl:https%3A%2F%2Fwww.linkedin.com%2Fshowcase%2Fedmo-belux%2F\u00a0\u00bb][\/vc_column_inner][\/vc_row_inner][\/vc_tta_section][\/vc_tta_accordion][\/vc_column][\/vc_row]<\/p>\n<\/div>","protected":false},"excerpt":{"rendered":"<p>[vc_row][vc_column][vc_tta_accordion style=\u00a0\u00bbsimple_dashed\u00a0\u00bb active_section=\u00a0\u00bb1&Prime; collapsible_all=\u00a0\u00bbtrue\u00a0\u00bb][vc_tta_section title=\u00a0\u00bbDisinfoCheck Roundup juillet 2023&Prime; tab_id=\u00a0\u00bb1668434984916-bc9575f0-5452&Prime;][vc_custom_heading text=\u00a0\u00bbDisinfoCheck Roundup juillet 2023&Prime; font_container=\u00a0\u00bbtag:h1|text_align:center\u00a0\u00bb use_theme_fonts=\u00a0\u00bbyes\u00a0\u00bb][vc_custom_heading text=\u00a0\u00bbEdito\u00a0\u00bb font_container=\u00a0\u00bbtag:h2|text_align:center|color:%23ffcb05&Prime; use_theme_fonts=\u00a0\u00bbyes\u00a0\u00bb][vc_empty_space height=\u00a0\u00bb10px\u00a0\u00bb][vc_column_text]Bienvenue dans&#8230;<\/p>\n","protected":false},"author":14,"featured_media":0,"parent":0,"menu_order":0,"comment_status":"closed","ping_status":"closed","template":"","meta":{"_acf_changed":false,"footnotes":""},"class_list":["post-273166","page","type-page","status-publish"],"acf":[],"yoast_head":"<!-- This site is optimized with the Yoast SEO plugin v27.0 - https:\/\/yoast.com\/product\/yoast-seo-wordpress\/ -->\n<title>NewsLetter Test - EDMO Belux<\/title>\n<meta name=\"robots\" content=\"index, follow, max-snippet:-1, max-image-preview:large, max-video-preview:-1\" \/>\n<link rel=\"canonical\" href=\"https:\/\/belux.edmo.eu\/fr\/newsletter-test\/\" \/>\n<meta property=\"og:locale\" content=\"fr_FR\" \/>\n<meta property=\"og:type\" content=\"article\" \/>\n<meta property=\"og:title\" content=\"NewsLetter Test - EDMO Belux\" \/>\n<meta property=\"og:description\" content=\"[vc_row][vc_column][vc_tta_accordion style=\u00a0\u00bbsimple_dashed\u00a0\u00bb active_section=\u00a0\u00bb1&Prime; collapsible_all=\u00a0\u00bbtrue\u00a0\u00bb][vc_tta_section title=\u00a0\u00bbDisinfoCheck Roundup juillet 2023&Prime; tab_id=\u00a0\u00bb1668434984916-bc9575f0-5452&Prime;][vc_custom_heading text=\u00a0\u00bbDisinfoCheck Roundup juillet 2023&Prime; font_container=\u00a0\u00bbtag:h1|text_align:center\u00a0\u00bb use_theme_fonts=\u00a0\u00bbyes\u00a0\u00bb][vc_custom_heading text=\u00a0\u00bbEdito\u00a0\u00bb font_container=\u00a0\u00bbtag:h2|text_align:center|color:%23ffcb05&Prime; use_theme_fonts=\u00a0\u00bbyes\u00a0\u00bb][vc_empty_space height=\u00a0\u00bb10px\u00a0\u00bb][vc_column_text]Bienvenue dans...\" \/>\n<meta property=\"og:url\" content=\"https:\/\/belux.edmo.eu\/fr\/newsletter-test\/\" \/>\n<meta property=\"og:site_name\" content=\"EDMO Belux\" \/>\n<meta property=\"article:modified_time\" content=\"2023-07-07T08:06:10+00:00\" \/>\n<meta name=\"twitter:card\" content=\"summary_large_image\" \/>\n<meta name=\"twitter:site\" content=\"@Edmo_Belux\" \/>\n<meta name=\"twitter:label1\" content=\"Dur\u00e9e de lecture estim\u00e9e\" \/>\n\t<meta name=\"twitter:data1\" content=\"90 minutes\" \/>\n<script type=\"application\/ld+json\" class=\"yoast-schema-graph\">{\"@context\":\"https:\/\/schema.org\",\"@graph\":[{\"@type\":\"WebPage\",\"@id\":\"https:\/\/belux.edmo.eu\/fr\/newsletter-test\/\",\"url\":\"https:\/\/belux.edmo.eu\/fr\/newsletter-test\/\",\"name\":\"NewsLetter Test - EDMO Belux\",\"isPartOf\":{\"@id\":\"https:\/\/belux.edmo.eu\/#website\"},\"datePublished\":\"2023-07-07T08:00:27+00:00\",\"dateModified\":\"2023-07-07T08:06:10+00:00\",\"breadcrumb\":{\"@id\":\"https:\/\/belux.edmo.eu\/fr\/newsletter-test\/#breadcrumb\"},\"inLanguage\":\"fr-FR\",\"potentialAction\":[{\"@type\":\"ReadAction\",\"target\":[\"https:\/\/belux.edmo.eu\/fr\/newsletter-test\/\"]}]},{\"@type\":\"BreadcrumbList\",\"@id\":\"https:\/\/belux.edmo.eu\/fr\/newsletter-test\/#breadcrumb\",\"itemListElement\":[{\"@type\":\"ListItem\",\"position\":1,\"name\":\"Home\",\"item\":\"https:\/\/belux.edmo.eu\/fr\/\"},{\"@type\":\"ListItem\",\"position\":2,\"name\":\"NewsLetter Test\"}]},{\"@type\":\"WebSite\",\"@id\":\"https:\/\/belux.edmo.eu\/#website\",\"url\":\"https:\/\/belux.edmo.eu\/\",\"name\":\"EDMO Belux\",\"description\":\"Monitoring Disinformation in Belgium and Luxembourg\",\"publisher\":{\"@id\":\"https:\/\/belux.edmo.eu\/#organization\"},\"potentialAction\":[{\"@type\":\"SearchAction\",\"target\":{\"@type\":\"EntryPoint\",\"urlTemplate\":\"https:\/\/belux.edmo.eu\/?s={search_term_string}\"},\"query-input\":{\"@type\":\"PropertyValueSpecification\",\"valueRequired\":true,\"valueName\":\"search_term_string\"}}],\"inLanguage\":\"fr-FR\"},{\"@type\":\"Organization\",\"@id\":\"https:\/\/belux.edmo.eu\/#organization\",\"name\":\"EDMO Belux\",\"url\":\"https:\/\/belux.edmo.eu\/\",\"logo\":{\"@type\":\"ImageObject\",\"inLanguage\":\"fr-FR\",\"@id\":\"https:\/\/belux.edmo.eu\/#\/schema\/logo\/image\/\",\"url\":\"https:\/\/belux.edmo.eu\/wp-content\/uploads\/2021\/12\/belux-logo-full-color-rgb.svg\",\"contentUrl\":\"https:\/\/belux.edmo.eu\/wp-content\/uploads\/2021\/12\/belux-logo-full-color-rgb.svg\",\"width\":1,\"height\":1,\"caption\":\"EDMO Belux\"},\"image\":{\"@id\":\"https:\/\/belux.edmo.eu\/#\/schema\/logo\/image\/\"},\"sameAs\":[\"https:\/\/x.com\/Edmo_Belux\"]}]}<\/script>\n<!-- \/ Yoast SEO plugin. -->","yoast_head_json":{"title":"NewsLetter Test - EDMO Belux","robots":{"index":"index","follow":"follow","max-snippet":"max-snippet:-1","max-image-preview":"max-image-preview:large","max-video-preview":"max-video-preview:-1"},"canonical":"https:\/\/belux.edmo.eu\/fr\/newsletter-test\/","og_locale":"fr_FR","og_type":"article","og_title":"NewsLetter Test - EDMO Belux","og_description":"[vc_row][vc_column][vc_tta_accordion style=\u00a0\u00bbsimple_dashed\u00a0\u00bb active_section=\u00a0\u00bb1&Prime; collapsible_all=\u00a0\u00bbtrue\u00a0\u00bb][vc_tta_section title=\u00a0\u00bbDisinfoCheck Roundup juillet 2023&Prime; tab_id=\u00a0\u00bb1668434984916-bc9575f0-5452&Prime;][vc_custom_heading text=\u00a0\u00bbDisinfoCheck Roundup juillet 2023&Prime; font_container=\u00a0\u00bbtag:h1|text_align:center\u00a0\u00bb use_theme_fonts=\u00a0\u00bbyes\u00a0\u00bb][vc_custom_heading text=\u00a0\u00bbEdito\u00a0\u00bb font_container=\u00a0\u00bbtag:h2|text_align:center|color:%23ffcb05&Prime; use_theme_fonts=\u00a0\u00bbyes\u00a0\u00bb][vc_empty_space height=\u00a0\u00bb10px\u00a0\u00bb][vc_column_text]Bienvenue dans...","og_url":"https:\/\/belux.edmo.eu\/fr\/newsletter-test\/","og_site_name":"EDMO Belux","article_modified_time":"2023-07-07T08:06:10+00:00","twitter_card":"summary_large_image","twitter_site":"@Edmo_Belux","twitter_misc":{"Dur\u00e9e de lecture estim\u00e9e":"90 minutes"},"schema":{"@context":"https:\/\/schema.org","@graph":[{"@type":"WebPage","@id":"https:\/\/belux.edmo.eu\/fr\/newsletter-test\/","url":"https:\/\/belux.edmo.eu\/fr\/newsletter-test\/","name":"NewsLetter Test - EDMO Belux","isPartOf":{"@id":"https:\/\/belux.edmo.eu\/#website"},"datePublished":"2023-07-07T08:00:27+00:00","dateModified":"2023-07-07T08:06:10+00:00","breadcrumb":{"@id":"https:\/\/belux.edmo.eu\/fr\/newsletter-test\/#breadcrumb"},"inLanguage":"fr-FR","potentialAction":[{"@type":"ReadAction","target":["https:\/\/belux.edmo.eu\/fr\/newsletter-test\/"]}]},{"@type":"BreadcrumbList","@id":"https:\/\/belux.edmo.eu\/fr\/newsletter-test\/#breadcrumb","itemListElement":[{"@type":"ListItem","position":1,"name":"Home","item":"https:\/\/belux.edmo.eu\/fr\/"},{"@type":"ListItem","position":2,"name":"NewsLetter Test"}]},{"@type":"WebSite","@id":"https:\/\/belux.edmo.eu\/#website","url":"https:\/\/belux.edmo.eu\/","name":"EDMO Belux","description":"Monitoring Disinformation in Belgium and Luxembourg","publisher":{"@id":"https:\/\/belux.edmo.eu\/#organization"},"potentialAction":[{"@type":"SearchAction","target":{"@type":"EntryPoint","urlTemplate":"https:\/\/belux.edmo.eu\/?s={search_term_string}"},"query-input":{"@type":"PropertyValueSpecification","valueRequired":true,"valueName":"search_term_string"}}],"inLanguage":"fr-FR"},{"@type":"Organization","@id":"https:\/\/belux.edmo.eu\/#organization","name":"EDMO Belux","url":"https:\/\/belux.edmo.eu\/","logo":{"@type":"ImageObject","inLanguage":"fr-FR","@id":"https:\/\/belux.edmo.eu\/#\/schema\/logo\/image\/","url":"https:\/\/belux.edmo.eu\/wp-content\/uploads\/2021\/12\/belux-logo-full-color-rgb.svg","contentUrl":"https:\/\/belux.edmo.eu\/wp-content\/uploads\/2021\/12\/belux-logo-full-color-rgb.svg","width":1,"height":1,"caption":"EDMO Belux"},"image":{"@id":"https:\/\/belux.edmo.eu\/#\/schema\/logo\/image\/"},"sameAs":["https:\/\/x.com\/Edmo_Belux"]}]}},"_links":{"self":[{"href":"https:\/\/belux.edmo.eu\/fr\/wp-json\/wp\/v2\/pages\/273166","targetHints":{"allow":["GET"]}}],"collection":[{"href":"https:\/\/belux.edmo.eu\/fr\/wp-json\/wp\/v2\/pages"}],"about":[{"href":"https:\/\/belux.edmo.eu\/fr\/wp-json\/wp\/v2\/types\/page"}],"author":[{"embeddable":true,"href":"https:\/\/belux.edmo.eu\/fr\/wp-json\/wp\/v2\/users\/14"}],"replies":[{"embeddable":true,"href":"https:\/\/belux.edmo.eu\/fr\/wp-json\/wp\/v2\/comments?post=273166"}],"version-history":[{"count":0,"href":"https:\/\/belux.edmo.eu\/fr\/wp-json\/wp\/v2\/pages\/273166\/revisions"}],"wp:attachment":[{"href":"https:\/\/belux.edmo.eu\/fr\/wp-json\/wp\/v2\/media?parent=273166"}],"curies":[{"name":"wp","href":"https:\/\/api.w.org\/{rel}","templated":true}]}}