{"id":370335,"date":"2024-11-13T08:37:40","date_gmt":"2024-11-13T08:37:40","guid":{"rendered":"https:\/\/belux.edmo.eu\/about-us\/edmo-network-guidlines\/"},"modified":"2024-11-14T15:35:15","modified_gmt":"2024-11-14T15:35:15","slug":"principes-directeurs-du-reseau-edmo","status":"publish","type":"page","link":"https:\/\/belux.edmo.eu\/fr\/about-us\/principes-directeurs-du-reseau-edmo\/","title":{"rendered":"Principes directeurs du r\u00e9seau EDMO"},"content":{"rendered":"<div class=\"wpb-content-wrapper\"><p>[vc_row][vc_column][vc_column_text css=\u00a0\u00bb\u00a0\u00bb]<\/p>\n<p class=\"s3\"><span class=\"s4\">L\u2019Observatoire europ\u00e9en des m\u00e9dias num\u00e9riques (EDMO) est un r\u00e9seau de consortiums qui r\u00e9unit une communaut\u00e9 multidisciplinaire et transnationale de fact<\/span><span class=\"s4\">checkers, d\u2019experts en \u00e9ducation aux m\u00e9dias et de chercheurs ind\u00e9pendants, qui travaillent \u00e0 la d\u00e9tection, \u00e0 l\u2019exposition et \u00e0 la lutte contre la d\u00e9sinformation, tout en \u00e9laborant des fondements \u00e9pist\u00e9mologiques pour les politiques, notamment dans le domaine des m\u00e9dias, des services num\u00e9riques et des programmes \u00e9ducatifs qui y sont associ\u00e9s.<\/span> <span class=\"s4\">Il est constitu\u00e9 d\u2019une plateforme centrale, EDMOeu, qui fait le lien entre les 14\u00a0hubs nationaux ou r\u00e9gionaux r\u00e9partis dans les 27\u00a0\u00c9tats membres de l\u2019UE et la Norv\u00e8ge, et qui coordonne leurs activit\u00e9s pour garantir un impact maximal, et ce, en collaboration avec des organisations m\u00e9diatiques, des plateformes num\u00e9riques, des experts de terrain et des d\u00e9cideurs politiques.<\/span><\/p>\n<p class=\"s3\"><span class=\"s4\">M\u00eame si chaque membre du r\u00e9seau EDMO m\u00e8ne ses activit\u00e9s en toute autonomie, conform\u00e9ment aux conditions sp\u00e9cifiques \u00e9tablies en son sein, tous les consortiums poursuivent ensemble une mission commune, qui vise \u00e0 favoriser une meilleure compr\u00e9hension de la d\u00e9sinformation, \u00e0 y apporter de meilleures r\u00e9ponses, \u00e0 diffuser les r\u00e9sultats des \u00e9tudes men\u00e9es, \u00e0 tester des solutions et \u00e0 contribuer \u00e0 un \u00e9cosyst\u00e8me de l\u2019information plus transparent, plus fiable et plus r\u00e9silient.<\/span> <span class=\"s4\">Dans le cadre de cette mission, tous les membres du r\u00e9seau EDMO s\u2019engagent \u00e0 respecter les principes directeurs suivants\u00a0:<\/span><\/p>\n<p class=\"s3\"><strong><span class=\"s2\">1.<\/span> <span class=\"s2\">Ind\u00e9pendance<\/span><\/strong><\/p>\n<p class=\"s3\"><span class=\"s4\">Tous les membres du r\u00e9seau EDMO disposent de structures de gouvernance bien \u00e9tablies, qui visent \u00e0 prot\u00e9ger leur ind\u00e9pendance, en particulier vis<\/span><span class=\"s4\">\u00e0<\/span><span class=\"s4\">vis des gouvernements, des institutions europ\u00e9ennes et des bailleurs de fonds publics ou priv\u00e9s.<\/span> <span class=\"s4\">Tous les membres sont libres de choisir les th\u00e8mes qu\u2019ils abordent, que ce soit dans leurs sujets de recherche, leurs articles de v\u00e9rification de faits ou leurs initiatives d\u2019\u00e9ducation aux m\u00e9dias et \u00e0 l\u2019information. Ils mettent \u00e0 disposition une plateforme pluraliste, inclusive et ouverte, ax\u00e9e sur les d\u00e9fis li\u00e9s \u00e0 la d\u00e9sinformation.<\/span> <span class=\"s4\">Aucun bailleur de fonds externe, public ou priv\u00e9, ne peut si\u00e9ger dans les organes de d\u00e9cision des consortiums ni influencer leurs processus de prise de d\u00e9cision, y compris la fixation des priorit\u00e9s, les m\u00e9thodes de travail et les r\u00e9sultats.<\/span> <span class=\"s4\">La Commission europ\u00e9enne peut si\u00e9ger dans ces organes, en qualit\u00e9 d\u2019observateur uniquement, afin de contr\u00f4ler la mise en \u0153uvre correcte des accords de financement. Elle peut \u00e9galement \u00e9changer des informations et donner du feed-back pour garantir le respect de ces accords, sans toutefois porter atteinte \u00e0 la pleine autonomie et au pouvoir discr\u00e9tionnaire des membres du r\u00e9seau dans leurs activit\u00e9s.<\/span><\/p>\n<p class=\"s3\"><strong><span class=\"s2\">2.<\/span> <span class=\"s2\">Int\u00e9grit\u00e9<\/span><\/strong><\/p>\n<p class=\"s3\"><span class=\"s4\">Les organisations partenaires du r\u00e9seau EDMO s\u2019engagent \u00e0 respecter des normes \u00e9thiques et professionnelles reconnues, comme le Code de conduite europ\u00e9en pour l\u2019int\u00e9grit\u00e9 en recherche ou les normes sp\u00e9cifiques applicables \u00e0 leur domaine d\u2019activit\u00e9 (comme le Code europ\u00e9en des principes pour les organisations ind\u00e9pendantes de fact<\/span><span class=\"s4\">checking du European Fact<\/span><span class=\"s4\">Checking Standards Network).<\/span><\/p>\n<p class=\"s3\"><span class=\"s4\">En outre, tous les membres du r\u00e9seau EDMO s\u2019engagent \u00e0 g\u00e9rer correctement les conflits d\u2019int\u00e9r\u00eats susceptibles de survenir dans leurs processus internes de prise de d\u00e9cision.<\/span> <span class=\"s4\">\u00c0 cette fin, toute personne si\u00e9geant dans un organe et\/ou participant \u00e0 un processus de prise de d\u00e9cision est tenue de communiquer les int\u00e9r\u00eats substantiels qu\u2019elle pourrait avoir dans des (sous-)secteurs de l\u2019\u00e9cosyst\u00e8me de l\u2019information et qui pourraient mettre en p\u00e9ril son ind\u00e9pendance, de s\u2019abstenir de prendre part aux activit\u00e9s qui pourraient \u00eatre concern\u00e9es par ce conflit d\u2019int\u00e9r\u00eats et de se retirer, le cas \u00e9ch\u00e9ant.<\/span> <span class=\"s4\">Dans ce contexte, un conflit d\u2019int\u00e9r\u00eats d\u00e9signe une situation dans laquelle l\u2019impartialit\u00e9 et l\u2019objectivit\u00e9 d\u2019une d\u00e9cision, d\u2019une opinion ou d\u2019une recommandation \u00e9manant d\u2019une personne prenant part au processus de d\u00e9cision sont ou pourraient \u00eatre compromises par un int\u00e9r\u00eat personnel d\u00e9tenu ou confi\u00e9 \u00e0 un individu donn\u00e9.<\/span> <span class=\"s4\">Ces int\u00e9r\u00eats personnels peuvent \u00eatre de nature financi\u00e8re ou non et peuvent concerner des relations personnelles ou familiales, des affiliations professionnelles, y compris d\u2019anciens postes occup\u00e9s ou d\u2019anciennes nominations, ainsi que toute autre activit\u00e9 externe pertinente.<\/span><\/p>\n<p class=\"s3\"><strong><span class=\"s2\">3.<\/span> <span class=\"s2\">Transparence<\/span><\/strong><\/p>\n<p class=\"s3\"><span class=\"s4\">Tous les membres du r\u00e9seau EDMO s\u2019engagent \u00e0 faire preuve de transparence en ce qui concerne l\u2019identit\u00e9 des organisations faisant partie du consortium et leurs sources de financement, et ils veillent \u00e0 ce que les r\u00e9sultats des activit\u00e9s qu\u2019ils m\u00e8nent pour le compte d\u2019EDMO, que ce soit dans le domaine de la recherche, du fact<\/span><span class=\"s4\">checking, de l\u2019\u00e9ducation aux m\u00e9dias ou de la politique, soient publiquement accessibles.<\/span><\/p>\n<p class=\"s3\"><strong><span class=\"s2\">4.<\/span> <span class=\"s2\">Neutralit\u00e9<\/span><\/strong><\/p>\n<p class=\"s3\"><span class=\"s4\">En ce qui concerne leurs produits \u00e9ditoriaux et les initiatives qu\u2019ils destinent au public, tous les membres du r\u00e9seau EDMO respectent une politique stricte de neutralit\u00e9 sur le plan politique ou sectoriel.<\/span> <span class=\"s4\">Les choix th\u00e9matiques, les approches m\u00e9thodologiques, les conclusions et les communications des membres du r\u00e9seau EDMO doivent \u00eatre impartiaux et uniquement servir l\u2019int\u00e9r\u00eat public, que ce soit dans les sujets de recherche, les articles de v\u00e9rification de faits, les initiatives d\u2019\u00e9ducation aux m\u00e9dias et \u00e0 l\u2019information ou les analyses politiques.<\/span><\/p>\n<p class=\"s3\"><strong><span class=\"s2\">5.<\/span> <span class=\"s2\">Pluralisme<\/span><\/strong><\/p>\n<p class=\"s3\"><span class=\"s4\">Le r\u00e9seau EDMO englobe plusieurs universit\u00e9s, centres de recherche, centres de fact<\/span><span class=\"s4\">checking et organisations de la soci\u00e9t\u00e9 civile et d\u2019\u00e9ducation aux m\u00e9dias, qui suivent tous leur propre ligne \u00e9ditoriale, leur programme de recherche et leurs objectifs \u00e9ducatifs en toute autonomie.<\/span> <span class=\"s4\">En outre, les membres du r\u00e9seau EDMO s\u2019\u00e9changent r\u00e9guli\u00e8rement du contenu \u00e0 des fins de publication sur leur propre plateforme, afin de proposer divers points de vue et de favoriser une certaine pluralit\u00e9 interne sur des questions d\u2019int\u00e9r\u00eat commun.<\/span><\/p>\n<p class=\"s3\"><strong><span class=\"s2\">6.<\/span> <span class=\"s2\">Diversit\u00e9 et inclusion<\/span><\/strong><\/p>\n<p class=\"s3\"><span class=\"s4\">Le r\u00e9seau EDMO a \u00e9t\u00e9 con\u00e7u pour \u00eatre multidisciplinaire et transnational et, \u00e0 ce titre, il vise \u00e0 relever les divers aspects des d\u00e9fis que pose la d\u00e9sinformation, tout en tenant compte des sp\u00e9cificit\u00e9s de chaque pays ou r\u00e9gion linguistique qu\u2019il couvre.<\/span> <span class=\"s4\">En outre, ses activit\u00e9s de recherche, de fact<\/span><span class=\"s4\">checking, d\u2019analyse politique et d\u2019\u00e9ducation aux m\u00e9dias poursuivent l\u2019objectif de renforcer la r\u00e9silience de la soci\u00e9t\u00e9 dans toutes les couches de la population, ind\u00e9pendamment du genre, de l\u2019origine ethnique et des convictions politiques et religieuses des individus, et en accordant une attention particuli\u00e8re aux plus vuln\u00e9rables.<\/span><\/p>\n<p class=\"s3\"><strong><span class=\"s2\">7.<\/span> <span class=\"s2\">Interventions scientifiquement fond\u00e9es<\/span><\/strong><\/p>\n<p class=\"s3\"><span class=\"s4\">Le r\u00e9seau EDMO aspire \u00e0 faire progresser la recherche ind\u00e9pendante, originale, de haute qualit\u00e9 et d\u2019impact sur la d\u00e9sinformation dans l\u2019optique d\u2019offrir un ensemble de faits, de preuves et d\u2019outils susceptible de rassembler les parties prenantes et d\u2019agir dans l\u2019int\u00e9r\u00eat de la soci\u00e9t\u00e9.<\/span> <span class=\"s4\">\u00c0 cette fin, il estime primordial de fonder les nouveaux enseignements qu\u2019il tire \u00e0 propos de ce ph\u00e9nom\u00e8ne sur des th\u00e9ories, des hypoth\u00e8ses et des m\u00e9thodes scientifiques rigoureuses.<\/span> <span class=\"s4\">Il encourage \u00e9galement ses membres \u00e0 mettre au point des approches hybrides alliant des m\u00e9thodes empiriques et des m\u00e9thodes inspir\u00e9es des sciences humaines, ainsi que des \u00e9tudes exploitant des outils et des techniques scientifiques \u00e0 la pointe dans le domaine des sciences des donn\u00e9es et de l\u2019information.<\/span><\/p>\n<p>[\/vc_column_text][\/vc_column][\/vc_row]<\/p>\n<\/div>","protected":false},"excerpt":{"rendered":"<p>[vc_row][vc_column][vc_column_text css=\u00a0\u00bb\u00a0\u00bb] L\u2019Observatoire europ\u00e9en des m\u00e9dias num\u00e9riques (EDMO) est un r\u00e9seau de consortiums qui r\u00e9unit une communaut\u00e9 multidisciplinaire et transnationale&#8230;<\/p>\n","protected":false},"author":14,"featured_media":0,"parent":11675,"menu_order":0,"comment_status":"closed","ping_status":"closed","template":"","meta":{"_acf_changed":false,"footnotes":""},"class_list":["post-370335","page","type-page","status-publish"],"acf":[],"yoast_head":"<!-- This site is optimized with the Yoast SEO plugin v27.0 - https:\/\/yoast.com\/product\/yoast-seo-wordpress\/ -->\n<title>Principes directeurs du r\u00e9seau EDMO - EDMO Belux<\/title>\n<meta name=\"robots\" content=\"index, follow, max-snippet:-1, max-image-preview:large, max-video-preview:-1\" \/>\n<link rel=\"canonical\" href=\"https:\/\/belux.edmo.eu\/fr\/about-us\/principes-directeurs-du-reseau-edmo\/\" \/>\n<meta property=\"og:locale\" content=\"fr_FR\" \/>\n<meta property=\"og:type\" content=\"article\" \/>\n<meta property=\"og:title\" content=\"Principes directeurs du r\u00e9seau EDMO - EDMO Belux\" \/>\n<meta property=\"og:description\" content=\"[vc_row][vc_column][vc_column_text css=\u00a0\u00bb\u00a0\u00bb] L\u2019Observatoire europ\u00e9en des m\u00e9dias num\u00e9riques (EDMO) est un r\u00e9seau de consortiums qui r\u00e9unit une communaut\u00e9 multidisciplinaire et transnationale...\" \/>\n<meta property=\"og:url\" content=\"https:\/\/belux.edmo.eu\/fr\/about-us\/principes-directeurs-du-reseau-edmo\/\" \/>\n<meta property=\"og:site_name\" content=\"EDMO Belux\" \/>\n<meta property=\"article:modified_time\" content=\"2024-11-14T15:35:15+00:00\" \/>\n<meta name=\"twitter:card\" content=\"summary_large_image\" \/>\n<meta name=\"twitter:site\" content=\"@Edmo_Belux\" \/>\n<meta name=\"twitter:label1\" content=\"Dur\u00e9e de lecture estim\u00e9e\" \/>\n\t<meta name=\"twitter:data1\" content=\"5 minutes\" \/>\n<script type=\"application\/ld+json\" class=\"yoast-schema-graph\">{\"@context\":\"https:\/\/schema.org\",\"@graph\":[{\"@type\":\"WebPage\",\"@id\":\"https:\/\/belux.edmo.eu\/fr\/about-us\/principes-directeurs-du-reseau-edmo\/\",\"url\":\"https:\/\/belux.edmo.eu\/fr\/about-us\/principes-directeurs-du-reseau-edmo\/\",\"name\":\"Principes directeurs du r\u00e9seau EDMO - EDMO Belux\",\"isPartOf\":{\"@id\":\"https:\/\/belux.edmo.eu\/#website\"},\"datePublished\":\"2024-11-13T08:37:40+00:00\",\"dateModified\":\"2024-11-14T15:35:15+00:00\",\"breadcrumb\":{\"@id\":\"https:\/\/belux.edmo.eu\/fr\/about-us\/principes-directeurs-du-reseau-edmo\/#breadcrumb\"},\"inLanguage\":\"fr-FR\",\"potentialAction\":[{\"@type\":\"ReadAction\",\"target\":[\"https:\/\/belux.edmo.eu\/fr\/about-us\/principes-directeurs-du-reseau-edmo\/\"]}]},{\"@type\":\"BreadcrumbList\",\"@id\":\"https:\/\/belux.edmo.eu\/fr\/about-us\/principes-directeurs-du-reseau-edmo\/#breadcrumb\",\"itemListElement\":[{\"@type\":\"ListItem\",\"position\":1,\"name\":\"Home\",\"item\":\"https:\/\/belux.edmo.eu\/fr\/\"},{\"@type\":\"ListItem\",\"position\":2,\"name\":\"A propos\",\"item\":\"https:\/\/belux.edmo.eu\/fr\/about-us\/\"},{\"@type\":\"ListItem\",\"position\":3,\"name\":\"Principes directeurs du r\u00e9seau EDMO\"}]},{\"@type\":\"WebSite\",\"@id\":\"https:\/\/belux.edmo.eu\/#website\",\"url\":\"https:\/\/belux.edmo.eu\/\",\"name\":\"EDMO Belux\",\"description\":\"Monitoring Disinformation in Belgium and Luxembourg\",\"publisher\":{\"@id\":\"https:\/\/belux.edmo.eu\/#organization\"},\"potentialAction\":[{\"@type\":\"SearchAction\",\"target\":{\"@type\":\"EntryPoint\",\"urlTemplate\":\"https:\/\/belux.edmo.eu\/?s={search_term_string}\"},\"query-input\":{\"@type\":\"PropertyValueSpecification\",\"valueRequired\":true,\"valueName\":\"search_term_string\"}}],\"inLanguage\":\"fr-FR\"},{\"@type\":\"Organization\",\"@id\":\"https:\/\/belux.edmo.eu\/#organization\",\"name\":\"EDMO Belux\",\"url\":\"https:\/\/belux.edmo.eu\/\",\"logo\":{\"@type\":\"ImageObject\",\"inLanguage\":\"fr-FR\",\"@id\":\"https:\/\/belux.edmo.eu\/#\/schema\/logo\/image\/\",\"url\":\"https:\/\/belux.edmo.eu\/wp-content\/uploads\/2021\/12\/belux-logo-full-color-rgb.svg\",\"contentUrl\":\"https:\/\/belux.edmo.eu\/wp-content\/uploads\/2021\/12\/belux-logo-full-color-rgb.svg\",\"width\":1,\"height\":1,\"caption\":\"EDMO Belux\"},\"image\":{\"@id\":\"https:\/\/belux.edmo.eu\/#\/schema\/logo\/image\/\"},\"sameAs\":[\"https:\/\/x.com\/Edmo_Belux\"]}]}<\/script>\n<!-- \/ Yoast SEO plugin. -->","yoast_head_json":{"title":"Principes directeurs du r\u00e9seau EDMO - EDMO Belux","robots":{"index":"index","follow":"follow","max-snippet":"max-snippet:-1","max-image-preview":"max-image-preview:large","max-video-preview":"max-video-preview:-1"},"canonical":"https:\/\/belux.edmo.eu\/fr\/about-us\/principes-directeurs-du-reseau-edmo\/","og_locale":"fr_FR","og_type":"article","og_title":"Principes directeurs du r\u00e9seau EDMO - EDMO Belux","og_description":"[vc_row][vc_column][vc_column_text css=\u00a0\u00bb\u00a0\u00bb] L\u2019Observatoire europ\u00e9en des m\u00e9dias num\u00e9riques (EDMO) est un r\u00e9seau de consortiums qui r\u00e9unit une communaut\u00e9 multidisciplinaire et transnationale...","og_url":"https:\/\/belux.edmo.eu\/fr\/about-us\/principes-directeurs-du-reseau-edmo\/","og_site_name":"EDMO Belux","article_modified_time":"2024-11-14T15:35:15+00:00","twitter_card":"summary_large_image","twitter_site":"@Edmo_Belux","twitter_misc":{"Dur\u00e9e de lecture estim\u00e9e":"5 minutes"},"schema":{"@context":"https:\/\/schema.org","@graph":[{"@type":"WebPage","@id":"https:\/\/belux.edmo.eu\/fr\/about-us\/principes-directeurs-du-reseau-edmo\/","url":"https:\/\/belux.edmo.eu\/fr\/about-us\/principes-directeurs-du-reseau-edmo\/","name":"Principes directeurs du r\u00e9seau EDMO - EDMO Belux","isPartOf":{"@id":"https:\/\/belux.edmo.eu\/#website"},"datePublished":"2024-11-13T08:37:40+00:00","dateModified":"2024-11-14T15:35:15+00:00","breadcrumb":{"@id":"https:\/\/belux.edmo.eu\/fr\/about-us\/principes-directeurs-du-reseau-edmo\/#breadcrumb"},"inLanguage":"fr-FR","potentialAction":[{"@type":"ReadAction","target":["https:\/\/belux.edmo.eu\/fr\/about-us\/principes-directeurs-du-reseau-edmo\/"]}]},{"@type":"BreadcrumbList","@id":"https:\/\/belux.edmo.eu\/fr\/about-us\/principes-directeurs-du-reseau-edmo\/#breadcrumb","itemListElement":[{"@type":"ListItem","position":1,"name":"Home","item":"https:\/\/belux.edmo.eu\/fr\/"},{"@type":"ListItem","position":2,"name":"A propos","item":"https:\/\/belux.edmo.eu\/fr\/about-us\/"},{"@type":"ListItem","position":3,"name":"Principes directeurs du r\u00e9seau EDMO"}]},{"@type":"WebSite","@id":"https:\/\/belux.edmo.eu\/#website","url":"https:\/\/belux.edmo.eu\/","name":"EDMO Belux","description":"Monitoring Disinformation in Belgium and Luxembourg","publisher":{"@id":"https:\/\/belux.edmo.eu\/#organization"},"potentialAction":[{"@type":"SearchAction","target":{"@type":"EntryPoint","urlTemplate":"https:\/\/belux.edmo.eu\/?s={search_term_string}"},"query-input":{"@type":"PropertyValueSpecification","valueRequired":true,"valueName":"search_term_string"}}],"inLanguage":"fr-FR"},{"@type":"Organization","@id":"https:\/\/belux.edmo.eu\/#organization","name":"EDMO Belux","url":"https:\/\/belux.edmo.eu\/","logo":{"@type":"ImageObject","inLanguage":"fr-FR","@id":"https:\/\/belux.edmo.eu\/#\/schema\/logo\/image\/","url":"https:\/\/belux.edmo.eu\/wp-content\/uploads\/2021\/12\/belux-logo-full-color-rgb.svg","contentUrl":"https:\/\/belux.edmo.eu\/wp-content\/uploads\/2021\/12\/belux-logo-full-color-rgb.svg","width":1,"height":1,"caption":"EDMO Belux"},"image":{"@id":"https:\/\/belux.edmo.eu\/#\/schema\/logo\/image\/"},"sameAs":["https:\/\/x.com\/Edmo_Belux"]}]}},"_links":{"self":[{"href":"https:\/\/belux.edmo.eu\/fr\/wp-json\/wp\/v2\/pages\/370335","targetHints":{"allow":["GET"]}}],"collection":[{"href":"https:\/\/belux.edmo.eu\/fr\/wp-json\/wp\/v2\/pages"}],"about":[{"href":"https:\/\/belux.edmo.eu\/fr\/wp-json\/wp\/v2\/types\/page"}],"author":[{"embeddable":true,"href":"https:\/\/belux.edmo.eu\/fr\/wp-json\/wp\/v2\/users\/14"}],"replies":[{"embeddable":true,"href":"https:\/\/belux.edmo.eu\/fr\/wp-json\/wp\/v2\/comments?post=370335"}],"version-history":[{"count":0,"href":"https:\/\/belux.edmo.eu\/fr\/wp-json\/wp\/v2\/pages\/370335\/revisions"}],"up":[{"embeddable":true,"href":"https:\/\/belux.edmo.eu\/fr\/wp-json\/wp\/v2\/pages\/11675"}],"wp:attachment":[{"href":"https:\/\/belux.edmo.eu\/fr\/wp-json\/wp\/v2\/media?parent=370335"}],"curies":[{"name":"wp","href":"https:\/\/api.w.org\/{rel}","templated":true}]}}