{"id":370360,"date":"2024-11-13T11:19:41","date_gmt":"2024-11-13T11:19:41","guid":{"rendered":"https:\/\/belux.edmo.eu\/?page_id=370360"},"modified":"2024-11-14T14:14:16","modified_gmt":"2024-11-14T14:14:16","slug":"lancement-des-directives-dedmo-visant-a-renforcer-lefficacite-des-initiatives-deducation-aux-medias","status":"publish","type":"page","link":"https:\/\/belux.edmo.eu\/fr\/education-aux-medias\/lancement-des-directives-dedmo-visant-a-renforcer-lefficacite-des-initiatives-deducation-aux-medias\/","title":{"rendered":"Lancement des directives d\u2019EDMO visant \u00e0 renforcer l\u2019efficacit\u00e9 des initiatives d\u2019\u00e9ducation aux m\u00e9dias"},"content":{"rendered":"<div class=\"wpb-content-wrapper\"><p>[vc_row][vc_column][vc_column_text css=\u00a0\u00bb\u00a0\u00bb]<\/p>\n<p class=\"p1\">Les directives et principes d\u2019EDMO visant \u00e0 renforcer l\u2019efficacit\u00e9 des initiatives d\u2019\u00e9ducation aux m\u00e9dias ont pour objectif d\u2019am\u00e9liorer la qualit\u00e9 de l\u2019\u00e9ducation aux m\u00e9dias en Europe. Ces directives, disponibles sur le <a href=\"https:\/\/edmo.eu\/\"><span class=\"s1\">site Web d\u2019EDMO<\/span><\/a>, ont \u00e9t\u00e9 \u00e9labor\u00e9es par le groupe de travail d\u2019EDMO sur les normes et les bonnes pratiques en mati\u00e8re d\u2019\u00e9ducation aux m\u00e9dias, qui a b\u00e9n\u00e9fici\u00e9 de la contribution des hubs EDMO et d\u2019autres acteurs et experts dans le cadre d\u2019un processus de consultation.<\/p>\n<p class=\"p1\">Les directives ont \u00e9t\u00e9 con\u00e7ues pour \u00eatre utilis\u00e9es par toutes les personnes appel\u00e9es \u00e0 cr\u00e9er des initiatives d\u2019\u00e9ducation aux m\u00e9dias, comme des membres de la soci\u00e9t\u00e9 civile, des \u00e9ducateurs, des d\u00e9cideurs politiques et des acteurs des secteurs des m\u00e9dias et des technologies. Dans un domaine aussi complexe et diversifi\u00e9 que l\u2019\u00e9ducation aux m\u00e9dias, il n\u2019y a pas d\u2019approche universelle et le champ d\u2019application, l\u2019\u00e9tendue, la dur\u00e9e et l\u2019objet des initiatives peuvent largement varier. Les directives ne sont donc pas syst\u00e9matiquement applicables \u00e0 chaque projet\u00a0: il revient \u00e0 l\u2019utilisateur de choisir le conseil le mieux adapt\u00e9 \u00e0 l\u2019initiative qu\u2019il souhaite mettre en place.<\/p>\n<p class=\"p1\">Bien que le cheval de bataille d\u2019EDMO soit la d\u00e9sinformation, ces directives trouveront leur utilit\u00e9 dans diverses initiatives d\u2019\u00e9ducation aux m\u00e9dias. Citons par exemple les initiatives d\u2019\u00e9ducation aux actualit\u00e9s, qui valorisent le journalisme ind\u00e9pendant dans l\u2019\u00e9cosyst\u00e8me m\u00e9diatique, les initiatives d\u2019\u00e9ducation aux m\u00e9dias au sens plus large, qui visent \u00e0 expliquer comment fonctionnent les m\u00e9dias num\u00e9riques et comment les utiliser, ou encore les initiatives d\u2019\u00e9ducation aux algorithmes, qui se focalisent sur la compr\u00e9hension du r\u00f4le que jouent les algorithmes dans notre consommation des m\u00e9dias.<\/p>\n<p class=\"p1\">Les directives s\u2019appuient sur l\u2019exp\u00e9rience tir\u00e9e de pr\u00e9c\u00e9dentes initiatives d\u2019\u00e9ducation aux m\u00e9dias pour ouvrir des pistes de r\u00e9flexion. Il va de soi que l\u2019objectif n\u2019est pas de les appliquer toutes \u00e0 tout prix ou qu\u2019elles limitent la flexibilit\u00e9 dans l\u2019\u00e9laboration de futures initiatives. Elles se pr\u00e9sentent sous la forme de 12\u00a0principes, regroup\u00e9s en trois sections\u00a0: \u00e9laboration, mise en \u0153uvre et r\u00e9vision.<\/p>\n<p class=\"p1\"><b>\u00c9laboration <\/b><\/p>\n<p class=\"p1\">Une bonne initiative d\u2019\u00e9ducation aux m\u00e9dias\u00a0:<\/p>\n<ul class=\"ul1\">\n<li class=\"li1\">repose sur des objectifs et des principes clairement d\u00e9finis<\/li>\n<li class=\"li1\">donne des moyens<\/li>\n<li class=\"li1\">favorise une compr\u00e9hension critique de l\u2019\u00e9cosyst\u00e8me m\u00e9diatique<\/li>\n<li class=\"li1\">est pertinente et encourage la consultation<\/li>\n<li class=\"li1\">suit une approche fond\u00e9e sur des donn\u00e9es probantes<\/li>\n<li class=\"li1\">est inclusive<\/li>\n<li class=\"li1\">est \u00e9thique et accessible<\/li>\n<\/ul>\n<p class=\"p1\"><b>Mise en \u0153uvre <\/b><\/p>\n<p class=\"p1\">Une bonne initiative d\u2019\u00e9ducation aux m\u00e9dias\u00a0:<\/p>\n<ul class=\"ul1\">\n<li class=\"li1\">est transparente<\/li>\n<li class=\"li1\">est pr\u00e9par\u00e9e<\/li>\n<li class=\"li1\">est adaptable<\/li>\n<\/ul>\n<p class=\"p1\"><b>R\u00e9vision <\/b><b><\/b><\/p>\n<p class=\"p1\">Une bonne initiative d\u2019\u00e9ducation aux m\u00e9dias\u00a0:<\/p>\n<ul class=\"ul1\">\n<li class=\"li1\">tient dans la dur\u00e9e<\/li>\n<li class=\"li1\">incite \u00e0 la r\u00e9flexion, au partage et \u00e0 l\u2019\u00e9valuation<\/li>\n<\/ul>\n<p class=\"p1\"><a href=\"https:\/\/edmo.eu\/areas-of-activities\/media-literacy\/raising-standards\/\" target=\"_blank\" rel=\"noopener\">Le document expliquant les directives dans le d\u00e9tail<\/a> (actuellement disponible en anglais) comporte des liens pour approfondir certains sujets. Il sera compl\u00e9t\u00e9 de ressources int\u00e9ressantes et d\u2019exemples de bonnes pratiques li\u00e9es \u00e0 chaque principe.\u00a0\u00c0 plus long terme, nous y ajouterons \u00e9galement des exemples sp\u00e9cifiques \u00e0 certaines r\u00e9gions, ainsi que des ressources \u00e0 appliquer dans des contextes nationaux et r\u00e9gionaux en Europe.<\/p>\n<p>[\/vc_column_text][\/vc_column][\/vc_row]<\/p>\n<\/div>","protected":false},"excerpt":{"rendered":"<p>[vc_row][vc_column][vc_column_text css=\u00a0\u00bb\u00a0\u00bb] Les directives et principes d\u2019EDMO visant \u00e0 renforcer l\u2019efficacit\u00e9 des initiatives d\u2019\u00e9ducation aux m\u00e9dias ont pour objectif d\u2019am\u00e9liorer&#8230;<\/p>\n","protected":false},"author":14,"featured_media":0,"parent":11803,"menu_order":0,"comment_status":"closed","ping_status":"closed","template":"","meta":{"_acf_changed":false,"footnotes":""},"class_list":["post-370360","page","type-page","status-publish"],"acf":[],"yoast_head":"<!-- This site is optimized with the Yoast SEO plugin v27.0 - https:\/\/yoast.com\/product\/yoast-seo-wordpress\/ -->\n<title>Lancement des directives d\u2019EDMO visant \u00e0 renforcer l\u2019efficacit\u00e9 des initiatives d\u2019\u00e9ducation aux m\u00e9dias - EDMO Belux<\/title>\n<meta name=\"robots\" content=\"index, follow, max-snippet:-1, max-image-preview:large, max-video-preview:-1\" \/>\n<link rel=\"canonical\" href=\"https:\/\/belux.edmo.eu\/fr\/education-aux-medias\/lancement-des-directives-dedmo-visant-a-renforcer-lefficacite-des-initiatives-deducation-aux-medias\/\" \/>\n<meta property=\"og:locale\" content=\"fr_FR\" \/>\n<meta property=\"og:type\" content=\"article\" \/>\n<meta property=\"og:title\" content=\"Lancement des directives d\u2019EDMO visant \u00e0 renforcer l\u2019efficacit\u00e9 des initiatives d\u2019\u00e9ducation aux m\u00e9dias - EDMO Belux\" \/>\n<meta property=\"og:description\" content=\"[vc_row][vc_column][vc_column_text css=\u00a0\u00bb\u00a0\u00bb] Les directives et principes d\u2019EDMO visant \u00e0 renforcer l\u2019efficacit\u00e9 des initiatives d\u2019\u00e9ducation aux m\u00e9dias ont pour objectif d\u2019am\u00e9liorer...\" \/>\n<meta property=\"og:url\" content=\"https:\/\/belux.edmo.eu\/fr\/education-aux-medias\/lancement-des-directives-dedmo-visant-a-renforcer-lefficacite-des-initiatives-deducation-aux-medias\/\" \/>\n<meta property=\"og:site_name\" content=\"EDMO Belux\" \/>\n<meta property=\"article:modified_time\" content=\"2024-11-14T14:14:16+00:00\" \/>\n<meta name=\"twitter:card\" content=\"summary_large_image\" \/>\n<meta name=\"twitter:site\" content=\"@Edmo_Belux\" \/>\n<meta name=\"twitter:label1\" content=\"Dur\u00e9e de lecture estim\u00e9e\" \/>\n\t<meta name=\"twitter:data1\" content=\"3 minutes\" \/>\n<script type=\"application\/ld+json\" class=\"yoast-schema-graph\">{\"@context\":\"https:\/\/schema.org\",\"@graph\":[{\"@type\":\"WebPage\",\"@id\":\"https:\/\/belux.edmo.eu\/fr\/education-aux-medias\/lancement-des-directives-dedmo-visant-a-renforcer-lefficacite-des-initiatives-deducation-aux-medias\/\",\"url\":\"https:\/\/belux.edmo.eu\/fr\/education-aux-medias\/lancement-des-directives-dedmo-visant-a-renforcer-lefficacite-des-initiatives-deducation-aux-medias\/\",\"name\":\"Lancement des directives d\u2019EDMO visant \u00e0 renforcer l\u2019efficacit\u00e9 des initiatives d\u2019\u00e9ducation aux m\u00e9dias - EDMO Belux\",\"isPartOf\":{\"@id\":\"https:\/\/belux.edmo.eu\/#website\"},\"datePublished\":\"2024-11-13T11:19:41+00:00\",\"dateModified\":\"2024-11-14T14:14:16+00:00\",\"breadcrumb\":{\"@id\":\"https:\/\/belux.edmo.eu\/fr\/education-aux-medias\/lancement-des-directives-dedmo-visant-a-renforcer-lefficacite-des-initiatives-deducation-aux-medias\/#breadcrumb\"},\"inLanguage\":\"fr-FR\",\"potentialAction\":[{\"@type\":\"ReadAction\",\"target\":[\"https:\/\/belux.edmo.eu\/fr\/education-aux-medias\/lancement-des-directives-dedmo-visant-a-renforcer-lefficacite-des-initiatives-deducation-aux-medias\/\"]}]},{\"@type\":\"BreadcrumbList\",\"@id\":\"https:\/\/belux.edmo.eu\/fr\/education-aux-medias\/lancement-des-directives-dedmo-visant-a-renforcer-lefficacite-des-initiatives-deducation-aux-medias\/#breadcrumb\",\"itemListElement\":[{\"@type\":\"ListItem\",\"position\":1,\"name\":\"Home\",\"item\":\"https:\/\/belux.edmo.eu\/fr\/\"},{\"@type\":\"ListItem\",\"position\":2,\"name\":\"\u00c9ducation aux m\u00e9dias\",\"item\":\"https:\/\/belux.edmo.eu\/fr\/education-aux-medias\/\"},{\"@type\":\"ListItem\",\"position\":3,\"name\":\"Lancement des directives d\u2019EDMO visant \u00e0 renforcer l\u2019efficacit\u00e9 des initiatives d\u2019\u00e9ducation aux m\u00e9dias\"}]},{\"@type\":\"WebSite\",\"@id\":\"https:\/\/belux.edmo.eu\/#website\",\"url\":\"https:\/\/belux.edmo.eu\/\",\"name\":\"EDMO Belux\",\"description\":\"Monitoring Disinformation in Belgium and Luxembourg\",\"publisher\":{\"@id\":\"https:\/\/belux.edmo.eu\/#organization\"},\"potentialAction\":[{\"@type\":\"SearchAction\",\"target\":{\"@type\":\"EntryPoint\",\"urlTemplate\":\"https:\/\/belux.edmo.eu\/?s={search_term_string}\"},\"query-input\":{\"@type\":\"PropertyValueSpecification\",\"valueRequired\":true,\"valueName\":\"search_term_string\"}}],\"inLanguage\":\"fr-FR\"},{\"@type\":\"Organization\",\"@id\":\"https:\/\/belux.edmo.eu\/#organization\",\"name\":\"EDMO Belux\",\"url\":\"https:\/\/belux.edmo.eu\/\",\"logo\":{\"@type\":\"ImageObject\",\"inLanguage\":\"fr-FR\",\"@id\":\"https:\/\/belux.edmo.eu\/#\/schema\/logo\/image\/\",\"url\":\"https:\/\/belux.edmo.eu\/wp-content\/uploads\/2021\/12\/belux-logo-full-color-rgb.svg\",\"contentUrl\":\"https:\/\/belux.edmo.eu\/wp-content\/uploads\/2021\/12\/belux-logo-full-color-rgb.svg\",\"width\":1,\"height\":1,\"caption\":\"EDMO Belux\"},\"image\":{\"@id\":\"https:\/\/belux.edmo.eu\/#\/schema\/logo\/image\/\"},\"sameAs\":[\"https:\/\/x.com\/Edmo_Belux\"]}]}<\/script>\n<!-- \/ Yoast SEO plugin. -->","yoast_head_json":{"title":"Lancement des directives d\u2019EDMO visant \u00e0 renforcer l\u2019efficacit\u00e9 des initiatives d\u2019\u00e9ducation aux m\u00e9dias - EDMO Belux","robots":{"index":"index","follow":"follow","max-snippet":"max-snippet:-1","max-image-preview":"max-image-preview:large","max-video-preview":"max-video-preview:-1"},"canonical":"https:\/\/belux.edmo.eu\/fr\/education-aux-medias\/lancement-des-directives-dedmo-visant-a-renforcer-lefficacite-des-initiatives-deducation-aux-medias\/","og_locale":"fr_FR","og_type":"article","og_title":"Lancement des directives d\u2019EDMO visant \u00e0 renforcer l\u2019efficacit\u00e9 des initiatives d\u2019\u00e9ducation aux m\u00e9dias - EDMO Belux","og_description":"[vc_row][vc_column][vc_column_text css=\u00a0\u00bb\u00a0\u00bb] Les directives et principes d\u2019EDMO visant \u00e0 renforcer l\u2019efficacit\u00e9 des initiatives d\u2019\u00e9ducation aux m\u00e9dias ont pour objectif d\u2019am\u00e9liorer...","og_url":"https:\/\/belux.edmo.eu\/fr\/education-aux-medias\/lancement-des-directives-dedmo-visant-a-renforcer-lefficacite-des-initiatives-deducation-aux-medias\/","og_site_name":"EDMO Belux","article_modified_time":"2024-11-14T14:14:16+00:00","twitter_card":"summary_large_image","twitter_site":"@Edmo_Belux","twitter_misc":{"Dur\u00e9e de lecture estim\u00e9e":"3 minutes"},"schema":{"@context":"https:\/\/schema.org","@graph":[{"@type":"WebPage","@id":"https:\/\/belux.edmo.eu\/fr\/education-aux-medias\/lancement-des-directives-dedmo-visant-a-renforcer-lefficacite-des-initiatives-deducation-aux-medias\/","url":"https:\/\/belux.edmo.eu\/fr\/education-aux-medias\/lancement-des-directives-dedmo-visant-a-renforcer-lefficacite-des-initiatives-deducation-aux-medias\/","name":"Lancement des directives d\u2019EDMO visant \u00e0 renforcer l\u2019efficacit\u00e9 des initiatives d\u2019\u00e9ducation aux m\u00e9dias - EDMO Belux","isPartOf":{"@id":"https:\/\/belux.edmo.eu\/#website"},"datePublished":"2024-11-13T11:19:41+00:00","dateModified":"2024-11-14T14:14:16+00:00","breadcrumb":{"@id":"https:\/\/belux.edmo.eu\/fr\/education-aux-medias\/lancement-des-directives-dedmo-visant-a-renforcer-lefficacite-des-initiatives-deducation-aux-medias\/#breadcrumb"},"inLanguage":"fr-FR","potentialAction":[{"@type":"ReadAction","target":["https:\/\/belux.edmo.eu\/fr\/education-aux-medias\/lancement-des-directives-dedmo-visant-a-renforcer-lefficacite-des-initiatives-deducation-aux-medias\/"]}]},{"@type":"BreadcrumbList","@id":"https:\/\/belux.edmo.eu\/fr\/education-aux-medias\/lancement-des-directives-dedmo-visant-a-renforcer-lefficacite-des-initiatives-deducation-aux-medias\/#breadcrumb","itemListElement":[{"@type":"ListItem","position":1,"name":"Home","item":"https:\/\/belux.edmo.eu\/fr\/"},{"@type":"ListItem","position":2,"name":"\u00c9ducation aux m\u00e9dias","item":"https:\/\/belux.edmo.eu\/fr\/education-aux-medias\/"},{"@type":"ListItem","position":3,"name":"Lancement des directives d\u2019EDMO visant \u00e0 renforcer l\u2019efficacit\u00e9 des initiatives d\u2019\u00e9ducation aux m\u00e9dias"}]},{"@type":"WebSite","@id":"https:\/\/belux.edmo.eu\/#website","url":"https:\/\/belux.edmo.eu\/","name":"EDMO Belux","description":"Monitoring Disinformation in Belgium and Luxembourg","publisher":{"@id":"https:\/\/belux.edmo.eu\/#organization"},"potentialAction":[{"@type":"SearchAction","target":{"@type":"EntryPoint","urlTemplate":"https:\/\/belux.edmo.eu\/?s={search_term_string}"},"query-input":{"@type":"PropertyValueSpecification","valueRequired":true,"valueName":"search_term_string"}}],"inLanguage":"fr-FR"},{"@type":"Organization","@id":"https:\/\/belux.edmo.eu\/#organization","name":"EDMO Belux","url":"https:\/\/belux.edmo.eu\/","logo":{"@type":"ImageObject","inLanguage":"fr-FR","@id":"https:\/\/belux.edmo.eu\/#\/schema\/logo\/image\/","url":"https:\/\/belux.edmo.eu\/wp-content\/uploads\/2021\/12\/belux-logo-full-color-rgb.svg","contentUrl":"https:\/\/belux.edmo.eu\/wp-content\/uploads\/2021\/12\/belux-logo-full-color-rgb.svg","width":1,"height":1,"caption":"EDMO Belux"},"image":{"@id":"https:\/\/belux.edmo.eu\/#\/schema\/logo\/image\/"},"sameAs":["https:\/\/x.com\/Edmo_Belux"]}]}},"_links":{"self":[{"href":"https:\/\/belux.edmo.eu\/fr\/wp-json\/wp\/v2\/pages\/370360","targetHints":{"allow":["GET"]}}],"collection":[{"href":"https:\/\/belux.edmo.eu\/fr\/wp-json\/wp\/v2\/pages"}],"about":[{"href":"https:\/\/belux.edmo.eu\/fr\/wp-json\/wp\/v2\/types\/page"}],"author":[{"embeddable":true,"href":"https:\/\/belux.edmo.eu\/fr\/wp-json\/wp\/v2\/users\/14"}],"replies":[{"embeddable":true,"href":"https:\/\/belux.edmo.eu\/fr\/wp-json\/wp\/v2\/comments?post=370360"}],"version-history":[{"count":0,"href":"https:\/\/belux.edmo.eu\/fr\/wp-json\/wp\/v2\/pages\/370360\/revisions"}],"up":[{"embeddable":true,"href":"https:\/\/belux.edmo.eu\/fr\/wp-json\/wp\/v2\/pages\/11803"}],"wp:attachment":[{"href":"https:\/\/belux.edmo.eu\/fr\/wp-json\/wp\/v2\/media?parent=370360"}],"curies":[{"name":"wp","href":"https:\/\/api.w.org\/{rel}","templated":true}]}}