{"id":371537,"date":"2024-11-18T12:09:15","date_gmt":"2024-11-18T12:09:15","guid":{"rendered":"https:\/\/belux.edmo.eu\/education-aux-medias\/field-activities\/"},"modified":"2025-01-15T13:35:32","modified_gmt":"2025-01-15T13:35:32","slug":"actions-de-terrain","status":"publish","type":"page","link":"https:\/\/belux.edmo.eu\/fr\/education-aux-medias\/actions-de-terrain\/","title":{"rendered":"Actions de terrain"},"content":{"rendered":"<div class=\"wpb-content-wrapper\"><p>[vc_row][vc_column][vc_tta_accordion style=\u00a0\u00bbsimple_dashed\u00a0\u00bb active_section=\u00a0\u00bb1&Prime;][vc_tta_section title=\u00a0\u00bbAteliers, conf\u00e9rences et d\u00e9bats participatifs avec des adultes\u00a0\u00bb tab_id=\u00a0\u00bb1731932307254-641bea06-75ff\u00a0\u00bb][vc_column_text css=\u00a0\u00bb\u00a0\u00bb]<\/p>\n<p class=\"p1\">Nous mettons en \u0153uvre des tables rondes, conf\u00e9rences, webinaires et ateliers citoyens pour les adultes. Ces initiatives visent \u00e0 ins\u00e9rer la lutte contre la d\u00e9sinformation dans une dynamique citoyenne qui promeut un regard critique et \u00e9thique sur l&rsquo;information au sens large.<\/p>\n<p>[\/vc_column_text]<div id=\"style-2e4dee5\" data-style-uid=\"2e4dee5\" class=\"blog blog-style-styled_list1 clearfix item-animation-move-up pagination-normal\" data-next-page=\"0\" data-pages-count=\"1\"> <article id=\"post-371536\" class=\"item-animations-not-inited post-371536 post type-post status-publish format-standard has-post-thumbnail category-workshop-conferences-and-participatory-debates-with-adults-fr\"> <div class=\"item-post-container\"> <div class=\"post-item clearfix\" style=\"\"> <div class=\"post-info-wrap\"> <div class=\"post-info\"> <div class=\"post-img\"> <a href=\"https:\/\/belux.edmo.eu\/fr\/workshop-conferences-and-participatory-debates-with-adults\/\" class=\"default\"><img width=\"256\" height=\"256\" src=\"https:\/\/belux-edmo.s3-accelerate.amazonaws.com\/wp-content\/uploads\/2025\/01\/1HvF9OKe-media-animation-logo-new-256x256.jpg\" class=\"img-responsive wp-post-image\" alt=\"1HvF9OKe-media-animation-logo-new.jpg\" srcset=\"https:\/\/belux-edmo.s3-accelerate.amazonaws.com\/wp-content\/uploads\/2025\/01\/1HvF9OKe-media-animation-logo-new-150x150.jpg 1x, https:\/\/belux-edmo.s3-accelerate.amazonaws.com\/wp-content\/uploads\/2025\/01\/1HvF9OKe-media-animation-logo-new-256x256.jpg 2x\" sizes=\"100vw\" \/><\/a> <\/div> <div class=\"post-date\">20 novembre<\/div> <div class=\"post-time\">09:39<\/div> <\/div> <\/div> <svg class=\"wrap-style\" style=\"\"> <use xlink:href=\"https:\/\/belux.edmo.eu\/wp-content\/themes\/thegem\/css\/post-arrow.svg#dec-post-arrow\"><\/use> <\/svg> <div class=\"post-text-wrap\"> <div class=\"post-title\"> <h3 class=\"entry-title\"><a href=\"https:\/\/belux.edmo.eu\/fr\/workshop-conferences-and-participatory-debates-with-adults\/\" rel=\"bookmark\"><span class=\"light\">Ateliers, conf\u00e9rences et d\u00e9bats participatifs avec des adultes<\/span><\/a><\/h3> <\/div> <div class=\"post-content\"> <div class=\"summary\"> <p>M\u00e9dia Animation met en \u0153uvre des actions d&rsquo;\u00e9ducation aux m\u00e9dias d&rsquo;information (ateliers, webinaires, conf\u00e9rences et d\u00e9bats participatifs) \u00e0 destination de publics adultes.<\/p> <\/div> <\/div> <div class=\"post-misc\"> <div class=\"post-author\"> <span class=\"post-meta-categories\">in <a href=\"https:\/\/belux.edmo.eu\/fr\/category\/workshop-conferences-and-participatory-debates-with-adults-fr\/\" title=\"Voir tous les articles dans Workshop, Conferences and Participatory Debates with Adults\">Workshop, Conferences and Participatory Debates with Adults<\/a><\/span> <\/div> <div class=\"post-soc-info\"> <\/div> <div class=\"post-links\"> <div class=\"post-footer-sharing\"><div class=\"gem-button-container gem-button-position-inline thegem-button-69f4628eb8c0c7367\" ><a class=\"gem-button gem-button-size-tiny gem-button-style-flat gem-button-text-weight-normal gem-button-empty\" data-ll-effect=\"drop-right-without-wrap\" style=\"border-radius: 3px;\" onmouseleave=\"\" onmouseenter=\"\" href=\"#\" target=\"_self\" role=\"button\" aria-label=\"Share\"><i class=\"gem-print-icon gem-icon-pack-thegem-icons gem-icon-share \"><\/i><\/a><\/div> <div class=\"sharing-popup\"> <div class=\"socials-sharing socials socials-colored-hover\"> <a class=\"socials-item\" target=\"_blank\" href=\"https:\/\/www.facebook.com\/sharer\/sharer.php?u=https%3A%2F%2Fbelux.edmo.eu%2Ffr%2Fworkshop-conferences-and-participatory-debates-with-adults%2F\" title=\"Facebook\"><i class=\"socials-item-icon facebook\"><\/i><\/a> <a class=\"socials-item\" target=\"_blank\" href=\"https:\/\/twitter.com\/intent\/tweet?text=Ateliers%2C+conf%C3%A9rences+et+d%C3%A9bats+participatifs+avec+des+adultes&#038;url=https%3A%2F%2Fbelux.edmo.eu%2Ffr%2Fworkshop-conferences-and-participatory-debates-with-adults%2F\" title=\"Twitter\"><i class=\"socials-item-icon twitter\"><\/i><\/a> <a class=\"socials-item\" target=\"_blank\" href=\"https:\/\/pinterest.com\/pin\/create\/button\/?url=https%3A%2F%2Fbelux.edmo.eu%2Ffr%2Fworkshop-conferences-and-participatory-debates-with-adults%2F&#038;description=Ateliers%2C+conf%C3%A9rences+et+d%C3%A9bats+participatifs+avec+des+adultes&#038;media=https%3A%2F%2Fbelux-edmo.s3-accelerate.amazonaws.com%2Fwp-content%2Fuploads%2F2025%2F01%2F1HvF9OKe-media-animation-logo-new.jpg\" title=\"Pinterest\"><i class=\"socials-item-icon pinterest\"><\/i><\/a> <a class=\"socials-item\" target=\"_blank\" href=\"https:\/\/www.tumblr.com\/widgets\/share\/tool?canonicalUrl=https%3A%2F%2Fbelux.edmo.eu%2Ffr%2Fworkshop-conferences-and-participatory-debates-with-adults%2F\" title=\"Tumblr\"><i class=\"socials-item-icon tumblr\"><\/i><\/a> <a class=\"socials-item\" target=\"_blank\" href=\"https:\/\/www.linkedin.com\/shareArticle?mini=true&#038;url=https%3A%2F%2Fbelux.edmo.eu%2Ffr%2Fworkshop-conferences-and-participatory-debates-with-adults%2F&#038;title=Ateliers%2C+conf%C3%A9rences+et+d%C3%A9bats+participatifs+avec+des+adultes&amp;summary=M%C3%A9dia+Animation+met+en+%C5%93uvre+des+actions+d%27%C3%A9ducation+aux+m%C3%A9dias+d%27information+%28ateliers%2C+webinaires%2C+conf%C3%A9rences+et+d%C3%A9bats+participatifs%29+%C3%A0+destination+de+publics+adultes.\" title=\"LinkedIn\"><i class=\"socials-item-icon linkedin\"><\/i><\/a> <a class=\"socials-item\" target=\"_blank\" href=\"https:\/\/www.reddit.com\/submit?url=https%3A%2F%2Fbelux.edmo.eu%2Ffr%2Fworkshop-conferences-and-participatory-debates-with-adults%2F&#038;title=Ateliers%2C+conf%C3%A9rences+et+d%C3%A9bats+participatifs+avec+des+adultes\" title=\"Reddit\"><i class=\"socials-item-icon reddit\"><\/i><\/a> <\/div> <svg class=\"sharing-styled-arrow\"><use xlink:href=\"https:\/\/belux.edmo.eu\/wp-content\/themes\/thegem\/css\/post-arrow.svg#dec-post-arrow\"><\/use><\/svg><\/div><\/div> <div class=\"post-read-more\"><div class=\"gem-button-container gem-button-position-inline thegem-button-69f4628eb90ac749\" ><a class=\"gem-button gem-button-size-tiny gem-button-style-outline gem-button-text-weight-normal gem-button-border-2\" data-ll-effect=\"drop-right-without-wrap\" style=\"border-radius: 3px;\" onmouseleave=\"\" onmouseenter=\"\" href=\"https:\/\/belux.edmo.eu\/fr\/workshop-conferences-and-participatory-debates-with-adults\/\" target=\"_self\">Lire la suite<\/a><\/div> <\/div> <\/div> <\/div> <\/div> <\/div> <\/div> <\/article><!-- #post-371536 --> <\/div>[\/vc_tta_section][vc_tta_section title=\u00a0\u00bbFormation des enseignant\u00b7es, \u00e9ducateur\u00b7rices et des professionnel\u00b7les des m\u00e9dias\u00a0\u00bb tab_id=\u00a0\u00bb1731932661309-7326b5fc-b1e5&Prime;][vc_column_text css=\u00a0\u00bb\u00a0\u00bb]<\/p>\n<p class=\"p1\">Nous organisons des sessions de formation continue destin\u00e9es aux enseignant\u00b7es, aux \u00e9ducateur\u00b7rices et aux professionnel\u00b7les des m\u00e9dias. Ces formations ont pour objectif de renforcer les comp\u00e9tences de ces publics d\u00e9multiplicateurs afin qu&rsquo;ils sensibilisent les jeunes \u00e0 la d\u00e9sinformation, d\u00e9veloppent leur capacit\u00e9 d\u2019analyse critique et leur apprennent \u00e0 d\u00e9construire les fausses informations.<\/p>\n<p>[\/vc_column_text]<div id=\"style-c7926fe\" data-style-uid=\"c7926fe\" class=\"blog blog-style-styled_list1 clearfix item-animation-move-up pagination-normal\" data-next-page=\"0\" data-pages-count=\"1\"> <article id=\"post-379175\" class=\"item-animations-not-inited post-379175 post type-post status-publish format-standard has-post-thumbnail category-training-teachers-educators-and-professionals-fr\"> <div class=\"item-post-container\"> <div class=\"post-item clearfix\" style=\"\"> <div class=\"post-info-wrap\"> <div class=\"post-info\"> <div class=\"post-img\"> <a href=\"https:\/\/belux.edmo.eu\/fr\/lie-detectors-training-the-media-professionals\/\" class=\"default\"><img width=\"256\" height=\"256\" src=\"https:\/\/belux-edmo.s3-accelerate.amazonaws.com\/wp-content\/uploads\/2025\/01\/tmoFm12p-Lie-Detectors-logo-new-256x256.jpg\" class=\"img-responsive wp-post-image\" alt=\"tmoFm12p-Lie-Detectors-logo-new.jpg\" srcset=\"https:\/\/belux-edmo.s3-accelerate.amazonaws.com\/wp-content\/uploads\/2025\/01\/tmoFm12p-Lie-Detectors-logo-new-150x150.jpg 1x, https:\/\/belux-edmo.s3-accelerate.amazonaws.com\/wp-content\/uploads\/2025\/01\/tmoFm12p-Lie-Detectors-logo-new-256x256.jpg 2x\" sizes=\"100vw\" \/><\/a> <\/div> <div class=\"post-date\">10 janvier<\/div> <div class=\"post-time\">10:22<\/div> <\/div> <\/div> <svg class=\"wrap-style\" style=\"\"> <use xlink:href=\"https:\/\/belux.edmo.eu\/wp-content\/themes\/thegem\/css\/post-arrow.svg#dec-post-arrow\"><\/use> <\/svg> <div class=\"post-text-wrap\"> <div class=\"post-title\"> <h3 class=\"entry-title\"><a href=\"https:\/\/belux.edmo.eu\/fr\/lie-detectors-training-the-media-professionals\/\" rel=\"bookmark\"><span class=\"light\">[Lie Detectors] Formation des professionnel\u00b7les des medias<\/span><\/a><\/h3> <\/div> <div class=\"post-content\"> <div class=\"summary\"> <p>Lie\u202fDetectors forme les journalistes ind\u00e9pendant\u00b7es et des r\u00e9dactions \u00e0 \u00e9duquer les enseignant\u00b7es et les \u00e9l\u00e8ves aux m\u00e9dias au moyen d\u2019une approche p\u00e9dagogique r\u00e9compens\u00e9e.<\/p> <\/div> <\/div> <div class=\"post-misc\"> <div class=\"post-author\"> <span class=\"post-meta-categories\">in <a href=\"https:\/\/belux.edmo.eu\/fr\/category\/training-teachers-educators-and-professionals-fr\/\" title=\"Voir tous les articles dans Training Teachers, Educators and Professionals\">Training Teachers, Educators and Professionals<\/a><\/span> <\/div> <div class=\"post-soc-info\"> <\/div> <div class=\"post-links\"> <div class=\"post-footer-sharing\"><div class=\"gem-button-container gem-button-position-inline thegem-button-69f4628ec5cb86733\" ><a class=\"gem-button gem-button-size-tiny gem-button-style-flat gem-button-text-weight-normal gem-button-empty\" data-ll-effect=\"drop-right-without-wrap\" style=\"border-radius: 3px;\" onmouseleave=\"\" onmouseenter=\"\" href=\"#\" target=\"_self\" role=\"button\" aria-label=\"Share\"><i class=\"gem-print-icon gem-icon-pack-thegem-icons gem-icon-share \"><\/i><\/a><\/div> <div class=\"sharing-popup\"> <div class=\"socials-sharing socials socials-colored-hover\"> <a class=\"socials-item\" target=\"_blank\" href=\"https:\/\/www.facebook.com\/sharer\/sharer.php?u=https%3A%2F%2Fbelux.edmo.eu%2Ffr%2Flie-detectors-training-the-media-professionals%2F\" title=\"Facebook\"><i class=\"socials-item-icon facebook\"><\/i><\/a> <a class=\"socials-item\" target=\"_blank\" href=\"https:\/\/twitter.com\/intent\/tweet?text=%5BLie+Detectors%5D+Formation+des+professionnel%C2%B7les+des+medias&#038;url=https%3A%2F%2Fbelux.edmo.eu%2Ffr%2Flie-detectors-training-the-media-professionals%2F\" title=\"Twitter\"><i class=\"socials-item-icon twitter\"><\/i><\/a> <a class=\"socials-item\" target=\"_blank\" href=\"https:\/\/pinterest.com\/pin\/create\/button\/?url=https%3A%2F%2Fbelux.edmo.eu%2Ffr%2Flie-detectors-training-the-media-professionals%2F&#038;description=%5BLie+Detectors%5D+Formation+des+professionnel%C2%B7les+des+medias&#038;media=https%3A%2F%2Fbelux-edmo.s3-accelerate.amazonaws.com%2Fwp-content%2Fuploads%2F2025%2F01%2FtmoFm12p-Lie-Detectors-logo-new.jpg\" title=\"Pinterest\"><i class=\"socials-item-icon pinterest\"><\/i><\/a> <a class=\"socials-item\" target=\"_blank\" href=\"https:\/\/www.tumblr.com\/widgets\/share\/tool?canonicalUrl=https%3A%2F%2Fbelux.edmo.eu%2Ffr%2Flie-detectors-training-the-media-professionals%2F\" title=\"Tumblr\"><i class=\"socials-item-icon tumblr\"><\/i><\/a> <a class=\"socials-item\" target=\"_blank\" href=\"https:\/\/www.linkedin.com\/shareArticle?mini=true&#038;url=https%3A%2F%2Fbelux.edmo.eu%2Ffr%2Flie-detectors-training-the-media-professionals%2F&#038;title=%5BLie+Detectors%5D+Formation+des+professionnel%C2%B7les+des+medias&amp;summary=Lie%E2%80%AFDetectors+forme+les+journalistes+ind%C3%A9pendant%C2%B7es+et+des+r%C3%A9dactions+%C3%A0+%C3%A9duquer+les+enseignant%C2%B7es+et+les+%C3%A9l%C3%A8ves+aux+m%C3%A9dias+au+moyen+d%E2%80%99une+approche+p%C3%A9dagogique+r%C3%A9compens%C3%A9e.\" title=\"LinkedIn\"><i class=\"socials-item-icon linkedin\"><\/i><\/a> <a class=\"socials-item\" target=\"_blank\" href=\"https:\/\/www.reddit.com\/submit?url=https%3A%2F%2Fbelux.edmo.eu%2Ffr%2Flie-detectors-training-the-media-professionals%2F&#038;title=%5BLie+Detectors%5D+Formation+des+professionnel%C2%B7les+des+medias\" title=\"Reddit\"><i class=\"socials-item-icon reddit\"><\/i><\/a> <\/div> <svg class=\"sharing-styled-arrow\"><use xlink:href=\"https:\/\/belux.edmo.eu\/wp-content\/themes\/thegem\/css\/post-arrow.svg#dec-post-arrow\"><\/use><\/svg><\/div><\/div> <div class=\"post-read-more\"><div class=\"gem-button-container gem-button-position-inline thegem-button-69f4628ec62635998\" ><a class=\"gem-button gem-button-size-tiny gem-button-style-outline gem-button-text-weight-normal gem-button-border-2\" data-ll-effect=\"drop-right-without-wrap\" style=\"border-radius: 3px;\" onmouseleave=\"\" onmouseenter=\"\" href=\"https:\/\/belux.edmo.eu\/fr\/lie-detectors-training-the-media-professionals\/\" target=\"_self\">Lire la suite<\/a><\/div> <\/div> <\/div> <\/div> <\/div> <\/div> <\/div> <\/article><!-- #post-379175 --> <article id=\"post-379125\" class=\"item-animations-not-inited post-379125 post type-post status-publish format-standard has-post-thumbnail category-training-teachers-educators-and-professionals-fr\"> <div class=\"item-post-container\"> <div class=\"post-item clearfix\" style=\"\"> <div class=\"post-info-wrap\"> <div class=\"post-info\"> <div class=\"post-img\"> <a href=\"https:\/\/belux.edmo.eu\/fr\/ajp-training-the-media-professionals\/\" class=\"default\"><img width=\"256\" height=\"256\" src=\"https:\/\/belux-edmo.s3-accelerate.amazonaws.com\/wp-content\/uploads\/2025\/01\/2ANvqDCT-AJP-Final-new-256x256.jpg\" class=\"img-responsive wp-post-image\" alt=\"2ANvqDCT-AJP-Final-new.jpg\" srcset=\"https:\/\/belux-edmo.s3-accelerate.amazonaws.com\/wp-content\/uploads\/2025\/01\/2ANvqDCT-AJP-Final-new-150x150.jpg 1x, https:\/\/belux-edmo.s3-accelerate.amazonaws.com\/wp-content\/uploads\/2025\/01\/2ANvqDCT-AJP-Final-new-256x256.jpg 2x\" sizes=\"100vw\" \/><\/a> <\/div> <div class=\"post-date\">10 janvier<\/div> <div class=\"post-time\">09:43<\/div> <\/div> <\/div> <svg class=\"wrap-style\" style=\"\"> <use xlink:href=\"https:\/\/belux.edmo.eu\/wp-content\/themes\/thegem\/css\/post-arrow.svg#dec-post-arrow\"><\/use> <\/svg> <div class=\"post-text-wrap\"> <div class=\"post-title\"> <h3 class=\"entry-title\"><a href=\"https:\/\/belux.edmo.eu\/fr\/ajp-training-the-media-professionals\/\" rel=\"bookmark\"><span class=\"light\">[AJP] Formation des professionnel\u00b7les des m\u00e9dias<\/span><\/a><\/h3> <\/div> <div class=\"post-content\"> <div class=\"summary\"> <p>Dans le cadre de son projet \u00ab Combattre les fake news en classe \u00bb, l\u2019AJP a d\u00e9velopp\u00e9 un module de formation sp\u00e9cifique \u00e0 destination des journalistes d\u00e9sireux d\u2019aborder, dans les \u00e9coles, la th\u00e9matique de la d\u00e9sinformation.<\/p> <\/div> <\/div> <div class=\"post-misc\"> <div class=\"post-author\"> <span class=\"post-meta-categories\">in <a href=\"https:\/\/belux.edmo.eu\/fr\/category\/training-teachers-educators-and-professionals-fr\/\" title=\"Voir tous les articles dans Training Teachers, Educators and Professionals\">Training Teachers, Educators and Professionals<\/a><\/span> <\/div> <div class=\"post-soc-info\"> <\/div> <div class=\"post-links\"> <div class=\"post-footer-sharing\"><div class=\"gem-button-container gem-button-position-inline thegem-button-69f4628ec8bb59324\" ><a class=\"gem-button gem-button-size-tiny gem-button-style-flat gem-button-text-weight-normal gem-button-empty\" data-ll-effect=\"drop-right-without-wrap\" style=\"border-radius: 3px;\" onmouseleave=\"\" onmouseenter=\"\" href=\"#\" target=\"_self\" role=\"button\" aria-label=\"Share\"><i class=\"gem-print-icon gem-icon-pack-thegem-icons gem-icon-share \"><\/i><\/a><\/div> <div class=\"sharing-popup\"> <div class=\"socials-sharing socials socials-colored-hover\"> <a class=\"socials-item\" target=\"_blank\" href=\"https:\/\/www.facebook.com\/sharer\/sharer.php?u=https%3A%2F%2Fbelux.edmo.eu%2Ffr%2Fajp-training-the-media-professionals%2F\" title=\"Facebook\"><i class=\"socials-item-icon facebook\"><\/i><\/a> <a class=\"socials-item\" target=\"_blank\" href=\"https:\/\/twitter.com\/intent\/tweet?text=%5BAJP%5D+Formation+des+professionnel%C2%B7les+des+m%C3%A9dias&#038;url=https%3A%2F%2Fbelux.edmo.eu%2Ffr%2Fajp-training-the-media-professionals%2F\" title=\"Twitter\"><i class=\"socials-item-icon twitter\"><\/i><\/a> <a class=\"socials-item\" target=\"_blank\" href=\"https:\/\/pinterest.com\/pin\/create\/button\/?url=https%3A%2F%2Fbelux.edmo.eu%2Ffr%2Fajp-training-the-media-professionals%2F&#038;description=%5BAJP%5D+Formation+des+professionnel%C2%B7les+des+m%C3%A9dias&#038;media=https%3A%2F%2Fbelux-edmo.s3-accelerate.amazonaws.com%2Fwp-content%2Fuploads%2F2025%2F01%2F2ANvqDCT-AJP-Final-new.jpg\" title=\"Pinterest\"><i class=\"socials-item-icon pinterest\"><\/i><\/a> <a class=\"socials-item\" target=\"_blank\" href=\"https:\/\/www.tumblr.com\/widgets\/share\/tool?canonicalUrl=https%3A%2F%2Fbelux.edmo.eu%2Ffr%2Fajp-training-the-media-professionals%2F\" title=\"Tumblr\"><i class=\"socials-item-icon tumblr\"><\/i><\/a> <a class=\"socials-item\" target=\"_blank\" href=\"https:\/\/www.linkedin.com\/shareArticle?mini=true&#038;url=https%3A%2F%2Fbelux.edmo.eu%2Ffr%2Fajp-training-the-media-professionals%2F&#038;title=%5BAJP%5D+Formation+des+professionnel%C2%B7les+des+m%C3%A9dias&amp;summary=Dans+le+cadre+de+son+projet+%C2%AB+Combattre+les+fake+news+en+classe+%C2%BB%2C+l%E2%80%99AJP+a+d%C3%A9velopp%C3%A9+un+module+de+formation+sp%C3%A9cifique+%C3%A0+destination+des+journalistes+d%C3%A9sireux+d%E2%80%99aborder%2C+dans+les+%C3%A9coles%2C+la+th%C3%A9matique+de+la+d%C3%A9sinformation.\" title=\"LinkedIn\"><i class=\"socials-item-icon linkedin\"><\/i><\/a> <a class=\"socials-item\" target=\"_blank\" href=\"https:\/\/www.reddit.com\/submit?url=https%3A%2F%2Fbelux.edmo.eu%2Ffr%2Fajp-training-the-media-professionals%2F&#038;title=%5BAJP%5D+Formation+des+professionnel%C2%B7les+des+m%C3%A9dias\" title=\"Reddit\"><i class=\"socials-item-icon reddit\"><\/i><\/a> <\/div> <svg class=\"sharing-styled-arrow\"><use xlink:href=\"https:\/\/belux.edmo.eu\/wp-content\/themes\/thegem\/css\/post-arrow.svg#dec-post-arrow\"><\/use><\/svg><\/div><\/div> <div class=\"post-read-more\"><div class=\"gem-button-container gem-button-position-inline thegem-button-69f4628ec90559303\" ><a class=\"gem-button gem-button-size-tiny gem-button-style-outline gem-button-text-weight-normal gem-button-border-2\" data-ll-effect=\"drop-right-without-wrap\" style=\"border-radius: 3px;\" onmouseleave=\"\" onmouseenter=\"\" href=\"https:\/\/belux.edmo.eu\/fr\/ajp-training-the-media-professionals\/\" target=\"_self\">Lire la suite<\/a><\/div> <\/div> <\/div> <\/div> <\/div> <\/div> <\/div> <\/article><!-- #post-379125 --> <article id=\"post-379118\" class=\"item-animations-not-inited post-379118 post type-post status-publish format-standard has-post-thumbnail category-training-teachers-educators-and-professionals-fr\"> <div class=\"item-post-container\"> <div class=\"post-item clearfix\" style=\"\"> <div class=\"post-info-wrap\"> <div class=\"post-info\"> <div class=\"post-img\"> <a href=\"https:\/\/belux.edmo.eu\/fr\/media-animation-training-the-teachers\/\" class=\"default\"><img width=\"256\" height=\"256\" src=\"https:\/\/belux-edmo.s3-accelerate.amazonaws.com\/wp-content\/uploads\/2025\/01\/PK28DvkS-media-animation-logo-new-256x256.jpg\" class=\"img-responsive wp-post-image\" alt=\"PK28DvkS-media-animation-logo-new.jpg\" srcset=\"https:\/\/belux-edmo.s3-accelerate.amazonaws.com\/wp-content\/uploads\/2025\/01\/PK28DvkS-media-animation-logo-new-150x150.jpg 1x, https:\/\/belux-edmo.s3-accelerate.amazonaws.com\/wp-content\/uploads\/2025\/01\/PK28DvkS-media-animation-logo-new-256x256.jpg 2x\" sizes=\"100vw\" \/><\/a> <\/div> <div class=\"post-date\">10 janvier<\/div> <div class=\"post-time\">09:22<\/div> <\/div> <\/div> <svg class=\"wrap-style\" style=\"\"> <use xlink:href=\"https:\/\/belux.edmo.eu\/wp-content\/themes\/thegem\/css\/post-arrow.svg#dec-post-arrow\"><\/use> <\/svg> <div class=\"post-text-wrap\"> <div class=\"post-title\"> <h3 class=\"entry-title\"><a href=\"https:\/\/belux.edmo.eu\/fr\/media-animation-training-the-teachers\/\" rel=\"bookmark\"><span class=\"light\">[Media Animation] Formation d\u2019enseignant\u00b7es<\/span><\/a><\/h3> <\/div> <div class=\"post-content\"> <div class=\"summary\"> <p>M\u00e9dia Animation forme les enseignant\u00b7es du primaire et du secondaire \u00e0 utiliser les m\u00e9thodes de l\u2019\u00e9ducation aux m\u00e9dias en classe pour d\u00e9velopper le rapport critique des \u00e9l\u00e8ves \u00e0 l\u2019information. <\/p> <\/div> <\/div> <div class=\"post-misc\"> <div class=\"post-author\"> <span class=\"post-meta-categories\">in <a href=\"https:\/\/belux.edmo.eu\/fr\/category\/training-teachers-educators-and-professionals-fr\/\" title=\"Voir tous les articles dans Training Teachers, Educators and Professionals\">Training Teachers, Educators and Professionals<\/a><\/span> <\/div> <div class=\"post-soc-info\"> <\/div> <div class=\"post-links\"> <div class=\"post-footer-sharing\"><div class=\"gem-button-container gem-button-position-inline thegem-button-69f4628ecb7b8489\" ><a class=\"gem-button gem-button-size-tiny gem-button-style-flat gem-button-text-weight-normal gem-button-empty\" data-ll-effect=\"drop-right-without-wrap\" style=\"border-radius: 3px;\" onmouseleave=\"\" onmouseenter=\"\" href=\"#\" target=\"_self\" role=\"button\" aria-label=\"Share\"><i class=\"gem-print-icon gem-icon-pack-thegem-icons gem-icon-share \"><\/i><\/a><\/div> <div class=\"sharing-popup\"> <div class=\"socials-sharing socials socials-colored-hover\"> <a class=\"socials-item\" target=\"_blank\" href=\"https:\/\/www.facebook.com\/sharer\/sharer.php?u=https%3A%2F%2Fbelux.edmo.eu%2Ffr%2Fmedia-animation-training-the-teachers%2F\" title=\"Facebook\"><i class=\"socials-item-icon facebook\"><\/i><\/a> <a class=\"socials-item\" target=\"_blank\" href=\"https:\/\/twitter.com\/intent\/tweet?text=%5BMedia+Animation%5D+Formation+d%E2%80%99enseignant%C2%B7es&#038;url=https%3A%2F%2Fbelux.edmo.eu%2Ffr%2Fmedia-animation-training-the-teachers%2F\" title=\"Twitter\"><i class=\"socials-item-icon twitter\"><\/i><\/a> <a class=\"socials-item\" target=\"_blank\" href=\"https:\/\/pinterest.com\/pin\/create\/button\/?url=https%3A%2F%2Fbelux.edmo.eu%2Ffr%2Fmedia-animation-training-the-teachers%2F&#038;description=%5BMedia+Animation%5D+Formation+d%E2%80%99enseignant%C2%B7es&#038;media=https%3A%2F%2Fbelux-edmo.s3-accelerate.amazonaws.com%2Fwp-content%2Fuploads%2F2025%2F01%2FPK28DvkS-media-animation-logo-new.jpg\" title=\"Pinterest\"><i class=\"socials-item-icon pinterest\"><\/i><\/a> <a class=\"socials-item\" target=\"_blank\" href=\"https:\/\/www.tumblr.com\/widgets\/share\/tool?canonicalUrl=https%3A%2F%2Fbelux.edmo.eu%2Ffr%2Fmedia-animation-training-the-teachers%2F\" title=\"Tumblr\"><i class=\"socials-item-icon tumblr\"><\/i><\/a> <a class=\"socials-item\" target=\"_blank\" href=\"https:\/\/www.linkedin.com\/shareArticle?mini=true&#038;url=https%3A%2F%2Fbelux.edmo.eu%2Ffr%2Fmedia-animation-training-the-teachers%2F&#038;title=%5BMedia+Animation%5D+Formation+d%E2%80%99enseignant%C2%B7es&amp;summary=M%C3%A9dia+Animation+forme+les+enseignant%C2%B7es+du+primaire+et+du+secondaire+%C3%A0+utiliser+les+m%C3%A9thodes+de+l%E2%80%99%C3%A9ducation+aux+m%C3%A9dias+en+classe+pour+d%C3%A9velopper+le+rapport+critique+des+%C3%A9l%C3%A8ves+%C3%A0+l%E2%80%99information.+\" title=\"LinkedIn\"><i class=\"socials-item-icon linkedin\"><\/i><\/a> <a class=\"socials-item\" target=\"_blank\" href=\"https:\/\/www.reddit.com\/submit?url=https%3A%2F%2Fbelux.edmo.eu%2Ffr%2Fmedia-animation-training-the-teachers%2F&#038;title=%5BMedia+Animation%5D+Formation+d%E2%80%99enseignant%C2%B7es\" title=\"Reddit\"><i class=\"socials-item-icon reddit\"><\/i><\/a> <\/div> <svg class=\"sharing-styled-arrow\"><use xlink:href=\"https:\/\/belux.edmo.eu\/wp-content\/themes\/thegem\/css\/post-arrow.svg#dec-post-arrow\"><\/use><\/svg><\/div><\/div> <div class=\"post-read-more\"><div class=\"gem-button-container gem-button-position-inline thegem-button-69f4628ecbc4d8272\" ><a class=\"gem-button gem-button-size-tiny gem-button-style-outline gem-button-text-weight-normal gem-button-border-2\" data-ll-effect=\"drop-right-without-wrap\" style=\"border-radius: 3px;\" onmouseleave=\"\" onmouseenter=\"\" href=\"https:\/\/belux.edmo.eu\/fr\/media-animation-training-the-teachers\/\" target=\"_self\">Lire la suite<\/a><\/div> <\/div> <\/div> <\/div> <\/div> <\/div> <\/div> <\/article><!-- #post-379118 --> <article id=\"post-371512\" class=\"item-animations-not-inited post-371512 post type-post status-publish format-standard has-post-thumbnail category-training-teachers-educators-and-professionals-fr\"> <div class=\"item-post-container\"> <div class=\"post-item clearfix\" style=\"\"> <div class=\"post-info-wrap\"> <div class=\"post-info\"> <div class=\"post-img\"> <a href=\"https:\/\/belux.edmo.eu\/fr\/formation-denseignant%c2%b7es\/\" class=\"default\"><img width=\"256\" height=\"256\" src=\"https:\/\/belux-edmo.s3-accelerate.amazonaws.com\/wp-content\/uploads\/2025\/01\/DiVbjRg7-Lie-Detectors-logo-new-256x256.jpg\" class=\"img-responsive wp-post-image\" alt=\"DiVbjRg7-Lie-Detectors-logo-new.jpg\" srcset=\"https:\/\/belux-edmo.s3-accelerate.amazonaws.com\/wp-content\/uploads\/2025\/01\/DiVbjRg7-Lie-Detectors-logo-new-150x150.jpg 1x, https:\/\/belux-edmo.s3-accelerate.amazonaws.com\/wp-content\/uploads\/2025\/01\/DiVbjRg7-Lie-Detectors-logo-new-256x256.jpg 2x\" sizes=\"100vw\" \/><\/a> <\/div> <div class=\"post-date\">20 novembre<\/div> <div class=\"post-time\">11:46<\/div> <\/div> <\/div> <svg class=\"wrap-style\" style=\"\"> <use xlink:href=\"https:\/\/belux.edmo.eu\/wp-content\/themes\/thegem\/css\/post-arrow.svg#dec-post-arrow\"><\/use> <\/svg> <div class=\"post-text-wrap\"> <div class=\"post-title\"> <h3 class=\"entry-title\"><a href=\"https:\/\/belux.edmo.eu\/fr\/formation-denseignant%c2%b7es\/\" rel=\"bookmark\"><span class=\"light\">[Lie Detectors] Formation d\u2019enseignant\u00b7es<\/span><\/a><\/h3> <\/div> <div class=\"post-content\"> <div class=\"summary\"> <p>Soucieux d\u2019am\u00e9liorer l\u2019\u00e9ducation aux m\u00e9dias, Lie\u202fDetectors propose des ateliers interactifs sur de nombreux sujets, anim\u00e9s par des journalistes et destin\u00e9s aux enseignant\u00b7es. Lie\u202fDetectors est un Supportive Partner d\u2019eTwinning.<\/p> <\/div> <\/div> <div class=\"post-misc\"> <div class=\"post-author\"> <span class=\"post-meta-categories\">in <a href=\"https:\/\/belux.edmo.eu\/fr\/category\/training-teachers-educators-and-professionals-fr\/\" title=\"Voir tous les articles dans Training Teachers, Educators and Professionals\">Training Teachers, Educators and Professionals<\/a><\/span> <\/div> <div class=\"post-soc-info\"> <\/div> <div class=\"post-links\"> <div class=\"post-footer-sharing\"><div class=\"gem-button-container gem-button-position-inline thegem-button-69f4628ece0596116\" ><a class=\"gem-button gem-button-size-tiny gem-button-style-flat gem-button-text-weight-normal gem-button-empty\" data-ll-effect=\"drop-right-without-wrap\" style=\"border-radius: 3px;\" onmouseleave=\"\" onmouseenter=\"\" href=\"#\" target=\"_self\" role=\"button\" aria-label=\"Share\"><i class=\"gem-print-icon gem-icon-pack-thegem-icons gem-icon-share \"><\/i><\/a><\/div> <div class=\"sharing-popup\"> <div class=\"socials-sharing socials socials-colored-hover\"> <a class=\"socials-item\" target=\"_blank\" href=\"https:\/\/www.facebook.com\/sharer\/sharer.php?u=https%3A%2F%2Fbelux.edmo.eu%2Ffr%2Fformation-denseignant%25c2%25b7es%2F\" title=\"Facebook\"><i class=\"socials-item-icon facebook\"><\/i><\/a> <a class=\"socials-item\" target=\"_blank\" href=\"https:\/\/twitter.com\/intent\/tweet?text=%5BLie+Detectors%5D+Formation+d%E2%80%99enseignant%C2%B7es&#038;url=https%3A%2F%2Fbelux.edmo.eu%2Ffr%2Fformation-denseignant%25c2%25b7es%2F\" title=\"Twitter\"><i class=\"socials-item-icon twitter\"><\/i><\/a> <a class=\"socials-item\" target=\"_blank\" href=\"https:\/\/pinterest.com\/pin\/create\/button\/?url=https%3A%2F%2Fbelux.edmo.eu%2Ffr%2Fformation-denseignant%25c2%25b7es%2F&#038;description=%5BLie+Detectors%5D+Formation+d%E2%80%99enseignant%C2%B7es&#038;media=https%3A%2F%2Fbelux-edmo.s3-accelerate.amazonaws.com%2Fwp-content%2Fuploads%2F2025%2F01%2FDiVbjRg7-Lie-Detectors-logo-new.jpg\" title=\"Pinterest\"><i class=\"socials-item-icon pinterest\"><\/i><\/a> <a class=\"socials-item\" target=\"_blank\" href=\"https:\/\/www.tumblr.com\/widgets\/share\/tool?canonicalUrl=https%3A%2F%2Fbelux.edmo.eu%2Ffr%2Fformation-denseignant%25c2%25b7es%2F\" title=\"Tumblr\"><i class=\"socials-item-icon tumblr\"><\/i><\/a> <a class=\"socials-item\" target=\"_blank\" href=\"https:\/\/www.linkedin.com\/shareArticle?mini=true&#038;url=https%3A%2F%2Fbelux.edmo.eu%2Ffr%2Fformation-denseignant%25c2%25b7es%2F&#038;title=%5BLie+Detectors%5D+Formation+d%E2%80%99enseignant%C2%B7es&amp;summary=Soucieux+d%E2%80%99am%C3%A9liorer+l%E2%80%99%C3%A9ducation+aux+m%C3%A9dias%2C+Lie%E2%80%AFDetectors+propose+des+ateliers+interactifs+sur+de+nombreux+sujets%2C+anim%C3%A9s+par+des+journalistes+et+destin%C3%A9s+aux+enseignant%C2%B7es.+Lie%E2%80%AFDetectors+est+un+Supportive+Partner+d%E2%80%99eTwinning.\" title=\"LinkedIn\"><i class=\"socials-item-icon linkedin\"><\/i><\/a> <a class=\"socials-item\" target=\"_blank\" href=\"https:\/\/www.reddit.com\/submit?url=https%3A%2F%2Fbelux.edmo.eu%2Ffr%2Fformation-denseignant%25c2%25b7es%2F&#038;title=%5BLie+Detectors%5D+Formation+d%E2%80%99enseignant%C2%B7es\" title=\"Reddit\"><i class=\"socials-item-icon reddit\"><\/i><\/a> <\/div> <svg class=\"sharing-styled-arrow\"><use xlink:href=\"https:\/\/belux.edmo.eu\/wp-content\/themes\/thegem\/css\/post-arrow.svg#dec-post-arrow\"><\/use><\/svg><\/div><\/div> <div class=\"post-read-more\"><div class=\"gem-button-container gem-button-position-inline thegem-button-69f4628ece4717548\" ><a class=\"gem-button gem-button-size-tiny gem-button-style-outline gem-button-text-weight-normal gem-button-border-2\" data-ll-effect=\"drop-right-without-wrap\" style=\"border-radius: 3px;\" onmouseleave=\"\" onmouseenter=\"\" href=\"https:\/\/belux.edmo.eu\/fr\/formation-denseignant%c2%b7es\/\" target=\"_self\">Lire la suite<\/a><\/div> <\/div> <\/div> <\/div> <\/div> <\/div> <\/div> <\/article><!-- #post-371512 --> <\/div>[\/vc_tta_section][vc_tta_section title=\u00a0\u00bb\u00c9ducation aux m\u00e9dias dans les classes\u00a0\u00bb tab_id=\u00a0\u00bb1731932710693-5d28a899-3ad6&Prime;][vc_column_text css=\u00a0\u00bb\u00a0\u00bb]<\/p>\n<p class=\"p1\">Nous organisons des ateliers r\u00e9unissant des journalistes et des fact-checkers avec des \u00e9l\u00e8ves du primaire et du secondaire. Ces rencontres ont pour but d&rsquo;aider les jeunes \u00e0 saisir le processus de traitement de l&rsquo;information et \u00e0 acqu\u00e9rir des outils pour combattre la d\u00e9sinformation, tout en renfor\u00e7ant la confiance entre les jeunes et les m\u00e9dias.<\/p>\n<p>[\/vc_column_text]<div id=\"style-d3187ae\" data-style-uid=\"d3187ae\" class=\"blog blog-style-styled_list1 clearfix item-animation-move-up pagination-normal\" data-next-page=\"0\" data-pages-count=\"1\"> <article id=\"post-379229\" class=\"item-animations-not-inited post-379229 post type-post status-publish format-standard has-post-thumbnail category-media-literacy-in-the-classroom-fr\"> <div class=\"item-post-container\"> <div class=\"post-item clearfix\" style=\"\"> <div class=\"post-info-wrap\"> <div class=\"post-info\"> <div class=\"post-img\"> <a href=\"https:\/\/belux.edmo.eu\/fr\/rtbf-inside-workshops\/\" class=\"default\"><img width=\"256\" height=\"256\" src=\"https:\/\/belux-edmo.s3-accelerate.amazonaws.com\/wp-content\/uploads\/2025\/01\/hVJzmg3T-rtbf-logo-new-256x256.jpg\" class=\"img-responsive wp-post-image\" alt=\"hVJzmg3T-rtbf-logo-new.jpg\" srcset=\"https:\/\/belux-edmo.s3-accelerate.amazonaws.com\/wp-content\/uploads\/2025\/01\/hVJzmg3T-rtbf-logo-new-150x150.jpg 1x, https:\/\/belux-edmo.s3-accelerate.amazonaws.com\/wp-content\/uploads\/2025\/01\/hVJzmg3T-rtbf-logo-new-256x256.jpg 2x\" sizes=\"100vw\" \/><\/a> <\/div> <div class=\"post-date\">10 janvier<\/div> <div class=\"post-time\">11:43<\/div> <\/div> <\/div> <svg class=\"wrap-style\" style=\"\"> <use xlink:href=\"https:\/\/belux.edmo.eu\/wp-content\/themes\/thegem\/css\/post-arrow.svg#dec-post-arrow\"><\/use> <\/svg> <div class=\"post-text-wrap\"> <div class=\"post-title\"> <h3 class=\"entry-title\"><a href=\"https:\/\/belux.edmo.eu\/fr\/rtbf-inside-workshops\/\" rel=\"bookmark\"><span class=\"light\">[Rtbf] Ateliers INSIDE<\/span><\/a><\/h3> <\/div> <div class=\"post-content\"> <div class=\"summary\"> <p>La cellule INSIDE\u202forganise des visites guid\u00e9es th\u00e9matiques, visites virtuelles, des ateliers en immersion et des rencontres. Ces activit\u00e9s ont pour but d&rsquo;alimenter la r\u00e9flexion et de renforcer\u202fl\u2019esprit critique des publics face \u00e0 la production m\u00e9diatique.<\/p> <\/div> <\/div> <div class=\"post-misc\"> <div class=\"post-author\"> <span class=\"post-meta-categories\">in <a href=\"https:\/\/belux.edmo.eu\/fr\/category\/media-literacy-in-the-classroom-fr\/\" title=\"Voir tous les articles dans Media Literacy in the Classroom\">Media Literacy in the Classroom<\/a><\/span> <\/div> <div class=\"post-soc-info\"> <\/div> <div class=\"post-links\"> <div class=\"post-footer-sharing\"><div class=\"gem-button-container gem-button-position-inline thegem-button-69f4628ed7f4b8774\" ><a class=\"gem-button gem-button-size-tiny gem-button-style-flat gem-button-text-weight-normal gem-button-empty\" data-ll-effect=\"drop-right-without-wrap\" style=\"border-radius: 3px;\" onmouseleave=\"\" onmouseenter=\"\" href=\"#\" target=\"_self\" role=\"button\" aria-label=\"Share\"><i class=\"gem-print-icon gem-icon-pack-thegem-icons gem-icon-share \"><\/i><\/a><\/div> <div class=\"sharing-popup\"> <div class=\"socials-sharing socials socials-colored-hover\"> <a class=\"socials-item\" target=\"_blank\" href=\"https:\/\/www.facebook.com\/sharer\/sharer.php?u=https%3A%2F%2Fbelux.edmo.eu%2Ffr%2Frtbf-inside-workshops%2F\" title=\"Facebook\"><i class=\"socials-item-icon facebook\"><\/i><\/a> <a class=\"socials-item\" target=\"_blank\" href=\"https:\/\/twitter.com\/intent\/tweet?text=%5BRtbf%5D+Ateliers+INSIDE&#038;url=https%3A%2F%2Fbelux.edmo.eu%2Ffr%2Frtbf-inside-workshops%2F\" title=\"Twitter\"><i class=\"socials-item-icon twitter\"><\/i><\/a> <a class=\"socials-item\" target=\"_blank\" href=\"https:\/\/pinterest.com\/pin\/create\/button\/?url=https%3A%2F%2Fbelux.edmo.eu%2Ffr%2Frtbf-inside-workshops%2F&#038;description=%5BRtbf%5D+Ateliers+INSIDE&#038;media=https%3A%2F%2Fbelux-edmo.s3-accelerate.amazonaws.com%2Fwp-content%2Fuploads%2F2025%2F01%2FhVJzmg3T-rtbf-logo-new.jpg\" title=\"Pinterest\"><i class=\"socials-item-icon pinterest\"><\/i><\/a> <a class=\"socials-item\" target=\"_blank\" href=\"https:\/\/www.tumblr.com\/widgets\/share\/tool?canonicalUrl=https%3A%2F%2Fbelux.edmo.eu%2Ffr%2Frtbf-inside-workshops%2F\" title=\"Tumblr\"><i class=\"socials-item-icon tumblr\"><\/i><\/a> <a class=\"socials-item\" target=\"_blank\" href=\"https:\/\/www.linkedin.com\/shareArticle?mini=true&#038;url=https%3A%2F%2Fbelux.edmo.eu%2Ffr%2Frtbf-inside-workshops%2F&#038;title=%5BRtbf%5D+Ateliers+INSIDE&amp;summary=La+cellule+INSIDE%E2%80%AForganise+des+visites+guid%C3%A9es+th%C3%A9matiques%2C+visites+virtuelles%2C+des+ateliers+en+immersion+et+des+rencontres.+Ces+activit%C3%A9s+ont+pour+but+d%27alimenter+la+r%C3%A9flexion+et+de+renforcer%E2%80%AFl%E2%80%99esprit+critique+des+publics+face+%C3%A0+la+production+m%C3%A9diatique.\" title=\"LinkedIn\"><i class=\"socials-item-icon linkedin\"><\/i><\/a> <a class=\"socials-item\" target=\"_blank\" href=\"https:\/\/www.reddit.com\/submit?url=https%3A%2F%2Fbelux.edmo.eu%2Ffr%2Frtbf-inside-workshops%2F&#038;title=%5BRtbf%5D+Ateliers+INSIDE\" title=\"Reddit\"><i class=\"socials-item-icon reddit\"><\/i><\/a> <\/div> <svg class=\"sharing-styled-arrow\"><use xlink:href=\"https:\/\/belux.edmo.eu\/wp-content\/themes\/thegem\/css\/post-arrow.svg#dec-post-arrow\"><\/use><\/svg><\/div><\/div> <div class=\"post-read-more\"><div class=\"gem-button-container gem-button-position-inline thegem-button-69f4628ed836d3187\" ><a class=\"gem-button gem-button-size-tiny gem-button-style-outline gem-button-text-weight-normal gem-button-border-2\" data-ll-effect=\"drop-right-without-wrap\" style=\"border-radius: 3px;\" onmouseleave=\"\" onmouseenter=\"\" href=\"https:\/\/belux.edmo.eu\/fr\/rtbf-inside-workshops\/\" target=\"_self\">Lire la suite<\/a><\/div> <\/div> <\/div> <\/div> <\/div> <\/div> <\/div> <\/article><!-- #post-379229 --> <article id=\"post-379212\" class=\"item-animations-not-inited post-379212 post type-post status-publish format-standard has-post-thumbnail category-media-literacy-in-the-classroom-fr\"> <div class=\"item-post-container\"> <div class=\"post-item clearfix\" style=\"\"> <div class=\"post-info-wrap\"> <div class=\"post-info\"> <div class=\"post-img\"> <a href=\"https:\/\/belux.edmo.eu\/fr\/lie-detectors-visits-in-the-classroom\/\" class=\"default\"><img width=\"256\" height=\"256\" src=\"https:\/\/belux-edmo.s3-accelerate.amazonaws.com\/wp-content\/uploads\/2025\/01\/2bWSjynK-Lie-Detectors-logo-new-256x256.jpg\" class=\"img-responsive wp-post-image\" alt=\"2bWSjynK-Lie-Detectors-logo-new.jpg\" srcset=\"https:\/\/belux-edmo.s3-accelerate.amazonaws.com\/wp-content\/uploads\/2025\/01\/2bWSjynK-Lie-Detectors-logo-new-150x150.jpg 1x, https:\/\/belux-edmo.s3-accelerate.amazonaws.com\/wp-content\/uploads\/2025\/01\/2bWSjynK-Lie-Detectors-logo-new-256x256.jpg 2x\" sizes=\"100vw\" \/><\/a> <\/div> <div class=\"post-date\">10 janvier<\/div> <div class=\"post-time\">11:17<\/div> <\/div> <\/div> <svg class=\"wrap-style\" style=\"\"> <use xlink:href=\"https:\/\/belux.edmo.eu\/wp-content\/themes\/thegem\/css\/post-arrow.svg#dec-post-arrow\"><\/use> <\/svg> <div class=\"post-text-wrap\"> <div class=\"post-title\"> <h3 class=\"entry-title\"><a href=\"https:\/\/belux.edmo.eu\/fr\/lie-detectors-visits-in-the-classroom\/\" rel=\"bookmark\"><span class=\"light\">[Lie Detectors] Visites en classe<\/span><\/a><\/h3> <\/div> <div class=\"post-content\"> <div class=\"summary\"> <p>Le temps d\u2019une visite en classe interactive de 90\u202fminutes, des sp\u00e9cialistes des m\u00e9dias pr\u00e9sentent le journalisme professionnel aux \u00e9l\u00e8ves et aux ados, et leur apprennent \u00e0 distinguer la m\u00e9sinformation \u00e0 partir de faits.<\/p> <\/div> <\/div> <div class=\"post-misc\"> <div class=\"post-author\"> <span class=\"post-meta-categories\">in <a href=\"https:\/\/belux.edmo.eu\/fr\/category\/media-literacy-in-the-classroom-fr\/\" title=\"Voir tous les articles dans Media Literacy in the Classroom\">Media Literacy in the Classroom<\/a><\/span> <\/div> <div class=\"post-soc-info\"> <\/div> <div class=\"post-links\"> <div class=\"post-footer-sharing\"><div class=\"gem-button-container gem-button-position-inline thegem-button-69f4628eda31d8097\" ><a class=\"gem-button gem-button-size-tiny gem-button-style-flat gem-button-text-weight-normal gem-button-empty\" data-ll-effect=\"drop-right-without-wrap\" style=\"border-radius: 3px;\" onmouseleave=\"\" onmouseenter=\"\" href=\"#\" target=\"_self\" role=\"button\" aria-label=\"Share\"><i class=\"gem-print-icon gem-icon-pack-thegem-icons gem-icon-share \"><\/i><\/a><\/div> <div class=\"sharing-popup\"> <div class=\"socials-sharing socials socials-colored-hover\"> <a class=\"socials-item\" target=\"_blank\" href=\"https:\/\/www.facebook.com\/sharer\/sharer.php?u=https%3A%2F%2Fbelux.edmo.eu%2Ffr%2Flie-detectors-visits-in-the-classroom%2F\" title=\"Facebook\"><i class=\"socials-item-icon facebook\"><\/i><\/a> <a class=\"socials-item\" target=\"_blank\" href=\"https:\/\/twitter.com\/intent\/tweet?text=%5BLie+Detectors%5D+Visites+en+classe&#038;url=https%3A%2F%2Fbelux.edmo.eu%2Ffr%2Flie-detectors-visits-in-the-classroom%2F\" title=\"Twitter\"><i class=\"socials-item-icon twitter\"><\/i><\/a> <a class=\"socials-item\" target=\"_blank\" href=\"https:\/\/pinterest.com\/pin\/create\/button\/?url=https%3A%2F%2Fbelux.edmo.eu%2Ffr%2Flie-detectors-visits-in-the-classroom%2F&#038;description=%5BLie+Detectors%5D+Visites+en+classe&#038;media=https%3A%2F%2Fbelux-edmo.s3-accelerate.amazonaws.com%2Fwp-content%2Fuploads%2F2025%2F01%2F2bWSjynK-Lie-Detectors-logo-new.jpg\" title=\"Pinterest\"><i class=\"socials-item-icon pinterest\"><\/i><\/a> <a class=\"socials-item\" target=\"_blank\" href=\"https:\/\/www.tumblr.com\/widgets\/share\/tool?canonicalUrl=https%3A%2F%2Fbelux.edmo.eu%2Ffr%2Flie-detectors-visits-in-the-classroom%2F\" title=\"Tumblr\"><i class=\"socials-item-icon tumblr\"><\/i><\/a> <a class=\"socials-item\" target=\"_blank\" href=\"https:\/\/www.linkedin.com\/shareArticle?mini=true&#038;url=https%3A%2F%2Fbelux.edmo.eu%2Ffr%2Flie-detectors-visits-in-the-classroom%2F&#038;title=%5BLie+Detectors%5D+Visites+en+classe&amp;summary=Le+temps+d%E2%80%99une+visite+en+classe+interactive+de+90%E2%80%AFminutes%2C+des+sp%C3%A9cialistes+des+m%C3%A9dias+pr%C3%A9sentent+le+journalisme+professionnel+aux+%C3%A9l%C3%A8ves+et+aux+ados%2C+et+leur+apprennent+%C3%A0+distinguer+la+m%C3%A9sinformation+%C3%A0+partir+de+faits.\" title=\"LinkedIn\"><i class=\"socials-item-icon linkedin\"><\/i><\/a> <a class=\"socials-item\" target=\"_blank\" href=\"https:\/\/www.reddit.com\/submit?url=https%3A%2F%2Fbelux.edmo.eu%2Ffr%2Flie-detectors-visits-in-the-classroom%2F&#038;title=%5BLie+Detectors%5D+Visites+en+classe\" title=\"Reddit\"><i class=\"socials-item-icon reddit\"><\/i><\/a> <\/div> <svg class=\"sharing-styled-arrow\"><use xlink:href=\"https:\/\/belux.edmo.eu\/wp-content\/themes\/thegem\/css\/post-arrow.svg#dec-post-arrow\"><\/use><\/svg><\/div><\/div> <div class=\"post-read-more\"><div class=\"gem-button-container gem-button-position-inline thegem-button-69f4628eda70e5196\" ><a class=\"gem-button gem-button-size-tiny gem-button-style-outline gem-button-text-weight-normal gem-button-border-2\" data-ll-effect=\"drop-right-without-wrap\" style=\"border-radius: 3px;\" onmouseleave=\"\" onmouseenter=\"\" href=\"https:\/\/belux.edmo.eu\/fr\/lie-detectors-visits-in-the-classroom\/\" target=\"_self\">Lire la suite<\/a><\/div> <\/div> <\/div> <\/div> <\/div> <\/div> <\/div> <\/article><!-- #post-379212 --> <article id=\"post-379202\" class=\"item-animations-not-inited post-379202 post type-post status-publish format-standard has-post-thumbnail category-media-literacy-in-the-classroom-fr\"> <div class=\"item-post-container\"> <div class=\"post-item clearfix\" style=\"\"> <div class=\"post-info-wrap\"> <div class=\"post-info\"> <div class=\"post-img\"> <a href=\"https:\/\/belux.edmo.eu\/fr\/ajp-journalists-in-the-classroom\/\" class=\"default\"><img width=\"256\" height=\"256\" src=\"https:\/\/belux-edmo.s3-accelerate.amazonaws.com\/wp-content\/uploads\/2025\/01\/axPj91C1-AJP-Final-new-256x256.jpg\" class=\"img-responsive wp-post-image\" alt=\"axPj91C1-AJP-Final-new.jpg\" srcset=\"https:\/\/belux-edmo.s3-accelerate.amazonaws.com\/wp-content\/uploads\/2025\/01\/axPj91C1-AJP-Final-new-150x150.jpg 1x, https:\/\/belux-edmo.s3-accelerate.amazonaws.com\/wp-content\/uploads\/2025\/01\/axPj91C1-AJP-Final-new-256x256.jpg 2x\" sizes=\"100vw\" \/><\/a> <\/div> <div class=\"post-date\">10 janvier<\/div> <div class=\"post-time\">10:59<\/div> <\/div> <\/div> <svg class=\"wrap-style\" style=\"\"> <use xlink:href=\"https:\/\/belux.edmo.eu\/wp-content\/themes\/thegem\/css\/post-arrow.svg#dec-post-arrow\"><\/use> <\/svg> <div class=\"post-text-wrap\"> <div class=\"post-title\"> <h3 class=\"entry-title\"><a href=\"https:\/\/belux.edmo.eu\/fr\/ajp-journalists-in-the-classroom\/\" rel=\"bookmark\"><span class=\"light\">[AJP] Journalistes en classe<\/span><\/a><\/h3> <\/div> <div class=\"post-content\"> <div class=\"summary\"> <p>Cr\u00e9\u00e9e et coordonn\u00e9e par l\u2019AJP, l\u2019op\u00e9ration \u00ab Journalistes en classe \u00bb vise \u00e0 organiser, gratuitement, des rencontres entre des journalistes professionnel\u00b7les et des classes pour aborder les r\u00e9alit\u00e9s des m\u00e9tiers de l\u2019information. <\/p> <\/div> <\/div> <div class=\"post-misc\"> <div class=\"post-author\"> <span class=\"post-meta-categories\">in <a href=\"https:\/\/belux.edmo.eu\/fr\/category\/media-literacy-in-the-classroom-fr\/\" title=\"Voir tous les articles dans Media Literacy in the Classroom\">Media Literacy in the Classroom<\/a><\/span> <\/div> <div class=\"post-soc-info\"> <\/div> <div class=\"post-links\"> <div class=\"post-footer-sharing\"><div class=\"gem-button-container gem-button-position-inline thegem-button-69f4628edc2487014\" ><a class=\"gem-button gem-button-size-tiny gem-button-style-flat gem-button-text-weight-normal gem-button-empty\" data-ll-effect=\"drop-right-without-wrap\" style=\"border-radius: 3px;\" onmouseleave=\"\" onmouseenter=\"\" href=\"#\" target=\"_self\" role=\"button\" aria-label=\"Share\"><i class=\"gem-print-icon gem-icon-pack-thegem-icons gem-icon-share \"><\/i><\/a><\/div> <div class=\"sharing-popup\"> <div class=\"socials-sharing socials socials-colored-hover\"> <a class=\"socials-item\" target=\"_blank\" href=\"https:\/\/www.facebook.com\/sharer\/sharer.php?u=https%3A%2F%2Fbelux.edmo.eu%2Ffr%2Fajp-journalists-in-the-classroom%2F\" title=\"Facebook\"><i class=\"socials-item-icon facebook\"><\/i><\/a> <a class=\"socials-item\" target=\"_blank\" href=\"https:\/\/twitter.com\/intent\/tweet?text=%5BAJP%5D+Journalistes+en+classe&#038;url=https%3A%2F%2Fbelux.edmo.eu%2Ffr%2Fajp-journalists-in-the-classroom%2F\" title=\"Twitter\"><i class=\"socials-item-icon twitter\"><\/i><\/a> <a class=\"socials-item\" target=\"_blank\" href=\"https:\/\/pinterest.com\/pin\/create\/button\/?url=https%3A%2F%2Fbelux.edmo.eu%2Ffr%2Fajp-journalists-in-the-classroom%2F&#038;description=%5BAJP%5D+Journalistes+en+classe&#038;media=https%3A%2F%2Fbelux-edmo.s3-accelerate.amazonaws.com%2Fwp-content%2Fuploads%2F2025%2F01%2FaxPj91C1-AJP-Final-new.jpg\" title=\"Pinterest\"><i class=\"socials-item-icon pinterest\"><\/i><\/a> <a class=\"socials-item\" target=\"_blank\" href=\"https:\/\/www.tumblr.com\/widgets\/share\/tool?canonicalUrl=https%3A%2F%2Fbelux.edmo.eu%2Ffr%2Fajp-journalists-in-the-classroom%2F\" title=\"Tumblr\"><i class=\"socials-item-icon tumblr\"><\/i><\/a> <a class=\"socials-item\" target=\"_blank\" href=\"https:\/\/www.linkedin.com\/shareArticle?mini=true&#038;url=https%3A%2F%2Fbelux.edmo.eu%2Ffr%2Fajp-journalists-in-the-classroom%2F&#038;title=%5BAJP%5D+Journalistes+en+classe&amp;summary=Cr%C3%A9%C3%A9e+et+coordonn%C3%A9e+par+l%E2%80%99AJP%2C+l%E2%80%99op%C3%A9ration+%C2%AB+Journalistes+en+classe+%C2%BB+vise+%C3%A0+organiser%2C+gratuitement%2C+des+rencontres+entre+des+journalistes+professionnel%C2%B7les+et+des+classes+pour+aborder+les+r%C3%A9alit%C3%A9s+des+m%C3%A9tiers+de+l%E2%80%99information.+\" title=\"LinkedIn\"><i class=\"socials-item-icon linkedin\"><\/i><\/a> <a class=\"socials-item\" target=\"_blank\" href=\"https:\/\/www.reddit.com\/submit?url=https%3A%2F%2Fbelux.edmo.eu%2Ffr%2Fajp-journalists-in-the-classroom%2F&#038;title=%5BAJP%5D+Journalistes+en+classe\" title=\"Reddit\"><i class=\"socials-item-icon reddit\"><\/i><\/a> <\/div> <svg class=\"sharing-styled-arrow\"><use xlink:href=\"https:\/\/belux.edmo.eu\/wp-content\/themes\/thegem\/css\/post-arrow.svg#dec-post-arrow\"><\/use><\/svg><\/div><\/div> <div class=\"post-read-more\"><div class=\"gem-button-container gem-button-position-inline thegem-button-69f4628edc6895586\" ><a class=\"gem-button gem-button-size-tiny gem-button-style-outline gem-button-text-weight-normal gem-button-border-2\" data-ll-effect=\"drop-right-without-wrap\" style=\"border-radius: 3px;\" onmouseleave=\"\" onmouseenter=\"\" href=\"https:\/\/belux.edmo.eu\/fr\/ajp-journalists-in-the-classroom\/\" target=\"_self\">Lire la suite<\/a><\/div> <\/div> <\/div> <\/div> <\/div> <\/div> <\/div> <\/article><!-- #post-379202 --> <\/div>[\/vc_tta_section][vc_tta_section title=\u00a0\u00bb\u00c9valuation des ateliers d&rsquo;\u00e9ducation aux m\u00e9dias\u00a0\u00bb tab_id=\u00a0\u00bb1731932358651-33d2702c-b21a\u00a0\u00bb][vc_column_text css=\u00a0\u00bb\u00a0\u00bb]<\/p>\n<p class=\"p1\">Nous r\u00e9alisons une \u00e9tude qualitative aupr\u00e8s des \u00e9l\u00e8ves ayant particip\u00e9 \u00e0 un atelier d&rsquo;\u00e9ducation aux m\u00e9dias anim\u00e9 par un\u00b7e journaliste ou un\u00b7e fact-checker dans le cadre d&rsquo;EDMO Belux. Cette recherche collaborative se penche sur les perceptions des jeunes, les motivations des enseignant\u00b7es impliqu\u00e9\u00b7es dans ces actions, ainsi que les retours des professionnel\u00b7les des m\u00e9dias intervenant en classe. Coordonn\u00e9e par M\u00e9dia Animation, l&rsquo;\u00e9tude se d\u00e9roule en collaboration avec l&rsquo;AJP, Lie Detectors, la RTBF et le CSEM. Les r\u00e9sultats seront publi\u00e9s \u00e0 l&rsquo;\u00e9t\u00e9 2026.<\/p>\n<p>[\/vc_column_text][\/vc_tta_section][\/vc_tta_accordion][\/vc_column][\/vc_row]<\/p>\n<\/div>","protected":false},"excerpt":{"rendered":"<p>[vc_row][vc_column][vc_tta_accordion style=\u00a0\u00bbsimple_dashed\u00a0\u00bb active_section=\u00a0\u00bb1&Prime;][vc_tta_section title=\u00a0\u00bbAteliers, conf\u00e9rences et d\u00e9bats participatifs avec des adultes\u00a0\u00bb tab_id=\u00a0\u00bb1731932307254-641bea06-75ff\u00a0\u00bb][vc_column_text css=\u00a0\u00bb\u00a0\u00bb] Nous mettons en \u0153uvre des tables rondes,&#8230;<\/p>\n","protected":false},"author":14,"featured_media":0,"parent":11803,"menu_order":1,"comment_status":"closed","ping_status":"closed","template":"","meta":{"_acf_changed":false,"footnotes":""},"class_list":["post-371537","page","type-page","status-publish"],"acf":[],"yoast_head":"<!-- This site is optimized with the Yoast SEO plugin v27.0 - https:\/\/yoast.com\/product\/yoast-seo-wordpress\/ -->\n<title>Actions de terrain - EDMO Belux<\/title>\n<meta name=\"robots\" content=\"index, follow, max-snippet:-1, max-image-preview:large, max-video-preview:-1\" \/>\n<link rel=\"canonical\" href=\"https:\/\/belux.edmo.eu\/fr\/education-aux-medias\/actions-de-terrain\/\" \/>\n<meta property=\"og:locale\" content=\"fr_FR\" \/>\n<meta property=\"og:type\" content=\"article\" \/>\n<meta property=\"og:title\" content=\"Actions de terrain - EDMO Belux\" \/>\n<meta property=\"og:description\" content=\"[vc_row][vc_column][vc_tta_accordion style=\u00a0\u00bbsimple_dashed\u00a0\u00bb active_section=\u00a0\u00bb1&Prime;][vc_tta_section title=\u00a0\u00bbAteliers, conf\u00e9rences et d\u00e9bats participatifs avec des adultes\u00a0\u00bb tab_id=\u00a0\u00bb1731932307254-641bea06-75ff\u00a0\u00bb][vc_column_text css=\u00a0\u00bb\u00a0\u00bb] Nous mettons en \u0153uvre des tables rondes,...\" \/>\n<meta property=\"og:url\" content=\"https:\/\/belux.edmo.eu\/fr\/education-aux-medias\/actions-de-terrain\/\" \/>\n<meta property=\"og:site_name\" content=\"EDMO Belux\" \/>\n<meta property=\"article:modified_time\" content=\"2025-01-15T13:35:32+00:00\" \/>\n<meta name=\"twitter:card\" content=\"summary_large_image\" \/>\n<meta name=\"twitter:site\" content=\"@Edmo_Belux\" \/>\n<meta name=\"twitter:label1\" content=\"Dur\u00e9e de lecture estim\u00e9e\" \/>\n\t<meta name=\"twitter:data1\" content=\"2 minutes\" \/>\n<script type=\"application\/ld+json\" class=\"yoast-schema-graph\">{\"@context\":\"https:\/\/schema.org\",\"@graph\":[{\"@type\":\"WebPage\",\"@id\":\"https:\/\/belux.edmo.eu\/fr\/education-aux-medias\/actions-de-terrain\/\",\"url\":\"https:\/\/belux.edmo.eu\/fr\/education-aux-medias\/actions-de-terrain\/\",\"name\":\"Actions de terrain - EDMO Belux\",\"isPartOf\":{\"@id\":\"https:\/\/belux.edmo.eu\/#website\"},\"datePublished\":\"2024-11-18T12:09:15+00:00\",\"dateModified\":\"2025-01-15T13:35:32+00:00\",\"breadcrumb\":{\"@id\":\"https:\/\/belux.edmo.eu\/fr\/education-aux-medias\/actions-de-terrain\/#breadcrumb\"},\"inLanguage\":\"fr-FR\",\"potentialAction\":[{\"@type\":\"ReadAction\",\"target\":[\"https:\/\/belux.edmo.eu\/fr\/education-aux-medias\/actions-de-terrain\/\"]}]},{\"@type\":\"BreadcrumbList\",\"@id\":\"https:\/\/belux.edmo.eu\/fr\/education-aux-medias\/actions-de-terrain\/#breadcrumb\",\"itemListElement\":[{\"@type\":\"ListItem\",\"position\":1,\"name\":\"Home\",\"item\":\"https:\/\/belux.edmo.eu\/fr\/\"},{\"@type\":\"ListItem\",\"position\":2,\"name\":\"\u00c9ducation aux m\u00e9dias\",\"item\":\"https:\/\/belux.edmo.eu\/fr\/education-aux-medias\/\"},{\"@type\":\"ListItem\",\"position\":3,\"name\":\"Actions de terrain\"}]},{\"@type\":\"WebSite\",\"@id\":\"https:\/\/belux.edmo.eu\/#website\",\"url\":\"https:\/\/belux.edmo.eu\/\",\"name\":\"EDMO Belux\",\"description\":\"Monitoring Disinformation in Belgium and Luxembourg\",\"publisher\":{\"@id\":\"https:\/\/belux.edmo.eu\/#organization\"},\"potentialAction\":[{\"@type\":\"SearchAction\",\"target\":{\"@type\":\"EntryPoint\",\"urlTemplate\":\"https:\/\/belux.edmo.eu\/?s={search_term_string}\"},\"query-input\":{\"@type\":\"PropertyValueSpecification\",\"valueRequired\":true,\"valueName\":\"search_term_string\"}}],\"inLanguage\":\"fr-FR\"},{\"@type\":\"Organization\",\"@id\":\"https:\/\/belux.edmo.eu\/#organization\",\"name\":\"EDMO Belux\",\"url\":\"https:\/\/belux.edmo.eu\/\",\"logo\":{\"@type\":\"ImageObject\",\"inLanguage\":\"fr-FR\",\"@id\":\"https:\/\/belux.edmo.eu\/#\/schema\/logo\/image\/\",\"url\":\"https:\/\/belux.edmo.eu\/wp-content\/uploads\/2021\/12\/belux-logo-full-color-rgb.svg\",\"contentUrl\":\"https:\/\/belux.edmo.eu\/wp-content\/uploads\/2021\/12\/belux-logo-full-color-rgb.svg\",\"width\":1,\"height\":1,\"caption\":\"EDMO Belux\"},\"image\":{\"@id\":\"https:\/\/belux.edmo.eu\/#\/schema\/logo\/image\/\"},\"sameAs\":[\"https:\/\/x.com\/Edmo_Belux\"]}]}<\/script>\n<!-- \/ Yoast SEO plugin. -->","yoast_head_json":{"title":"Actions de terrain - EDMO Belux","robots":{"index":"index","follow":"follow","max-snippet":"max-snippet:-1","max-image-preview":"max-image-preview:large","max-video-preview":"max-video-preview:-1"},"canonical":"https:\/\/belux.edmo.eu\/fr\/education-aux-medias\/actions-de-terrain\/","og_locale":"fr_FR","og_type":"article","og_title":"Actions de terrain - EDMO Belux","og_description":"[vc_row][vc_column][vc_tta_accordion style=\u00a0\u00bbsimple_dashed\u00a0\u00bb active_section=\u00a0\u00bb1&Prime;][vc_tta_section title=\u00a0\u00bbAteliers, conf\u00e9rences et d\u00e9bats participatifs avec des adultes\u00a0\u00bb tab_id=\u00a0\u00bb1731932307254-641bea06-75ff\u00a0\u00bb][vc_column_text css=\u00a0\u00bb\u00a0\u00bb] Nous mettons en \u0153uvre des tables rondes,...","og_url":"https:\/\/belux.edmo.eu\/fr\/education-aux-medias\/actions-de-terrain\/","og_site_name":"EDMO Belux","article_modified_time":"2025-01-15T13:35:32+00:00","twitter_card":"summary_large_image","twitter_site":"@Edmo_Belux","twitter_misc":{"Dur\u00e9e de lecture estim\u00e9e":"2 minutes"},"schema":{"@context":"https:\/\/schema.org","@graph":[{"@type":"WebPage","@id":"https:\/\/belux.edmo.eu\/fr\/education-aux-medias\/actions-de-terrain\/","url":"https:\/\/belux.edmo.eu\/fr\/education-aux-medias\/actions-de-terrain\/","name":"Actions de terrain - EDMO Belux","isPartOf":{"@id":"https:\/\/belux.edmo.eu\/#website"},"datePublished":"2024-11-18T12:09:15+00:00","dateModified":"2025-01-15T13:35:32+00:00","breadcrumb":{"@id":"https:\/\/belux.edmo.eu\/fr\/education-aux-medias\/actions-de-terrain\/#breadcrumb"},"inLanguage":"fr-FR","potentialAction":[{"@type":"ReadAction","target":["https:\/\/belux.edmo.eu\/fr\/education-aux-medias\/actions-de-terrain\/"]}]},{"@type":"BreadcrumbList","@id":"https:\/\/belux.edmo.eu\/fr\/education-aux-medias\/actions-de-terrain\/#breadcrumb","itemListElement":[{"@type":"ListItem","position":1,"name":"Home","item":"https:\/\/belux.edmo.eu\/fr\/"},{"@type":"ListItem","position":2,"name":"\u00c9ducation aux m\u00e9dias","item":"https:\/\/belux.edmo.eu\/fr\/education-aux-medias\/"},{"@type":"ListItem","position":3,"name":"Actions de terrain"}]},{"@type":"WebSite","@id":"https:\/\/belux.edmo.eu\/#website","url":"https:\/\/belux.edmo.eu\/","name":"EDMO Belux","description":"Monitoring Disinformation in Belgium and Luxembourg","publisher":{"@id":"https:\/\/belux.edmo.eu\/#organization"},"potentialAction":[{"@type":"SearchAction","target":{"@type":"EntryPoint","urlTemplate":"https:\/\/belux.edmo.eu\/?s={search_term_string}"},"query-input":{"@type":"PropertyValueSpecification","valueRequired":true,"valueName":"search_term_string"}}],"inLanguage":"fr-FR"},{"@type":"Organization","@id":"https:\/\/belux.edmo.eu\/#organization","name":"EDMO Belux","url":"https:\/\/belux.edmo.eu\/","logo":{"@type":"ImageObject","inLanguage":"fr-FR","@id":"https:\/\/belux.edmo.eu\/#\/schema\/logo\/image\/","url":"https:\/\/belux.edmo.eu\/wp-content\/uploads\/2021\/12\/belux-logo-full-color-rgb.svg","contentUrl":"https:\/\/belux.edmo.eu\/wp-content\/uploads\/2021\/12\/belux-logo-full-color-rgb.svg","width":1,"height":1,"caption":"EDMO Belux"},"image":{"@id":"https:\/\/belux.edmo.eu\/#\/schema\/logo\/image\/"},"sameAs":["https:\/\/x.com\/Edmo_Belux"]}]}},"_links":{"self":[{"href":"https:\/\/belux.edmo.eu\/fr\/wp-json\/wp\/v2\/pages\/371537","targetHints":{"allow":["GET"]}}],"collection":[{"href":"https:\/\/belux.edmo.eu\/fr\/wp-json\/wp\/v2\/pages"}],"about":[{"href":"https:\/\/belux.edmo.eu\/fr\/wp-json\/wp\/v2\/types\/page"}],"author":[{"embeddable":true,"href":"https:\/\/belux.edmo.eu\/fr\/wp-json\/wp\/v2\/users\/14"}],"replies":[{"embeddable":true,"href":"https:\/\/belux.edmo.eu\/fr\/wp-json\/wp\/v2\/comments?post=371537"}],"version-history":[{"count":0,"href":"https:\/\/belux.edmo.eu\/fr\/wp-json\/wp\/v2\/pages\/371537\/revisions"}],"up":[{"embeddable":true,"href":"https:\/\/belux.edmo.eu\/fr\/wp-json\/wp\/v2\/pages\/11803"}],"wp:attachment":[{"href":"https:\/\/belux.edmo.eu\/fr\/wp-json\/wp\/v2\/media?parent=371537"}],"curies":[{"name":"wp","href":"https:\/\/api.w.org\/{rel}","templated":true}]}}