{"id":371539,"date":"2024-11-18T10:53:58","date_gmt":"2024-11-18T10:53:58","guid":{"rendered":"https:\/\/belux.edmo.eu\/education-aux-medias\/our-approach-draft\/"},"modified":"2025-10-16T10:01:03","modified_gmt":"2025-10-16T10:01:03","slug":"our-approach","status":"publish","type":"page","link":"https:\/\/belux.edmo.eu\/fr\/education-aux-medias\/our-approach\/","title":{"rendered":"Notre approche"},"content":{"rendered":"<div class=\"wpb-content-wrapper\"><p>[vc_row css=\u00a0\u00bb.vc_custom_1638957607328{margin-top: 0px !important;margin-bottom: 0px !important;padding-top: 0px !important;padding-bottom: 0px !important;}\u00a0\u00bb][vc_column][vc_column_text css_animation=\u00a0\u00bbbottom-to-top\u00a0\u00bb el_class=\u00a0\u00bbd-none\u00a0\u00bb]<\/p>\n<div class=\"title-h1\">Monitoring disinformation as it <span class=\"line-style\">happens<\/span><\/div>\n<p>[\/vc_column_text][vc_custom_heading text=\u00a0\u00bbNotre approche\u00a0\u00bb font_container=\u00a0\u00bbtag:div|font_size:24|text_align:center|color:%231a1a3a\u00a0\u00bb use_theme_fonts=\u00a0\u00bbyes\u00a0\u00bb css=\u00a0\u00bb.vc_custom_1736345653381{margin-bottom: 0px !important;border-top-width: 0px !important;border-bottom-width: 0px !important;padding-top: 0px !important;padding-bottom: 0px !important;}\u00a0\u00bb][vc_separator color=\u00a0\u00bbcustom\u00a0\u00bb accent_color=\u00a0\u00bb#ffcd05&Prime; border_width=\u00a0\u00bb5&Prime; el_width=\u00a0\u00bb10&Prime; css=\u00a0\u00bb.vc_custom_1733404893384{margin-top: 25px !important;margin-bottom: 50px !important;border-top-width: 0px !important;padding-top: 0px !important;}\u00a0\u00bb][vc_column_text css=\u00a0\u00bb\u00a0\u00bb css_animation=\u00a0\u00bbnone\u00a0\u00bb]<span data-contrast=\"auto\">Nous sommes inond\u00e9s d&rsquo;informations, et il n&rsquo;est pas toujours facile de d\u00e9m\u00ealer le vrai du faux. Bien que les fact-checkers s&rsquo;efforcent d&rsquo;analyser et de v\u00e9rifier les informations potentiellement trompeuses, le flux incessant de fausses informations rend le fact-checking insuffisant \u00e0 lui seul.<\/span><span data-ccp-props=\"{&quot;134233117&quot;:false,&quot;134233118&quot;:false,&quot;201341983&quot;:0,&quot;335551550&quot;:6,&quot;335551620&quot;:6,&quot;335559738&quot;:0,&quot;335559739&quot;:0,&quot;335559740&quot;:240}\">\u00a0<\/span><\/p>\n<p><span data-contrast=\"auto\">Pour combattre la d\u00e9sinformation, il est essentiel de promouvoir l&rsquo;\u00e9ducation aux m\u00e9dias, \u00e0 savoir la capacit\u00e9 d&rsquo;acc\u00e9der aux informations, de les \u00e9valuer et de d\u00e9velopper une pens\u00e9e critique.<\/span><span data-ccp-props=\"{&quot;134233117&quot;:false,&quot;134233118&quot;:false,&quot;201341983&quot;:0,&quot;335551550&quot;:6,&quot;335551620&quot;:6,&quot;335559738&quot;:0,&quot;335559739&quot;:0,&quot;335559740&quot;:240}\">\u00a0<\/span><\/p>\n<p><span data-contrast=\"auto\">\u00c0 cette fin, EDMO BELUX :<\/span><span data-ccp-props=\"{&quot;134233117&quot;:false,&quot;134233118&quot;:false,&quot;201341983&quot;:0,&quot;335551550&quot;:6,&quot;335551620&quot;:6,&quot;335559738&quot;:0,&quot;335559739&quot;:0,&quot;335559740&quot;:240}\">\u00a0<\/span>[\/vc_column_text]<div class=\"gem-list gem-list-type-checkbox\" ><ul>\n<li class=\"li1\">Propose de nombreuses actions sur le terrain destin\u00e9es \u00e0 sensibiliser les publics, en mettant particuli\u00e8rement l&rsquo;accent sur la formation des publics d\u00e9multiplicateurs (enseignants, \u00e9ducateurs, libraires, journalistes, etc.) afin de renforcer leurs pratiques quotidiennes ;<\/li>\n<li class=\"li1\">Met \u00e0 disposition et cr\u00e9e des ressources p\u00e9dagogiques pertinentes et actuelles sur la d\u00e9sinformation ;<\/li>\n<li class=\"li1\">Met en \u0153uvre des campagnes d&rsquo;\u00e9ducation aux m\u00e9dias visant \u00e0 am\u00e9liorer les r\u00e9flexes du grand public face \u00e0 la d\u00e9sinformation.<\/li>\n<\/ul>\n<\/div>[vc_column_text css=\u00a0\u00bb.vc_custom_1736345856334{margin-bottom: 0px !important;}\u00a0\u00bb css_animation=\u00a0\u00bbnone\u00a0\u00bb]<span class=\"TextRun SCXW140214958 BCX0\" lang=\"FR-FR\" xml:lang=\"FR-FR\" data-contrast=\"auto\"><span class=\"NormalTextRun SCXW140214958 BCX0\">Pour plus de d\u00e9tails, vous pouvez acc\u00e9der \u00e0 notre <\/span><\/span><a href=\"https:\/\/belux.edmo.eu\/fr\/education-aux-medias\/our-media-literacy-approach-to-tackle-mis-disinformation\/\"><span class=\"TextRun SCXW140214958 BCX0\" lang=\"FR-FR\" xml:lang=\"FR-FR\" data-contrast=\"none\"><span class=\"NormalTextRun SCXW140214958 BCX0\">texte de positionnement.<\/span><\/span><\/a>[\/vc_column_text][vc_empty_space height=\u00a0\u00bb50px\u00a0\u00bb][vc_custom_heading text=\u00a0\u00bbActualit\u00e9s &#8211; \u00c9ducation aux m\u00e9dias\u00a0\u00bb font_container=\u00a0\u00bbtag:div|font_size:24|text_align:center|color:%231a1a3a\u00a0\u00bb use_theme_fonts=\u00a0\u00bbyes\u00a0\u00bb css=\u00a0\u00bb.vc_custom_1748360349101{margin-bottom: 0px !important;border-top-width: 0px !important;border-bottom-width: 0px !important;padding-top: 0px !important;padding-bottom: 0px !important;}\u00a0\u00bb][vc_separator color=\u00a0\u00bbcustom\u00a0\u00bb accent_color=\u00a0\u00bb#ffcd05&Prime; border_width=\u00a0\u00bb5&Prime; el_width=\u00a0\u00bb10&Prime; css=\u00a0\u00bb.vc_custom_1733404893384{margin-top: 25px !important;margin-bottom: 50px !important;border-top-width: 0px !important;padding-top: 0px !important;}\u00a0\u00bb]<div id=\"style-073fd1f\" data-style-uid=\"073fd1f\" class=\"blog blog-style-justified-3x justified-style-1 inline-row clearfix item-animation-move-up pagination-more\" data-next-page=\"0\" data-pages-count=\"1\">\n<article id=\"post-512957\" class=\"col-lg-4 col-md-4 col-sm-6 col-xs-6 inline-column item-animations-not-inited post-512957 post type-post status-publish format-standard has-post-thumbnail category-actualites category-apercus-sur-leducation-aux-medias category-editors-choice-fr\"> <div class=\"post-content-wrapper\" style=\"\"> <div class=\"post-image\"><div class=\"post-featured-content\"><a href=\"https:\/\/belux.edmo.eu\/fr\/questioning-perceptions-what-images-do-we-have-of-generative-ai\/\"> <picture> <img src=\"https:\/\/belux-edmo.s3-accelerate.amazonaws.com\/wp-content\/uploads\/2026\/04\/gNpPAZls-website-visual-webinaire-2.jpg\" width=\"640\" height=\"360\" class=\"img-responsive\" alt=\"gNpPAZls-website-visual-webinaire-2.jpg\" \/> <\/picture> <\/a><\/div><\/div> <div class=\"description\"> <div class=\"post-meta-conteiner\"> <div class=\"post-meta-right\"> <\/div> <\/div> <div class=\"post-title\"> <div class=\"entry-title title-h4\"><a href=\"https:\/\/belux.edmo.eu\/fr\/questioning-perceptions-what-images-do-we-have-of-generative-ai\/\" rel=\"bookmark\"><span class=\"light\">Interroger les imaginaires : quelles images se fait-on des IA g\u00e9n\u00e9ratives ?<\/span><\/a><\/div> <\/div> <div class=\"post-text\"> <div class=\"summary\"> <p>M\u00e9dia Animation et le Conseil Sup\u00e9rieur de l\u2019Education aux M\u00e9dias (CSEM) ont collabor\u00e9 pour r\u00e9aliser une s\u00e9rie de webinaires autour de la question \u00ab L\u2019IA red\u00e9finit-elle les enjeux de d\u00e9sinformation ? \u00bb.<\/p> <\/div> <\/div> <div class=\"info clearfix\"> <div class=\"post-footer-sharing\"><div class=\"gem-button-container gem-button-position-inline thegem-button-69f523201af602426\" ><a class=\"gem-button gem-button-size-tiny gem-button-style-flat gem-button-text-weight-normal gem-button-empty\" data-ll-effect=\"drop-right-without-wrap\" style=\"border-radius: 3px;\" onmouseleave=\"\" onmouseenter=\"\" href=\"#\" target=\"_self\" role=\"button\" aria-label=\"Share\"><i class=\"gem-print-icon gem-icon-pack-thegem-icons gem-icon-share \"><\/i><\/a><\/div> <div class=\"sharing-popup\"> <div class=\"socials-sharing socials socials-colored-hover\"> <a class=\"socials-item\" target=\"_blank\" href=\"https:\/\/www.facebook.com\/sharer\/sharer.php?u=https%3A%2F%2Fbelux.edmo.eu%2Ffr%2Fquestioning-perceptions-what-images-do-we-have-of-generative-ai%2F\" title=\"Facebook\"><i class=\"socials-item-icon facebook\"><\/i><\/a> <a class=\"socials-item\" target=\"_blank\" href=\"https:\/\/twitter.com\/intent\/tweet?text=Interroger+les+imaginaires+%3A+quelles+images+se+fait-on+des+IA+g%C3%A9n%C3%A9ratives+%3F&#038;url=https%3A%2F%2Fbelux.edmo.eu%2Ffr%2Fquestioning-perceptions-what-images-do-we-have-of-generative-ai%2F\" title=\"Twitter\"><i class=\"socials-item-icon twitter\"><\/i><\/a> <a class=\"socials-item\" target=\"_blank\" href=\"https:\/\/pinterest.com\/pin\/create\/button\/?url=https%3A%2F%2Fbelux.edmo.eu%2Ffr%2Fquestioning-perceptions-what-images-do-we-have-of-generative-ai%2F&#038;description=Interroger+les+imaginaires+%3A+quelles+images+se+fait-on+des+IA+g%C3%A9n%C3%A9ratives+%3F&#038;media=https%3A%2F%2Fbelux-edmo.s3-accelerate.amazonaws.com%2Fwp-content%2Fuploads%2F2026%2F04%2FgNpPAZls-website-visual-webinaire-2.jpg\" title=\"Pinterest\"><i class=\"socials-item-icon pinterest\"><\/i><\/a> <a class=\"socials-item\" target=\"_blank\" href=\"https:\/\/www.tumblr.com\/widgets\/share\/tool?canonicalUrl=https%3A%2F%2Fbelux.edmo.eu%2Ffr%2Fquestioning-perceptions-what-images-do-we-have-of-generative-ai%2F\" title=\"Tumblr\"><i class=\"socials-item-icon tumblr\"><\/i><\/a> <a class=\"socials-item\" target=\"_blank\" href=\"https:\/\/www.linkedin.com\/shareArticle?mini=true&#038;url=https%3A%2F%2Fbelux.edmo.eu%2Ffr%2Fquestioning-perceptions-what-images-do-we-have-of-generative-ai%2F&#038;title=Interroger+les+imaginaires+%3A+quelles+images+se+fait-on+des+IA+g%C3%A9n%C3%A9ratives+%3F&amp;summary=M%C3%A9dia+Animation+et+le+Conseil+Sup%C3%A9rieur+de+l%E2%80%99Education+aux+M%C3%A9dias+%28CSEM%29+ont+collabor%C3%A9+pour+r%C3%A9aliser+une+s%C3%A9rie+de+webinaires+autour+de+la+question+%C2%AB+L%E2%80%99IA+red%C3%A9finit-elle+les+enjeux+de+d%C3%A9sinformation+%3F+%C2%BB.\" title=\"LinkedIn\"><i class=\"socials-item-icon linkedin\"><\/i><\/a> <a class=\"socials-item\" target=\"_blank\" href=\"https:\/\/www.reddit.com\/submit?url=https%3A%2F%2Fbelux.edmo.eu%2Ffr%2Fquestioning-perceptions-what-images-do-we-have-of-generative-ai%2F&#038;title=Interroger+les+imaginaires+%3A+quelles+images+se+fait-on+des+IA+g%C3%A9n%C3%A9ratives+%3F\" title=\"Reddit\"><i class=\"socials-item-icon reddit\"><\/i><\/a> <\/div> <svg class=\"sharing-styled-arrow\"><use xlink:href=\"https:\/\/belux.edmo.eu\/wp-content\/themes\/thegem\/css\/post-arrow.svg#dec-post-arrow\"><\/use><\/svg><\/div><\/div> <div class=\"post-read-more\"><div class=\"gem-button-container gem-button-position-inline thegem-button-69f523201b3b81188\" ><a class=\"gem-button gem-button-size-tiny gem-button-style-outline gem-button-text-weight-normal gem-button-border-2\" data-ll-effect=\"drop-right-without-wrap\" style=\"border-radius: 3px;\" onmouseleave=\"\" onmouseenter=\"\" href=\"https:\/\/belux.edmo.eu\/fr\/questioning-perceptions-what-images-do-we-have-of-generative-ai\/\" target=\"_self\">Lire la suite<\/a><\/div> <\/div> <\/div> <\/div> <\/div>\n<\/article> <article id=\"post-512944\" class=\"col-lg-4 col-md-4 col-sm-6 col-xs-6 inline-column item-animations-not-inited post-512944 post type-post status-publish format-standard has-post-thumbnail category-actualites category-apercus-sur-leducation-aux-medias category-editors-choice-fr\"> <div class=\"post-content-wrapper\" style=\"\"> <div class=\"post-image\"><div class=\"post-featured-content\"><a href=\"https:\/\/belux.edmo.eu\/fr\/when-images-create-doubt\/\"> <picture> <img src=\"https:\/\/belux-edmo.s3-accelerate.amazonaws.com\/wp-content\/uploads\/2026\/04\/vkaFIUjA-website-visual.jpg\" width=\"640\" height=\"360\" class=\"img-responsive\" alt=\"vkaFIUjA-website-visual.jpg\" \/> <\/picture> <\/a><\/div><\/div> <div class=\"description\"> <div class=\"post-meta-conteiner\"> <div class=\"post-meta-right\"> <\/div> <\/div> <div class=\"post-title\"> <div class=\"entry-title title-h4\"><a href=\"https:\/\/belux.edmo.eu\/fr\/when-images-create-doubt\/\" rel=\"bookmark\"><span class=\"light\">Quand les images cr\u00e9ent le doute<\/span><\/a><\/div> <\/div> <div class=\"post-text\"> <div class=\"summary\"> <p>M\u00e9dia Animation et le Conseil Sup\u00e9rieur de l\u2019Education aux M\u00e9dias (CSEM) ont collabor\u00e9 pour r\u00e9aliser une s\u00e9rie de webinaires autour de la question \u00ab L\u2019IA red\u00e9finit-elle les enjeux de d\u00e9sinformation ? \u00bb.<\/p> <\/div> <\/div> <div class=\"info clearfix\"> <div class=\"post-footer-sharing\"><div class=\"gem-button-container gem-button-position-inline thegem-button-69f523201cfc33249\" ><a class=\"gem-button gem-button-size-tiny gem-button-style-flat gem-button-text-weight-normal gem-button-empty\" data-ll-effect=\"drop-right-without-wrap\" style=\"border-radius: 3px;\" onmouseleave=\"\" onmouseenter=\"\" href=\"#\" target=\"_self\" role=\"button\" aria-label=\"Share\"><i class=\"gem-print-icon gem-icon-pack-thegem-icons gem-icon-share \"><\/i><\/a><\/div> <div class=\"sharing-popup\"> <div class=\"socials-sharing socials socials-colored-hover\"> <a class=\"socials-item\" target=\"_blank\" href=\"https:\/\/www.facebook.com\/sharer\/sharer.php?u=https%3A%2F%2Fbelux.edmo.eu%2Ffr%2Fwhen-images-create-doubt%2F\" title=\"Facebook\"><i class=\"socials-item-icon facebook\"><\/i><\/a> <a class=\"socials-item\" target=\"_blank\" href=\"https:\/\/twitter.com\/intent\/tweet?text=Quand+les+images+cr%C3%A9ent+le+doute&#038;url=https%3A%2F%2Fbelux.edmo.eu%2Ffr%2Fwhen-images-create-doubt%2F\" title=\"Twitter\"><i class=\"socials-item-icon twitter\"><\/i><\/a> <a class=\"socials-item\" target=\"_blank\" href=\"https:\/\/pinterest.com\/pin\/create\/button\/?url=https%3A%2F%2Fbelux.edmo.eu%2Ffr%2Fwhen-images-create-doubt%2F&#038;description=Quand+les+images+cr%C3%A9ent+le+doute&#038;media=https%3A%2F%2Fbelux-edmo.s3-accelerate.amazonaws.com%2Fwp-content%2Fuploads%2F2026%2F04%2FvkaFIUjA-website-visual.jpg\" title=\"Pinterest\"><i class=\"socials-item-icon pinterest\"><\/i><\/a> <a class=\"socials-item\" target=\"_blank\" href=\"https:\/\/www.tumblr.com\/widgets\/share\/tool?canonicalUrl=https%3A%2F%2Fbelux.edmo.eu%2Ffr%2Fwhen-images-create-doubt%2F\" title=\"Tumblr\"><i class=\"socials-item-icon tumblr\"><\/i><\/a> <a class=\"socials-item\" target=\"_blank\" href=\"https:\/\/www.linkedin.com\/shareArticle?mini=true&#038;url=https%3A%2F%2Fbelux.edmo.eu%2Ffr%2Fwhen-images-create-doubt%2F&#038;title=Quand+les+images+cr%C3%A9ent+le+doute&amp;summary=M%C3%A9dia+Animation+et+le+Conseil+Sup%C3%A9rieur+de+l%E2%80%99Education+aux+M%C3%A9dias+%28CSEM%29+ont+collabor%C3%A9+pour+r%C3%A9aliser+une+s%C3%A9rie+de+webinaires+autour+de+la+question+%C2%AB+L%E2%80%99IA+red%C3%A9finit-elle+les+enjeux+de+d%C3%A9sinformation+%3F+%C2%BB.\" title=\"LinkedIn\"><i class=\"socials-item-icon linkedin\"><\/i><\/a> <a class=\"socials-item\" target=\"_blank\" href=\"https:\/\/www.reddit.com\/submit?url=https%3A%2F%2Fbelux.edmo.eu%2Ffr%2Fwhen-images-create-doubt%2F&#038;title=Quand+les+images+cr%C3%A9ent+le+doute\" title=\"Reddit\"><i class=\"socials-item-icon reddit\"><\/i><\/a> <\/div> <svg class=\"sharing-styled-arrow\"><use xlink:href=\"https:\/\/belux.edmo.eu\/wp-content\/themes\/thegem\/css\/post-arrow.svg#dec-post-arrow\"><\/use><\/svg><\/div><\/div> <div class=\"post-read-more\"><div class=\"gem-button-container gem-button-position-inline thegem-button-69f523201d2eb5213\" ><a class=\"gem-button gem-button-size-tiny gem-button-style-outline gem-button-text-weight-normal gem-button-border-2\" data-ll-effect=\"drop-right-without-wrap\" style=\"border-radius: 3px;\" onmouseleave=\"\" onmouseenter=\"\" href=\"https:\/\/belux.edmo.eu\/fr\/when-images-create-doubt\/\" target=\"_self\">Lire la suite<\/a><\/div> <\/div> <\/div> <\/div> <\/div>\n<\/article> <article id=\"post-406649\" class=\"col-lg-4 col-md-4 col-sm-6 col-xs-6 inline-column item-animations-not-inited post-406649 post type-post status-publish format-standard has-post-thumbnail category-apercus-sur-leducation-aux-medias category-editors-choice-fr tag-ml-featured-fr\"> <div class=\"post-content-wrapper\" style=\"\"> <div class=\"post-image\"><div class=\"post-featured-content\"><a href=\"https:\/\/belux.edmo.eu\/fr\/media-literacy-week-in-the-french-community-in-belgium\/\"> <picture> <img src=\"https:\/\/belux-edmo.s3-accelerate.amazonaws.com\/wp-content\/uploads\/2025\/11\/SOIG6Apb-FWB-CSEM-semaine-EAM_site-internet-950-x-480.jpg\" width=\"640\" height=\"323\" class=\"img-responsive\" alt=\"SOIG6Apb-FWB-CSEM-semaine-EAM_site-internet-950-x-480.jpg\" \/> <\/picture> <\/a><\/div><\/div> <div class=\"description\"> <div class=\"post-meta-conteiner\"> <div class=\"post-meta-right\"> <\/div> <\/div> <div class=\"post-title\"> <div class=\"entry-title title-h4\"><a href=\"https:\/\/belux.edmo.eu\/fr\/media-literacy-week-in-the-french-community-in-belgium\/\" rel=\"bookmark\"><span class=\"light\">Semaine de l\u2019\u00e9ducation aux m\u00e9dias en Belgique Francophone<\/span><\/a><\/div> <\/div> <div class=\"post-text\"> <div class=\"summary\"> <p>Le Conseil sup\u00e9rieur de l\u2019\u00e9ducation aux m\u00e9dias organise la troisi\u00e8me \u00e9dition de la Semaine de l\u2019\u00e9ducation aux m\u00e9dias dans les \u00e9coles et les lieux relevant du secteur de la Jeunesse, du 15 au 23 novembre 2025, en F\u00e9d\u00e9ration Wallonie-Bruxelles.<\/p> <\/div> <\/div> <div class=\"info clearfix\"> <div class=\"post-footer-sharing\"><div class=\"gem-button-container gem-button-position-inline thegem-button-69f523201e8da6497\" ><a class=\"gem-button gem-button-size-tiny gem-button-style-flat gem-button-text-weight-normal gem-button-empty\" data-ll-effect=\"drop-right-without-wrap\" style=\"border-radius: 3px;\" onmouseleave=\"\" onmouseenter=\"\" href=\"#\" target=\"_self\" role=\"button\" aria-label=\"Share\"><i class=\"gem-print-icon gem-icon-pack-thegem-icons gem-icon-share \"><\/i><\/a><\/div> <div class=\"sharing-popup\"> <div class=\"socials-sharing socials socials-colored-hover\"> <a class=\"socials-item\" target=\"_blank\" href=\"https:\/\/www.facebook.com\/sharer\/sharer.php?u=https%3A%2F%2Fbelux.edmo.eu%2Ffr%2Fmedia-literacy-week-in-the-french-community-in-belgium%2F\" title=\"Facebook\"><i class=\"socials-item-icon facebook\"><\/i><\/a> <a class=\"socials-item\" target=\"_blank\" href=\"https:\/\/twitter.com\/intent\/tweet?text=Semaine+de+l%E2%80%99%C3%A9ducation+aux+m%C3%A9dias+en+Belgique+Francophone&#038;url=https%3A%2F%2Fbelux.edmo.eu%2Ffr%2Fmedia-literacy-week-in-the-french-community-in-belgium%2F\" title=\"Twitter\"><i class=\"socials-item-icon twitter\"><\/i><\/a> <a class=\"socials-item\" target=\"_blank\" href=\"https:\/\/pinterest.com\/pin\/create\/button\/?url=https%3A%2F%2Fbelux.edmo.eu%2Ffr%2Fmedia-literacy-week-in-the-french-community-in-belgium%2F&#038;description=Semaine+de+l%E2%80%99%C3%A9ducation+aux+m%C3%A9dias+en+Belgique+Francophone&#038;media=https%3A%2F%2Fbelux-edmo.s3-accelerate.amazonaws.com%2Fwp-content%2Fuploads%2F2025%2F11%2FSOIG6Apb-FWB-CSEM-semaine-EAM_site-internet-950-x-480.jpg\" title=\"Pinterest\"><i class=\"socials-item-icon pinterest\"><\/i><\/a> <a class=\"socials-item\" target=\"_blank\" href=\"https:\/\/www.tumblr.com\/widgets\/share\/tool?canonicalUrl=https%3A%2F%2Fbelux.edmo.eu%2Ffr%2Fmedia-literacy-week-in-the-french-community-in-belgium%2F\" title=\"Tumblr\"><i class=\"socials-item-icon tumblr\"><\/i><\/a> <a class=\"socials-item\" target=\"_blank\" href=\"https:\/\/www.linkedin.com\/shareArticle?mini=true&#038;url=https%3A%2F%2Fbelux.edmo.eu%2Ffr%2Fmedia-literacy-week-in-the-french-community-in-belgium%2F&#038;title=Semaine+de+l%E2%80%99%C3%A9ducation+aux+m%C3%A9dias+en+Belgique+Francophone&amp;summary=Le+Conseil+sup%C3%A9rieur+de+l%E2%80%99%C3%A9ducation+aux+m%C3%A9dias+organise+la+troisi%C3%A8me+%C3%A9dition+de+la+Semaine+de+l%E2%80%99%C3%A9ducation+aux+m%C3%A9dias+dans+les+%C3%A9coles+et+les+lieux+relevant+du+secteur+de+la+Jeunesse%2C+du+15+au+23+novembre+2025%2C+en+F%C3%A9d%C3%A9ration+Wallonie-Bruxelles.\" title=\"LinkedIn\"><i class=\"socials-item-icon linkedin\"><\/i><\/a> <a class=\"socials-item\" target=\"_blank\" href=\"https:\/\/www.reddit.com\/submit?url=https%3A%2F%2Fbelux.edmo.eu%2Ffr%2Fmedia-literacy-week-in-the-french-community-in-belgium%2F&#038;title=Semaine+de+l%E2%80%99%C3%A9ducation+aux+m%C3%A9dias+en+Belgique+Francophone\" title=\"Reddit\"><i class=\"socials-item-icon reddit\"><\/i><\/a> <\/div> <svg class=\"sharing-styled-arrow\"><use xlink:href=\"https:\/\/belux.edmo.eu\/wp-content\/themes\/thegem\/css\/post-arrow.svg#dec-post-arrow\"><\/use><\/svg><\/div><\/div> <div class=\"post-read-more\"><div class=\"gem-button-container gem-button-position-inline thegem-button-69f523201ecb89994\" ><a class=\"gem-button gem-button-size-tiny gem-button-style-outline gem-button-text-weight-normal gem-button-border-2\" data-ll-effect=\"drop-right-without-wrap\" style=\"border-radius: 3px;\" onmouseleave=\"\" onmouseenter=\"\" href=\"https:\/\/belux.edmo.eu\/fr\/media-literacy-week-in-the-french-community-in-belgium\/\" target=\"_self\">Lire la suite<\/a><\/div> <\/div> <\/div> <\/div> <\/div>\n<\/article> <article id=\"post-398572\" class=\"col-lg-4 col-md-4 col-sm-6 col-xs-6 inline-column item-animations-not-inited post-398572 post type-post status-publish format-standard has-post-thumbnail category-apercus-sur-leducation-aux-medias tag-ml-featured-fr\"> <div class=\"post-content-wrapper\" style=\"\"> <div class=\"post-image\"><div class=\"post-featured-content\"><a href=\"https:\/\/belux.edmo.eu\/fr\/three-new-fact-sheets-available-on-the-desinfo-education-website\/\"> <picture> <img src=\"https:\/\/belux-edmo.s3-accelerate.amazonaws.com\/wp-content\/uploads\/2025\/07\/M7UdRDUY-Illustration-news-item-July-2-Desinfo-Educ-copy.jpg\" width=\"554\" height=\"480\" class=\"img-responsive\" alt=\"M7UdRDUY-Illustration-news-item-July-2-Desinfo-Educ-copy.jpg\" \/> <\/picture> <\/a><\/div><\/div> <div class=\"description\"> <div class=\"post-meta-conteiner\"> <div class=\"post-meta-right\"> <\/div> <\/div> <div class=\"post-title\"> <div class=\"entry-title title-h4\"><a href=\"https:\/\/belux.edmo.eu\/fr\/three-new-fact-sheets-available-on-the-desinfo-education-website\/\" rel=\"bookmark\"><span class=\"light\">Trois nouvelles fiches disponibles sur le site Desinfo.education<\/span><\/a><\/div> <\/div> <div class=\"post-text\"> <div class=\"summary\"> <p>Trois nouvelles fiches sont d\u00e9sormais en ligne sur le site Desinfo.education, chacune abordant une th\u00e9matique diff\u00e9rente.<\/p> <\/div> <\/div> <div class=\"info clearfix\"> <div class=\"post-footer-sharing\"><div class=\"gem-button-container gem-button-position-inline thegem-button-69f523201ffae2740\" ><a class=\"gem-button gem-button-size-tiny gem-button-style-flat gem-button-text-weight-normal gem-button-empty\" data-ll-effect=\"drop-right-without-wrap\" style=\"border-radius: 3px;\" onmouseleave=\"\" onmouseenter=\"\" href=\"#\" target=\"_self\" role=\"button\" aria-label=\"Share\"><i class=\"gem-print-icon gem-icon-pack-thegem-icons gem-icon-share \"><\/i><\/a><\/div> <div class=\"sharing-popup\"> <div class=\"socials-sharing socials socials-colored-hover\"> <a class=\"socials-item\" target=\"_blank\" href=\"https:\/\/www.facebook.com\/sharer\/sharer.php?u=https%3A%2F%2Fbelux.edmo.eu%2Ffr%2Fthree-new-fact-sheets-available-on-the-desinfo-education-website%2F\" title=\"Facebook\"><i class=\"socials-item-icon facebook\"><\/i><\/a> <a class=\"socials-item\" target=\"_blank\" href=\"https:\/\/twitter.com\/intent\/tweet?text=Trois+nouvelles+fiches+disponibles+sur+le+site+Desinfo.education&#038;url=https%3A%2F%2Fbelux.edmo.eu%2Ffr%2Fthree-new-fact-sheets-available-on-the-desinfo-education-website%2F\" title=\"Twitter\"><i class=\"socials-item-icon twitter\"><\/i><\/a> <a class=\"socials-item\" target=\"_blank\" href=\"https:\/\/pinterest.com\/pin\/create\/button\/?url=https%3A%2F%2Fbelux.edmo.eu%2Ffr%2Fthree-new-fact-sheets-available-on-the-desinfo-education-website%2F&#038;description=Trois+nouvelles+fiches+disponibles+sur+le+site+Desinfo.education&#038;media=https%3A%2F%2Fbelux-edmo.s3-accelerate.amazonaws.com%2Fwp-content%2Fuploads%2F2025%2F07%2FM7UdRDUY-Illustration-news-item-July-2-Desinfo-Educ-copy.jpg\" title=\"Pinterest\"><i class=\"socials-item-icon pinterest\"><\/i><\/a> <a class=\"socials-item\" target=\"_blank\" href=\"https:\/\/www.tumblr.com\/widgets\/share\/tool?canonicalUrl=https%3A%2F%2Fbelux.edmo.eu%2Ffr%2Fthree-new-fact-sheets-available-on-the-desinfo-education-website%2F\" title=\"Tumblr\"><i class=\"socials-item-icon tumblr\"><\/i><\/a> <a class=\"socials-item\" target=\"_blank\" href=\"https:\/\/www.linkedin.com\/shareArticle?mini=true&#038;url=https%3A%2F%2Fbelux.edmo.eu%2Ffr%2Fthree-new-fact-sheets-available-on-the-desinfo-education-website%2F&#038;title=Trois+nouvelles+fiches+disponibles+sur+le+site+Desinfo.education&amp;summary=Trois+nouvelles+fiches+sont+d%C3%A9sormais+en+ligne+sur+le+site+Desinfo.education%2C+chacune+abordant+une+th%C3%A9matique+diff%C3%A9rente.\" title=\"LinkedIn\"><i class=\"socials-item-icon linkedin\"><\/i><\/a> <a class=\"socials-item\" target=\"_blank\" href=\"https:\/\/www.reddit.com\/submit?url=https%3A%2F%2Fbelux.edmo.eu%2Ffr%2Fthree-new-fact-sheets-available-on-the-desinfo-education-website%2F&#038;title=Trois+nouvelles+fiches+disponibles+sur+le+site+Desinfo.education\" title=\"Reddit\"><i class=\"socials-item-icon reddit\"><\/i><\/a> <\/div> <svg class=\"sharing-styled-arrow\"><use xlink:href=\"https:\/\/belux.edmo.eu\/wp-content\/themes\/thegem\/css\/post-arrow.svg#dec-post-arrow\"><\/use><\/svg><\/div><\/div> <div class=\"post-read-more\"><div class=\"gem-button-container gem-button-position-inline thegem-button-69f52320203668307\" ><a class=\"gem-button gem-button-size-tiny gem-button-style-outline gem-button-text-weight-normal gem-button-border-2\" data-ll-effect=\"drop-right-without-wrap\" style=\"border-radius: 3px;\" onmouseleave=\"\" onmouseenter=\"\" href=\"https:\/\/belux.edmo.eu\/fr\/three-new-fact-sheets-available-on-the-desinfo-education-website\/\" target=\"_self\">Lire la suite<\/a><\/div> <\/div> <\/div> <\/div> <\/div>\n<\/article> <article id=\"post-396202\" class=\"col-lg-4 col-md-4 col-sm-6 col-xs-6 inline-column item-animations-not-inited post-396202 post type-post status-publish format-standard has-post-thumbnail category-apercus-sur-leducation-aux-medias\"> <div class=\"post-content-wrapper\" style=\"\"> <div class=\"post-image\"><div class=\"post-featured-content\"><a href=\"https:\/\/belux.edmo.eu\/fr\/disinformation-and-polarization-edmo-belux-2-0-interventions-for-professionals\/\"> <picture> <img src=\"https:\/\/belux-edmo.s3-accelerate.amazonaws.com\/wp-content\/uploads\/2025\/05\/iMY72gdK-pexels-markus-winkler-1430818-4160060-1.jpg\" width=\"640\" height=\"427\" class=\"img-responsive\" alt=\"iMY72gdK-pexels-markus-winkler-1430818-4160060-1.jpg\" \/> <\/picture> <\/a><\/div><\/div> <div class=\"description\"> <div class=\"post-meta-conteiner\"> <div class=\"post-meta-right\"> <\/div> <\/div> <div class=\"post-title\"> <div class=\"entry-title title-h4\"><a href=\"https:\/\/belux.edmo.eu\/fr\/disinformation-and-polarization-edmo-belux-2-0-interventions-for-professionals\/\" rel=\"bookmark\"><span class=\"light\">D\u00e9sinformation et polarisation : interventions d\u2019EDMO BELUX 2.0. aupr\u00e8s de professionnels<\/span><\/a><\/div> <\/div> <div class=\"post-text\"> <div class=\"summary\"> <p>Le consortium EDMO BELUX a \u00e9t\u00e9 sollicit\u00e9 \u00e0 deux reprises pour intervenir aupr\u00e8s des professionnels concern\u00e9s par les enjeux de d\u00e9sinformation\u00a0: agents de pr\u00e9vention radicalisme, travailleurs en IPPJ, \u00e9quipes mobiles, agents de quartier, animateurs de rue\u2026<\/p> <\/div> <\/div> <div class=\"info clearfix\"> <div class=\"post-footer-sharing\"><div class=\"gem-button-container gem-button-position-inline thegem-button-69f5232021c166421\" ><a class=\"gem-button gem-button-size-tiny gem-button-style-flat gem-button-text-weight-normal gem-button-empty\" data-ll-effect=\"drop-right-without-wrap\" style=\"border-radius: 3px;\" onmouseleave=\"\" onmouseenter=\"\" href=\"#\" target=\"_self\" role=\"button\" aria-label=\"Share\"><i class=\"gem-print-icon gem-icon-pack-thegem-icons gem-icon-share \"><\/i><\/a><\/div> <div class=\"sharing-popup\"> <div class=\"socials-sharing socials socials-colored-hover\"> <a class=\"socials-item\" target=\"_blank\" href=\"https:\/\/www.facebook.com\/sharer\/sharer.php?u=https%3A%2F%2Fbelux.edmo.eu%2Ffr%2Fdisinformation-and-polarization-edmo-belux-2-0-interventions-for-professionals%2F\" title=\"Facebook\"><i class=\"socials-item-icon facebook\"><\/i><\/a> <a class=\"socials-item\" target=\"_blank\" href=\"https:\/\/twitter.com\/intent\/tweet?text=D%C3%A9sinformation+et+polarisation+%3A+interventions+d%E2%80%99EDMO+BELUX+2.0.+aupr%C3%A8s+de+professionnels&#038;url=https%3A%2F%2Fbelux.edmo.eu%2Ffr%2Fdisinformation-and-polarization-edmo-belux-2-0-interventions-for-professionals%2F\" title=\"Twitter\"><i class=\"socials-item-icon twitter\"><\/i><\/a> <a class=\"socials-item\" target=\"_blank\" href=\"https:\/\/pinterest.com\/pin\/create\/button\/?url=https%3A%2F%2Fbelux.edmo.eu%2Ffr%2Fdisinformation-and-polarization-edmo-belux-2-0-interventions-for-professionals%2F&#038;description=D%C3%A9sinformation+et+polarisation+%3A+interventions+d%E2%80%99EDMO+BELUX+2.0.+aupr%C3%A8s+de+professionnels&#038;media=https%3A%2F%2Fbelux-edmo.s3-accelerate.amazonaws.com%2Fwp-content%2Fuploads%2F2025%2F05%2FiMY72gdK-pexels-markus-winkler-1430818-4160060-1.jpg\" title=\"Pinterest\"><i class=\"socials-item-icon pinterest\"><\/i><\/a> <a class=\"socials-item\" target=\"_blank\" href=\"https:\/\/www.tumblr.com\/widgets\/share\/tool?canonicalUrl=https%3A%2F%2Fbelux.edmo.eu%2Ffr%2Fdisinformation-and-polarization-edmo-belux-2-0-interventions-for-professionals%2F\" title=\"Tumblr\"><i class=\"socials-item-icon tumblr\"><\/i><\/a> <a class=\"socials-item\" target=\"_blank\" href=\"https:\/\/www.linkedin.com\/shareArticle?mini=true&#038;url=https%3A%2F%2Fbelux.edmo.eu%2Ffr%2Fdisinformation-and-polarization-edmo-belux-2-0-interventions-for-professionals%2F&#038;title=D%C3%A9sinformation+et+polarisation+%3A+interventions+d%E2%80%99EDMO+BELUX+2.0.+aupr%C3%A8s+de+professionnels&amp;summary=Le+consortium+EDMO+BELUX+a+%C3%A9t%C3%A9+sollicit%C3%A9+%C3%A0+deux+reprises+pour+intervenir+aupr%C3%A8s+des+professionnels+concern%C3%A9s+par+les+enjeux+de+d%C3%A9sinformation%C2%A0%3A+agents+de+pr%C3%A9vention+radicalisme%2C+travailleurs+en+IPPJ%2C+%C3%A9quipes+mobiles%2C+agents+de+quartier%2C+animateurs+de+rue%E2%80%A6\" title=\"LinkedIn\"><i class=\"socials-item-icon linkedin\"><\/i><\/a> <a class=\"socials-item\" target=\"_blank\" href=\"https:\/\/www.reddit.com\/submit?url=https%3A%2F%2Fbelux.edmo.eu%2Ffr%2Fdisinformation-and-polarization-edmo-belux-2-0-interventions-for-professionals%2F&#038;title=D%C3%A9sinformation+et+polarisation+%3A+interventions+d%E2%80%99EDMO+BELUX+2.0.+aupr%C3%A8s+de+professionnels\" title=\"Reddit\"><i class=\"socials-item-icon reddit\"><\/i><\/a> <\/div> <svg class=\"sharing-styled-arrow\"><use xlink:href=\"https:\/\/belux.edmo.eu\/wp-content\/themes\/thegem\/css\/post-arrow.svg#dec-post-arrow\"><\/use><\/svg><\/div><\/div> <div class=\"post-read-more\"><div class=\"gem-button-container gem-button-position-inline thegem-button-69f52320220593738\" ><a class=\"gem-button gem-button-size-tiny gem-button-style-outline gem-button-text-weight-normal gem-button-border-2\" data-ll-effect=\"drop-right-without-wrap\" style=\"border-radius: 3px;\" onmouseleave=\"\" onmouseenter=\"\" href=\"https:\/\/belux.edmo.eu\/fr\/disinformation-and-polarization-edmo-belux-2-0-interventions-for-professionals\/\" target=\"_self\">Lire la suite<\/a><\/div> <\/div> <\/div> <\/div> <\/div>\n<\/article> <article id=\"post-396173\" class=\"col-lg-4 col-md-4 col-sm-6 col-xs-6 inline-column item-animations-not-inited post-396173 post type-post status-publish format-standard has-post-thumbnail category-apercus-sur-leducation-aux-medias tag-ml-featured-fr\"> <div class=\"post-content-wrapper\" style=\"\"> <div class=\"post-image\"><div class=\"post-featured-content\"><a href=\"https:\/\/belux.edmo.eu\/fr\/what-do-fake-news-look-like-a-critical-analysis-of-awareness-campaigns\/\"> <picture> <img src=\"https:\/\/belux-edmo.s3-accelerate.amazonaws.com\/wp-content\/uploads\/2025\/05\/r47yDqKR-pexels-joshuamiranda-3989901.jpg\" width=\"640\" height=\"427\" class=\"img-responsive\" alt=\"r47yDqKR-pexels-joshuamiranda-3989901.jpg\" \/> <\/picture> <\/a><\/div><\/div> <div class=\"description\"> <div class=\"post-meta-conteiner\"> <div class=\"post-meta-right\"> <\/div> <\/div> <div class=\"post-title\"> <div class=\"entry-title title-h4\"><a href=\"https:\/\/belux.edmo.eu\/fr\/what-do-fake-news-look-like-a-critical-analysis-of-awareness-campaigns\/\" rel=\"bookmark\"><span class=\"light\">Quels visuels pour repr\u00e9senter les fake news ? Une analyse critique des campagnes de sensibilisation<\/span><\/a><\/div> <\/div> <div class=\"post-text\"> <div class=\"summary\"> <p>Dans le cadre du projet EDMO BELUX 2.0, M\u00e9dia Animation s\u2019est pench\u00e9 sur un angle encore peu explor\u00e9 de la lutte contre la d\u00e9sinformation : la mani\u00e8re dont elle est repr\u00e9sent\u00e9e visuellement dans les campagnes de sensibilisation.<\/p> <\/div> <\/div> <div class=\"info clearfix\"> <div class=\"post-footer-sharing\"><div class=\"gem-button-container gem-button-position-inline thegem-button-69f52320236e02478\" ><a class=\"gem-button gem-button-size-tiny gem-button-style-flat gem-button-text-weight-normal gem-button-empty\" data-ll-effect=\"drop-right-without-wrap\" style=\"border-radius: 3px;\" onmouseleave=\"\" onmouseenter=\"\" href=\"#\" target=\"_self\" role=\"button\" aria-label=\"Share\"><i class=\"gem-print-icon gem-icon-pack-thegem-icons gem-icon-share \"><\/i><\/a><\/div> <div class=\"sharing-popup\"> <div class=\"socials-sharing socials socials-colored-hover\"> <a class=\"socials-item\" target=\"_blank\" href=\"https:\/\/www.facebook.com\/sharer\/sharer.php?u=https%3A%2F%2Fbelux.edmo.eu%2Ffr%2Fwhat-do-fake-news-look-like-a-critical-analysis-of-awareness-campaigns%2F\" title=\"Facebook\"><i class=\"socials-item-icon facebook\"><\/i><\/a> <a class=\"socials-item\" target=\"_blank\" href=\"https:\/\/twitter.com\/intent\/tweet?text=Quels+visuels+pour+repr%C3%A9senter+les+fake+news+%3F+Une+analyse+critique+des+campagnes+de+sensibilisation&#038;url=https%3A%2F%2Fbelux.edmo.eu%2Ffr%2Fwhat-do-fake-news-look-like-a-critical-analysis-of-awareness-campaigns%2F\" title=\"Twitter\"><i class=\"socials-item-icon twitter\"><\/i><\/a> <a class=\"socials-item\" target=\"_blank\" href=\"https:\/\/pinterest.com\/pin\/create\/button\/?url=https%3A%2F%2Fbelux.edmo.eu%2Ffr%2Fwhat-do-fake-news-look-like-a-critical-analysis-of-awareness-campaigns%2F&#038;description=Quels+visuels+pour+repr%C3%A9senter+les+fake+news+%3F+Une+analyse+critique+des+campagnes+de+sensibilisation&#038;media=https%3A%2F%2Fbelux-edmo.s3-accelerate.amazonaws.com%2Fwp-content%2Fuploads%2F2025%2F05%2Fr47yDqKR-pexels-joshuamiranda-3989901.jpg\" title=\"Pinterest\"><i class=\"socials-item-icon pinterest\"><\/i><\/a> <a class=\"socials-item\" target=\"_blank\" href=\"https:\/\/www.tumblr.com\/widgets\/share\/tool?canonicalUrl=https%3A%2F%2Fbelux.edmo.eu%2Ffr%2Fwhat-do-fake-news-look-like-a-critical-analysis-of-awareness-campaigns%2F\" title=\"Tumblr\"><i class=\"socials-item-icon tumblr\"><\/i><\/a> <a class=\"socials-item\" target=\"_blank\" href=\"https:\/\/www.linkedin.com\/shareArticle?mini=true&#038;url=https%3A%2F%2Fbelux.edmo.eu%2Ffr%2Fwhat-do-fake-news-look-like-a-critical-analysis-of-awareness-campaigns%2F&#038;title=Quels+visuels+pour+repr%C3%A9senter+les+fake+news+%3F+Une+analyse+critique+des+campagnes+de+sensibilisation&amp;summary=Dans+le+cadre+du+projet+EDMO+BELUX+2.0%2C+M%C3%A9dia+Animation+s%E2%80%99est+pench%C3%A9+sur+un+angle+encore+peu+explor%C3%A9+de+la+lutte+contre+la+d%C3%A9sinformation+%3A+la+mani%C3%A8re+dont+elle+est+repr%C3%A9sent%C3%A9e+visuellement+dans+les+campagnes+de+sensibilisation.\" title=\"LinkedIn\"><i class=\"socials-item-icon linkedin\"><\/i><\/a> <a class=\"socials-item\" target=\"_blank\" href=\"https:\/\/www.reddit.com\/submit?url=https%3A%2F%2Fbelux.edmo.eu%2Ffr%2Fwhat-do-fake-news-look-like-a-critical-analysis-of-awareness-campaigns%2F&#038;title=Quels+visuels+pour+repr%C3%A9senter+les+fake+news+%3F+Une+analyse+critique+des+campagnes+de+sensibilisation\" title=\"Reddit\"><i class=\"socials-item-icon reddit\"><\/i><\/a> <\/div> <svg class=\"sharing-styled-arrow\"><use xlink:href=\"https:\/\/belux.edmo.eu\/wp-content\/themes\/thegem\/css\/post-arrow.svg#dec-post-arrow\"><\/use><\/svg><\/div><\/div> <div class=\"post-read-more\"><div class=\"gem-button-container gem-button-position-inline thegem-button-69f5232023b168358\" ><a class=\"gem-button gem-button-size-tiny gem-button-style-outline gem-button-text-weight-normal gem-button-border-2\" data-ll-effect=\"drop-right-without-wrap\" style=\"border-radius: 3px;\" onmouseleave=\"\" onmouseenter=\"\" href=\"https:\/\/belux.edmo.eu\/fr\/what-do-fake-news-look-like-a-critical-analysis-of-awareness-campaigns\/\" target=\"_self\">Lire la suite<\/a><\/div> <\/div> <\/div> <\/div> <\/div>\n<\/article> <article id=\"post-396145\" class=\"col-lg-4 col-md-4 col-sm-6 col-xs-6 inline-column item-animations-not-inited post-396145 post type-post status-publish format-standard has-post-thumbnail category-apercus-sur-leducation-aux-medias tag-ml-featured-fr\"> <div class=\"post-content-wrapper\" style=\"\"> <div class=\"post-image\"><div class=\"post-featured-content\"><a href=\"https:\/\/belux.edmo.eu\/fr\/training-teachers-on-disinformation-a-pedagogical-opportunity\/\"> <picture> <img src=\"https:\/\/belux-edmo.s3-accelerate.amazonaws.com\/wp-content\/uploads\/2025\/05\/lD3D1CyG-training-teachers.jpg\" width=\"640\" height=\"373\" class=\"img-responsive\" alt=\"lD3D1CyG-training-teachers.jpg\" \/> <\/picture> <\/a><\/div><\/div> <div class=\"description\"> <div class=\"post-meta-conteiner\"> <div class=\"post-meta-right\"> <\/div> <\/div> <div class=\"post-title\"> <div class=\"entry-title title-h4\"><a href=\"https:\/\/belux.edmo.eu\/fr\/training-teachers-on-disinformation-a-pedagogical-opportunity\/\" rel=\"bookmark\"><span class=\"light\">Former les enseignant\u00b7es \u00e0 la d\u00e9sinformation : une opportunit\u00e9 p\u00e9dagogique<\/span><\/a><\/div> <\/div> <div class=\"post-text\"> <div class=\"summary\"> <p>Dans le cadre d\u2019une formation propos\u00e9e par M\u00e9dia Animation, des enseignant\u00b7es du secondaire ont explor\u00e9 les diff\u00e9rentes mani\u00e8res de travailler la d\u00e9sinformation en classe. Leur retour d\u2019exp\u00e9rience met en lumi\u00e8re la richesse des approches et le potentiel d\u2019une \u00e9ducation aux m\u00e9dias ancr\u00e9e dans les disciplines.<\/p> <\/div> <\/div> <div class=\"info clearfix\"> <div class=\"post-footer-sharing\"><div class=\"gem-button-container gem-button-position-inline thegem-button-69f52320251bd6337\" ><a class=\"gem-button gem-button-size-tiny gem-button-style-flat gem-button-text-weight-normal gem-button-empty\" data-ll-effect=\"drop-right-without-wrap\" style=\"border-radius: 3px;\" onmouseleave=\"\" onmouseenter=\"\" href=\"#\" target=\"_self\" role=\"button\" aria-label=\"Share\"><i class=\"gem-print-icon gem-icon-pack-thegem-icons gem-icon-share \"><\/i><\/a><\/div> <div class=\"sharing-popup\"> <div class=\"socials-sharing socials socials-colored-hover\"> <a class=\"socials-item\" target=\"_blank\" href=\"https:\/\/www.facebook.com\/sharer\/sharer.php?u=https%3A%2F%2Fbelux.edmo.eu%2Ffr%2Ftraining-teachers-on-disinformation-a-pedagogical-opportunity%2F\" title=\"Facebook\"><i class=\"socials-item-icon facebook\"><\/i><\/a> <a class=\"socials-item\" target=\"_blank\" href=\"https:\/\/twitter.com\/intent\/tweet?text=Former+les+enseignant%C2%B7es+%C3%A0+la+d%C3%A9sinformation+%3A+une+opportunit%C3%A9+p%C3%A9dagogique&#038;url=https%3A%2F%2Fbelux.edmo.eu%2Ffr%2Ftraining-teachers-on-disinformation-a-pedagogical-opportunity%2F\" title=\"Twitter\"><i class=\"socials-item-icon twitter\"><\/i><\/a> <a class=\"socials-item\" target=\"_blank\" href=\"https:\/\/pinterest.com\/pin\/create\/button\/?url=https%3A%2F%2Fbelux.edmo.eu%2Ffr%2Ftraining-teachers-on-disinformation-a-pedagogical-opportunity%2F&#038;description=Former+les+enseignant%C2%B7es+%C3%A0+la+d%C3%A9sinformation+%3A+une+opportunit%C3%A9+p%C3%A9dagogique&#038;media=https%3A%2F%2Fbelux-edmo.s3-accelerate.amazonaws.com%2Fwp-content%2Fuploads%2F2025%2F05%2FlD3D1CyG-training-teachers.jpg\" title=\"Pinterest\"><i class=\"socials-item-icon pinterest\"><\/i><\/a> <a class=\"socials-item\" target=\"_blank\" href=\"https:\/\/www.tumblr.com\/widgets\/share\/tool?canonicalUrl=https%3A%2F%2Fbelux.edmo.eu%2Ffr%2Ftraining-teachers-on-disinformation-a-pedagogical-opportunity%2F\" title=\"Tumblr\"><i class=\"socials-item-icon tumblr\"><\/i><\/a> <a class=\"socials-item\" target=\"_blank\" href=\"https:\/\/www.linkedin.com\/shareArticle?mini=true&#038;url=https%3A%2F%2Fbelux.edmo.eu%2Ffr%2Ftraining-teachers-on-disinformation-a-pedagogical-opportunity%2F&#038;title=Former+les+enseignant%C2%B7es+%C3%A0+la+d%C3%A9sinformation+%3A+une+opportunit%C3%A9+p%C3%A9dagogique&amp;summary=Dans+le+cadre+d%E2%80%99une+formation+propos%C3%A9e+par+M%C3%A9dia+Animation%2C+des+enseignant%C2%B7es+du+secondaire+ont+explor%C3%A9+les+diff%C3%A9rentes+mani%C3%A8res+de+travailler+la+d%C3%A9sinformation+en+classe.+Leur+retour+d%E2%80%99exp%C3%A9rience+met+en+lumi%C3%A8re+la+richesse+des+approches+et+le+potentiel+d%E2%80%99une+%C3%A9ducation+aux+m%C3%A9dias+ancr%C3%A9e+dans+les+disciplines.\" title=\"LinkedIn\"><i class=\"socials-item-icon linkedin\"><\/i><\/a> <a class=\"socials-item\" target=\"_blank\" href=\"https:\/\/www.reddit.com\/submit?url=https%3A%2F%2Fbelux.edmo.eu%2Ffr%2Ftraining-teachers-on-disinformation-a-pedagogical-opportunity%2F&#038;title=Former+les+enseignant%C2%B7es+%C3%A0+la+d%C3%A9sinformation+%3A+une+opportunit%C3%A9+p%C3%A9dagogique\" title=\"Reddit\"><i class=\"socials-item-icon reddit\"><\/i><\/a> <\/div> <svg class=\"sharing-styled-arrow\"><use xlink:href=\"https:\/\/belux.edmo.eu\/wp-content\/themes\/thegem\/css\/post-arrow.svg#dec-post-arrow\"><\/use><\/svg><\/div><\/div> <div class=\"post-read-more\"><div class=\"gem-button-container gem-button-position-inline thegem-button-69f52320255fd5735\" ><a class=\"gem-button gem-button-size-tiny gem-button-style-outline gem-button-text-weight-normal gem-button-border-2\" data-ll-effect=\"drop-right-without-wrap\" style=\"border-radius: 3px;\" onmouseleave=\"\" onmouseenter=\"\" href=\"https:\/\/belux.edmo.eu\/fr\/training-teachers-on-disinformation-a-pedagogical-opportunity\/\" target=\"_self\">Lire la suite<\/a><\/div> <\/div> <\/div> <\/div> <\/div>\n<\/article> <article id=\"post-393652\" class=\"col-lg-4 col-md-4 col-sm-6 col-xs-6 inline-column item-animations-not-inited post-393652 post type-post status-publish format-standard has-post-thumbnail category-apercus-sur-leducation-aux-medias\"> <div class=\"post-content-wrapper\" style=\"\"> <div class=\"post-image\"><div class=\"post-featured-content\"><a href=\"https:\/\/belux.edmo.eu\/fr\/ia-ou-pas-ia-arriverez-vous-sparer-le-vrai-du-faux-dans-ces-photos-audios-et-vidos\/\"> <picture> <img src=\"https:\/\/belux.edmo.eu\/wp-content\/uploads\/wp-content\/uploads\/2025\/04\/321cf86b4c9f5ddd04881a44067c2a5a-1743522439-thegem-blog-justified.jpg\" width=\"640\" height=\"480\" class=\"img-responsive\" alt=\"IA ou pas IA\u00a0? Arriverez-vous \u00e0 s\u00e9parer le vrai du faux dans ces photos, audios et vid\u00e9os\u00a0? - Featured image\" \/> <\/picture> <\/a><\/div><\/div> <div class=\"description\"> <div class=\"post-meta-conteiner\"> <div class=\"post-meta-right\"> <\/div> <\/div> <div class=\"post-title\"> <div class=\"entry-title title-h4\"><a href=\"https:\/\/belux.edmo.eu\/fr\/ia-ou-pas-ia-arriverez-vous-sparer-le-vrai-du-faux-dans-ces-photos-audios-et-vidos\/\" rel=\"bookmark\"><span class=\"light\">IA ou pas IA\u00a0? Arriverez-vous \u00e0 s\u00e9parer le vrai du faux dans ces photos, audios et vid\u00e9os\u00a0?<\/span><\/a><\/div> <\/div> <div class=\"post-text\"> <div class=\"summary\"> <\/div> <\/div> <div class=\"info clearfix\"> <div class=\"post-footer-sharing\"><div class=\"gem-button-container gem-button-position-inline thegem-button-69f5232026f664165\" ><a class=\"gem-button gem-button-size-tiny gem-button-style-flat gem-button-text-weight-normal gem-button-empty\" data-ll-effect=\"drop-right-without-wrap\" style=\"border-radius: 3px;\" onmouseleave=\"\" onmouseenter=\"\" href=\"#\" target=\"_self\" role=\"button\" aria-label=\"Share\"><i class=\"gem-print-icon gem-icon-pack-thegem-icons gem-icon-share \"><\/i><\/a><\/div> <div class=\"sharing-popup\"> <div class=\"socials-sharing socials socials-colored-hover\"> <a class=\"socials-item\" target=\"_blank\" href=\"https:\/\/www.facebook.com\/sharer\/sharer.php?u=https%3A%2F%2Fbelux.edmo.eu%2Ffr%2Fia-ou-pas-ia-arriverez-vous-sparer-le-vrai-du-faux-dans-ces-photos-audios-et-vidos%2F\" title=\"Facebook\"><i class=\"socials-item-icon facebook\"><\/i><\/a> <a class=\"socials-item\" target=\"_blank\" href=\"https:\/\/twitter.com\/intent\/tweet?text=IA+ou+pas+IA%C2%A0%3F+Arriverez-vous+%C3%A0+s%C3%A9parer+le+vrai+du+faux+dans+ces+photos%2C+audios+et+vid%C3%A9os%C2%A0%3F&#038;url=https%3A%2F%2Fbelux.edmo.eu%2Ffr%2Fia-ou-pas-ia-arriverez-vous-sparer-le-vrai-du-faux-dans-ces-photos-audios-et-vidos%2F\" title=\"Twitter\"><i class=\"socials-item-icon twitter\"><\/i><\/a> <a class=\"socials-item\" target=\"_blank\" href=\"https:\/\/pinterest.com\/pin\/create\/button\/?url=https%3A%2F%2Fbelux.edmo.eu%2Ffr%2Fia-ou-pas-ia-arriverez-vous-sparer-le-vrai-du-faux-dans-ces-photos-audios-et-vidos%2F&#038;description=IA+ou+pas+IA%C2%A0%3F+Arriverez-vous+%C3%A0+s%C3%A9parer+le+vrai+du+faux+dans+ces+photos%2C+audios+et+vid%C3%A9os%C2%A0%3F&#038;media=https%3A%2F%2Fbelux.edmo.eu%2Fwp-content%2Fuploads%2Fwp-content%2Fuploads%2F2025%2F04%2F321cf86b4c9f5ddd04881a44067c2a5a-1743522439-thegem-blog-timeline-large.jpg\" title=\"Pinterest\"><i class=\"socials-item-icon pinterest\"><\/i><\/a> <a class=\"socials-item\" target=\"_blank\" href=\"https:\/\/www.tumblr.com\/widgets\/share\/tool?canonicalUrl=https%3A%2F%2Fbelux.edmo.eu%2Ffr%2Fia-ou-pas-ia-arriverez-vous-sparer-le-vrai-du-faux-dans-ces-photos-audios-et-vidos%2F\" title=\"Tumblr\"><i class=\"socials-item-icon tumblr\"><\/i><\/a> <a class=\"socials-item\" target=\"_blank\" href=\"https:\/\/www.linkedin.com\/shareArticle?mini=true&#038;url=https%3A%2F%2Fbelux.edmo.eu%2Ffr%2Fia-ou-pas-ia-arriverez-vous-sparer-le-vrai-du-faux-dans-ces-photos-audios-et-vidos%2F&#038;title=IA+ou+pas+IA%C2%A0%3F+Arriverez-vous+%C3%A0+s%C3%A9parer+le+vrai+du+faux+dans+ces+photos%2C+audios+et+vid%C3%A9os%C2%A0%3F&amp;summary=Ce+mercredi+2%C2%A0avril%2C+c%E2%80%99est+la+journ%C3%A9e+internationale+du+fact-checking%2C+un+%C3%A9v%C3%A9nement+lanc%C3%A9+en%C2%A02016+par+l%26rsquo%3BInternational+Fact-Checking+Network+pour+mettre+en...\" title=\"LinkedIn\"><i class=\"socials-item-icon linkedin\"><\/i><\/a> <a class=\"socials-item\" target=\"_blank\" href=\"https:\/\/www.reddit.com\/submit?url=https%3A%2F%2Fbelux.edmo.eu%2Ffr%2Fia-ou-pas-ia-arriverez-vous-sparer-le-vrai-du-faux-dans-ces-photos-audios-et-vidos%2F&#038;title=IA+ou+pas+IA%C2%A0%3F+Arriverez-vous+%C3%A0+s%C3%A9parer+le+vrai+du+faux+dans+ces+photos%2C+audios+et+vid%C3%A9os%C2%A0%3F\" title=\"Reddit\"><i class=\"socials-item-icon reddit\"><\/i><\/a> <\/div> <svg class=\"sharing-styled-arrow\"><use xlink:href=\"https:\/\/belux.edmo.eu\/wp-content\/themes\/thegem\/css\/post-arrow.svg#dec-post-arrow\"><\/use><\/svg><\/div><\/div> <div class=\"post-read-more\"><div class=\"gem-button-container gem-button-position-inline thegem-button-69f5232027c0c2470\" ><a class=\"gem-button gem-button-size-tiny gem-button-style-outline gem-button-text-weight-normal gem-button-border-2\" data-ll-effect=\"drop-right-without-wrap\" style=\"border-radius: 3px;\" onmouseleave=\"\" onmouseenter=\"\" href=\"https:\/\/belux.edmo.eu\/fr\/ia-ou-pas-ia-arriverez-vous-sparer-le-vrai-du-faux-dans-ces-photos-audios-et-vidos\/\" target=\"_self\">Lire la suite<\/a><\/div> <\/div> <\/div> <\/div> <\/div>\n<\/article> <article id=\"post-253712\" class=\"col-lg-4 col-md-4 col-sm-6 col-xs-6 inline-column item-animations-not-inited post-253712 post type-post status-publish format-standard has-post-thumbnail category-apercus-sur-leducation-aux-medias\"> <div class=\"post-content-wrapper\" style=\"\"> <div class=\"post-image\"><div class=\"post-featured-content\"><a href=\"https:\/\/belux.edmo.eu\/fr\/comment-le-rapport-a-lactualite-evolue-en-grandissant\/\"> <picture> <img src=\"https:\/\/belux-edmo.s3-accelerate.amazonaws.com\/wp-content\/uploads\/2023\/03\/9Qz0ZTcv-Zonder-titel-Facebookbericht-Liggend.png\" width=\"640\" height=\"418\" class=\"img-responsive\" alt=\"9Qz0ZTcv-Zonder-titel-Facebookbericht-Liggend.png\" \/> <\/picture> <\/a><\/div><\/div> <div class=\"description\"> <div class=\"post-meta-conteiner\"> <div class=\"post-meta-right\"> <\/div> <\/div> <div class=\"post-title\"> <div class=\"entry-title title-h4\"><a href=\"https:\/\/belux.edmo.eu\/fr\/comment-le-rapport-a-lactualite-evolue-en-grandissant\/\" rel=\"bookmark\"><span class=\"light\">Comment le rapport \u00e0 l&rsquo;actualit\u00e9 \u00e9volue en grandissant ?<\/span><\/a><\/div> <\/div> <div class=\"post-text\"> <div class=\"summary\"> Ce petit texte propose quelque balises rep\u00e8res sur la fa\u00e7on dont \u00e9volue le rapport \u00e0 l'actualit\u00e9 chez les jeunes. Pour chaque tranche d'\u00e2ge, le lien est fait avec une d\u00e9marche d'\u00e9ducation aux m\u00e9dias. <\/div> <\/div> <div class=\"info clearfix\"> <div class=\"post-footer-sharing\"><div class=\"gem-button-container gem-button-position-inline thegem-button-69f523202958a5784\" ><a class=\"gem-button gem-button-size-tiny gem-button-style-flat gem-button-text-weight-normal gem-button-empty\" data-ll-effect=\"drop-right-without-wrap\" style=\"border-radius: 3px;\" onmouseleave=\"\" onmouseenter=\"\" href=\"#\" target=\"_self\" role=\"button\" aria-label=\"Share\"><i class=\"gem-print-icon gem-icon-pack-thegem-icons gem-icon-share \"><\/i><\/a><\/div> <div class=\"sharing-popup\"> <div class=\"socials-sharing socials socials-colored-hover\"> <a class=\"socials-item\" target=\"_blank\" href=\"https:\/\/www.facebook.com\/sharer\/sharer.php?u=https%3A%2F%2Fbelux.edmo.eu%2Ffr%2Fcomment-le-rapport-a-lactualite-evolue-en-grandissant%2F\" title=\"Facebook\"><i class=\"socials-item-icon facebook\"><\/i><\/a> <a class=\"socials-item\" target=\"_blank\" href=\"https:\/\/twitter.com\/intent\/tweet?text=Comment+le+rapport+%C3%A0+l%26rsquo%3Bactualit%C3%A9+%C3%A9volue+en+grandissant+%3F&#038;url=https%3A%2F%2Fbelux.edmo.eu%2Ffr%2Fcomment-le-rapport-a-lactualite-evolue-en-grandissant%2F\" title=\"Twitter\"><i class=\"socials-item-icon twitter\"><\/i><\/a> <a class=\"socials-item\" target=\"_blank\" href=\"https:\/\/pinterest.com\/pin\/create\/button\/?url=https%3A%2F%2Fbelux.edmo.eu%2Ffr%2Fcomment-le-rapport-a-lactualite-evolue-en-grandissant%2F&#038;description=Comment+le+rapport+%C3%A0+l%26rsquo%3Bactualit%C3%A9+%C3%A9volue+en+grandissant+%3F&#038;media=https%3A%2F%2Fbelux-edmo.s3-accelerate.amazonaws.com%2Fwp-content%2Fuploads%2F2023%2F03%2F9Qz0ZTcv-Zonder-titel-Facebookbericht-Liggend.png\" title=\"Pinterest\"><i class=\"socials-item-icon pinterest\"><\/i><\/a> <a class=\"socials-item\" target=\"_blank\" href=\"https:\/\/www.tumblr.com\/widgets\/share\/tool?canonicalUrl=https%3A%2F%2Fbelux.edmo.eu%2Ffr%2Fcomment-le-rapport-a-lactualite-evolue-en-grandissant%2F\" title=\"Tumblr\"><i class=\"socials-item-icon tumblr\"><\/i><\/a> <a class=\"socials-item\" target=\"_blank\" href=\"https:\/\/www.linkedin.com\/shareArticle?mini=true&#038;url=https%3A%2F%2Fbelux.edmo.eu%2Ffr%2Fcomment-le-rapport-a-lactualite-evolue-en-grandissant%2F&#038;title=Comment+le+rapport+%C3%A0+l%26rsquo%3Bactualit%C3%A9+%C3%A9volue+en+grandissant+%3F&amp;summary=%5Bvc_row%5D%5Bvc_column%5D%5Bvc_column_text%5DComment+le+rapport+%C3%A0+l%26rsquo%3Bactualit%C3%A9+%C3%A9volue+en+grandissant+%3F+D%C3%A8s+leur+plus+jeune+%C3%A2ge%2C+les+enfants+sont+en+contact+avec...\" title=\"LinkedIn\"><i class=\"socials-item-icon linkedin\"><\/i><\/a> <a class=\"socials-item\" target=\"_blank\" href=\"https:\/\/www.reddit.com\/submit?url=https%3A%2F%2Fbelux.edmo.eu%2Ffr%2Fcomment-le-rapport-a-lactualite-evolue-en-grandissant%2F&#038;title=Comment+le+rapport+%C3%A0+l%26rsquo%3Bactualit%C3%A9+%C3%A9volue+en+grandissant+%3F\" title=\"Reddit\"><i class=\"socials-item-icon reddit\"><\/i><\/a> <\/div> <svg class=\"sharing-styled-arrow\"><use xlink:href=\"https:\/\/belux.edmo.eu\/wp-content\/themes\/thegem\/css\/post-arrow.svg#dec-post-arrow\"><\/use><\/svg><\/div><\/div> <div class=\"post-read-more\"><div class=\"gem-button-container gem-button-position-inline thegem-button-69f5232029f612504\" ><a class=\"gem-button gem-button-size-tiny gem-button-style-outline gem-button-text-weight-normal gem-button-border-2\" data-ll-effect=\"drop-right-without-wrap\" style=\"border-radius: 3px;\" onmouseleave=\"\" onmouseenter=\"\" href=\"https:\/\/belux.edmo.eu\/fr\/comment-le-rapport-a-lactualite-evolue-en-grandissant\/\" target=\"_self\">Lire la suite<\/a><\/div> <\/div> <\/div> <\/div> <\/div>\n<\/article> <article id=\"post-253667\" class=\"col-lg-4 col-md-4 col-sm-6 col-xs-6 inline-column item-animations-not-inited post-253667 post type-post status-publish format-standard has-post-thumbnail category-apercus-sur-leducation-aux-medias\"> <div class=\"post-content-wrapper\" style=\"\"> <div class=\"post-image\"><div class=\"post-featured-content\"><a href=\"https:\/\/belux.edmo.eu\/fr\/fiches-pratiques-tape-la-discut-tentez-la-discussion-avec-votre-enfant\/\"> <picture> <img src=\"https:\/\/belux-edmo.s3-accelerate.amazonaws.com\/wp-content\/uploads\/2023\/03\/Capture-decran-2023-03-20-164928.png\" width=\"205\" height=\"147\" class=\"img-responsive\" alt=\"Capture-decran-2023-03-20-164928.png\" \/> <\/picture> <\/a><\/div><\/div> <div class=\"description\"> <div class=\"post-meta-conteiner\"> <div class=\"post-meta-right\"> <\/div> <\/div> <div class=\"post-title\"> <div class=\"entry-title title-h4\"><a href=\"https:\/\/belux.edmo.eu\/fr\/fiches-pratiques-tape-la-discut-tentez-la-discussion-avec-votre-enfant\/\" rel=\"bookmark\"><span class=\"light\">[Fiches pratiques Tape la discut] Tentez la discussion avec votre enfant !<\/span><\/a><\/div> <\/div> <div class=\"post-text\"> <div class=\"summary\"> <p>D\u00e9couvrez 6 fiches pour aborder la question de l&rsquo;actualit\u00e9 avec votre enfant. Du mat\u00e9riel \u00e9ducatif en \u00e9ducation aux m\u00e9dias !<\/p> <\/div> <\/div> <div class=\"info clearfix\"> <div class=\"post-footer-sharing\"><div class=\"gem-button-container gem-button-position-inline thegem-button-69f523202b7c64157\" ><a class=\"gem-button gem-button-size-tiny gem-button-style-flat gem-button-text-weight-normal gem-button-empty\" data-ll-effect=\"drop-right-without-wrap\" style=\"border-radius: 3px;\" onmouseleave=\"\" onmouseenter=\"\" href=\"#\" target=\"_self\" role=\"button\" aria-label=\"Share\"><i class=\"gem-print-icon gem-icon-pack-thegem-icons gem-icon-share \"><\/i><\/a><\/div> <div class=\"sharing-popup\"> <div class=\"socials-sharing socials socials-colored-hover\"> <a class=\"socials-item\" target=\"_blank\" href=\"https:\/\/www.facebook.com\/sharer\/sharer.php?u=https%3A%2F%2Fbelux.edmo.eu%2Ffr%2Ffiches-pratiques-tape-la-discut-tentez-la-discussion-avec-votre-enfant%2F\" title=\"Facebook\"><i class=\"socials-item-icon facebook\"><\/i><\/a> <a class=\"socials-item\" target=\"_blank\" href=\"https:\/\/twitter.com\/intent\/tweet?text=%5BFiches+pratiques+Tape+la+discut%5D+Tentez+la+discussion+avec+votre+enfant+%21&#038;url=https%3A%2F%2Fbelux.edmo.eu%2Ffr%2Ffiches-pratiques-tape-la-discut-tentez-la-discussion-avec-votre-enfant%2F\" title=\"Twitter\"><i class=\"socials-item-icon twitter\"><\/i><\/a> <a class=\"socials-item\" target=\"_blank\" href=\"https:\/\/pinterest.com\/pin\/create\/button\/?url=https%3A%2F%2Fbelux.edmo.eu%2Ffr%2Ffiches-pratiques-tape-la-discut-tentez-la-discussion-avec-votre-enfant%2F&#038;description=%5BFiches+pratiques+Tape+la+discut%5D+Tentez+la+discussion+avec+votre+enfant+%21&#038;media=https%3A%2F%2Fbelux-edmo.s3-accelerate.amazonaws.com%2Fwp-content%2Fuploads%2F2023%2F03%2FCapture-decran-2023-03-20-164928.png\" title=\"Pinterest\"><i class=\"socials-item-icon pinterest\"><\/i><\/a> <a class=\"socials-item\" target=\"_blank\" href=\"https:\/\/www.tumblr.com\/widgets\/share\/tool?canonicalUrl=https%3A%2F%2Fbelux.edmo.eu%2Ffr%2Ffiches-pratiques-tape-la-discut-tentez-la-discussion-avec-votre-enfant%2F\" title=\"Tumblr\"><i class=\"socials-item-icon tumblr\"><\/i><\/a> <a class=\"socials-item\" target=\"_blank\" href=\"https:\/\/www.linkedin.com\/shareArticle?mini=true&#038;url=https%3A%2F%2Fbelux.edmo.eu%2Ffr%2Ffiches-pratiques-tape-la-discut-tentez-la-discussion-avec-votre-enfant%2F&#038;title=%5BFiches+pratiques+Tape+la+discut%5D+Tentez+la+discussion+avec+votre+enfant+%21&amp;summary=D%C3%A9couvrez+6+fiches+pour+aborder+la+question+de+l%27actualit%C3%A9+avec+votre+enfant.+Du+mat%C3%A9riel+%C3%A9ducatif+en+%C3%A9ducation+aux+m%C3%A9dias+%21\" title=\"LinkedIn\"><i class=\"socials-item-icon linkedin\"><\/i><\/a> <a class=\"socials-item\" target=\"_blank\" href=\"https:\/\/www.reddit.com\/submit?url=https%3A%2F%2Fbelux.edmo.eu%2Ffr%2Ffiches-pratiques-tape-la-discut-tentez-la-discussion-avec-votre-enfant%2F&#038;title=%5BFiches+pratiques+Tape+la+discut%5D+Tentez+la+discussion+avec+votre+enfant+%21\" title=\"Reddit\"><i class=\"socials-item-icon reddit\"><\/i><\/a> <\/div> <svg class=\"sharing-styled-arrow\"><use xlink:href=\"https:\/\/belux.edmo.eu\/wp-content\/themes\/thegem\/css\/post-arrow.svg#dec-post-arrow\"><\/use><\/svg><\/div><\/div> <div class=\"post-read-more\"><div class=\"gem-button-container gem-button-position-inline thegem-button-69f523202bc773731\" ><a class=\"gem-button gem-button-size-tiny gem-button-style-outline gem-button-text-weight-normal gem-button-border-2\" data-ll-effect=\"drop-right-without-wrap\" style=\"border-radius: 3px;\" onmouseleave=\"\" onmouseenter=\"\" href=\"https:\/\/belux.edmo.eu\/fr\/fiches-pratiques-tape-la-discut-tentez-la-discussion-avec-votre-enfant\/\" target=\"_self\">Lire la suite<\/a><\/div> <\/div> <\/div> <\/div> <\/div>\n<\/article> <article id=\"post-253651\" class=\"col-lg-4 col-md-4 col-sm-6 col-xs-6 inline-column item-animations-not-inited post-253651 post type-post status-publish format-standard has-post-thumbnail category-apercus-sur-leducation-aux-medias\"> <div class=\"post-content-wrapper\" style=\"\"> <div class=\"post-image\"><div class=\"post-featured-content\"><a href=\"https:\/\/belux.edmo.eu\/fr\/collection-reperes-du-csem-la-desinformation\/\"> <picture> <img src=\"https:\/\/belux-edmo.s3-accelerate.amazonaws.com\/wp-content\/uploads\/2023\/03\/16.-CSEM-Dejouer-les-pieges-de-la-desinformation.PNG\" width=\"478\" height=\"480\" class=\"img-responsive\" alt=\"16.-CSEM-Dejouer-les-pieges-de-la-desinformation.PNG\" \/> <\/picture> <\/a><\/div><\/div> <div class=\"description\"> <div class=\"post-meta-conteiner\"> <div class=\"post-meta-right\"> <\/div> <\/div> <div class=\"post-title\"> <div class=\"entry-title title-h4\"><a href=\"https:\/\/belux.edmo.eu\/fr\/collection-reperes-du-csem-la-desinformation\/\" rel=\"bookmark\"><span class=\"light\">Collection Rep\u00e8res du CSEM &#8211; La d\u00e9sinformation<\/span><\/a><\/div> <\/div> <div class=\"post-text\"> <div class=\"summary\"> <p>Le Conseil Sup\u00e9rieur de l&rsquo;Education aux M\u00e9dias (CSEM) publie la collection \u00ab\u00a0Rep\u00e8res\u00a0\u00bb qui propose des outils sur des sujets en lien avec l&rsquo;actualit\u00e9 de l&rsquo;\u00e9ducation aux m\u00e9dias. Ce num\u00e9ro est consacr\u00e9 \u00e0 la d\u00e9sinformation et dresse les grandes lignes de la probl\u00e9matique et des axes de l&rsquo;\u00e9ducation aux m\u00e9dias pour y r\u00e9pondre.<\/p> <\/div> <\/div> <div class=\"info clearfix\"> <div class=\"post-footer-sharing\"><div class=\"gem-button-container gem-button-position-inline thegem-button-69f523202dc016637\" ><a class=\"gem-button gem-button-size-tiny gem-button-style-flat gem-button-text-weight-normal gem-button-empty\" data-ll-effect=\"drop-right-without-wrap\" style=\"border-radius: 3px;\" onmouseleave=\"\" onmouseenter=\"\" href=\"#\" target=\"_self\" role=\"button\" aria-label=\"Share\"><i class=\"gem-print-icon gem-icon-pack-thegem-icons gem-icon-share \"><\/i><\/a><\/div> <div class=\"sharing-popup\"> <div class=\"socials-sharing socials socials-colored-hover\"> <a class=\"socials-item\" target=\"_blank\" href=\"https:\/\/www.facebook.com\/sharer\/sharer.php?u=https%3A%2F%2Fbelux.edmo.eu%2Ffr%2Fcollection-reperes-du-csem-la-desinformation%2F\" title=\"Facebook\"><i class=\"socials-item-icon facebook\"><\/i><\/a> <a class=\"socials-item\" target=\"_blank\" href=\"https:\/\/twitter.com\/intent\/tweet?text=Collection+Rep%C3%A8res+du+CSEM+%26%238211%3B+La+d%C3%A9sinformation&#038;url=https%3A%2F%2Fbelux.edmo.eu%2Ffr%2Fcollection-reperes-du-csem-la-desinformation%2F\" title=\"Twitter\"><i class=\"socials-item-icon twitter\"><\/i><\/a> <a class=\"socials-item\" target=\"_blank\" href=\"https:\/\/pinterest.com\/pin\/create\/button\/?url=https%3A%2F%2Fbelux.edmo.eu%2Ffr%2Fcollection-reperes-du-csem-la-desinformation%2F&#038;description=Collection+Rep%C3%A8res+du+CSEM+%26%238211%3B+La+d%C3%A9sinformation&#038;media=https%3A%2F%2Fbelux-edmo.s3-accelerate.amazonaws.com%2Fwp-content%2Fuploads%2F2023%2F03%2F16.-CSEM-Dejouer-les-pieges-de-la-desinformation.PNG\" title=\"Pinterest\"><i class=\"socials-item-icon pinterest\"><\/i><\/a> <a class=\"socials-item\" target=\"_blank\" href=\"https:\/\/www.tumblr.com\/widgets\/share\/tool?canonicalUrl=https%3A%2F%2Fbelux.edmo.eu%2Ffr%2Fcollection-reperes-du-csem-la-desinformation%2F\" title=\"Tumblr\"><i class=\"socials-item-icon tumblr\"><\/i><\/a> <a class=\"socials-item\" target=\"_blank\" href=\"https:\/\/www.linkedin.com\/shareArticle?mini=true&#038;url=https%3A%2F%2Fbelux.edmo.eu%2Ffr%2Fcollection-reperes-du-csem-la-desinformation%2F&#038;title=Collection+Rep%C3%A8res+du+CSEM+%26%238211%3B+La+d%C3%A9sinformation&amp;summary=Le+Conseil+Sup%C3%A9rieur+de+l%27Education+aux+M%C3%A9dias+%28CSEM%29+publie+la+collection+%22Rep%C3%A8res%22+qui+propose+des+outils+sur+des+sujets+en+lien+avec+l%27actualit%C3%A9+de+l%27%C3%A9ducation+aux+m%C3%A9dias.+Ce+num%C3%A9ro+est+consacr%C3%A9+%C3%A0+la+d%C3%A9sinformation+et+dresse+les+grandes+lignes+de+la+probl%C3%A9matique+et+des+axes+de+l%27%C3%A9ducation+aux+m%C3%A9dias+pour+y+r%C3%A9pondre.\" title=\"LinkedIn\"><i class=\"socials-item-icon linkedin\"><\/i><\/a> <a class=\"socials-item\" target=\"_blank\" href=\"https:\/\/www.reddit.com\/submit?url=https%3A%2F%2Fbelux.edmo.eu%2Ffr%2Fcollection-reperes-du-csem-la-desinformation%2F&#038;title=Collection+Rep%C3%A8res+du+CSEM+%26%238211%3B+La+d%C3%A9sinformation\" title=\"Reddit\"><i class=\"socials-item-icon reddit\"><\/i><\/a> <\/div> <svg class=\"sharing-styled-arrow\"><use xlink:href=\"https:\/\/belux.edmo.eu\/wp-content\/themes\/thegem\/css\/post-arrow.svg#dec-post-arrow\"><\/use><\/svg><\/div><\/div> <div class=\"post-read-more\"><div class=\"gem-button-container gem-button-position-inline thegem-button-69f523202e1527251\" ><a class=\"gem-button gem-button-size-tiny gem-button-style-outline gem-button-text-weight-normal gem-button-border-2\" data-ll-effect=\"drop-right-without-wrap\" style=\"border-radius: 3px;\" onmouseleave=\"\" onmouseenter=\"\" href=\"https:\/\/belux.edmo.eu\/fr\/collection-reperes-du-csem-la-desinformation\/\" target=\"_self\">Lire la suite<\/a><\/div> <\/div> <\/div> <\/div> <\/div>\n<\/article> <article id=\"post-253643\" class=\"col-lg-4 col-md-4 col-sm-6 col-xs-6 inline-column item-animations-not-inited post-253643 post type-post status-publish format-standard has-post-thumbnail category-apercus-sur-leducation-aux-medias\"> <div class=\"post-content-wrapper\" style=\"\"> <div class=\"post-image\"><div class=\"post-featured-content\"><a href=\"https:\/\/belux.edmo.eu\/fr\/https-www-generation2020-be-wp-content-uploads-2022-02-g2021_mise-en-page_brochure-07_02_22-pdf\/\"> <picture> <img src=\"https:\/\/belux-edmo.s3-accelerate.amazonaws.com\/wp-content\/uploads\/2023\/03\/Generation2020-jeunes-et-info.JPG\" width=\"298\" height=\"139\" class=\"img-responsive\" alt=\"Generation2020-jeunes-et-info.JPG\" \/> <\/picture> <\/a><\/div><\/div> <div class=\"description\"> <div class=\"post-meta-conteiner\"> <div class=\"post-meta-right\"> <\/div> <\/div> <div class=\"post-title\"> <div class=\"entry-title title-h4\"><a href=\"https:\/\/belux.edmo.eu\/fr\/https-www-generation2020-be-wp-content-uploads-2022-02-g2021_mise-en-page_brochure-07_02_22-pdf\/\" rel=\"bookmark\"><span class=\"light\">G\u00e9n\u00e9ration2020 &#8211; Les jeunes et l&rsquo;info<\/span><\/a><\/div> <\/div> <div class=\"post-text\"> <div class=\"summary\"> <p>Comment les jeunes s&rsquo;informent-ils ? O\u00f9 situer l&rsquo;enjeux de la d\u00e9sinformation dans leur pratique ? Cette enqu\u00eate de 2020 r\u00e9alis\u00e9e en F\u00e9d\u00e9ration Wallonie-Bruxelles propose de se plonger au c\u0153ur des pratiques informationnelles des jeunes du secondaire. <\/p> <\/div> <\/div> <div class=\"info clearfix\"> <div class=\"post-footer-sharing\"><div class=\"gem-button-container gem-button-position-inline thegem-button-69f523202f8583643\" ><a class=\"gem-button gem-button-size-tiny gem-button-style-flat gem-button-text-weight-normal gem-button-empty\" data-ll-effect=\"drop-right-without-wrap\" style=\"border-radius: 3px;\" onmouseleave=\"\" onmouseenter=\"\" href=\"#\" target=\"_self\" role=\"button\" aria-label=\"Share\"><i class=\"gem-print-icon gem-icon-pack-thegem-icons gem-icon-share \"><\/i><\/a><\/div> <div class=\"sharing-popup\"> <div class=\"socials-sharing socials socials-colored-hover\"> <a class=\"socials-item\" target=\"_blank\" href=\"https:\/\/www.facebook.com\/sharer\/sharer.php?u=https%3A%2F%2Fbelux.edmo.eu%2Ffr%2Fhttps-www-generation2020-be-wp-content-uploads-2022-02-g2021_mise-en-page_brochure-07_02_22-pdf%2F\" title=\"Facebook\"><i class=\"socials-item-icon facebook\"><\/i><\/a> <a class=\"socials-item\" target=\"_blank\" href=\"https:\/\/twitter.com\/intent\/tweet?text=G%C3%A9n%C3%A9ration2020+%26%238211%3B+Les+jeunes+et+l%26rsquo%3Binfo&#038;url=https%3A%2F%2Fbelux.edmo.eu%2Ffr%2Fhttps-www-generation2020-be-wp-content-uploads-2022-02-g2021_mise-en-page_brochure-07_02_22-pdf%2F\" title=\"Twitter\"><i class=\"socials-item-icon twitter\"><\/i><\/a> <a class=\"socials-item\" target=\"_blank\" href=\"https:\/\/pinterest.com\/pin\/create\/button\/?url=https%3A%2F%2Fbelux.edmo.eu%2Ffr%2Fhttps-www-generation2020-be-wp-content-uploads-2022-02-g2021_mise-en-page_brochure-07_02_22-pdf%2F&#038;description=G%C3%A9n%C3%A9ration2020+%26%238211%3B+Les+jeunes+et+l%26rsquo%3Binfo&#038;media=https%3A%2F%2Fbelux-edmo.s3-accelerate.amazonaws.com%2Fwp-content%2Fuploads%2F2023%2F03%2FGeneration2020-jeunes-et-info.JPG\" title=\"Pinterest\"><i class=\"socials-item-icon pinterest\"><\/i><\/a> <a class=\"socials-item\" target=\"_blank\" href=\"https:\/\/www.tumblr.com\/widgets\/share\/tool?canonicalUrl=https%3A%2F%2Fbelux.edmo.eu%2Ffr%2Fhttps-www-generation2020-be-wp-content-uploads-2022-02-g2021_mise-en-page_brochure-07_02_22-pdf%2F\" title=\"Tumblr\"><i class=\"socials-item-icon tumblr\"><\/i><\/a> <a class=\"socials-item\" target=\"_blank\" href=\"https:\/\/www.linkedin.com\/shareArticle?mini=true&#038;url=https%3A%2F%2Fbelux.edmo.eu%2Ffr%2Fhttps-www-generation2020-be-wp-content-uploads-2022-02-g2021_mise-en-page_brochure-07_02_22-pdf%2F&#038;title=G%C3%A9n%C3%A9ration2020+%26%238211%3B+Les+jeunes+et+l%26rsquo%3Binfo&amp;summary=Comment+les+jeunes+s%27informent-ils+%3F+O%C3%B9+situer+l%27enjeux+de+la+d%C3%A9sinformation+dans+leur+pratique+%3F+Cette+enqu%C3%AAte+de+2020+r%C3%A9alis%C3%A9e+en+F%C3%A9d%C3%A9ration+Wallonie-Bruxelles+propose+de+se+plonger+au+c%C5%93ur+des+pratiques+informationnelles+des+jeunes+du+secondaire.+\" title=\"LinkedIn\"><i class=\"socials-item-icon linkedin\"><\/i><\/a> <a class=\"socials-item\" target=\"_blank\" href=\"https:\/\/www.reddit.com\/submit?url=https%3A%2F%2Fbelux.edmo.eu%2Ffr%2Fhttps-www-generation2020-be-wp-content-uploads-2022-02-g2021_mise-en-page_brochure-07_02_22-pdf%2F&#038;title=G%C3%A9n%C3%A9ration2020+%26%238211%3B+Les+jeunes+et+l%26rsquo%3Binfo\" title=\"Reddit\"><i class=\"socials-item-icon reddit\"><\/i><\/a> <\/div> <svg class=\"sharing-styled-arrow\"><use xlink:href=\"https:\/\/belux.edmo.eu\/wp-content\/themes\/thegem\/css\/post-arrow.svg#dec-post-arrow\"><\/use><\/svg><\/div><\/div> <div class=\"post-read-more\"><div class=\"gem-button-container gem-button-position-inline thegem-button-69f523202fdd34216\" ><a class=\"gem-button gem-button-size-tiny gem-button-style-outline gem-button-text-weight-normal gem-button-border-2\" data-ll-effect=\"drop-right-without-wrap\" style=\"border-radius: 3px;\" onmouseleave=\"\" onmouseenter=\"\" href=\"https:\/\/belux.edmo.eu\/fr\/https-www-generation2020-be-wp-content-uploads-2022-02-g2021_mise-en-page_brochure-07_02_22-pdf\/\" target=\"_self\">Lire la suite<\/a><\/div> <\/div> <\/div> <\/div> <\/div>\n<\/article>\n<\/div>[\/vc_column][\/vc_row]<\/p>\n<\/div>","protected":false},"excerpt":{"rendered":"<p>[vc_row css=\u00a0\u00bb.vc_custom_1638957607328{margin-top: 0px !important;margin-bottom: 0px !important;padding-top: 0px !important;padding-bottom: 0px !important;}\u00a0\u00bb][vc_column][vc_column_text css_animation=\u00a0\u00bbbottom-to-top\u00a0\u00bb el_class=\u00a0\u00bbd-none\u00a0\u00bb] Monitoring disinformation as it happens [\/vc_column_text][vc_custom_heading text=\u00a0\u00bbNotre approche\u00a0\u00bb&#8230;<\/p>\n","protected":false},"author":14,"featured_media":0,"parent":11803,"menu_order":0,"comment_status":"closed","ping_status":"closed","template":"","meta":{"_acf_changed":false,"footnotes":""},"class_list":["post-371539","page","type-page","status-publish"],"acf":[],"yoast_head":"<!-- This site is optimized with the Yoast SEO plugin v27.0 - https:\/\/yoast.com\/product\/yoast-seo-wordpress\/ -->\n<title>Notre approche - EDMO Belux<\/title>\n<meta name=\"robots\" content=\"index, follow, max-snippet:-1, max-image-preview:large, max-video-preview:-1\" \/>\n<link rel=\"canonical\" href=\"https:\/\/belux.edmo.eu\/fr\/education-aux-medias\/our-approach\/\" \/>\n<meta property=\"og:locale\" content=\"fr_FR\" \/>\n<meta property=\"og:type\" content=\"article\" \/>\n<meta property=\"og:title\" content=\"Notre approche - EDMO Belux\" \/>\n<meta property=\"og:description\" content=\"[vc_row css=\u00a0\u00bb.vc_custom_1638957607328{margin-top: 0px !important;margin-bottom: 0px !important;padding-top: 0px !important;padding-bottom: 0px !important;}\u00a0\u00bb][vc_column][vc_column_text css_animation=\u00a0\u00bbbottom-to-top\u00a0\u00bb el_class=\u00a0\u00bbd-none\u00a0\u00bb] Monitoring disinformation as it happens [\/vc_column_text][vc_custom_heading text=\u00a0\u00bbNotre approche\u00a0\u00bb...\" \/>\n<meta property=\"og:url\" content=\"https:\/\/belux.edmo.eu\/fr\/education-aux-medias\/our-approach\/\" \/>\n<meta property=\"og:site_name\" content=\"EDMO Belux\" \/>\n<meta property=\"article:modified_time\" content=\"2025-10-16T10:01:03+00:00\" \/>\n<meta name=\"twitter:card\" content=\"summary_large_image\" \/>\n<meta name=\"twitter:site\" content=\"@Edmo_Belux\" \/>\n<meta name=\"twitter:label1\" content=\"Dur\u00e9e de lecture estim\u00e9e\" \/>\n\t<meta name=\"twitter:data1\" content=\"2 minutes\" \/>\n<script type=\"application\/ld+json\" class=\"yoast-schema-graph\">{\"@context\":\"https:\/\/schema.org\",\"@graph\":[{\"@type\":\"WebPage\",\"@id\":\"https:\/\/belux.edmo.eu\/fr\/education-aux-medias\/our-approach\/\",\"url\":\"https:\/\/belux.edmo.eu\/fr\/education-aux-medias\/our-approach\/\",\"name\":\"Notre approche - EDMO Belux\",\"isPartOf\":{\"@id\":\"https:\/\/belux.edmo.eu\/#website\"},\"datePublished\":\"2024-11-18T10:53:58+00:00\",\"dateModified\":\"2025-10-16T10:01:03+00:00\",\"breadcrumb\":{\"@id\":\"https:\/\/belux.edmo.eu\/fr\/education-aux-medias\/our-approach\/#breadcrumb\"},\"inLanguage\":\"fr-FR\",\"potentialAction\":[{\"@type\":\"ReadAction\",\"target\":[\"https:\/\/belux.edmo.eu\/fr\/education-aux-medias\/our-approach\/\"]}]},{\"@type\":\"BreadcrumbList\",\"@id\":\"https:\/\/belux.edmo.eu\/fr\/education-aux-medias\/our-approach\/#breadcrumb\",\"itemListElement\":[{\"@type\":\"ListItem\",\"position\":1,\"name\":\"Home\",\"item\":\"https:\/\/belux.edmo.eu\/fr\/\"},{\"@type\":\"ListItem\",\"position\":2,\"name\":\"\u00c9ducation aux m\u00e9dias\",\"item\":\"https:\/\/belux.edmo.eu\/fr\/education-aux-medias\/\"},{\"@type\":\"ListItem\",\"position\":3,\"name\":\"Notre approche\"}]},{\"@type\":\"WebSite\",\"@id\":\"https:\/\/belux.edmo.eu\/#website\",\"url\":\"https:\/\/belux.edmo.eu\/\",\"name\":\"EDMO Belux\",\"description\":\"Monitoring Disinformation in Belgium and Luxembourg\",\"publisher\":{\"@id\":\"https:\/\/belux.edmo.eu\/#organization\"},\"potentialAction\":[{\"@type\":\"SearchAction\",\"target\":{\"@type\":\"EntryPoint\",\"urlTemplate\":\"https:\/\/belux.edmo.eu\/?s={search_term_string}\"},\"query-input\":{\"@type\":\"PropertyValueSpecification\",\"valueRequired\":true,\"valueName\":\"search_term_string\"}}],\"inLanguage\":\"fr-FR\"},{\"@type\":\"Organization\",\"@id\":\"https:\/\/belux.edmo.eu\/#organization\",\"name\":\"EDMO Belux\",\"url\":\"https:\/\/belux.edmo.eu\/\",\"logo\":{\"@type\":\"ImageObject\",\"inLanguage\":\"fr-FR\",\"@id\":\"https:\/\/belux.edmo.eu\/#\/schema\/logo\/image\/\",\"url\":\"https:\/\/belux.edmo.eu\/wp-content\/uploads\/2021\/12\/belux-logo-full-color-rgb.svg\",\"contentUrl\":\"https:\/\/belux.edmo.eu\/wp-content\/uploads\/2021\/12\/belux-logo-full-color-rgb.svg\",\"width\":1,\"height\":1,\"caption\":\"EDMO Belux\"},\"image\":{\"@id\":\"https:\/\/belux.edmo.eu\/#\/schema\/logo\/image\/\"},\"sameAs\":[\"https:\/\/x.com\/Edmo_Belux\"]}]}<\/script>\n<!-- \/ Yoast SEO plugin. -->","yoast_head_json":{"title":"Notre approche - EDMO Belux","robots":{"index":"index","follow":"follow","max-snippet":"max-snippet:-1","max-image-preview":"max-image-preview:large","max-video-preview":"max-video-preview:-1"},"canonical":"https:\/\/belux.edmo.eu\/fr\/education-aux-medias\/our-approach\/","og_locale":"fr_FR","og_type":"article","og_title":"Notre approche - EDMO Belux","og_description":"[vc_row css=\u00a0\u00bb.vc_custom_1638957607328{margin-top: 0px !important;margin-bottom: 0px !important;padding-top: 0px !important;padding-bottom: 0px !important;}\u00a0\u00bb][vc_column][vc_column_text css_animation=\u00a0\u00bbbottom-to-top\u00a0\u00bb el_class=\u00a0\u00bbd-none\u00a0\u00bb] Monitoring disinformation as it happens [\/vc_column_text][vc_custom_heading text=\u00a0\u00bbNotre approche\u00a0\u00bb...","og_url":"https:\/\/belux.edmo.eu\/fr\/education-aux-medias\/our-approach\/","og_site_name":"EDMO Belux","article_modified_time":"2025-10-16T10:01:03+00:00","twitter_card":"summary_large_image","twitter_site":"@Edmo_Belux","twitter_misc":{"Dur\u00e9e de lecture estim\u00e9e":"2 minutes"},"schema":{"@context":"https:\/\/schema.org","@graph":[{"@type":"WebPage","@id":"https:\/\/belux.edmo.eu\/fr\/education-aux-medias\/our-approach\/","url":"https:\/\/belux.edmo.eu\/fr\/education-aux-medias\/our-approach\/","name":"Notre approche - EDMO Belux","isPartOf":{"@id":"https:\/\/belux.edmo.eu\/#website"},"datePublished":"2024-11-18T10:53:58+00:00","dateModified":"2025-10-16T10:01:03+00:00","breadcrumb":{"@id":"https:\/\/belux.edmo.eu\/fr\/education-aux-medias\/our-approach\/#breadcrumb"},"inLanguage":"fr-FR","potentialAction":[{"@type":"ReadAction","target":["https:\/\/belux.edmo.eu\/fr\/education-aux-medias\/our-approach\/"]}]},{"@type":"BreadcrumbList","@id":"https:\/\/belux.edmo.eu\/fr\/education-aux-medias\/our-approach\/#breadcrumb","itemListElement":[{"@type":"ListItem","position":1,"name":"Home","item":"https:\/\/belux.edmo.eu\/fr\/"},{"@type":"ListItem","position":2,"name":"\u00c9ducation aux m\u00e9dias","item":"https:\/\/belux.edmo.eu\/fr\/education-aux-medias\/"},{"@type":"ListItem","position":3,"name":"Notre approche"}]},{"@type":"WebSite","@id":"https:\/\/belux.edmo.eu\/#website","url":"https:\/\/belux.edmo.eu\/","name":"EDMO Belux","description":"Monitoring Disinformation in Belgium and Luxembourg","publisher":{"@id":"https:\/\/belux.edmo.eu\/#organization"},"potentialAction":[{"@type":"SearchAction","target":{"@type":"EntryPoint","urlTemplate":"https:\/\/belux.edmo.eu\/?s={search_term_string}"},"query-input":{"@type":"PropertyValueSpecification","valueRequired":true,"valueName":"search_term_string"}}],"inLanguage":"fr-FR"},{"@type":"Organization","@id":"https:\/\/belux.edmo.eu\/#organization","name":"EDMO Belux","url":"https:\/\/belux.edmo.eu\/","logo":{"@type":"ImageObject","inLanguage":"fr-FR","@id":"https:\/\/belux.edmo.eu\/#\/schema\/logo\/image\/","url":"https:\/\/belux.edmo.eu\/wp-content\/uploads\/2021\/12\/belux-logo-full-color-rgb.svg","contentUrl":"https:\/\/belux.edmo.eu\/wp-content\/uploads\/2021\/12\/belux-logo-full-color-rgb.svg","width":1,"height":1,"caption":"EDMO Belux"},"image":{"@id":"https:\/\/belux.edmo.eu\/#\/schema\/logo\/image\/"},"sameAs":["https:\/\/x.com\/Edmo_Belux"]}]}},"_links":{"self":[{"href":"https:\/\/belux.edmo.eu\/fr\/wp-json\/wp\/v2\/pages\/371539","targetHints":{"allow":["GET"]}}],"collection":[{"href":"https:\/\/belux.edmo.eu\/fr\/wp-json\/wp\/v2\/pages"}],"about":[{"href":"https:\/\/belux.edmo.eu\/fr\/wp-json\/wp\/v2\/types\/page"}],"author":[{"embeddable":true,"href":"https:\/\/belux.edmo.eu\/fr\/wp-json\/wp\/v2\/users\/14"}],"replies":[{"embeddable":true,"href":"https:\/\/belux.edmo.eu\/fr\/wp-json\/wp\/v2\/comments?post=371539"}],"version-history":[{"count":0,"href":"https:\/\/belux.edmo.eu\/fr\/wp-json\/wp\/v2\/pages\/371539\/revisions"}],"up":[{"embeddable":true,"href":"https:\/\/belux.edmo.eu\/fr\/wp-json\/wp\/v2\/pages\/11803"}],"wp:attachment":[{"href":"https:\/\/belux.edmo.eu\/fr\/wp-json\/wp\/v2\/media?parent=371539"}],"curies":[{"name":"wp","href":"https:\/\/api.w.org\/{rel}","templated":true}]}}