{"id":58329,"date":"2022-07-05T10:07:55","date_gmt":"2022-07-05T10:07:55","guid":{"rendered":"https:\/\/belux.edmo.eu\/eis-verwaltungsrot\/our-board\/"},"modified":"2025-12-09T12:36:32","modified_gmt":"2025-12-09T12:36:32","slug":"our-members","status":"publish","type":"page","link":"https:\/\/belux.edmo.eu\/fr\/our-board\/our-members\/","title":{"rendered":"Les membres de notre conseil d&rsquo;administration"},"content":{"rendered":"<div class=\"wpb-content-wrapper\"><p>[vc_row][vc_column][vc_custom_heading text=\u00a0\u00bbConseil consultatif\u00a0\u00bb use_theme_fonts=\u00a0\u00bbyes\u00a0\u00bb css=\u00a0\u00bb\u00a0\u00bb][\/vc_column][\/vc_row][vc_row el_id=\u00a0\u00bbLuc-Caregari\u00a0\u00bb el_class=\u00a0\u00bbteam-member\u00a0\u00bb][vc_column][vc_row_inner content_placement=\u00a0\u00bbmiddle\u00a0\u00bb][vc_column_inner width=\u00a0\u00bb1\/4&Prime;][vc_single_image image=\u00a0\u00bb345339&Prime; img_size=\u00a0\u00bb150&#215;150&Prime; alignment=\u00a0\u00bbcenter\u00a0\u00bb style=\u00a0\u00bbvc_box_border_circle_2&Prime; css=\u00a0\u00bb\u00a0\u00bb][\/vc_column_inner][vc_column_inner width=\u00a0\u00bb3\/4&Prime;][vc_custom_heading text=\u00a0\u00bbLuc Caregari\u00a0\u00bb font_container=\u00a0\u00bbtag:h3|text_align:left\u00a0\u00bb use_theme_fonts=\u00a0\u00bbyes\u00a0\u00bb css=\u00a0\u00bb.vc_custom_1719559552820{margin-bottom: 0px !important;}\u00a0\u00bb][vc_column_text css=\u00a0\u00bb.vc_custom_1719559581770{margin-bottom: 0px !important;}\u00a0\u00bb]<\/p>\n<p class=\"p1\">Vice-President, Association luxembourgeoise des journalistes professionnels (ALJP)<\/p>\n<p>[\/vc_column_text][\/vc_column_inner][\/vc_row_inner][vc_column_text css=\u00a0\u00bb\u00a0\u00bb]<\/p>\n<p class=\"p1\">Investigative journalist at Reporter.lu, an independent online media from Luxembourg. Member of the International Consortium of Investigative Journalists (ICIJ), frequent partner of the Organized Crime and Corruption Reporting Project (OCCRP). Trained journalist with a Professional Master Degree from the Sorbonne Nouvelle &#8211; Paris 3.<\/p>\n<p>Expertise: Russian influence in Luxembourg, Far right politics, Investigation, Disinformation[\/vc_column_text][\/vc_column][\/vc_row][vc_row el_id=\u00a0\u00bbAnne-Sophie-Collard\u00a0\u00bb el_class=\u00a0\u00bbteam-member\u00a0\u00bb][vc_column][vc_row_inner content_placement=\u00a0\u00bbmiddle\u00a0\u00bb][vc_column_inner width=\u00a0\u00bb1\/4&Prime;][vc_single_image image=\u00a0\u00bb345344&Prime; img_size=\u00a0\u00bb150&#215;150&Prime; alignment=\u00a0\u00bbcenter\u00a0\u00bb style=\u00a0\u00bbvc_box_border_circle_2&Prime; css=\u00a0\u00bb\u00a0\u00bb][\/vc_column_inner][vc_column_inner width=\u00a0\u00bb3\/4&Prime;][vc_custom_heading text=\u00a0\u00bbAnne-Sophie Collard\u00a0\u00bb font_container=\u00a0\u00bbtag:h3|text_align:left\u00a0\u00bb use_theme_fonts=\u00a0\u00bbyes\u00a0\u00bb css=\u00a0\u00bb.vc_custom_1719560742682{margin-bottom: 0px !important;}\u00a0\u00bb][vc_column_text css=\u00a0\u00bb.vc_custom_1719560761180{margin-bottom: 0px !important;}\u00a0\u00bb]<\/p>\n<p class=\"p1\">Professor in communication and media studies, University of Namur \u2013 Namur Digital Institute<\/p>\n<p>[\/vc_column_text][\/vc_column_inner][\/vc_row_inner][vc_column_text css=\u00a0\u00bb\u00a0\u00bb]<\/p>\n<p class=\"p1\">Anne-Sophie Collard is professor in <span class=\"s1\">communication and media studies<\/span> at the University of Namur, director of the Digital Media and Communication Unit (Research Center in Information, Law and Society \/ Namur Digital Institute) and co-president of the Research Chair in Digital Education (Educ0Num). Her researches are focused on digital and media literacies, critical technology education and collaborative practices in digital work environments. In particular, she develops interdisciplinary research with societal impact.<\/p>\n<p>Expertise: Media literacy, Digital education, Critical technology education, Design-based research[\/vc_column_text][\/vc_column][\/vc_row][vc_row el_id=\u00a0\u00bbVincent-Couronne\u00a0\u00bb el_class=\u00a0\u00bbteam-member\u00a0\u00bb][vc_column][vc_row_inner content_placement=\u00a0\u00bbmiddle\u00a0\u00bb][vc_column_inner width=\u00a0\u00bb1\/4&Prime;][vc_single_image image=\u00a0\u00bb389354&Prime; img_size=\u00a0\u00bb150&#215;150&Prime; alignment=\u00a0\u00bbcenter\u00a0\u00bb style=\u00a0\u00bbvc_box_border_circle_2&Prime; css=\u00a0\u00bb\u00a0\u00bb][\/vc_column_inner][vc_column_inner width=\u00a0\u00bb3\/4&Prime;][vc_custom_heading text=\u00a0\u00bbVincent Couronne\u00a0\u00bb font_container=\u00a0\u00bbtag:h3|text_align:left\u00a0\u00bb use_theme_fonts=\u00a0\u00bbyes\u00a0\u00bb css=\u00a0\u00bb.vc_custom_1719561683630{margin-bottom: 0px !important;}\u00a0\u00bb][vc_column_text css=\u00a0\u00bb.vc_custom_1719561709593{margin-bottom: 0px !important;}\u00a0\u00bb]<\/p>\n<p class=\"p1\">Director of Les Surligneurs, Treasurer of the EFCSN, Les Surligneurs \/ European Fact-Checking Standards Network (EFCSN)<\/p>\n<p>[\/vc_column_text][\/vc_column_inner][\/vc_row_inner][vc_column_text css=\u00a0\u00bb\u00a0\u00bb]<\/p>\n<p class=\"p1\">In 2017, Vincent Couronne co-founded Les Surligneurs, a legal-checking media outlet operating in France and in Belgium. He has a Ph.D in European Law from Sorbonne Law School and teaches law at Sciences Po Saint-Germain. In 2022, he was elected member of the Governance Body of the newly created European Fact-Checking Standards Network and was appointed Treasurer. Vincent Couronne is also a fellow researcher at Versailles Institutions Publiques research center.<\/p>\n<p>Expertise: Law, Fact-checking, EU, DSA, EFCSN[\/vc_column_text][\/vc_column][\/vc_row][vc_row el_id=\u00a0\u00bbPierre-Fastrez\u00a0\u00bb el_class=\u00a0\u00bbteam-member\u00a0\u00bb][vc_column][vc_row_inner content_placement=\u00a0\u00bbmiddle\u00a0\u00bb][vc_column_inner width=\u00a0\u00bb1\/4&Prime;][vc_single_image image=\u00a0\u00bb345349&Prime; img_size=\u00a0\u00bb150&#215;150&Prime; alignment=\u00a0\u00bbcenter\u00a0\u00bb style=\u00a0\u00bbvc_box_border_circle_2&Prime; css=\u00a0\u00bb\u00a0\u00bb][\/vc_column_inner][vc_column_inner width=\u00a0\u00bb3\/4&Prime;][vc_custom_heading text=\u00a0\u00bbPierre Fastrez\u00a0\u00bb font_container=\u00a0\u00bbtag:h3|text_align:left\u00a0\u00bb use_theme_fonts=\u00a0\u00bbyes\u00a0\u00bb css=\u00a0\u00bb.vc_custom_1719562080046{margin-bottom: 0px !important;}\u00a0\u00bb][vc_column_text css=\u00a0\u00bb.vc_custom_1719562103713{margin-bottom: 0px !important;}\u00a0\u00bb]<\/p>\n<p class=\"p1\">FNRS Senior Research Associate and Professor, Universit\u00e9 catholique de Louvain (UCLouvain)<\/p>\n<p>[\/vc_column_text][\/vc_column_inner][\/vc_row_inner][vc_column_text css=\u00a0\u00bb\u00a0\u00bb]<\/p>\n<p class=\"p1\">Pierre Fastrez is a Senior Research Associate of the Belgian National Fund for Scientific Research and a Professor in Information and Communication at the Universit\u00e9 catholique de Louvain (Belgium). His main research interest is the definition of media literacy and the assessment of media literacy competence. He leads research projects combining experimental-evaluative and qualitative-interpretive approaches. He directs the research journal \u201cRecherches en Communication\u201d and recently co-edited \u00ab\u00a0Media Literacy and Media Education Research Methods: A Handbook\u00a0\u00bb (Routledge). He is a member of the Higher Council for Media Education in French-speaking Belgium.<\/p>\n<p>Expertise: media literacy, digital literacy, digital media competence assessment[\/vc_column_text][\/vc_column][\/vc_row][vc_row el_id=\u00a0\u00bbGaetan-Gras\u00a0\u00bb el_class=\u00a0\u00bbteam-member\u00a0\u00bb][vc_column][vc_row_inner content_placement=\u00a0\u00bbmiddle\u00a0\u00bb][vc_column_inner width=\u00a0\u00bb1\/4&Prime;][vc_single_image image=\u00a0\u00bb345354&Prime; img_size=\u00a0\u00bb150&#215;150&Prime; alignment=\u00a0\u00bbcenter\u00a0\u00bb style=\u00a0\u00bbvc_box_border_circle_2&Prime; css=\u00a0\u00bb\u00a0\u00bb][\/vc_column_inner][vc_column_inner width=\u00a0\u00bb3\/4&Prime;][vc_custom_heading text=\u00a0\u00bbGa\u00ebtan Gras\u00a0\u00bb font_container=\u00a0\u00bbtag:h3|text_align:left\u00a0\u00bb use_theme_fonts=\u00a0\u00bbyes\u00a0\u00bb css=\u00a0\u00bb.vc_custom_1719562144546{margin-bottom: 0px !important;}\u00a0\u00bb][vc_column_text css=\u00a0\u00bb.vc_custom_1719562182281{margin-bottom: 0px !important;}\u00a0\u00bb]<\/p>\n<p class=\"p1\">Lecturer at IHECS &amp; Freelance Journalist \/ Trainer, IHECS<\/p>\n<p>[\/vc_column_text][\/vc_column_inner][\/vc_row_inner][vc_column_text css=\u00a0\u00bb\u00a0\u00bb]<\/p>\n<p class=\"p1\">Ga\u00ebtan Gras is a journalism teacher at the Institut des Hautes Etudes des Communications Sociales (IHECS) where he is, among other things, responsible for the investigation and digital investigation courses (OSINT, datajournalism, fact-checking and AI). At the same time, he works as a freelance investigative journalist, gives regular training in the field of journalism (IHECS Academy, RTBF Academy, AJP, etc.), and is a member of the Agence Alter board. Prior to that, Ga\u00ebtan Gras worked for ten years for a number of media (La Libre, Belga, Metro, BX1).<\/p>\n<p>Expertise: (Data)Journalism, Open Source Intelligence Techniques (OSINT), Fact-checking, Collaborative journalism, News monitoring.[\/vc_column_text][\/vc_column][\/vc_row][vc_row el_id=\u00a0\u00bbSascha-Helsper\u00a0\u00bb el_class=\u00a0\u00bbteam-member\u00a0\u00bb][vc_column][vc_row_inner content_placement=\u00a0\u00bbmiddle\u00a0\u00bb][vc_column_inner width=\u00a0\u00bb1\/4&Prime;][vc_single_image image=\u00a0\u00bb345359&Prime; img_size=\u00a0\u00bb150&#215;150&Prime; alignment=\u00a0\u00bbcenter\u00a0\u00bb style=\u00a0\u00bbvc_box_border_circle_2&Prime; css=\u00a0\u00bb\u00a0\u00bb][\/vc_column_inner][vc_column_inner width=\u00a0\u00bb3\/4&Prime;][vc_custom_heading text=\u00a0\u00bbSascha Helsper\u00a0\u00bb font_container=\u00a0\u00bbtag:h3|text_align:left\u00a0\u00bb use_theme_fonts=\u00a0\u00bbyes\u00a0\u00bb css=\u00a0\u00bb.vc_custom_1719562213713{margin-bottom: 0px !important;}\u00a0\u00bb][vc_column_text css=\u00a0\u00bb.vc_custom_1719562251631{margin-bottom: 0px !important;}\u00a0\u00bb]<\/p>\n<p class=\"p1\">Head of the MEDIACentre, University of Luxembourg<\/p>\n<p>[\/vc_column_text][\/vc_column_inner][\/vc_row_inner][vc_column_text css=\u00a0\u00bb\u00a0\u00bb]<\/p>\n<p class=\"p1\">Having graduated in Media Studies with a specialization in documentary film at the University of Siegen, I embarked on my career in the media sector in Luxembourg. Initially working as a freelance filmmaker, I eventually advanced to the role of Head of Operations at a multilingual TV channel. I then transitioned back to academia at the University of Luxembourg, where I manage the MEDIACentre. In this role, I lead a team that produces a variety of audiovisual projects, including e-learning materials and storytelling initiatives. Additionally, I co-teach courses that explore various aspects of journalism, the media world and maintain connections with external media stakeholders in Luxembourg. My overarching passion lies in bridging the gap between media practice and media studies, promoting transdisciplinary approaches within academia.<\/p>\n<p>Expertise: Documentary film theory and history, Media studies, Multilingual environments[\/vc_column_text][\/vc_column][\/vc_row][vc_row el_id=\u00a0\u00bbDidace-Kalisa\u00a0\u00bb el_class=\u00a0\u00bbteam-member\u00a0\u00bb][vc_column][vc_row_inner content_placement=\u00a0\u00bbmiddle\u00a0\u00bb][vc_column_inner width=\u00a0\u00bb1\/4&Prime;][vc_single_image image=\u00a0\u00bb345364&Prime; img_size=\u00a0\u00bb150&#215;150&Prime; alignment=\u00a0\u00bbcenter\u00a0\u00bb style=\u00a0\u00bbvc_box_border_circle_2&Prime; css=\u00a0\u00bb\u00a0\u00bb][\/vc_column_inner][vc_column_inner width=\u00a0\u00bb3\/4&Prime;][vc_custom_heading text=\u00a0\u00bbDidace Kalisa\u00a0\u00bb font_container=\u00a0\u00bbtag:h3|text_align:left\u00a0\u00bb use_theme_fonts=\u00a0\u00bbyes\u00a0\u00bb css=\u00a0\u00bb.vc_custom_1719562280613{margin-bottom: 0px !important;}\u00a0\u00bb][vc_column_text css=\u00a0\u00bb.vc_custom_1719562300144{margin-bottom: 0px !important;}\u00a0\u00bb]<\/p>\n<p class=\"p1\">Director, Agence Nationale pour l\u2019Information des Jeunes \u2013 ANIJ a.s.b.l.<\/p>\n<p>[\/vc_column_text][\/vc_column_inner][\/vc_row_inner][vc_column_text css=\u00a0\u00bb\u00a0\u00bb]<\/p>\n<p class=\"p1\">Didace Kalisa holds a Degree in Education Sciences and serves as Executive Manager at ANIJ. Previously, he had been serving as a Youth Information Worker at the former Youth Information Center (CIJ) for several years. Didace Kalisa is a member of the National Working Group \u00ab\u00a0Youth Dialogue\u00a0\u00bb (collaboration with other youth organizations and the Ministry of Education, Children, and Youth in Luxembourg) and of the ERYICA Governing Board, where he is responsible for Human Resources. He is regularly participating in the working groups of the French-speaking member countries of ERYICA: contribution to the Liaison Manual (toolkit for the prevention of youth violent extremism through youth information, 2017); participation in the preparation and implementation of the MedYIA training course on media literacy (2022 in Eupen); participation in the Working Group on Inclusion (2024).<\/p>\n<p>Expertise: Youth information, prevention of youth violent extremism, media literacy, inclusion[\/vc_column_text][\/vc_column][\/vc_row][vc_row el_id=\u00a0\u00bbGuillaume-Kuster\u00a0\u00bb el_class=\u00a0\u00bbteam-member\u00a0\u00bb][vc_column][vc_row_inner content_placement=\u00a0\u00bbmiddle\u00a0\u00bb][vc_column_inner width=\u00a0\u00bb1\/4&Prime;][vc_single_image image=\u00a0\u00bb345369&Prime; img_size=\u00a0\u00bb150&#215;150&Prime; alignment=\u00a0\u00bbcenter\u00a0\u00bb style=\u00a0\u00bbvc_box_border_circle_2&Prime; css=\u00a0\u00bb\u00a0\u00bb][\/vc_column_inner][vc_column_inner width=\u00a0\u00bb3\/4&Prime;][vc_custom_heading text=\u00a0\u00bbGuillaume Kuster\u00a0\u00bb font_container=\u00a0\u00bbtag:h3|text_align:left\u00a0\u00bb use_theme_fonts=\u00a0\u00bbyes\u00a0\u00bb css=\u00a0\u00bb.vc_custom_1719562356226{margin-bottom: 0px !important;}\u00a0\u00bb][vc_column_text css=\u00a0\u00bb.vc_custom_1719562389523{margin-bottom: 0px !important;}\u00a0\u00bb]<\/p>\n<p class=\"p1\">CEO and Co-Founder, Check First<\/p>\n<p>[\/vc_column_text][\/vc_column_inner][\/vc_row_inner][vc_column_text css=\u00a0\u00bb\u00a0\u00bb]<\/p>\n<p class=\"p1\">Guillaume Kuster is CEO and co-founder of Check First. He specialises in the study of the spread of disinformation and FIMI through algorithmic recommendations on major platforms. Prior, Guillaume was a journalist for nearly 20 years public service media in France.<\/p>\n<p>Expertise: Algorithmic recommender systems, OSINT, FIMI &amp; Disinformation monitoring, Journalism[\/vc_column_text][\/vc_column][\/vc_row][vc_row el_id=\u00a0\u00bbGr\u00e9goire-Lits\u00a0\u00bb el_class=\u00a0\u00bbteam-member\u00a0\u00bb][vc_column][vc_row_inner content_placement=\u00a0\u00bbmiddle\u00a0\u00bb][vc_column_inner width=\u00a0\u00bb1\/4&Prime;][vc_single_image image=\u00a0\u00bb58127&Prime; img_size=\u00a0\u00bb150&#215;150&Prime; alignment=\u00a0\u00bbcenter\u00a0\u00bb style=\u00a0\u00bbvc_box_border_circle_2&Prime;][\/vc_column_inner][vc_column_inner width=\u00a0\u00bb3\/4&Prime;][vc_custom_heading text=\u00a0\u00bbGr\u00e9goire Lits\u00a0\u00bb font_container=\u00a0\u00bbtag:h3|text_align:left\u00a0\u00bb use_theme_fonts=\u00a0\u00bbyes\u00a0\u00bb css=\u00a0\u00bb.vc_custom_1656591950309{margin-bottom: 0px !important;}\u00a0\u00bb][vc_column_text css=\u00a0\u00bb.vc_custom_1656599829133{margin-bottom: 0px !important;}\u00a0\u00bb]Co-director of the UCLouvain Observatory for Research on Media and journalism (ORM), UCLouvain (ORM)[\/vc_column_text][\/vc_column_inner][\/vc_row_inner][vc_column_text]Gr\u00e9goire Lits is Assistant Professor of sociology at the Institute for Language and Communication and also Co-Director of the Research Observatory on Media and Journalism at UCLouvain. His research focuses on the circulation of information in society and public spaces. His most recent publications centre on the psychological impacts of the COVID-19 pandemic and the associated &lsquo;infodemic&rsquo;. He is co-coordinator of the Innoviris funded project PANDORX that analyses the circulation of health information in Brussels during the Covid-19 crisis (<a href=\"https:\/\/www.pandorix.be\/\">https:\/\/www.pandorix.be\/<\/a>).<\/p>\n<p>Expertise: Sociology, Disinformation, Science Society Interface, Public Sphere, Social Problems[\/vc_column_text][\/vc_column][\/vc_row][vc_row el_id=\u00a0\u00bbStephanie-Lukasik\u00a0\u00bb el_class=\u00a0\u00bbteam-member\u00a0\u00bb][vc_column][vc_row_inner content_placement=\u00a0\u00bbmiddle\u00a0\u00bb][vc_column_inner width=\u00a0\u00bb1\/4&Prime;][vc_single_image image=\u00a0\u00bb345374&Prime; img_size=\u00a0\u00bb150&#215;150&Prime; alignment=\u00a0\u00bbcenter\u00a0\u00bb style=\u00a0\u00bbvc_box_border_circle_2&Prime; css=\u00a0\u00bb\u00a0\u00bb][\/vc_column_inner][vc_column_inner width=\u00a0\u00bb3\/4&Prime;][vc_custom_heading text=\u00a0\u00bbSt\u00e9phanie Lukasik\u00a0\u00bb font_container=\u00a0\u00bbtag:h3|text_align:left\u00a0\u00bb use_theme_fonts=\u00a0\u00bbyes\u00a0\u00bb css=\u00a0\u00bb.vc_custom_1719562733609{margin-bottom: 0px !important;}\u00a0\u00bb][vc_column_text css=\u00a0\u00bb.vc_custom_1719562759576{margin-bottom: 0px !important;}\u00a0\u00bb]<\/p>\n<p class=\"p1\">Researcher, University of Luxembourg<\/p>\n<p>[\/vc_column_text][\/vc_column_inner][\/vc_row_inner][vc_column_text css=\u00a0\u00bb\u00a0\u00bb]<\/p>\n<p class=\"p1\">Dr. Stephanie Lukasik, a doctor and lecturer in information and communication sciences, coordinates the Medialux project at the University of Luxembourg and co-directs Luxembourg&rsquo;s Media Pluralism Monitor. Since 2024, she has been an elected expert on the Council of Europe&rsquo;s committee of experts on online security and the empowerment of content creators and users (MSI-eSEC).<\/p>\n<p>Expertise: Disinformation<span class=\"s1\"> ; <\/span>journalism, information ecosystem, social networks, users.[\/vc_column_text][\/vc_column][\/vc_row][vc_row el_id=\u00a0\u00bbRomain-Schroeder\u00a0\u00bb el_class=\u00a0\u00bbteam-member\u00a0\u00bb][vc_column][vc_row_inner content_placement=\u00a0\u00bbmiddle\u00a0\u00bb][vc_column_inner width=\u00a0\u00bb1\/4&Prime;][vc_single_image image=\u00a0\u00bb345379&Prime; img_size=\u00a0\u00bb150&#215;150&Prime; alignment=\u00a0\u00bbcenter\u00a0\u00bb style=\u00a0\u00bbvc_box_border_circle_2&Prime; css=\u00a0\u00bb\u00a0\u00bb][\/vc_column_inner][vc_column_inner width=\u00a0\u00bb3\/4&Prime;][vc_custom_heading text=\u00a0\u00bbRomain Schroeder\u00a0\u00bb font_container=\u00a0\u00bbtag:h3|text_align:left\u00a0\u00bb use_theme_fonts=\u00a0\u00bbyes\u00a0\u00bb css=\u00a0\u00bb.vc_custom_1719562832193{margin-bottom: 0px !important;}\u00a0\u00bb][vc_column_text css=\u00a0\u00bb.vc_custom_1719562878676{margin-bottom: 0px !important;}\u00a0\u00bb]<\/p>\n<p class=\"p1\">Coordinator of the Educational Department, Zentrum fir politesch Bildung (Centre for Citizenship Education)<\/p>\n<p>[\/vc_column_text][\/vc_column_inner][\/vc_row_inner][vc_column_text css=\u00a0\u00bb\u00a0\u00bb]<\/p>\n<p class=\"p1\">Romain Schroeder studied History and French, successfully completing his teacher training. He spent several years working in humanitarian and development aid at Caritas Luxembourg, followed by long-term roles as a teacher and at the National Archives. Since 2017, he has been with the Luxembourg Centre for Citizenship Education, where he leads the Educational Department and develops initiatives focused on combating disinformation, intended to engage both adults and young people. He also occasionally delivers speeches on the topic, moderates roundtable discussions, and has a sound knowledge of the network working on this issue in Luxembourg.<\/p>\n<p>Expertise: Combating disinformation, Digital media literacy training, Digitization &amp; public discourse, Democratic power shifts, Citizenship educational initiatives[\/vc_column_text][\/vc_column][\/vc_row][vc_row el_id=\u00a0\u00bbNoemi-Trino\u00a0\u00bb el_class=\u00a0\u00bbteam-member\u00a0\u00bb][vc_column][vc_row_inner content_placement=\u00a0\u00bbmiddle\u00a0\u00bb][vc_column_inner width=\u00a0\u00bb1\/4&Prime;][vc_single_image image=\u00a0\u00bb345384&Prime; img_size=\u00a0\u00bb150&#215;150&Prime; alignment=\u00a0\u00bbcenter\u00a0\u00bb style=\u00a0\u00bbvc_box_border_circle_2&Prime; css=\u00a0\u00bb\u00a0\u00bb][\/vc_column_inner][vc_column_inner width=\u00a0\u00bb3\/4&Prime;][vc_custom_heading text=\u00a0\u00bbNoemi Trino\u00a0\u00bb font_container=\u00a0\u00bbtag:h3|text_align:left\u00a0\u00bb use_theme_fonts=\u00a0\u00bbyes\u00a0\u00bb css=\u00a0\u00bb.vc_custom_1719562919444{margin-bottom: 0px !important;}\u00a0\u00bb][vc_column_text css=\u00a0\u00bb.vc_custom_1719562937277{margin-bottom: 0px !important;}\u00a0\u00bb]<\/p>\n<p class=\"p1\">Scientific Collaborator, Institute for European Studies, Universit\u00e9 libre de Bruxelles.<\/p>\n<p>[\/vc_column_text][\/vc_column_inner][\/vc_row_inner][vc_column_text css=\u00a0\u00bb\u00a0\u00bb]<\/p>\n<p class=\"p1\">Noemi Trino is a Scientific Collaborator at the Institute for European Studies of the ULB, in Brussels. She holds a PhD from Luiss \u2018Guido Carli\u2019 University, Rome, where she coordinated the local team of the H2020 project <i>Social Observatory<\/i> <i>for Disinformation and Social Media Analysis<\/i> (SOMA). She currently serves as an expert and evaluator for the European Commission on the topics of Digital Democracy and Disinformation.<\/p>\n<p>Expertise: public opinion and political behaviour in Europe; political trust; disinformation and politics; platforms and data policies.[\/vc_column_text][\/vc_column][\/vc_row][vc_row el_id=\u00a0\u00bbRachel-Winny\u00a0\u00bb el_class=\u00a0\u00bbteam-member\u00a0\u00bb][vc_column][vc_row_inner content_placement=\u00a0\u00bbmiddle\u00a0\u00bb][vc_column_inner width=\u00a0\u00bb1\/4&Prime;][vc_single_image image=\u00a0\u00bb345404&Prime; img_size=\u00a0\u00bb150&#215;150&Prime; alignment=\u00a0\u00bbcenter\u00a0\u00bb style=\u00a0\u00bbvc_box_border_circle_2&Prime; css=\u00a0\u00bb\u00a0\u00bb][\/vc_column_inner][vc_column_inner width=\u00a0\u00bb3\/4&Prime;][vc_custom_heading text=\u00a0\u00bbRachel Winny\u00a0\u00bb font_container=\u00a0\u00bbtag:h3|text_align:left\u00a0\u00bb use_theme_fonts=\u00a0\u00bbyes\u00a0\u00bb css=\u00a0\u00bb.vc_custom_1720173406979{margin-bottom: 0px !important;}\u00a0\u00bb][vc_column_text css=\u00a0\u00bb.vc_custom_1720173429135{margin-bottom: 0px !important;}\u00a0\u00bb]Technical Director, Centre of Information Resilience[\/vc_column_text][\/vc_column_inner][\/vc_row_inner][vc_column_text css=\u00a0\u00bb\u00a0\u00bb]<\/p>\n<p class=\"p1\">Rachel Winny is Technical Director at the Centre for Information Resilience, where she serves as a senior technical expert specialising in ethical standards for open-source investigations and responses to information disorder, as well organisational lead for conflict and gender sensitivity and safeguarding. She is an accredited conflict specialist and has led policy and programme delivery in fragile and conflict affected states for the UK and other allied Governments, focusing on conflict analysis and conflict-sensitive responses, as well as issues related to violent extremism and terrorism.<\/p>\n<p>Expertise: Open-source ethics, gender, conflict, information disorder[\/vc_column_text][\/vc_column][\/vc_row][vc_row][vc_column][vc_custom_heading text=\u00a0\u00bb\u00c9quipe de direction\u00a0\u00bb use_theme_fonts=\u00a0\u00bbyes\u00a0\u00bb css=\u00a0\u00bb\u00a0\u00bb][\/vc_column][\/vc_row][vc_row el_id=\u00a0\u00bbTrisha-Meyer\u00a0\u00bb el_class=\u00a0\u00bbteam-member\u00a0\u00bb][vc_column][vc_row_inner content_placement=\u00a0\u00bbmiddle\u00a0\u00bb][vc_column_inner width=\u00a0\u00bb1\/4&Prime;][vc_single_image image=\u00a0\u00bb58112&Prime; img_size=\u00a0\u00bb150&#215;150&Prime; alignment=\u00a0\u00bbcenter\u00a0\u00bb style=\u00a0\u00bbvc_box_border_circle_2&Prime;][\/vc_column_inner][vc_column_inner width=\u00a0\u00bb3\/4&Prime;][vc_custom_heading text=\u00a0\u00bbTrisha Meyer\u00a0\u00bb font_container=\u00a0\u00bbtag:h3|text_align:left\u00a0\u00bb use_theme_fonts=\u00a0\u00bbyes\u00a0\u00bb css=\u00a0\u00bb.vc_custom_1656075890076{margin-bottom: 0px !important;}\u00a0\u00bb][vc_column_text css=\u00a0\u00bb.vc_custom_1656075992720{margin-bottom: 0px !important;}\u00a0\u00bb]Professor in Digital Governance and Participation, Vrije Universiteit Brussel, Centre on Digitalisation, Democracy and Innovation[\/vc_column_text][\/vc_column_inner][\/vc_row_inner][vc_column_text]Trisha Meyer is Assistant Professor in Digital Governance and Participation at Vrije Universiteit Brussel and Professorial Fellow at United Nations University CRIS in Bruges. Trisha leads the <a href=\"https:\/\/brussels-school.be\/research\/digitalisation-democracy-and-innovation\">Research Centre on Digitalisation, Democracy and Innovation<\/a> at VUB Brussels School of Governance. Trisha researches the regulatory push toward and societal consequences of tech platforms taking proactive (and automated) measures to moderate content. A second closely related research strand pertains to stakeholder engagement and participatory governance in digital policy. She co-authored a study on use of AI to tackle disinformation for the European Parliament (2019) and a study mapping global responses to disinformation for UNESCO\/ITU (2020). Trisha is the principal investigator of the EDMO BELUX project.<\/p>\n<p>Expertise: Digital Policy, Platform Responsibility, Freedom Of Expression, Artificial Intelligence[\/vc_column_text][\/vc_column][\/vc_row][vc_row el_id=\u00a0\u00bbGeoffroy-Patriarche\u00a0\u00bb el_class=\u00a0\u00bbteam-member\u00a0\u00bb][vc_column][vc_row_inner content_placement=\u00a0\u00bbmiddle\u00a0\u00bb][vc_column_inner width=\u00a0\u00bb1\/4&Prime;][vc_single_image image=\u00a0\u00bb58052&Prime; img_size=\u00a0\u00bb150&#215;150&Prime; alignment=\u00a0\u00bbcenter\u00a0\u00bb style=\u00a0\u00bbvc_box_border_circle_2&Prime;][\/vc_column_inner][vc_column_inner width=\u00a0\u00bb3\/4&Prime;][vc_custom_heading text=\u00a0\u00bbGeoffroy Patriarche\u00a0\u00bb font_container=\u00a0\u00bbtag:h3|text_align:left\u00a0\u00bb use_theme_fonts=\u00a0\u00bbyes\u00a0\u00bb css=\u00a0\u00bb.vc_custom_1656076756989{margin-bottom: 0px !important;}\u00a0\u00bb][vc_column_text css=\u00a0\u00bb.vc_custom_1720173626868{margin-bottom: 0px !important;}\u00a0\u00bb]<\/p>\n<p class=\"p1\">Full professor, UCLouvain Saint-Louis Bruxelles, Engage \u2013 Research Center for Publicness in Contemporary Communication<\/p>\n<p>[\/vc_column_text][\/vc_column_inner][\/vc_row_inner][vc_column_text css=\u00a0\u00bb\u00a0\u00bb]<\/p>\n<p class=\"p1\">Geoffroy Patriarche is co-head of a Master programme in Communication Strategy and Digital Culture (co-organised by UCLouvain Saint-Louis Bruxelles and ISFSC) and co-head of Engage \u2013 Research Center for Publicness in Contemporary Communication. His current research interests lie at the intersection of audience studies, discourse studies and misinformation studies. Within EDMO BELUX 2.0, Geoffroy serves as co-lead of the project management and contributes to the activities of WP2 (community-building), WP5 (research) and WP6 (communication).<\/p>\n<p>Expertise: Audiences, discourse, misinformation, reception studies, user studies[\/vc_column_text][\/vc_column][\/vc_row][vc_row el_id=\u00a0\u00bbBasak-Van-Hove\u00a0\u00bb el_class=\u00a0\u00bbteam-member\u00a0\u00bb][vc_column][vc_row_inner content_placement=\u00a0\u00bbmiddle\u00a0\u00bb][vc_column_inner width=\u00a0\u00bb1\/4&Prime;][vc_single_image image=\u00a0\u00bb345394&Prime; img_size=\u00a0\u00bb150&#215;150&Prime; alignment=\u00a0\u00bbcenter\u00a0\u00bb style=\u00a0\u00bbvc_box_border_circle_2&Prime; css=\u00a0\u00bb\u00a0\u00bb][\/vc_column_inner][vc_column_inner width=\u00a0\u00bb3\/4&Prime;][vc_custom_heading text=\u00a0\u00bbBasak Van Hove\u00a0\u00bb font_container=\u00a0\u00bbtag:h3|text_align:left\u00a0\u00bb use_theme_fonts=\u00a0\u00bbyes\u00a0\u00bb css=\u00a0\u00bb.vc_custom_1719568164764{margin-bottom: 0px !important;}\u00a0\u00bb][vc_column_text css=\u00a0\u00bb.vc_custom_1719568195559{margin-bottom: 0px !important;}\u00a0\u00bb]<\/p>\n<p class=\"p1\">Project Coordinator, Centre for Digitalisation, Democracy, and Innovation of the Brussels School of Governance at VUB<\/p>\n<p>[\/vc_column_text][\/vc_column_inner][\/vc_row_inner][vc_column_text css=\u00a0\u00bb\u00a0\u00bb]<\/p>\n<p class=\"p1\">She has extensive experience in project cycle management, event management, and EU-funded projects and tenders coordination. Basak&rsquo;s expertise extends to developing grant applications for European and global funds.<\/p>\n<p class=\"p1\">She previously worked for CEPS as a Project Officer, coordinating project and tender proposals, and preparing narrative and financial reports for EU institutions. Moreover, she coordinated communications with partners, funding agencies, external experts, and stakeholders, as well as organized workshops, symposiums, and conferences for high-level policymakers. Furthermore, she has evaluated grant applications and project reports for EU-funded projects in Belgium as an independent external assessor. She holds a Ph.D. in European Studies specializing in human rights and civil society organizations in the EU.<\/p>\n<p>Expertise: Project Management, Human rights, CSOs<\/p>\n<p><span class=\"s1\">\u00a0<\/span>[\/vc_column_text][\/vc_column][\/vc_row][vc_row el_id=\u00a0\u00bbSabri-Derinoz\u00a0\u00bb el_class=\u00a0\u00bbteam-member\u00a0\u00bb][vc_column][vc_row_inner content_placement=\u00a0\u00bbmiddle\u00a0\u00bb][vc_column_inner width=\u00a0\u00bb1\/4&Prime;][vc_single_image image=\u00a0\u00bb389174&Prime; img_size=\u00a0\u00bb150&#215;150&Prime; alignment=\u00a0\u00bbcenter\u00a0\u00bb style=\u00a0\u00bbvc_box_border_circle_2&Prime; css=\u00a0\u00bb\u00a0\u00bb][\/vc_column_inner][vc_column_inner width=\u00a0\u00bb3\/4&Prime;][vc_custom_heading text=\u00a0\u00bbSabri Derin\u00f6z\u00a0\u00bb font_container=\u00a0\u00bbtag:h3|text_align:left|color:%23111111&Prime; use_theme_fonts=\u00a0\u00bbyes\u00a0\u00bb css=\u00a0\u00bb.vc_custom_1741083339694{margin-bottom: 0px !important;}\u00a0\u00bb][vc_column_text css=\u00a0\u00bb.vc_custom_1741170701119{margin-bottom: 0px !important;}\u00a0\u00bb]Researcher, UCLouvain Saint-Louis Bruxelles[\/vc_column_text][\/vc_column_inner][\/vc_row_inner][vc_column_text css=\u00a0\u00bb\u00a0\u00bb]<\/p>\n<p style=\"font-weight: 400;\"><span data-ogsc=\"rgb(33, 33, 33)\">Sabri Derin\u00f6z is a researcher in media and communication studies. His work focuses mostly on diversity and inequality in media and journalism as well as media literacy. As an independent researcher and through collaborations with various universities (USL-B, ULB, UCLouvain), he has contributed to multiple (research) projects, including\u00a0<em>MEDIA CLUSTERS BRUSSELS<\/em>. As a media expert, he has worked with several institutions, including media organizations, the Belgian audiovisual regulatory body, the journalists\u2019 union, and the minister of Media. He also co-founded an association dedicated to addressing inequalities in the media.\u00a0<\/span><\/p>\n<p style=\"font-weight: 400;\"><span data-ogsc=\"rgb(33, 33, 33)\">\u00a0<\/span><span data-ogsc=\"rgb(33, 33, 33)\">Within\u00a0<em>EDMO BELUX 2.0<\/em>, Sabri leads WP2 (community-building) and contributes to WP1 (project management), WP5 (research), and WP6 (communication).<\/span><\/p>\n<p style=\"font-weight: 400;\"><span data-ogsc=\"rgb(33, 33, 33)\">Expertise: Discourse, Diversity, Inequalities, Journalism, Public Problems<\/span><\/p>\n<p>[\/vc_column_text][\/vc_column][\/vc_row][vc_row el_id=\u00a0\u00bbJocelyne-Zablit\u00a0\u00bb el_class=\u00a0\u00bbteam-member\u00a0\u00bb][vc_column][vc_row_inner content_placement=\u00a0\u00bbmiddle\u00a0\u00bb][vc_column_inner width=\u00a0\u00bb1\/4&Prime;][vc_single_image image=\u00a0\u00bb58229&Prime; img_size=\u00a0\u00bb150&#215;150&Prime; alignment=\u00a0\u00bbcenter\u00a0\u00bb style=\u00a0\u00bbvc_box_border_circle_2&Prime;][\/vc_column_inner][vc_column_inner width=\u00a0\u00bb3\/4&Prime;][vc_custom_heading text=\u00a0\u00bbJocelyne Zablit\u00a0\u00bb font_container=\u00a0\u00bbtag:h3|text_align:left\u00a0\u00bb use_theme_fonts=\u00a0\u00bbyes\u00a0\u00bb css=\u00a0\u00bb.vc_custom_1656924438940{margin-bottom: 0px !important;}\u00a0\u00bb][vc_column_text css=\u00a0\u00bb.vc_custom_1656924447562{margin-bottom: 0px !important;}\u00a0\u00bb]Project Manager, AFP[\/vc_column_text][\/vc_column_inner][\/vc_row_inner][vc_column_text]Jocelyne Zablit is an AFP journalist with more than three decades of professional experience. She is currently leading several projects in Europe focused on factchecking and disinformation. She has managed several AFP bureaus during her career at AFP. Her most recent posting was as Bureau Chief for the US West Coast based in Los Angeles. Prior to that, she was Head of the AFP English Europe\/Africa Desk, AFP Bureau Chief in Beirut and European Affairs Correspondent then Lifestyle Editor in Washington.[\/vc_column_text][\/vc_column][\/vc_row][vc_row el_id=\u00a0\u00bbInes-Gentil\u00a0\u00bb el_class=\u00a0\u00bbteam-member\u00a0\u00bb][vc_column][vc_row_inner content_placement=\u00a0\u00bbmiddle\u00a0\u00bb][vc_column_inner width=\u00a0\u00bb1\/4&Prime;][vc_single_image image=\u00a0\u00bb345389&Prime; img_size=\u00a0\u00bb150&#215;150&Prime; alignment=\u00a0\u00bbcenter\u00a0\u00bb style=\u00a0\u00bbvc_box_border_circle_2&Prime; css=\u00a0\u00bb\u00a0\u00bb][\/vc_column_inner][vc_column_inner width=\u00a0\u00bb3\/4&Prime;][vc_custom_heading text=\u00a0\u00bbIn\u00e8s Gentil\u00a0\u00bb font_container=\u00a0\u00bbtag:h3|text_align:left\u00a0\u00bb use_theme_fonts=\u00a0\u00bbyes\u00a0\u00bb css=\u00a0\u00bb.vc_custom_1719568107428{margin-bottom: 0px !important;}\u00a0\u00bb][vc_column_text css=\u00a0\u00bb.vc_custom_1719568150179{margin-bottom: 0px !important;}\u00a0\u00bb]<\/p>\n<p class=\"p1\">Project Officer, EU DisinfoLab<\/p>\n<p>[\/vc_column_text][\/vc_column_inner][\/vc_row_inner][vc_column_text css=\u00a0\u00bb\u00a0\u00bb]<\/p>\n<p class=\"p1\">In\u00e8s is a Project Officer at the EU DisinfoLab working on EU-funded projects, such as EDMO BELUX 2.0, focused on tackling sophisticated disinformation\/FIMI campaigns targeting the EU and its Member States. She previously interned at the United Nations Democracy Fund, the French Ministry of Defence and in the Public Diplomacy section of the U.S. Embassy in Paris. She also worked for a consultancy agency in London specialised in strategic communications and public affairs. In\u00e8s Gentil holds a B.A. from McGill University and a Dual Master\u2019s Degree from LUISS University in Roma and King\u2019s College London.<\/p>\n<p>Expertise: Disinformation, Project Management, Public Diplomacy, Information Warfare, Political Communication, Discourse Analysis<span class=\"s1\"><br \/>\n<\/span>[\/vc_column_text][\/vc_column][\/vc_row][vc_row el_id=\u00a0\u00bbValentine-Francois\u00a0\u00bb el_class=\u00a0\u00bbteam-member\u00a0\u00bb][vc_column][vc_row_inner content_placement=\u00a0\u00bbmiddle\u00a0\u00bb][vc_column_inner width=\u00a0\u00bb1\/4&Prime;][vc_single_image image=\u00a0\u00bb381500&Prime; img_size=\u00a0\u00bb150&#215;150&Prime; alignment=\u00a0\u00bbcenter\u00a0\u00bb style=\u00a0\u00bbvc_box_border_circle_2&Prime; css=\u00a0\u00bb\u00a0\u00bb][\/vc_column_inner][vc_column_inner width=\u00a0\u00bb3\/4&Prime;][vc_custom_heading text=\u00a0\u00bbValentine Fran\u00e7ois\u00a0\u00bb font_container=\u00a0\u00bbtag:h3|text_align:left|color:%23111111&Prime; use_theme_fonts=\u00a0\u00bbyes\u00a0\u00bb css=\u00a0\u00bb.vc_custom_1737559198697{margin-bottom: 0px !important;}\u00a0\u00bb][vc_column_text css=\u00a0\u00bb.vc_custom_1741187874857{margin-bottom: 0px !important;}\u00a0\u00bb]<\/p>\n<p data-pm-slice=\"1 1 [&quot;bulletList&quot;,null,&quot;listItem&quot;,null]\">European Projects Coordinator, <span data-teams=\"true\">Media Animation<\/span><\/p>\n<p>[\/vc_column_text][\/vc_column_inner][\/vc_row_inner][vc_column_text css=\u00a0\u00bb\u00a0\u00bb]<\/p>\n<p data-pm-slice=\"1 1 [&quot;bulletList&quot;,null,&quot;listItem&quot;,null]\">Valentine Fran\u00e7ois is the coordinator of European projects at Media Animation. Holding a Master&rsquo;s degree in Information and Communication with a focus on Journalism, Valentine is passionate about fostering critical thinking and media literacy. Her experience includes teaching media didactics to future teachers at Haute \u00e9cole L\u00e9onard de Vinci and designing media literacy tools, including several focused on critical information education, with Action M\u00e9dias Jeunes and CR\u00e9SaM (Centre de R\u00e9f\u00e9rence en Sant\u00e9 Mentale).<\/p>\n<p>[\/vc_column_text][\/vc_column][\/vc_row][vc_row disable_element=\u00a0\u00bbyes\u00a0\u00bb el_id=\u00a0\u00bbNadia-Tjahja\u00a0\u00bb el_class=\u00a0\u00bbteam-member\u00a0\u00bb][vc_column][vc_row_inner content_placement=\u00a0\u00bbmiddle\u00a0\u00bb][vc_column_inner width=\u00a0\u00bb1\/4&Prime;][vc_single_image image=\u00a0\u00bb381495&Prime; img_size=\u00a0\u00bb150&#215;150&Prime; alignment=\u00a0\u00bbcenter\u00a0\u00bb style=\u00a0\u00bbvc_box_border_circle_2&Prime; css=\u00a0\u00bb\u00a0\u00bb][\/vc_column_inner][vc_column_inner width=\u00a0\u00bb3\/4&Prime;][vc_custom_heading text=\u00a0\u00bbNadia Tjahja\u00a0\u00bb font_container=\u00a0\u00bbtag:h3|text_align:left|color:%23111111&Prime; use_theme_fonts=\u00a0\u00bbyes\u00a0\u00bb css=\u00a0\u00bb.vc_custom_1737559144047{margin-bottom: 0px !important;}\u00a0\u00bb][vc_column_text css=\u00a0\u00bb.vc_custom_1737559151462{margin-bottom: 0px !important;}\u00a0\u00bb]<\/p>\n<p data-pm-slice=\"1 1 [&quot;bulletList&quot;,null,&quot;listItem&quot;,null]\">Communications Manager,\u00a0 Centre for Digitalisation, Democracy, and Innovation of the Brussels School of Governance<\/p>\n<p>[\/vc_column_text][\/vc_column_inner][\/vc_row_inner][vc_column_text css=\u00a0\u00bb\u00a0\u00bb]Nadia Tjahja is a researcher at the Research Centre on Digitalisation, Democracy and Innovation at the VUB Brussels School of Governance. Within EDMO BELUX 2.0, Nadia serves as the lead of WP6.<\/p>\n<p>Expertise: Internet governance, digital policies, youth participation, media literacy, thematic analysis,political and\u00a0organisational communications, project management.\u201d[\/vc_column_text][\/vc_column][\/vc_row]<\/p>\n<\/div>","protected":false},"excerpt":{"rendered":"<p>[vc_row][vc_column][vc_custom_heading text=\u00a0\u00bbConseil consultatif\u00a0\u00bb use_theme_fonts=\u00a0\u00bbyes\u00a0\u00bb css=\u00a0\u00bb\u00a0\u00bb][\/vc_column][\/vc_row][vc_row el_id=\u00a0\u00bbLuc-Caregari\u00a0\u00bb el_class=\u00a0\u00bbteam-member\u00a0\u00bb][vc_column][vc_row_inner content_placement=\u00a0\u00bbmiddle\u00a0\u00bb][vc_column_inner width=\u00a0\u00bb1\/4&Prime;][vc_single_image image=\u00a0\u00bb345339&Prime; img_size=\u00a0\u00bb150&#215;150&Prime; alignment=\u00a0\u00bbcenter\u00a0\u00bb style=\u00a0\u00bbvc_box_border_circle_2&Prime; css=\u00a0\u00bb\u00a0\u00bb][\/vc_column_inner][vc_column_inner width=\u00a0\u00bb3\/4&Prime;][vc_custom_heading text=\u00a0\u00bbLuc Caregari\u00a0\u00bb font_container=\u00a0\u00bbtag:h3|text_align:left\u00a0\u00bb use_theme_fonts=\u00a0\u00bbyes\u00a0\u00bb css=\u00a0\u00bb.vc_custom_1719559552820{margin-bottom:&#8230;<\/p>\n","protected":false},"author":14,"featured_media":0,"parent":57924,"menu_order":0,"comment_status":"closed","ping_status":"closed","template":"","meta":{"_acf_changed":false,"footnotes":""},"class_list":["post-58329","page","type-page","status-publish"],"acf":[],"yoast_head":"<!-- This site is optimized with the Yoast SEO plugin v27.0 - https:\/\/yoast.com\/product\/yoast-seo-wordpress\/ -->\n<title>Les membres de notre conseil d&#039;administration - EDMO Belux<\/title>\n<meta name=\"robots\" content=\"index, follow, max-snippet:-1, max-image-preview:large, max-video-preview:-1\" \/>\n<link rel=\"canonical\" href=\"https:\/\/belux.edmo.eu\/fr\/our-board\/our-members\/\" \/>\n<meta property=\"og:locale\" content=\"fr_FR\" \/>\n<meta property=\"og:type\" content=\"article\" \/>\n<meta property=\"og:title\" content=\"Les membres de notre conseil d&#039;administration - EDMO Belux\" \/>\n<meta property=\"og:description\" content=\"[vc_row][vc_column][vc_custom_heading text=\u00a0\u00bbConseil consultatif\u00a0\u00bb use_theme_fonts=\u00a0\u00bbyes\u00a0\u00bb css=\u00a0\u00bb\u00a0\u00bb][\/vc_column][\/vc_row][vc_row el_id=\u00a0\u00bbLuc-Caregari\u00a0\u00bb el_class=\u00a0\u00bbteam-member\u00a0\u00bb][vc_column][vc_row_inner content_placement=\u00a0\u00bbmiddle\u00a0\u00bb][vc_column_inner width=\u00a0\u00bb1\/4&Prime;][vc_single_image image=\u00a0\u00bb345339&Prime; img_size=\u00a0\u00bb150&#215;150&Prime; alignment=\u00a0\u00bbcenter\u00a0\u00bb style=\u00a0\u00bbvc_box_border_circle_2&Prime; css=\u00a0\u00bb\u00a0\u00bb][\/vc_column_inner][vc_column_inner width=\u00a0\u00bb3\/4&Prime;][vc_custom_heading text=\u00a0\u00bbLuc Caregari\u00a0\u00bb font_container=\u00a0\u00bbtag:h3|text_align:left\u00a0\u00bb use_theme_fonts=\u00a0\u00bbyes\u00a0\u00bb css=\u00a0\u00bb.vc_custom_1719559552820{margin-bottom:...\" \/>\n<meta property=\"og:url\" content=\"https:\/\/belux.edmo.eu\/fr\/our-board\/our-members\/\" \/>\n<meta property=\"og:site_name\" content=\"EDMO Belux\" \/>\n<meta property=\"article:modified_time\" content=\"2025-12-09T12:36:32+00:00\" \/>\n<meta name=\"twitter:card\" content=\"summary_large_image\" \/>\n<meta name=\"twitter:site\" content=\"@Edmo_Belux\" \/>\n<meta name=\"twitter:label1\" content=\"Dur\u00e9e de lecture estim\u00e9e\" \/>\n\t<meta name=\"twitter:data1\" content=\"12 minutes\" \/>\n<script type=\"application\/ld+json\" class=\"yoast-schema-graph\">{\"@context\":\"https:\/\/schema.org\",\"@graph\":[{\"@type\":\"WebPage\",\"@id\":\"https:\/\/belux.edmo.eu\/fr\/our-board\/our-members\/\",\"url\":\"https:\/\/belux.edmo.eu\/fr\/our-board\/our-members\/\",\"name\":\"Les membres de notre conseil d'administration - EDMO Belux\",\"isPartOf\":{\"@id\":\"https:\/\/belux.edmo.eu\/#website\"},\"datePublished\":\"2022-07-05T10:07:55+00:00\",\"dateModified\":\"2025-12-09T12:36:32+00:00\",\"breadcrumb\":{\"@id\":\"https:\/\/belux.edmo.eu\/fr\/our-board\/our-members\/#breadcrumb\"},\"inLanguage\":\"fr-FR\",\"potentialAction\":[{\"@type\":\"ReadAction\",\"target\":[\"https:\/\/belux.edmo.eu\/fr\/our-board\/our-members\/\"]}]},{\"@type\":\"BreadcrumbList\",\"@id\":\"https:\/\/belux.edmo.eu\/fr\/our-board\/our-members\/#breadcrumb\",\"itemListElement\":[{\"@type\":\"ListItem\",\"position\":1,\"name\":\"Home\",\"item\":\"https:\/\/belux.edmo.eu\/fr\/\"},{\"@type\":\"ListItem\",\"position\":2,\"name\":\"Nos conseils\",\"item\":\"https:\/\/belux.edmo.eu\/fr\/our-board\/\"},{\"@type\":\"ListItem\",\"position\":3,\"name\":\"Les membres de notre conseil d&#8217;administration\"}]},{\"@type\":\"WebSite\",\"@id\":\"https:\/\/belux.edmo.eu\/#website\",\"url\":\"https:\/\/belux.edmo.eu\/\",\"name\":\"EDMO Belux\",\"description\":\"Monitoring Disinformation in Belgium and Luxembourg\",\"publisher\":{\"@id\":\"https:\/\/belux.edmo.eu\/#organization\"},\"potentialAction\":[{\"@type\":\"SearchAction\",\"target\":{\"@type\":\"EntryPoint\",\"urlTemplate\":\"https:\/\/belux.edmo.eu\/?s={search_term_string}\"},\"query-input\":{\"@type\":\"PropertyValueSpecification\",\"valueRequired\":true,\"valueName\":\"search_term_string\"}}],\"inLanguage\":\"fr-FR\"},{\"@type\":\"Organization\",\"@id\":\"https:\/\/belux.edmo.eu\/#organization\",\"name\":\"EDMO Belux\",\"url\":\"https:\/\/belux.edmo.eu\/\",\"logo\":{\"@type\":\"ImageObject\",\"inLanguage\":\"fr-FR\",\"@id\":\"https:\/\/belux.edmo.eu\/#\/schema\/logo\/image\/\",\"url\":\"https:\/\/belux.edmo.eu\/wp-content\/uploads\/2021\/12\/belux-logo-full-color-rgb.svg\",\"contentUrl\":\"https:\/\/belux.edmo.eu\/wp-content\/uploads\/2021\/12\/belux-logo-full-color-rgb.svg\",\"width\":1,\"height\":1,\"caption\":\"EDMO Belux\"},\"image\":{\"@id\":\"https:\/\/belux.edmo.eu\/#\/schema\/logo\/image\/\"},\"sameAs\":[\"https:\/\/x.com\/Edmo_Belux\"]}]}<\/script>\n<!-- \/ Yoast SEO plugin. -->","yoast_head_json":{"title":"Les membres de notre conseil d'administration - EDMO Belux","robots":{"index":"index","follow":"follow","max-snippet":"max-snippet:-1","max-image-preview":"max-image-preview:large","max-video-preview":"max-video-preview:-1"},"canonical":"https:\/\/belux.edmo.eu\/fr\/our-board\/our-members\/","og_locale":"fr_FR","og_type":"article","og_title":"Les membres de notre conseil d'administration - EDMO Belux","og_description":"[vc_row][vc_column][vc_custom_heading text=\u00a0\u00bbConseil consultatif\u00a0\u00bb use_theme_fonts=\u00a0\u00bbyes\u00a0\u00bb css=\u00a0\u00bb\u00a0\u00bb][\/vc_column][\/vc_row][vc_row el_id=\u00a0\u00bbLuc-Caregari\u00a0\u00bb el_class=\u00a0\u00bbteam-member\u00a0\u00bb][vc_column][vc_row_inner content_placement=\u00a0\u00bbmiddle\u00a0\u00bb][vc_column_inner width=\u00a0\u00bb1\/4&Prime;][vc_single_image image=\u00a0\u00bb345339&Prime; img_size=\u00a0\u00bb150&#215;150&Prime; alignment=\u00a0\u00bbcenter\u00a0\u00bb style=\u00a0\u00bbvc_box_border_circle_2&Prime; css=\u00a0\u00bb\u00a0\u00bb][\/vc_column_inner][vc_column_inner width=\u00a0\u00bb3\/4&Prime;][vc_custom_heading text=\u00a0\u00bbLuc Caregari\u00a0\u00bb font_container=\u00a0\u00bbtag:h3|text_align:left\u00a0\u00bb use_theme_fonts=\u00a0\u00bbyes\u00a0\u00bb css=\u00a0\u00bb.vc_custom_1719559552820{margin-bottom:...","og_url":"https:\/\/belux.edmo.eu\/fr\/our-board\/our-members\/","og_site_name":"EDMO Belux","article_modified_time":"2025-12-09T12:36:32+00:00","twitter_card":"summary_large_image","twitter_site":"@Edmo_Belux","twitter_misc":{"Dur\u00e9e de lecture estim\u00e9e":"12 minutes"},"schema":{"@context":"https:\/\/schema.org","@graph":[{"@type":"WebPage","@id":"https:\/\/belux.edmo.eu\/fr\/our-board\/our-members\/","url":"https:\/\/belux.edmo.eu\/fr\/our-board\/our-members\/","name":"Les membres de notre conseil d'administration - EDMO Belux","isPartOf":{"@id":"https:\/\/belux.edmo.eu\/#website"},"datePublished":"2022-07-05T10:07:55+00:00","dateModified":"2025-12-09T12:36:32+00:00","breadcrumb":{"@id":"https:\/\/belux.edmo.eu\/fr\/our-board\/our-members\/#breadcrumb"},"inLanguage":"fr-FR","potentialAction":[{"@type":"ReadAction","target":["https:\/\/belux.edmo.eu\/fr\/our-board\/our-members\/"]}]},{"@type":"BreadcrumbList","@id":"https:\/\/belux.edmo.eu\/fr\/our-board\/our-members\/#breadcrumb","itemListElement":[{"@type":"ListItem","position":1,"name":"Home","item":"https:\/\/belux.edmo.eu\/fr\/"},{"@type":"ListItem","position":2,"name":"Nos conseils","item":"https:\/\/belux.edmo.eu\/fr\/our-board\/"},{"@type":"ListItem","position":3,"name":"Les membres de notre conseil d&#8217;administration"}]},{"@type":"WebSite","@id":"https:\/\/belux.edmo.eu\/#website","url":"https:\/\/belux.edmo.eu\/","name":"EDMO Belux","description":"Monitoring Disinformation in Belgium and Luxembourg","publisher":{"@id":"https:\/\/belux.edmo.eu\/#organization"},"potentialAction":[{"@type":"SearchAction","target":{"@type":"EntryPoint","urlTemplate":"https:\/\/belux.edmo.eu\/?s={search_term_string}"},"query-input":{"@type":"PropertyValueSpecification","valueRequired":true,"valueName":"search_term_string"}}],"inLanguage":"fr-FR"},{"@type":"Organization","@id":"https:\/\/belux.edmo.eu\/#organization","name":"EDMO Belux","url":"https:\/\/belux.edmo.eu\/","logo":{"@type":"ImageObject","inLanguage":"fr-FR","@id":"https:\/\/belux.edmo.eu\/#\/schema\/logo\/image\/","url":"https:\/\/belux.edmo.eu\/wp-content\/uploads\/2021\/12\/belux-logo-full-color-rgb.svg","contentUrl":"https:\/\/belux.edmo.eu\/wp-content\/uploads\/2021\/12\/belux-logo-full-color-rgb.svg","width":1,"height":1,"caption":"EDMO Belux"},"image":{"@id":"https:\/\/belux.edmo.eu\/#\/schema\/logo\/image\/"},"sameAs":["https:\/\/x.com\/Edmo_Belux"]}]}},"_links":{"self":[{"href":"https:\/\/belux.edmo.eu\/fr\/wp-json\/wp\/v2\/pages\/58329","targetHints":{"allow":["GET"]}}],"collection":[{"href":"https:\/\/belux.edmo.eu\/fr\/wp-json\/wp\/v2\/pages"}],"about":[{"href":"https:\/\/belux.edmo.eu\/fr\/wp-json\/wp\/v2\/types\/page"}],"author":[{"embeddable":true,"href":"https:\/\/belux.edmo.eu\/fr\/wp-json\/wp\/v2\/users\/14"}],"replies":[{"embeddable":true,"href":"https:\/\/belux.edmo.eu\/fr\/wp-json\/wp\/v2\/comments?post=58329"}],"version-history":[{"count":0,"href":"https:\/\/belux.edmo.eu\/fr\/wp-json\/wp\/v2\/pages\/58329\/revisions"}],"up":[{"embeddable":true,"href":"https:\/\/belux.edmo.eu\/fr\/wp-json\/wp\/v2\/pages\/57924"}],"wp:attachment":[{"href":"https:\/\/belux.edmo.eu\/fr\/wp-json\/wp\/v2\/media?parent=58329"}],"curies":[{"name":"wp","href":"https:\/\/api.w.org\/{rel}","templated":true}]}}