{"id":12020,"date":"2022-02-11T13:24:18","date_gmt":"2022-02-11T13:24:18","guid":{"rendered":"https:\/\/belux-staging.eu\/faktencheck\/eis-approche\/"},"modified":"2025-02-14T15:13:49","modified_gmt":"2025-02-14T15:13:49","slug":"eis-approche","status":"publish","type":"page","link":"https:\/\/belux.edmo.eu\/lb\/faktencheck\/eis-approche\/","title":{"rendered":"Eis Approche"},"content":{"rendered":"<div class=\"wpb-content-wrapper\"><p>[vc_row css=&#8221;.vc_custom_1638957472546{margin-top: 0px !important;margin-bottom: 0px !important;padding-top: 0px !important;padding-bottom: 0px !important;}&#8221;][vc_column][vc_column_text css_animation=&#8221;bottom-to-top&#8221;]<\/p>\n<div class=\"title-h1\"><span class=\"line-style\">Fakte<\/span>sinn eis wichteg<\/div>\n<p>[\/vc_column_text]<div class=\"clearboth\"><\/div><style>#thegem-divider-69f3ded943ae5 {margin-top: 60px !important;}<\/style><div id=\"thegem-divider-69f3ded943ae5\" class=\"gem-divider  \" style=\"\" ><\/div>[vc_column_text css=&#8221;&#8221; css_animation=&#8221;bottom-to-top&#8221;]<strong>EDMO BELUX<\/strong> br\u00e9ngt en experiment\u00e9iert an extensiivt <strong>Netzwierk vu Faktenchecker, Desinformatiounsanalysten, Mediekompetenzorganisatiounen an Akademiker zesummen, fir opkommend schiedlech Desinformatiounscampagnen ze erkennen, ze analys\u00e9ieren an ze bek\u00e4mpfen.<\/strong> De Projet fokuss\u00e9iert sech op Desinformatioun, d\u00e9i sech g\u00e9int <strong>d&#8217;Belsch a L\u00ebtzebuerg esouw\u00e9i och d&#8217;Europ\u00e4esch Unioun am Allgemenge <\/strong>riicht.<\/p>\n<p><strong>D&#8217;Faktencheck-Ekipp vun EDMO BELUX widmet sech zwee Haaptaufgaben. \u00c9ischtens erstellt d&#8217;Ekipp reegelm\u00e9isseg Faktenchecks an dr\u00e4i Sproochen: Frans\u00e9isch, L\u00ebtzebuergesch an D\u00e4itsch. Zweetens erstellt se och m\u00e9i laang, d\u00e9ifgr\u00e4ifend Enqu\u00eaten zu Desinformatiounscampagnen a -phenomeener op Frans\u00e9isch a L\u00ebtzebuergesch (cf. eis Rubrik \u201eFocus\u201c).<\/strong><\/p>\n<p><strong>D&#8217;Ekipp br\u00e9ngt Faktenchecker vun AFP, RTL L\u00ebtzebuerg, RTBF an DPA zesummen.<\/strong><\/p>\n<p><strong>D&#8217;AFP<\/strong>, e weltw\u00e4ite Prestataire a Saachen digitaler Verifikatioun, ass Signataire vum International Fact-checking Network (IFCN). Dozou geh\u00e9iere Verflichtunge w\u00e9i: Onparteilechkeet a Fairness, Transparenz vu Quellen, Transparenz vun der Finanz\u00e9ierung a vun der Organisatioun, Transparenz vun der Methodologie an eng oppen an \u00e9ierlech Korrekturpolitik. D&#8217;Aarbecht vun der AFP g\u00ebtt vu kompetente Redakteren an engem weltw\u00e4iten Netzwierk vu Journalisten duerchgef\u00e9iert, d\u00e9i sech un de redaktionelle Standarden a Leitprinzipie vun der globaler Noriichtenagence AFP orient\u00e9ieren. Nieft den traditionelle journalistesche F\u00e4egkeeten, appliz\u00e9iert d&#8217;AFP eng Rei vun einfachen Outilen, fir Online-Informatiounen ze iwwerpr\u00e9iwen, e b\u00ebsse gesonde M\u00ebnscheverstand a ganz vill Precautioun. Ausgoend vun enger konkreter Fro, versicht d&#8217;AFP dout\u00e9is Geschichten a Behaaptungen, d\u00e9i an den Noriichten opdauche k\u00ebnnen oder net, ze \u00ebnnersichen an doriwwer ze berichten. Si sicht bei hiren Investigatiounen onparteiesch, \u00ebffentlech zoug\u00e4nglech Informatiounen a verlinkt se online. D&#8217;AFP-Journalisten iwwerwaachen den Online-Contenu an de jeeweilege Landessproochen, vun Amharesch bis Hindi, D\u00e4itsch oder Holl\u00e4nnesch. Si ber\u00fccksichtege lokal Kulturen, Sproochen a Politik a schaffe mat de weltw\u00e4iten AFP-B\u00fcroen zesummen, fir falsch Informatiounen ze \u00ebnnersichen an ze widderlee\u00ebn.<\/p>\n<p><strong>RTL L\u00ebtzebuerg<\/strong> f\u00e9iert Faktenchecks fir de lokalen Territoire duerch. D&#8217;Redaktioun vun RTL setzt sech aus professionellen an erfuerene Journalisten zesummen, d\u00e9i fir den \u00ebffentlech-rechtlechen Televisiounssender RTL T\u00e9l\u00e9 L\u00ebtzebuerg an de Radiosender RTL Radio L\u00ebtzebuerg, w\u00e9i och fir den \u00e9ischte l\u00ebtzebuergeschen Noriichtemedium RTL.lu schaffen. RTL L\u00ebtzebuerg huet sech h\u00e9ich Standarde fir seng Berichterstattung ginn, defin\u00e9iert duerch eng kloer editorial Linn, en Eethik-Kodex fir all Journalisten an en onofh\u00e4ngegen Eethiksrot. Fir d&#8217;Journalisten am Fact-Check-Team goufe speziell Normen an Aarbechtsofleef appliz\u00e9iert.<\/p>\n<p><strong>D&#8217;RTBF (Radio-t\u00e9l\u00e9vision belge de la Communaut\u00e9 fran\u00e7aise)<\/strong> liwwert sachlech gepr\u00e9ift Artikelen iwwer Informatiounen, d\u00e9i an de Sozialen Netzwierker zirkul\u00e9ieren. Si analys\u00e9iert och best\u00ebmmten \u00ebffentlech Deklaratiounen, fir de Contenu ze entschl\u00ebsselen an d&#8217;Lieser iwwer d&#8217;Richtegkeet vun der Ausso opzekl\u00e4ren. \u00c9ier e Faktencheck-Artikel ver\u00ebffentlecht g\u00ebtt, ginn d&#8217;Quelle bannent der frans\u00e9ischer Mediegemeinschaft an der Belsch iwwerpr\u00e9ift. D\u00e9i publiz\u00e9iert Faktenchecks gi vun enger engag\u00e9ierter Redaktiounsekipp koordin\u00e9iert, d\u00e9i sech aus verschiddene Journalisten zesummesetzt, d\u00e9i Expert op hirem Gebitt sinn.<\/p>\n<p><strong>D&#8217;DPA<\/strong> (Deutsche Presse-Agentur) ass eng vun de f\u00e9ierenden onofh\u00e4ngege Presseagencen op der Welt. Am Laf vun de Joren huet sech d&#8217;Faktencheck-Redaktioun zu enger international ag\u00e9ierender Unit\u00e9it mat ronn 30 gutt ausgebilte, spezialis\u00e9ierte Journalisten entw\u00e9ckelt, d\u00e9i m\u00e9i ew\u00e9i 2.000 Faktenchecks pro Joer erstellen. D&#8217;Ekipp ass op verschidden europ\u00e4esch L\u00e4nner verdeelt, mat Redaktiounen zu Berlin a Br\u00e9issel, d\u00e9i Faktenchecks op Frans\u00e9isch, Holl\u00e4nnesch an D\u00e4itsch ver\u00ebffentlechen. Hir Aarbecht g\u00ebtt reegelm\u00e9isseg vum International Fact-Checking Network (IFCN) vum Poynter Institute an dem European Fact-Checking Standards Network (EFCSN) gepr\u00e9ift an zertifiz\u00e9iert. Streng intern Reegelen assur\u00e9ieren d&#8217;Anhale vun den h\u00e9chste Standarden: Zum Beispill k\u00ebnnen d&#8217;Lieser vun engem dpa-Faktencheck unhand vun (och archiv\u00e9ierten) Links \u00ebmmer novollz\u00e9ien, op w\u00e9i enge Sourcen eng Evaluatioun bas\u00e9iert. Dat bew\u00e4erte V\u00e9ier-Ae-Prinzip vum Agencejournalismus, den intensiven Echange an der internationaler Ekipp an d\u00e9i individuell Spezialis\u00e9ierunge suerge fir h\u00e9chst Qualit\u00e9it bei der Entlarvung vun Desinformatioun.<\/p>\n<p>Op der Homepage vun d\u00ebser Webs\u00e4it ass eng Rubrik enthalen, d\u00e9i en \u201e<strong>Editor&#8217;s Choice<\/strong>\u201c Faktencheck ervirhieft. Dee Faktencheck g\u00ebtt opgrond vu senger D\u00e9ift a Qualit\u00e9it oder senger Verbindung zu aktuellen Noriichten ausgewielt. Den Oflaf vun de Faktenchecks g\u00ebtt lafend an eisem <strong>Fact-Checking-Archiv <\/strong>archiv\u00e9iert. D\u00ebse Repertoire bitt Visiteure vun der Webs\u00e4it d&#8217;M\u00e9iglechkeet, duerch d&#8217;Faktenchecks ze navig\u00e9ieren an evolutiv Musteren oder Narrativen z&#8217;observ\u00e9ieren.[\/vc_column_text][\/vc_column][\/vc_row][vc_row css=&#8221;.vc_custom_1638957472546{margin-top: 0px !important;margin-bottom: 0px !important;padding-top: 0px !important;padding-bottom: 0px !important;}&#8221;][vc_column]<div class=\"clearboth\"><\/div><style>#thegem-divider-69f3ded943b43 {margin-top: 60px !important;}<\/style><div id=\"thegem-divider-69f3ded943b43\" class=\"gem-divider  \" style=\"\" ><\/div>[vc_raw_html css=&#8221;&#8221;]JTVCd29uZGVycGx1Z2luX3BkZiUyMHNyYyUzRCUyMmh0dHBzJTNBJTJGJTJGYmVsdXgtZWRtby5zMy1hY2NlbGVyYXRlLmFtYXpvbmF3cy5jb20lMkZ3cC1jb250ZW50JTJGdXBsb2FkcyUyRjIwMjUlMkYwMiUyRktib25SanBILUZhY3RDaGVjay1OZXdzLUVOXzE0MTEyMl9jb21wcmVzc2VkLnBkZiUyMiUyMHdpZHRoJTNEJTIyMTAwJTI1JTIyJTIwaGVpZ2h0JTNEJTIyNjAwcHglMjIlMjBzdHlsZSUzRCUyMmJvcmRlciUzQTAlM0IlMjIlNUQlMEE=[\/vc_raw_html][\/vc_column][\/vc_row]<\/p>\n<\/div>","protected":false},"excerpt":{"rendered":"<p>[vc_row css=&#8221;.vc_custom_1638957472546{margin-top: 0px !important;margin-bottom: 0px !important;padding-top: 0px !important;padding-bottom: 0px !important;}&#8221;][vc_column][vc_column_text css_animation=&#8221;bottom-to-top&#8221;] Faktesinn eis wichteg [\/vc_column_text][vc_column_text css=&#8221;&#8221; css_animation=&#8221;bottom-to-top&#8221;]EDMO BELUX br\u00e9ngt en&#8230;<\/p>\n","protected":false},"author":1,"featured_media":0,"parent":12016,"menu_order":1,"comment_status":"closed","ping_status":"closed","template":"","meta":{"_acf_changed":false,"footnotes":""},"class_list":["post-12020","page","type-page","status-publish"],"acf":[],"yoast_head":"<!-- This site is optimized with the Yoast SEO plugin v27.0 - https:\/\/yoast.com\/product\/yoast-seo-wordpress\/ -->\n<title>Eis Approche - EDMO Belux<\/title>\n<meta name=\"robots\" content=\"index, follow, max-snippet:-1, max-image-preview:large, max-video-preview:-1\" \/>\n<link rel=\"canonical\" href=\"https:\/\/belux.edmo.eu\/lb\/faktencheck\/eis-approche\/\" \/>\n<meta property=\"og:locale\" content=\"en_US\" \/>\n<meta property=\"og:type\" content=\"article\" \/>\n<meta property=\"og:title\" content=\"Eis Approche - EDMO Belux\" \/>\n<meta property=\"og:description\" content=\"[vc_row css=&#8221;.vc_custom_1638957472546{margin-top: 0px !important;margin-bottom: 0px !important;padding-top: 0px !important;padding-bottom: 0px !important;}&#8221;][vc_column][vc_column_text css_animation=&#8221;bottom-to-top&#8221;] Faktesinn eis wichteg [\/vc_column_text][vc_column_text css=&#8221;&#8221; css_animation=&#8221;bottom-to-top&#8221;]EDMO BELUX br\u00e9ngt en...\" \/>\n<meta property=\"og:url\" content=\"https:\/\/belux.edmo.eu\/lb\/faktencheck\/eis-approche\/\" \/>\n<meta property=\"og:site_name\" content=\"EDMO Belux\" \/>\n<meta property=\"article:modified_time\" content=\"2025-02-14T15:13:49+00:00\" \/>\n<meta name=\"twitter:card\" content=\"summary_large_image\" \/>\n<meta name=\"twitter:site\" content=\"@Edmo_Belux\" \/>\n<meta name=\"twitter:label1\" content=\"Est. reading time\" \/>\n\t<meta name=\"twitter:data1\" content=\"3 minutes\" \/>\n<script type=\"application\/ld+json\" class=\"yoast-schema-graph\">{\"@context\":\"https:\/\/schema.org\",\"@graph\":[{\"@type\":\"WebPage\",\"@id\":\"https:\/\/belux.edmo.eu\/lb\/faktencheck\/eis-approche\/\",\"url\":\"https:\/\/belux.edmo.eu\/lb\/faktencheck\/eis-approche\/\",\"name\":\"Eis Approche - EDMO Belux\",\"isPartOf\":{\"@id\":\"https:\/\/belux.edmo.eu\/#website\"},\"datePublished\":\"2022-02-11T13:24:18+00:00\",\"dateModified\":\"2025-02-14T15:13:49+00:00\",\"breadcrumb\":{\"@id\":\"https:\/\/belux.edmo.eu\/lb\/faktencheck\/eis-approche\/#breadcrumb\"},\"inLanguage\":\"lb-LU\",\"potentialAction\":[{\"@type\":\"ReadAction\",\"target\":[\"https:\/\/belux.edmo.eu\/lb\/faktencheck\/eis-approche\/\"]}]},{\"@type\":\"BreadcrumbList\",\"@id\":\"https:\/\/belux.edmo.eu\/lb\/faktencheck\/eis-approche\/#breadcrumb\",\"itemListElement\":[{\"@type\":\"ListItem\",\"position\":1,\"name\":\"Home\",\"item\":\"https:\/\/belux.edmo.eu\/lb\/\"},{\"@type\":\"ListItem\",\"position\":2,\"name\":\"Faktencheck\",\"item\":\"https:\/\/belux.edmo.eu\/lb\/faktencheck\/\"},{\"@type\":\"ListItem\",\"position\":3,\"name\":\"Eis Approche\"}]},{\"@type\":\"WebSite\",\"@id\":\"https:\/\/belux.edmo.eu\/#website\",\"url\":\"https:\/\/belux.edmo.eu\/\",\"name\":\"EDMO Belux\",\"description\":\"Monitoring Disinformation in Belgium and Luxembourg\",\"publisher\":{\"@id\":\"https:\/\/belux.edmo.eu\/#organization\"},\"potentialAction\":[{\"@type\":\"SearchAction\",\"target\":{\"@type\":\"EntryPoint\",\"urlTemplate\":\"https:\/\/belux.edmo.eu\/?s={search_term_string}\"},\"query-input\":{\"@type\":\"PropertyValueSpecification\",\"valueRequired\":true,\"valueName\":\"search_term_string\"}}],\"inLanguage\":\"lb-LU\"},{\"@type\":\"Organization\",\"@id\":\"https:\/\/belux.edmo.eu\/#organization\",\"name\":\"EDMO Belux\",\"url\":\"https:\/\/belux.edmo.eu\/\",\"logo\":{\"@type\":\"ImageObject\",\"inLanguage\":\"lb-LU\",\"@id\":\"https:\/\/belux.edmo.eu\/#\/schema\/logo\/image\/\",\"url\":\"https:\/\/belux.edmo.eu\/wp-content\/uploads\/2021\/12\/belux-logo-full-color-rgb.svg\",\"contentUrl\":\"https:\/\/belux.edmo.eu\/wp-content\/uploads\/2021\/12\/belux-logo-full-color-rgb.svg\",\"width\":1,\"height\":1,\"caption\":\"EDMO Belux\"},\"image\":{\"@id\":\"https:\/\/belux.edmo.eu\/#\/schema\/logo\/image\/\"},\"sameAs\":[\"https:\/\/x.com\/Edmo_Belux\"]}]}<\/script>\n<!-- \/ Yoast SEO plugin. -->","yoast_head_json":{"title":"Eis Approche - EDMO Belux","robots":{"index":"index","follow":"follow","max-snippet":"max-snippet:-1","max-image-preview":"max-image-preview:large","max-video-preview":"max-video-preview:-1"},"canonical":"https:\/\/belux.edmo.eu\/lb\/faktencheck\/eis-approche\/","og_locale":"en_US","og_type":"article","og_title":"Eis Approche - EDMO Belux","og_description":"[vc_row css=&#8221;.vc_custom_1638957472546{margin-top: 0px !important;margin-bottom: 0px !important;padding-top: 0px !important;padding-bottom: 0px !important;}&#8221;][vc_column][vc_column_text css_animation=&#8221;bottom-to-top&#8221;] Faktesinn eis wichteg [\/vc_column_text][vc_column_text css=&#8221;&#8221; css_animation=&#8221;bottom-to-top&#8221;]EDMO BELUX br\u00e9ngt en...","og_url":"https:\/\/belux.edmo.eu\/lb\/faktencheck\/eis-approche\/","og_site_name":"EDMO Belux","article_modified_time":"2025-02-14T15:13:49+00:00","twitter_card":"summary_large_image","twitter_site":"@Edmo_Belux","twitter_misc":{"Est. reading time":"3 minutes"},"schema":{"@context":"https:\/\/schema.org","@graph":[{"@type":"WebPage","@id":"https:\/\/belux.edmo.eu\/lb\/faktencheck\/eis-approche\/","url":"https:\/\/belux.edmo.eu\/lb\/faktencheck\/eis-approche\/","name":"Eis Approche - EDMO Belux","isPartOf":{"@id":"https:\/\/belux.edmo.eu\/#website"},"datePublished":"2022-02-11T13:24:18+00:00","dateModified":"2025-02-14T15:13:49+00:00","breadcrumb":{"@id":"https:\/\/belux.edmo.eu\/lb\/faktencheck\/eis-approche\/#breadcrumb"},"inLanguage":"lb-LU","potentialAction":[{"@type":"ReadAction","target":["https:\/\/belux.edmo.eu\/lb\/faktencheck\/eis-approche\/"]}]},{"@type":"BreadcrumbList","@id":"https:\/\/belux.edmo.eu\/lb\/faktencheck\/eis-approche\/#breadcrumb","itemListElement":[{"@type":"ListItem","position":1,"name":"Home","item":"https:\/\/belux.edmo.eu\/lb\/"},{"@type":"ListItem","position":2,"name":"Faktencheck","item":"https:\/\/belux.edmo.eu\/lb\/faktencheck\/"},{"@type":"ListItem","position":3,"name":"Eis Approche"}]},{"@type":"WebSite","@id":"https:\/\/belux.edmo.eu\/#website","url":"https:\/\/belux.edmo.eu\/","name":"EDMO Belux","description":"Monitoring Disinformation in Belgium and Luxembourg","publisher":{"@id":"https:\/\/belux.edmo.eu\/#organization"},"potentialAction":[{"@type":"SearchAction","target":{"@type":"EntryPoint","urlTemplate":"https:\/\/belux.edmo.eu\/?s={search_term_string}"},"query-input":{"@type":"PropertyValueSpecification","valueRequired":true,"valueName":"search_term_string"}}],"inLanguage":"lb-LU"},{"@type":"Organization","@id":"https:\/\/belux.edmo.eu\/#organization","name":"EDMO Belux","url":"https:\/\/belux.edmo.eu\/","logo":{"@type":"ImageObject","inLanguage":"lb-LU","@id":"https:\/\/belux.edmo.eu\/#\/schema\/logo\/image\/","url":"https:\/\/belux.edmo.eu\/wp-content\/uploads\/2021\/12\/belux-logo-full-color-rgb.svg","contentUrl":"https:\/\/belux.edmo.eu\/wp-content\/uploads\/2021\/12\/belux-logo-full-color-rgb.svg","width":1,"height":1,"caption":"EDMO Belux"},"image":{"@id":"https:\/\/belux.edmo.eu\/#\/schema\/logo\/image\/"},"sameAs":["https:\/\/x.com\/Edmo_Belux"]}]}},"_links":{"self":[{"href":"https:\/\/belux.edmo.eu\/lb\/wp-json\/wp\/v2\/pages\/12020","targetHints":{"allow":["GET"]}}],"collection":[{"href":"https:\/\/belux.edmo.eu\/lb\/wp-json\/wp\/v2\/pages"}],"about":[{"href":"https:\/\/belux.edmo.eu\/lb\/wp-json\/wp\/v2\/types\/page"}],"author":[{"embeddable":true,"href":"https:\/\/belux.edmo.eu\/lb\/wp-json\/wp\/v2\/users\/1"}],"replies":[{"embeddable":true,"href":"https:\/\/belux.edmo.eu\/lb\/wp-json\/wp\/v2\/comments?post=12020"}],"version-history":[{"count":0,"href":"https:\/\/belux.edmo.eu\/lb\/wp-json\/wp\/v2\/pages\/12020\/revisions"}],"up":[{"embeddable":true,"href":"https:\/\/belux.edmo.eu\/lb\/wp-json\/wp\/v2\/pages\/12016"}],"wp:attachment":[{"href":"https:\/\/belux.edmo.eu\/lb\/wp-json\/wp\/v2\/media?parent=12020"}],"curies":[{"name":"wp","href":"https:\/\/api.w.org\/{rel}","templated":true}]}}