{"id":370362,"date":"2024-11-13T11:22:50","date_gmt":"2024-11-13T11:22:50","guid":{"rendered":"https:\/\/belux.edmo.eu\/?page_id=370362"},"modified":"2024-11-14T14:15:10","modified_gmt":"2024-11-14T14:15:10","slug":"lancement-vun-den-edmo-richtlinne-fir-effikass-mediekompetenzinitiativen","status":"publish","type":"page","link":"https:\/\/belux.edmo.eu\/lb\/mediekompetenz\/lancement-vun-den-edmo-richtlinne-fir-effikass-mediekompetenzinitiativen\/","title":{"rendered":"Lancement vun den EDMO-Richtlinne fir effikass Mediekompetenzinitiativen"},"content":{"rendered":"<div class=\"wpb-content-wrapper\"><p>[vc_row][vc_column][vc_column_text css=&#8221;&#8221;]<\/p>\n<p class=\"p1\">D&#8217;Richtlinnen a Prinzippie vun EDMO fir effikass Mediekompetenzinitiative sollen dozou b\u00e4idroen, d&#8217;Qualit\u00e9it vun der Mediekompetenz a ganz Europa ze verbesseren. Si goufe vun der EDMO-Aarbechtsgrupp fir Standarden a Best Practices am Ber\u00e4ich Mediekompetenz mat B\u00e4itr\u00e4g vun den EDMO-Plattformen esouw\u00e9i anere Fachleit an Experten am Kader vun engem Consultatiounsprozess developp\u00e9iert a sinn um <a href=\"https:\/\/edmo.eu\/\"><span class=\"s1\">Internetsite vun EDMO<\/span><\/a><span class=\"s2\"> disponibel<\/span>.<\/p>\n<p class=\"p1\">D&#8217;Richtlinne goufe fir all Persounen developp\u00e9iert, d\u00e9i un der Ausaarbechtung vun Initiativen zur Promotioun vun der Mediekompetenz bedeelegt sinn, dor\u00ebnner Vertrieder vun der Zivilgesellschaft, P\u00e4dagogen, Politiker a Persounen aus dem Medien- oder Technologiesecteur. An engem esou komplexen a villf\u00e4ltege Ber\u00e4ich w\u00e9i der Mediekompetenz kann et keng uniform Approche ginn, a Mediekompetenzinitiativen \u00ebnnerscheeden sech weesentlech wat \u00cbmfang, Gr\u00e9isst, Lafz\u00e4it a Schw\u00e9ierpunkt betr\u00ebfft. Dofir sinn net all Richtlinne fir all Projet relevant: Et l\u00e4it ganz beim Benotzer, d\u00e9i Rotschl\u00e9i auszewielen, d\u00e9i am beschten op seng Initiativ zoutreffen.<\/p>\n<p class=\"p1\">EDMO konzentr\u00e9iert sech zwar op Desinformatioun, d&#8217;Richtlinne k\u00ebnnen allerd\u00e9ngs op all Mediekompetenzinitiativen appliz\u00e9iert ginn. Dozou k\u00e9inte beispillsweis Initiativen zur Noriichtekompetenz geh\u00e9ieren, d\u00e9i sech m\u00e9i op d&#8217;Valeur vun onofh\u00e4ngegem Journalismus am Medienekosystem konzentr\u00e9ieren; m\u00e9i breet Initiativen zur Digitalkompetenz, d\u00e9i sech dorop konzentr\u00e9ieren, ze erkl\u00e4ren, w\u00e9i digital Medie funktion\u00e9ieren a w\u00e9i een se benotzt; Initiativen zur Algo-Kompetenz, d\u00e9i sech dorop konzentr\u00e9ieren, d&#8217;Roll vun Algorithmen an eisem Mediekonsum ze verstoen; oder villes m\u00e9i.<\/p>\n<p class=\"p1\">D&#8217;Richtlinne sollen dob\u00e4i h\u00ebllefen, Problemer zur Diskussioun ze stellen, a bas\u00e9ieren op den Erfarunge vu vergaangenen Initiativen zur Mediekompetenz. D&#8217;Anhalung vun d\u00ebse Richtlinne sollt net zu engem blannen Ofhake vun To-Do-L\u00ebschte ginn oder dozou f\u00e9ieren, dass d&#8217;Flexibilit\u00e9it bei der Entw\u00e9cklung vun zuk\u00fcnftegen Initiativen ageschr\u00e4nkt g\u00ebtt. D&#8217;Richtlinne sinn an 12 Prinzippien an dr\u00e4i Sektioune grupp\u00e9iert: Entw\u00e9cklung, \u00cbmsetzung an Evaluatioun.<\/p>\n<p class=\"p1\"><b>Entw\u00e9cklung <\/b><\/p>\n<p class=\"p1\">Eng gutt Mediekompetenzinitiativ:<\/p>\n<ul class=\"ul1\">\n<li class=\"li1\">huet kloer defin\u00e9iert Ziler a Prinzippien<\/li>\n<li class=\"li1\">bef\u00e4egt hir Zilgrupp<\/li>\n<li class=\"li1\">promov\u00e9iert e kritesch Verst\u00e4ndnis vum Medienekosystem<\/li>\n<li class=\"li1\">ass consultativ a relevant<\/li>\n<li class=\"li1\">h\u00eblt eng evidenzbas\u00e9iert Approche<\/li>\n<li class=\"li1\">ass inklusiv<\/li>\n<li class=\"li1\">ass eethesch an accessibel<\/li>\n<\/ul>\n<p class=\"p1\"><b>\u00cbmsetzung <\/b><\/p>\n<p class=\"p1\">Eng gutt Mediekompetenzinitiativ:<\/p>\n<ul class=\"ul1\">\n<li class=\"li1\">ass transparent<\/li>\n<li class=\"li1\">ass prepar\u00e9iert<\/li>\n<li class=\"li1\">ass upassungsf\u00e4eg<\/li>\n<\/ul>\n<p class=\"p1\"><b>Evaluatioun <\/b><b><\/b><\/p>\n<p class=\"p1\">Eng gutt Mediekompetenzinitiativ:<\/p>\n<ul class=\"ul1\">\n<li class=\"li1\">huet en nohaltegen Effet<\/li>\n<li class=\"li1\">reflekt\u00e9iert, deelt an evalu\u00e9iert<\/li>\n<\/ul>\n<p class=\"p1\"><a href=\"https:\/\/edmo.eu\/areas-of-activities\/media-literacy\/raising-standards\/\" target=\"_blank\" rel=\"noopener\">Am vollst\u00e4nneg Dokument mat de Richtlinnen<\/a> (momentan op Englesch disponibel) fannt Dir Links zu m\u00e9i detaill\u00e9ierten Erkl\u00e4rungen. Weider relevant Ressourcen a Best-Practice-Beispiller zu de verschiddene Prinzippie w\u00e4erten nach b\u00e4igesat ginn.\u00a0L\u00e4ngerfristeg hu mir w\u00eblles, Beispiller a Ressource fir d&#8217;Uwendung an nationalen a regionale Kontexter a ganz Europa matanzebegr\u00e4ifen.<\/p>\n<p>[\/vc_column_text][\/vc_column][\/vc_row]<\/p>\n<\/div>","protected":false},"excerpt":{"rendered":"<p>[vc_row][vc_column][vc_column_text css=&#8221;&#8221;] D&#8217;Richtlinnen a Prinzippie vun EDMO fir effikass Mediekompetenzinitiative sollen dozou b\u00e4idroen, d&#8217;Qualit\u00e9it vun der Mediekompetenz a ganz Europa&#8230;<\/p>\n","protected":false},"author":14,"featured_media":0,"parent":12026,"menu_order":0,"comment_status":"closed","ping_status":"closed","template":"","meta":{"_acf_changed":false,"footnotes":""},"class_list":["post-370362","page","type-page","status-publish"],"acf":[],"yoast_head":"<!-- This site is optimized with the Yoast SEO plugin v27.0 - https:\/\/yoast.com\/product\/yoast-seo-wordpress\/ -->\n<title>Lancement vun den EDMO-Richtlinne fir effikass Mediekompetenzinitiativen - EDMO Belux<\/title>\n<meta name=\"robots\" content=\"index, follow, max-snippet:-1, max-image-preview:large, max-video-preview:-1\" \/>\n<link rel=\"canonical\" href=\"https:\/\/belux.edmo.eu\/lb\/mediekompetenz\/lancement-vun-den-edmo-richtlinne-fir-effikass-mediekompetenzinitiativen\/\" \/>\n<meta property=\"og:locale\" content=\"en_US\" \/>\n<meta property=\"og:type\" content=\"article\" \/>\n<meta property=\"og:title\" content=\"Lancement vun den EDMO-Richtlinne fir effikass Mediekompetenzinitiativen - EDMO Belux\" \/>\n<meta property=\"og:description\" content=\"[vc_row][vc_column][vc_column_text css=&#8221;&#8221;] D&#8217;Richtlinnen a Prinzippie vun EDMO fir effikass Mediekompetenzinitiative sollen dozou b\u00e4idroen, d&#8217;Qualit\u00e9it vun der Mediekompetenz a ganz Europa...\" \/>\n<meta property=\"og:url\" content=\"https:\/\/belux.edmo.eu\/lb\/mediekompetenz\/lancement-vun-den-edmo-richtlinne-fir-effikass-mediekompetenzinitiativen\/\" \/>\n<meta property=\"og:site_name\" content=\"EDMO Belux\" \/>\n<meta property=\"article:modified_time\" content=\"2024-11-14T14:15:10+00:00\" \/>\n<meta name=\"twitter:card\" content=\"summary_large_image\" \/>\n<meta name=\"twitter:site\" content=\"@Edmo_Belux\" \/>\n<meta name=\"twitter:label1\" content=\"Est. reading time\" \/>\n\t<meta name=\"twitter:data1\" content=\"2 minutes\" \/>\n<script type=\"application\/ld+json\" class=\"yoast-schema-graph\">{\"@context\":\"https:\/\/schema.org\",\"@graph\":[{\"@type\":\"WebPage\",\"@id\":\"https:\/\/belux.edmo.eu\/lb\/mediekompetenz\/lancement-vun-den-edmo-richtlinne-fir-effikass-mediekompetenzinitiativen\/\",\"url\":\"https:\/\/belux.edmo.eu\/lb\/mediekompetenz\/lancement-vun-den-edmo-richtlinne-fir-effikass-mediekompetenzinitiativen\/\",\"name\":\"Lancement vun den EDMO-Richtlinne fir effikass Mediekompetenzinitiativen - EDMO Belux\",\"isPartOf\":{\"@id\":\"https:\/\/belux.edmo.eu\/#website\"},\"datePublished\":\"2024-11-13T11:22:50+00:00\",\"dateModified\":\"2024-11-14T14:15:10+00:00\",\"breadcrumb\":{\"@id\":\"https:\/\/belux.edmo.eu\/lb\/mediekompetenz\/lancement-vun-den-edmo-richtlinne-fir-effikass-mediekompetenzinitiativen\/#breadcrumb\"},\"inLanguage\":\"lb-LU\",\"potentialAction\":[{\"@type\":\"ReadAction\",\"target\":[\"https:\/\/belux.edmo.eu\/lb\/mediekompetenz\/lancement-vun-den-edmo-richtlinne-fir-effikass-mediekompetenzinitiativen\/\"]}]},{\"@type\":\"BreadcrumbList\",\"@id\":\"https:\/\/belux.edmo.eu\/lb\/mediekompetenz\/lancement-vun-den-edmo-richtlinne-fir-effikass-mediekompetenzinitiativen\/#breadcrumb\",\"itemListElement\":[{\"@type\":\"ListItem\",\"position\":1,\"name\":\"Home\",\"item\":\"https:\/\/belux.edmo.eu\/lb\/\"},{\"@type\":\"ListItem\",\"position\":2,\"name\":\"Mediekompetenz\",\"item\":\"https:\/\/belux.edmo.eu\/lb\/mediekompetenz\/\"},{\"@type\":\"ListItem\",\"position\":3,\"name\":\"Lancement vun den EDMO-Richtlinne fir effikass Mediekompetenzinitiativen\"}]},{\"@type\":\"WebSite\",\"@id\":\"https:\/\/belux.edmo.eu\/#website\",\"url\":\"https:\/\/belux.edmo.eu\/\",\"name\":\"EDMO Belux\",\"description\":\"Monitoring Disinformation in Belgium and Luxembourg\",\"publisher\":{\"@id\":\"https:\/\/belux.edmo.eu\/#organization\"},\"potentialAction\":[{\"@type\":\"SearchAction\",\"target\":{\"@type\":\"EntryPoint\",\"urlTemplate\":\"https:\/\/belux.edmo.eu\/?s={search_term_string}\"},\"query-input\":{\"@type\":\"PropertyValueSpecification\",\"valueRequired\":true,\"valueName\":\"search_term_string\"}}],\"inLanguage\":\"lb-LU\"},{\"@type\":\"Organization\",\"@id\":\"https:\/\/belux.edmo.eu\/#organization\",\"name\":\"EDMO Belux\",\"url\":\"https:\/\/belux.edmo.eu\/\",\"logo\":{\"@type\":\"ImageObject\",\"inLanguage\":\"lb-LU\",\"@id\":\"https:\/\/belux.edmo.eu\/#\/schema\/logo\/image\/\",\"url\":\"https:\/\/belux.edmo.eu\/wp-content\/uploads\/2021\/12\/belux-logo-full-color-rgb.svg\",\"contentUrl\":\"https:\/\/belux.edmo.eu\/wp-content\/uploads\/2021\/12\/belux-logo-full-color-rgb.svg\",\"width\":1,\"height\":1,\"caption\":\"EDMO Belux\"},\"image\":{\"@id\":\"https:\/\/belux.edmo.eu\/#\/schema\/logo\/image\/\"},\"sameAs\":[\"https:\/\/x.com\/Edmo_Belux\"]}]}<\/script>\n<!-- \/ Yoast SEO plugin. -->","yoast_head_json":{"title":"Lancement vun den EDMO-Richtlinne fir effikass Mediekompetenzinitiativen - EDMO Belux","robots":{"index":"index","follow":"follow","max-snippet":"max-snippet:-1","max-image-preview":"max-image-preview:large","max-video-preview":"max-video-preview:-1"},"canonical":"https:\/\/belux.edmo.eu\/lb\/mediekompetenz\/lancement-vun-den-edmo-richtlinne-fir-effikass-mediekompetenzinitiativen\/","og_locale":"en_US","og_type":"article","og_title":"Lancement vun den EDMO-Richtlinne fir effikass Mediekompetenzinitiativen - EDMO Belux","og_description":"[vc_row][vc_column][vc_column_text css=&#8221;&#8221;] D&#8217;Richtlinnen a Prinzippie vun EDMO fir effikass Mediekompetenzinitiative sollen dozou b\u00e4idroen, d&#8217;Qualit\u00e9it vun der Mediekompetenz a ganz Europa...","og_url":"https:\/\/belux.edmo.eu\/lb\/mediekompetenz\/lancement-vun-den-edmo-richtlinne-fir-effikass-mediekompetenzinitiativen\/","og_site_name":"EDMO Belux","article_modified_time":"2024-11-14T14:15:10+00:00","twitter_card":"summary_large_image","twitter_site":"@Edmo_Belux","twitter_misc":{"Est. reading time":"2 minutes"},"schema":{"@context":"https:\/\/schema.org","@graph":[{"@type":"WebPage","@id":"https:\/\/belux.edmo.eu\/lb\/mediekompetenz\/lancement-vun-den-edmo-richtlinne-fir-effikass-mediekompetenzinitiativen\/","url":"https:\/\/belux.edmo.eu\/lb\/mediekompetenz\/lancement-vun-den-edmo-richtlinne-fir-effikass-mediekompetenzinitiativen\/","name":"Lancement vun den EDMO-Richtlinne fir effikass Mediekompetenzinitiativen - EDMO Belux","isPartOf":{"@id":"https:\/\/belux.edmo.eu\/#website"},"datePublished":"2024-11-13T11:22:50+00:00","dateModified":"2024-11-14T14:15:10+00:00","breadcrumb":{"@id":"https:\/\/belux.edmo.eu\/lb\/mediekompetenz\/lancement-vun-den-edmo-richtlinne-fir-effikass-mediekompetenzinitiativen\/#breadcrumb"},"inLanguage":"lb-LU","potentialAction":[{"@type":"ReadAction","target":["https:\/\/belux.edmo.eu\/lb\/mediekompetenz\/lancement-vun-den-edmo-richtlinne-fir-effikass-mediekompetenzinitiativen\/"]}]},{"@type":"BreadcrumbList","@id":"https:\/\/belux.edmo.eu\/lb\/mediekompetenz\/lancement-vun-den-edmo-richtlinne-fir-effikass-mediekompetenzinitiativen\/#breadcrumb","itemListElement":[{"@type":"ListItem","position":1,"name":"Home","item":"https:\/\/belux.edmo.eu\/lb\/"},{"@type":"ListItem","position":2,"name":"Mediekompetenz","item":"https:\/\/belux.edmo.eu\/lb\/mediekompetenz\/"},{"@type":"ListItem","position":3,"name":"Lancement vun den EDMO-Richtlinne fir effikass Mediekompetenzinitiativen"}]},{"@type":"WebSite","@id":"https:\/\/belux.edmo.eu\/#website","url":"https:\/\/belux.edmo.eu\/","name":"EDMO Belux","description":"Monitoring Disinformation in Belgium and Luxembourg","publisher":{"@id":"https:\/\/belux.edmo.eu\/#organization"},"potentialAction":[{"@type":"SearchAction","target":{"@type":"EntryPoint","urlTemplate":"https:\/\/belux.edmo.eu\/?s={search_term_string}"},"query-input":{"@type":"PropertyValueSpecification","valueRequired":true,"valueName":"search_term_string"}}],"inLanguage":"lb-LU"},{"@type":"Organization","@id":"https:\/\/belux.edmo.eu\/#organization","name":"EDMO Belux","url":"https:\/\/belux.edmo.eu\/","logo":{"@type":"ImageObject","inLanguage":"lb-LU","@id":"https:\/\/belux.edmo.eu\/#\/schema\/logo\/image\/","url":"https:\/\/belux.edmo.eu\/wp-content\/uploads\/2021\/12\/belux-logo-full-color-rgb.svg","contentUrl":"https:\/\/belux.edmo.eu\/wp-content\/uploads\/2021\/12\/belux-logo-full-color-rgb.svg","width":1,"height":1,"caption":"EDMO Belux"},"image":{"@id":"https:\/\/belux.edmo.eu\/#\/schema\/logo\/image\/"},"sameAs":["https:\/\/x.com\/Edmo_Belux"]}]}},"_links":{"self":[{"href":"https:\/\/belux.edmo.eu\/lb\/wp-json\/wp\/v2\/pages\/370362","targetHints":{"allow":["GET"]}}],"collection":[{"href":"https:\/\/belux.edmo.eu\/lb\/wp-json\/wp\/v2\/pages"}],"about":[{"href":"https:\/\/belux.edmo.eu\/lb\/wp-json\/wp\/v2\/types\/page"}],"author":[{"embeddable":true,"href":"https:\/\/belux.edmo.eu\/lb\/wp-json\/wp\/v2\/users\/14"}],"replies":[{"embeddable":true,"href":"https:\/\/belux.edmo.eu\/lb\/wp-json\/wp\/v2\/comments?post=370362"}],"version-history":[{"count":0,"href":"https:\/\/belux.edmo.eu\/lb\/wp-json\/wp\/v2\/pages\/370362\/revisions"}],"up":[{"embeddable":true,"href":"https:\/\/belux.edmo.eu\/lb\/wp-json\/wp\/v2\/pages\/12026"}],"wp:attachment":[{"href":"https:\/\/belux.edmo.eu\/lb\/wp-json\/wp\/v2\/media?parent=370362"}],"curies":[{"name":"wp","href":"https:\/\/api.w.org\/{rel}","templated":true}]}}